{"id":22295,"date":"2015-03-30T16:28:48","date_gmt":"2015-03-30T14:28:48","guid":{"rendered":"https:\/\/www.fuerteventura-privat.de\/datenschutzerklaerung\/"},"modified":"2015-03-30T16:28:48","modified_gmt":"2015-03-30T14:28:48","slug":"datenschutzerklaerung","status":"publish","type":"page","link":"https:\/\/www.fuerteventura-privat.de\/en\/datenschutzerklaerung\/","title":{"rendered":"Datenschutzerkl\u00e4rung"},"content":{"rendered":"\t\t<div data-elementor-type=\"wp-page\" data-elementor-id=\"22295\" class=\"elementor elementor-22295 elementor-10029\" data-elementor-post-type=\"page\">\n\t\t\t\t\t\t<section class=\"elementor-section elementor-top-section elementor-element elementor-element-9628ac4 elementor-section-boxed elementor-section-height-default elementor-section-height-default\" data-id=\"9628ac4\" data-element_type=\"section\" data-e-type=\"section\">\n\t\t\t\t\t\t<div class=\"elementor-container elementor-column-gap-default\">\n\t\t\t\t\t<div class=\"elementor-column elementor-col-100 elementor-top-column elementor-element elementor-element-cd334ec\" data-id=\"cd334ec\" data-element_type=\"column\" data-e-type=\"column\">\n\t\t\t<div class=\"elementor-widget-wrap elementor-element-populated\">\n\t\t\t\t\t\t<div class=\"elementor-element elementor-element-6ae8cc8e elementor-widget elementor-widget-heading\" data-id=\"6ae8cc8e\" data-element_type=\"widget\" data-e-type=\"widget\" data-widget_type=\"heading.default\">\n\t\t\t\t<div class=\"elementor-widget-container\">\n\t\t\t\t\t<h2 class=\"elementor-heading-title elementor-size-default\">Datenschutzerkl\u00e4rung<\/h2>\t\t\t\t<\/div>\n\t\t\t\t<\/div>\n\t\t\t\t<div class=\"elementor-element elementor-element-2d7c38f elementor-widget elementor-widget-heading\" data-id=\"2d7c38f\" data-element_type=\"widget\" data-e-type=\"widget\" data-widget_type=\"heading.default\">\n\t\t\t\t<div class=\"elementor-widget-container\">\n\t\t\t\t\t<h2 class=\"elementor-heading-title elementor-size-default\">Ausf\u00fchrungen zum Datenschutz im Zusammenhang mit der EU-Datenschutz-Grundverordnung (EU-DSGVO)<\/h2>\t\t\t\t<\/div>\n\t\t\t\t<\/div>\n\t\t\t\t\t<\/div>\n\t\t<\/div>\n\t\t\t\t\t<\/div>\n\t\t<\/section>\n\t\t\t\t<section class=\"elementor-section elementor-top-section elementor-element elementor-element-3df4600f elementor-section-full_width elementor-section-height-default elementor-section-height-default\" data-id=\"3df4600f\" data-element_type=\"section\" data-e-type=\"section\">\n\t\t\t\t\t\t<div class=\"elementor-container elementor-column-gap-default\">\n\t\t\t\t\t<div class=\"elementor-column elementor-col-50 elementor-top-column elementor-element elementor-element-544e1cbe\" data-id=\"544e1cbe\" data-element_type=\"column\" data-e-type=\"column\">\n\t\t\t<div class=\"elementor-widget-wrap elementor-element-populated\">\n\t\t\t\t\t\t<div class=\"elementor-element elementor-element-2e75bf83 elementor-widget__width-initial elementor-widget elementor-widget-text-editor\" data-id=\"2e75bf83\" data-element_type=\"widget\" data-e-type=\"widget\" data-widget_type=\"text-editor.default\">\n\t\t\t\t<div class=\"elementor-widget-container\">\n\t\t\t\t\t\t\t\t\t<p class=\"p1\"><span class=\"s1\">Als kleines Familie-Unternehmen nehmen auch wir die EU-Datenschutz-Grundverordnung (EU-DSGVO) sehr ernst und wir tun bereits alles m\u00f6gliche, um Ihre Daten sicher zu verarbeiten und zu speichern.<\/span><\/p><p class=\"p1\"><span class=\"s1\"><b>Wir erkl\u00e4ren dazu folgendes.<\/b><\/span><\/p><p class=\"p1\"><span class=\"s1\">Wir haben absolut kein Interesse, viele Daten von Ihnen zu erheben und diese f\u00fcr Marketing- und Werbezwecke zu nutzen. Wir haben auch kein Interesse daran, diese\u00a0 l\u00e4nger, als es diverse gesetzliche Vorschriften von uns verlangen, aufzubewahren. Sie erhalten von uns keine Emails, Anrufe oder Newsletter zu Werbezwecken und die Nutzung unserer Webseite ist in der Regel ohne Angabe personenbezogener Daten m\u00f6glich, so da\u00df Sie Ihre Identit\u00e4t nicht preisgeben m\u00fcssen. Soweit auf unseren Seiten personenbezogene Daten (beispielsweise Name, Anschrift oder eMail-Adressen) erhoben werden, erfolgt dies stets auf freiwilliger Basis.\u00a0<\/span><\/p><p class=\"p1\"><span class=\"s1\">Bei dem Besuch unserer Webseiten speichert unser Webserver standardm\u00e4\u00dfig die IP Adresse Ihres Internet Service Providers, die Webseite, von der aus Sie uns besuchen, die Webseiten, die Sie bei uns besuchen sowie das Datum und die Dauer des Besuches.\u00a0Die Verarbeitung der IP-Adresse erfolgt zu technischen und administrativen Zwecken des Verbindungsaufbaus und \u2013stabilit\u00e4t, um die Sicherheit und Funktionsf\u00e4higkeit unserer Webseite zu gew\u00e4hrleisten und etwaige rechtswidrige Angriffe hierauf notfalls verfolgen zu k\u00f6nnen. Die Rechtsgrundlage f\u00fcr die Verarbeitung der IP-Adresse ist Art. 6 Abs. 1 S. 1 lit. f) DSGVO. Unser berechtigtes Interesse folgt aus dem erw\u00e4hnten Sicherheitsinteresse und der Erforderlichkeit einer st\u00f6rungsfreien Bereitstellung unserer Webseite. Aus der Verarbeitung der IP-Adresse und anderer Information in dem Logfile k\u00f6nnen wir keine unmittelbaren R\u00fcckschl\u00fcsse auf Ihre Identit\u00e4t ziehen.<\/span><\/p><p class=\"p1\"><span class=\"s1\">Ihre pers\u00f6nlichen Daten, wie Name, Adresse, Postanschrift, Email-Adresse oder Telefon-Nr. etc. werden von uns nur dann gespeichert, wenn Sie uns diese von sich aus freiwillig im Rahmen einer Vermittlung einer Ferienunterkunft angeben.<\/span><\/p><p><strong>Zum Kontaktformular &#8211; Welche Daten werden erhoben?<\/strong><\/p><p>Sie m\u00fcssen sich auf www.www.fuerteventura-privat.de nicht registrieren. Wenn Sie wegen irgendwelchen Fragen per E-Mail oder \u00fcber unser Kontaktformular mit uns in Kontakt treten, dann erteilen Sie uns zum Zwecke der Kontaktaufnahme Ihre freiwillige Einwilligung. Hierf\u00fcr ist lediglich die Angabe einer validen E-Mail-Adresse erforderlich. Diese dient der Zuordnung der Anfrage und der anschlie\u00dfenden Beantwortung derselben. Die Angabe weiterer Daten ist optional. Die von Ihnen gemachten Angaben werden zum Zwecke der Bearbeitung und Verwaltung der Anfrage sowie f\u00fcr m\u00f6gliche Anschlussfragen gespeichert. Nach Erledigung der von Ihnen gestellten Anfrage werden personenbezogene Daten automatisch gel\u00f6scht.<\/p><p class=\"p1\"><span class=\"s1\">Es werden nur solche pers\u00f6nlichen Daten erhoben, die zur Abwicklung der Vermittlung unbedingt notwendig sind. Ihre pers\u00f6nlichen Daten werden deshalb auch ausschlie\u00dflich zum Zwecke der Durchf\u00fchrung des Vermittlungsauftrages verwendet.<\/span><\/p><p><strong>Wie lange werden Ihre Daten wozu gespeichert?<\/strong><\/p><p class=\"p1\"><span class=\"s1\">Die Daten, die Sie uns freiwillig zur Vermittlung einer Ferienwohnung mitteilen werden bei uns nur zu dem Zweck einer erfolgreichen Vermittlung erhoben, verarbeitet und gespeichert. Diese sind so minimal gehalten wie nur m\u00f6glich beziehen sich auf Ihren Namen, die Anschrift und eine Email-Adresse. Sollte es zu keinem Vertragsverh\u00e4ltnis und somit zu keiner Vermittlung einer Ferienwohnung \u00fcber www.www.fuerteventura-privat.de kommen werden Ihre Daten nicht weiterverarbeitet und auch nicht gespeichert. <\/span><\/p><p class=\"p1\"><span class=\"s1\">Ihre Daten werden dar\u00fcberhinaus nur so lange von uns gespeichert, wie wir ihre Anfrage bearbeiten und es deutsche Steuerbeh\u00f6rden von uns verlangen; solange es f\u00fcr die Erf\u00fcllung unserer vertraglichen und gesetzlichen Pflichten erforderlich ist. Dabei bitten wir Sie zu beachten, da\u00df unsere Gesch\u00e4ftsbeziehung auf einem Vermittlungsvertrag beruht, der auch auf mehrere Monate, selten auch Jahre angelegt sein kann.\u00a0<\/span><\/p><p class=\"p1\"><span class=\"s1\">Wenn die Daten f\u00fcr die Erf\u00fcllung vertraglicher oder gesetzlicher Pflichten nicht mehr erforderlich sind, werden diese regelm\u00e4\u00dfig gel\u00f6scht, es sei denn ihre Verarbeitung und Aufbewahrung ist aufgrund handels -und steuerrechtliche Aufbewahrungsfristen notwendig.<\/span><\/p><p class=\"p1\"><span class=\"s1\">Die Frist zur Aufbewahrung der Unterlagen kann auch verl\u00e4ngert werden, wenn z.B. das Gesch\u00e4ftsjahr steuerlich noch nicht beurteilt worden ist oder eine Au\u00dfenpr\u00fcfung ansteht. <\/span><\/p><p class=\"p1\"><span class=\"s1\">Der Verkauf von personenbezogenen Daten, insbesondere Adressen, an Dritte findet ausdr\u00fccklich nicht statt.\u00a0<\/span><span class=\"s1\">Wir haben keinerlei Interesse, Ihre pers\u00f6nlichen Daten zu eigenen Werbezwecken zu nutzen, oder diese an Dritte weiterzugeben und gehen davon aus, dass die Speicherung Ihrer personenbezogenen Daten auf dem Server unseres IT-Dienstleister den Sicherheitsanforderungen der EU-Datenschutz-Grundverordnung (EU-DSGVO) entspricht.<\/span><\/p><p class=\"p1\"><span class=\"s1\"><b>Datensicherheit &#8211; Wer ist f\u00fcr die Datenverarbeitung verantwortlich und an wen k\u00f6nnen Sie sich wenden:\u00a0<\/b><\/span><\/p><p class=\"p1\"><span class=\"s1\">www.fuerteventura-privat.de hat die notwendigen technischen und organisatorischen Ma\u00dfnahmen ergriffen, um die von Ihnen zur Verf\u00fcgung gestellten personenbezogenen Daten vor Verlust, Zerst\u00f6rung, Manipulation und unberechtigtem Zugriff zu sch\u00fctzen. Um die Daten\u00fcbertragung zwischen Ihrem Web-Browser und unserem Internet-System sicher zu gestalten, setzen wir die Secure Socket Layer (SSL) Verschl\u00fcsselungstechnologie ein.\u00a0<\/span><span class=\"s1\">www.fuerteventura-privat.de verpflichtet sich, die hier genannten Punkte zum Datenschutz wie beschrieben einzuhalten. Falls Sie weitere Fragen zum Datenschutz haben, k\u00f6nnen Sie sich an Sven Stephan, den Beauftragten f\u00fcr den Datenschutz wenden. Direkt per Email unter <a href=\"mailto:team@www.fuerteventura-privat.de\"><span class=\"s2\">team@www.fuerteventura-privat.de<\/span><\/a> <\/span><\/p><p>www.www.fuerteventura-privat.de<br \/>Sven Stephan<br \/>Am Steinbruch 2<br \/>61479 Glash\u00fctten im Taunus<br \/>0049 171 6090344<br \/><span class=\"s1\"><a href=\"mailto:team@www.fuerteventura-privat.de\"><span class=\"s2\">team@www.fuerteventura-privat.de<\/span><\/a><\/span><\/p><p><strong>Welche Datenschutz- und Betroffenenrechte haben Sie?<\/strong><\/p><p>Unter diesen Kontaktdaten unseres Datenschutzbeauftragten k\u00f6nnen Sie jederzeit folgende Rechte aus\u00fcben:<\/p><ul><li>Auskunft \u00fcber Ihre bei uns gespeicherten Daten und deren Verarbeitung nach Artikel 15 DSGVO<\/li><li>Berichtigung unrichtiger personenbezogener Daten nach Artikel 16 DSGVO<\/li><li>L\u00f6schung Ihrer bei uns gespeicherten Daten nach Artikel 18 DSGVO<\/li><li>Einschr\u00e4nkung der Datenverarbeitung, sofern wir Ihre Daten aufgrund gesetzlicher Pflichten noch nicht l\u00f6schen d\u00fcrfen<\/li><li>Widerspruch gegen die Verarbeitung Ihrer Daten bei uns nach Artikel 21 DSGVO<\/li><li>Daten\u00fcbertragbarkeit, sofern Sie in die Datenverarbeitung eingewilligt haben oder einen Vertrag mit uns abgeschlossen haben nach Artikel 20 DSGVO<\/li><\/ul><p>Sofern Sie uns eine Einwilligung erteilt haben, k\u00f6nnen Sie diese jederzeit mit Wirkung f\u00fcr die Zukunft widerrufen. Sie k\u00f6nnen sich jederzeit mit einer Beschwerde an die f\u00fcr Sie zust\u00e4ndige Aufsichtsbeh\u00f6rde wenden. Ihre zust\u00e4ndige Aufsichtsbeh\u00f6rde richtet sich nach dem Bundesland Ihres Wohnsitzes, Ihrer Arbeit oder der mutma\u00dflichen Verletzung. Eine Liste der Aufsichtsbeh\u00f6rden (f\u00fcr den nicht\u00f6ffentlichen Bereich) mit Anschrift finden Sie unter:\u00a0<a href=\"https:\/\/www.bfdi.bund.de\/DE\/Infothek\/Anschriften_Links\/anschriften_links-node.html\" target=\"_blank\" rel=\"noopener\">https:\/\/www.bfdi.bund.de\/DE\/Infothek\/Anschriften_Links\/anschriften_links-node.html<\/a>.<\/p><p class=\"p1\"><span class=\"s1\"><b>Weitergabe Ihrer pers\u00f6nlichen Daten an Dritte <\/b><\/span><\/p><p class=\"p1\"><span class=\"s1\">Wir leiten Ihre pers\u00f6nlichen Daten ausschlie\u00dflich im Rahmen der Zweckbestimmung zur Abwicklung der Vermittlung an Dritte weiter. Das k\u00f6nnen ggf. Hausbesitzer und Hausverwalter sein, die diese Daten f\u00fcr Finanzbeh\u00f6rden oder die Polizei ben\u00f6tigen.<\/span><\/p><p class=\"p1\"><span class=\"s1\">Erhebungen bzw. \u00dcbermittlung von personenbezogenen Daten an staatliche Einrichtungen und Beh\u00f6rden erfolgen nur im Rahmen zwingender Rechtsvorschriften.<\/span><\/p><p class=\"p1\"><span class=\"s1\">Ihre Daten dienen alleine zur erfolgreichen Vermittlung der Ferienunterkunft und zur Rechnungsstellung. Diese Daten werden zu keinerlei Werbezwecken verwendet und wir legen auch keine pers\u00f6nlichen Reise- und Gastprofile an. Ihre Daten werden lediglich auf Wunsch der Inhaber und Hausverwalter weitergeleitet zwecks Angabe bei Polizei oder Finanzbeh\u00f6rden.\u00a0<\/span><span class=\"s1\">Personenbezogene Daten leiten wir im gesetzlich zul\u00e4ssigen Rahmen ausschlie\u00dflich in den F\u00e4llen weiter, in denen dies f\u00fcr die Abwicklung Ihrer Buchung, den von Ihnen angeforderten Service oder dem damit im Zusammenhang stehenden Zahlungsprozess notwendig ist.<\/span><\/p><p class=\"p1\"><span class=\"s1\">Daten, die Sie uns freiwillig zur Vermittlung eines Partnerangebotes mitteilen, werden von uns, wenn notwendig, nur weitergeleitet und nicht weiter von uns gespeichert oder bearbeitet. Daten\u00fcbermittlungen an staatliche Stellen oder Beh\u00f6rden erfolgen nur im Rahmen g\u00fcltiger Rechtsvorschriften.<\/span><\/p><p class=\"p1\"><span class=\"s1\"><b>Informationen \u00fcber unsere Angebote und Dienstleistungen <\/b><\/span><\/p><p class=\"p1\"><span class=\"s1\">Wir haben keine Newsletter oder f\u00fchren auch keinerlei sonstige Werbema\u00dfnahmen durch, f\u00fcr die wir pers\u00f6nliche Daten ben\u00f6tigen. Sie k\u00f6nnen sich selbst\u00e4ndig jederzeit auf unserer Webseite oder in sozialen Medien \u00fcber unsere neuen Angebote und Dienstleistungen unserer Kooperationspartner informieren.<\/span><\/p><p class=\"p1\"><span class=\"s1\"><b>Auskunftsrecht <\/b><\/span><\/p><p class=\"p1\"><span class=\"s1\">Sie haben das Recht, auf Antrag und unentgeltlich, Auskunft \u00fcber die von Ihnen gespeicherten Daten zu erhalten. Sollten wider Erwarten falsche Informationen gespeichert sein, werden wir diese auf Ihre Anforderung hin berichtigen.<\/span><\/p><p class=\"p1\"><span class=\"s1\">Des Weiteren haben Sie das Recht auf Berichtigung, L\u00f6schung oder Sperrung unrichtiger Daten. Einer L\u00f6schung k\u00f6nnen unter Umst\u00e4nden gesetzliche Vorschriften, insbesondere im Hinblick auf Daten f\u00fcr abrechnungstechnische und buchhalterische Zwecke, entgegenstehen.<\/span><\/p><p class=\"p1\"><span class=\"s1\"><b>Links zu anderen Websites<\/b><\/span><\/p><p class=\"p1\"><span class=\"s1\">Unser Online-Angebot enth\u00e4lt Links zu anderen Websites. Diese Datenschutzerkl\u00e4rung erstreckt sich nicht auf andere Anbieter. Wir haben keinen Einfluss darauf, dass deren Betreiber die Datenschutzbestimmungen einhalten und \u00fcbernehmen daher auch keine Verantwortung f\u00fcr Richtigkeit, Aktualit\u00e4t und Vollst\u00e4ndigkeit der dort bereitgestellten Informationen und Inhalte.<\/span><\/p><p><strong>Weiter Ausf\u00fchrungen zum Datenschutz<\/strong><\/p><p>Wir nehmen den Schutz Ihrer pers\u00f6nlichen Daten sehr ernst. Die Nutzung unserer Webseite ist in der Regel ohne Angabe personenbezogener Daten m\u00f6glich. Soweit auf unseren Seiten personenbezogene Daten (beispielsweise Name, Anschrift oder eMail-Adressen) erhoben werden, erfolgt dies, soweit m\u00f6glich, stets auf freiwilliger Basis. Diese Daten werden ohne Ihre ausdr\u00fcckliche Zustimmung nicht an Dritte weitergegeben.<\/p><p>Wir weisen darauf hin, dass die Daten\u00fcbertragung im Internet (z.B. bei der Kommunikation per E-Mail) Sicherheitsl\u00fccken aufweisen kann. Ein l\u00fcckenloser Schutz der Daten vor dem Zugriff durch Dritte ist nicht m\u00f6glich.<\/p><p>Der Nutzung von im Rahmen der Impressumspflicht ver\u00f6ffentlichten Kontaktdaten durch Dritte zur \u00dcbersendung von nicht ausdr\u00fccklich angeforderter Werbung und Informationsmaterialien wird hiermit ausdr\u00fccklich widersprochen. Die Betreiber der Seiten behalten sich ausdr\u00fccklich rechtliche Schritte im Falle der unverlangten Zusendung von Werbeinformationen, etwa durch Spam-Mails, vor.<\/p><p><strong>Datenschutzerkl\u00e4rung f\u00fcr die Nutzung von Facebook-Plugins (Like-Button)<\/strong><\/p><p>Auf unseren Seiten sind Plugins des sozialen Netzwerks Facebook (Facebook Inc., 1601 Willow Road, Menlo Park, California, 94025, USA) integriert. Die Facebook-Plugins erkennen Sie an dem Facebook-Logo oder dem &#8220;Like-Button&#8221; (&#8220;Gef\u00e4llt mir&#8221;) auf unserer Seite. Eine \u00dcbersicht \u00fcber die Facebook-Plugins finden Sie hier: <a href=\"http:\/\/developers.facebook.com\/docs\/plugins\/\" target=\"_blank\" rel=\"noopener\">http:\/\/developers.facebook.com\/docs\/plugins\/<\/a>.<br \/>Wenn Sie unsere Seiten besuchen, wird \u00fcber das Plugin eine direkte Verbindung zwischen Ihrem Browser und dem Facebook-Server hergestellt. Facebook erh\u00e4lt dadurch die Information, dass Sie mit Ihrer IP-Adresse unsere Seite besucht haben. Wenn Sie den Facebook &#8220;Like-Button&#8221; anklicken w\u00e4hrend Sie in Ihrem Facebook-Account eingeloggt sind, k\u00f6nnen Sie die Inhalte unserer Seiten auf Ihrem Facebook-Profil verlinken. Dadurch kann Facebook den Besuch unserer Seiten Ihrem Benutzerkonto zuordnen. Wir weisen darauf hin, dass wir als Anbieter der Seiten keine Kenntnis vom Inhalt der \u00fcbermittelten Daten sowie deren Nutzung durch Facebook erhalten. Weitere Informationen hierzu finden Sie in der Datenschutzerkl\u00e4rung von facebook unter <a href=\"http:\/\/de-de.facebook.com\/policy.php\" target=\"_blank\" rel=\"noopener\"> http:\/\/de-de.facebook.com\/policy.php<\/a><\/p><p>Wenn Sie nicht w\u00fcnschen, dass Facebook den Besuch unserer Seiten Ihrem Facebook-Nutzerkonto zuordnen kann, loggen Sie sich bitte aus Ihrem Facebook-Benutzerkonto aus.<\/p><p><strong>Datenschutzerkl\u00e4rung f\u00fcr die Nutzung von Google Analytics<\/strong><\/p><p>Diese Website benutzt Google Analytics, einen Webanalysedienst der Google Inc. (&#8220;Google&#8221;). Google Analytics verwendet sog. &#8220;Cookies&#8221;, Textdateien, die auf Ihrem Computer gespeichert werden und die eine Analyse der Benutzung der Website durch Sie erm\u00f6glichen. Die durch den Cookie erzeugten Informationen \u00fcber Ihre Benutzung dieser Website werden in der Regel an einen Server von Google in den USA \u00fcbertragen und dort gespeichert. Im Falle der Aktivierung der IP-Anonymisierung auf dieser Webseite wird Ihre IP-Adresse von Google jedoch innerhalb von Mitgliedstaaten der Europ\u00e4ischen Union oder in anderen Vertragsstaaten des Abkommens \u00fcber den Europ\u00e4ischen Wirtschaftsraum zuvor gek\u00fcrzt.<\/p><p>Nur in Ausnahmef\u00e4llen wird die volle IP-Adresse an einen Server von Google in den USA \u00fcbertragen und dort gek\u00fcrzt. Im Auftrag des Betreibers dieser Website wird Google diese Informationen benutzen, um Ihre Nutzung der Website auszuwerten, um Reports \u00fcber die Websiteaktivit\u00e4ten zusammenzustellen und um weitere mit der Websitenutzung und der Internetnutzung verbundene Dienstleistungen gegen\u00fcber dem Websitebetreiber zu erbringen. Die im Rahmen von Google Analytics von Ihrem Browser \u00fcbermittelte IP-Adresse wird nicht mit anderen Daten von Google zusammengef\u00fchrt.<\/p><p>Sie k\u00f6nnen die Speicherung der Cookies durch eine entsprechende Einstellung Ihrer Browser-Software verhindern; wir weisen Sie jedoch darauf hin, dass Sie in diesem Fall gegebenenfalls nicht s\u00e4mtliche Funktionen dieser Website vollumf\u00e4nglich werden nutzen k\u00f6nnen. Sie k\u00f6nnen dar\u00fcber hinaus die Erfassung der durch das Cookie erzeugten und auf Ihre Nutzung der Website bezogenen Daten (inkl. Ihrer IP-Adresse) an Google sowie die Verarbeitung dieser Daten durch Google verhindern, indem sie das unter dem folgenden Link verf\u00fcgbare Browser-Plugin herunterladen und installieren: <a href=\"http:\/\/tools.google.com\/dlpage\/gaoptout?hl=de\">http:\/\/tools.google.com\/dlpage\/gaoptout?hl=de<\/a>.<\/p><p><strong>Datenschutzerkl\u00e4rung f\u00fcr die Nutzung von Google Adsense<\/strong><\/p><p>Diese Website benutzt Google AdSense, einen Dienst zum Einbinden von Werbeanzeigen der Google Inc. (&#8220;Google&#8221;). Google AdSense verwendet sog. &#8220;Cookies&#8221;, Textdateien, die auf Ihrem Computer gespeichert werden und die eine Analyse der Benutzung der Website erm\u00f6glicht. Google AdSense verwendet auch so genannte Web Beacons (unsichtbare Grafiken). Durch diese Web Beacons k\u00f6nnen Informationen wie der Besucherverkehr auf diesen Seiten ausgewertet werden.<\/p><p>Die durch Cookies und Web Beacons erzeugten Informationen \u00fcber die Benutzung dieser Website (einschlie\u00dflich Ihrer IP-Adresse) und Auslieferung von Werbeformaten werden an einen Server von Google in den USA \u00fcbertragen und dort gespeichert. Diese Informationen k\u00f6nnen von Google an Vertragspartner von Google weiter gegeben werden. Google wird Ihre IP-Adresse jedoch nicht mit anderen von Ihnen gespeicherten Daten zusammenf\u00fchren.<\/p><p>Sie k\u00f6nnen die Installation der Cookies durch eine entsprechende Einstellung Ihrer Browser Software verhindern; wir weisen Sie jedoch darauf hin, dass Sie in diesem Fall gegebenenfalls nicht s\u00e4mtliche Funktionen dieser Website voll umf\u00e4nglich nutzen k\u00f6nnen. Durch die Nutzung dieser Website erkl\u00e4ren Sie sich mit der Bearbeitung der \u00fcber Sie erhobenen Daten durch Google in der zuvor beschriebenen Art und Weise und zu dem zuvor benannten Zweck einverstanden.<\/p><p><strong>Datenschutzerkl\u00e4rung f\u00fcr die Nutzung von Google +1<\/strong><\/p><p><i>Erfassung und Weitergabe von Informationen:<\/i><br \/>Mithilfe der Google +1-Schaltfl\u00e4che k\u00f6nnen Sie Informationen weltweit ver\u00f6ffentlichen. \u00dcber die Google\u00a0+1-Schaltfl\u00e4che erhalten Sie und andere Nutzer personalisierte Inhalte von Google und unseren Partnern. Google speichert sowohl die Information, dass Sie f\u00fcr einen Inhalt +1 gegeben haben, als auch Informationen \u00fcber die Seite, die Sie beim Klicken auf +1 angesehen haben. Ihre +1 k\u00f6nnen als Hinweise zusammen mit Ihrem Profilnamen und Ihrem Foto in Google-Diensten, wie etwa in Suchergebnissen oder in Ihrem Google-Profil, oder an anderen Stellen auf Websites und Anzeigen im Internet eingeblendet werden.<br \/>Google zeichnet Informationen \u00fcber Ihre +1-Aktivit\u00e4ten auf, um die Google-Dienste f\u00fcr Sie und andere zu verbessern. Um die Google\u00a0+1-Schaltfl\u00e4che verwenden zu k\u00f6nnen, ben\u00f6tigen Sie ein weltweit sichtbares, \u00f6ffentliches Google-Profil, das zumindest den f\u00fcr das Profil gew\u00e4hlten Namen enthalten muss. Dieser Name wird in allen Google-Diensten verwendet. In manchen F\u00e4llen kann dieser Name auch einen anderen Namen ersetzen, den Sie beim Teilen von Inhalten \u00fcber Ihr Google-Konto verwendet haben. Die Identit\u00e4t Ihres Google-Profils kann Nutzern angezeigt werden, die Ihre E-Mail-Adresse kennen oder \u00fcber andere identifizierende Informationen von Ihnen verf\u00fcgen.<\/p><p><i>Verwendung der erfassten Informationen:<\/i><br \/>Neben den oben erl\u00e4uterten Verwendungszwecken werden die von Ihnen bereitgestellten Informationen gem\u00e4\u00df den geltenden Google-Datenschutzbestimmungen genutzt. Google ver\u00f6ffentlicht m\u00f6glicherweise zusammengefasste Statistiken \u00fcber die +1-Aktivit\u00e4ten der Nutzer bzw. gibt diese an Nutzer und Partner weiter, wie etwa Publisher, Inserenten oder verbundene Websites.<\/p><p><strong>Datenschutzerkl\u00e4rung f\u00fcr die Nutzung von Twitter<\/strong><\/p><p>Auf unseren Seiten sind Funktionen des Dienstes Twitter eingebunden. Diese Funktionen werden angeboten durch die Twitter Inc., Twitter, Inc. 1355 Market St, Suite 900, San Francisco, CA 94103, USA. Durch das Benutzen von Twitter und der Funktion &#8220;Re-Tweet&#8221; werden die von Ihnen besuchten Webseiten mit Ihrem Twitter-Account verkn\u00fcpft und anderen Nutzern bekannt gegeben. Dabei werden auch Daten an Twitter \u00fcbertragen.<\/p><p>Wir weisen darauf hin, dass wir als Anbieter der Seiten keine Kenntnis vom Inhalt der \u00fcbermittelten Daten sowie deren Nutzung durch Twitter erhalten. Weitere Informationen hierzu finden Sie in der Datenschutzerkl\u00e4rung von Twitter unter <a href=\"http:\/\/twitter.com\/privacy\" target=\"_blank\" rel=\"noopener\">http:\/\/twitter.com\/privacy<\/a>.<\/p><p>Ihre Datenschutzeinstellungen bei Twitter k\u00f6nnen Sie in den Konto-Einstellungen unter <a href=\"http:\/\/twitter.com\/account\/settings\" target=\"_blank\" rel=\"noopener\">http:\/\/twitter.com\/account\/settings<\/a> \u00e4ndern.<\/p><h2>Eingebettete YouTube-Videos<\/h2><p>Auf einigen unserer Webseiten betten wir gelgentlich Youtube-Videos ein. Betreiber der entsprechenden Plugins ist die YouTube, LLC, 901 Cherry Ave., San Bruno, CA 94066, USA. Wenn Sie eine Seite mit dem YouTube-Plugin besuchen, wird eine Verbindung zu Servern von Youtube hergestellt. Dabei wird Youtube mitgeteilt, welche Seiten Sie besuchen. Wenn Sie in Ihrem Youtube-Account eingeloggt sind, kann Youtube Ihr Surfverhalten Ihnen pers\u00f6nlich zuzuordnen. Dies verhindern Sie, indem Sie sich vorher aus Ihrem Youtube-Account ausloggen. Wird ein Youtube-Video gestartet, setzt der Anbieter Cookies ein, die Hinweise \u00fcber das Nutzerverhalten sammeln. Wer das Speichern von Cookies f\u00fcr das Google-Ad-Programm deaktiviert hat, wird auch beim Anschauen von Youtube-Videos mit keinen solchen Cookies rechnen m\u00fcssen. Youtube legt aber auch in anderen Cookies nicht-personenbezogene Nutzungsinformationen ab. M\u00f6chten Sie dies verhindern, so m\u00fcssen Sie das Speichern von Cookies im Browser blockieren.<\/p><p>Weitere Informationen zum Datenschutz bei \u201eYoutube\u201c finden Sie in der Datenschutzerkl\u00e4rung des Anbieters unter:\u00a0<a href=\"https:\/\/www.google.de\/intl\/de\/policies\/privacy\/\" target=\"_blank\" rel=\"noopener\">https:\/\/www.google.de\/intl\/de\/policies\/privacy\/<\/a><\/p><p><strong>Cookies<\/strong><\/p><p>Die gesetzlichen Rahmenbedingungen sehen voraus, Ihnen bestimmte Informationen \u00fcber Cookies bereitzustellen. Diese Cookie-Richtlinie infromiert dar\u00fcber, was Cookies sind. Erfahren Sie welche Arten von Cookies auf Ihrem Computer oder einem anderen Ger\u00e4t platziert werden, wenn Sie die Website <a href=\"http:\/\/www.fuerteventura-privat.e\/\"><u>www.fuerteventura-privat.e<\/u><\/a> besuchen und wof\u00fcr sie verwendet werden.<\/p><p><strong>Cookies &#8211; was bitte sind das?\u00a0<\/strong><\/p><p>Ein Cookie ist eine kleine Textdatei. Diese wird einem Online-Anbieter wie <a href=\"https:\/\/www.fuerteventura-privat.de\/\"><u>www.www.fuerteventura-privat.de<\/u><\/a> auf dem Computer oder einem anderen Ger\u00e4t des Besuchers platziert. Cookies k\u00f6nnen Informationen \u00fcber Gewohnheiten der Besucher bei der Nutzung der Website sammeln. Das geschieht durch die Protokollierung der Computer- und Ger\u00e4te-Aktivit\u00e4ten im Hinblick auf die Website, z.B. wenn es um Eink\u00e4ufe geht.<\/p><p><a href=\"https:\/\/www.fuerteventura-privat.de\/\"><u>www.www.fuerteventura-privat.de<\/u><\/a> nutzt Cookies haupts\u00e4chlich zur optimierten Website-Betreibung und Datensammlung, damit unsere Services immer weiter verbessert werden k\u00f6nnen. Wichtig &#8211; alleine durch den bei dem Besuch unserer Website erzeugten Cookie k\u00f6nnen Sie nicht als Person identifiziert werden.<\/p><p><strong>Ihre Personenbezogene Daten\u00a0<\/strong><\/p><p>Diese Cookie Richtlinie hat nicht die Verarbeitung Ihrer Daten im Rahmen des Dienstes von <a href=\"https:\/\/www.fuerteventura-privat.de\/\"><u>www.www.fuerteventura-privat.de<\/u><\/a> zum Gegenstand. Hierzu finden Sie Einzelheiten in unseren Datenschutzbestimmungen.<\/p><p><strong>Welche Arten von Cookies\u00a0gibt es?<\/strong><\/p><p>Beim Besuch unserer Website k\u00f6nnen vier verschiedene Cookie-Arten auf Ihr Ger\u00e4t gesetzt werden. Es handelt sich dabei um Eigene, Dritt-, Session und Persistent Cookies.<\/p><p><strong>Eigene Cookies <\/strong>werden auf Ihrem Computer oder einem anderen Ger\u00e4t direkt von uns platziert. Das k\u00f6nnen auch Session oder Persistent Cookies sein. Eigene Cookies sollen die Nutzung unserer Website von Ihrem Computer oder einem anderen Ger\u00e4t aus analysieren &#8211; f\u00fcr Marketing- und Analysewecke.<\/p><p><strong>Dritt-Cookies <\/strong>sind Cookies auf Ihrem Computer oder Ger\u00e4t, die von Partnern gesetzt werden. Es k\u00f6nnen ebenfalls Session und Persistent Cookies sein. Partner nutzen Dritt-Cookies beispielsweise f\u00fcr das Schalten von Werbung, von der Sie ausgehen, dass diese zu Ihren Interessen passt -basierend auf bisherigen Aktivit\u00e4ten im Internet.<\/p><p>Browser Session das ist die Zeit zwischen dem Aufrufen Ihres Internet-Browsers und dem Schlie\u00dfen. Cookies, die w\u00e4hrend einer Browser Session auf Ihrem Computer oder einem anderen Ger\u00e4t platziert werden sind <strong>Session Cookies<\/strong> sind. Diese werden am Ende einer Browser Session gel\u00f6scht. Wir und Partner setzen Session Cookies zur Analyse der Nutzung unserer Website w\u00e4hrend einer einzelnen Browser Session ein und damit wir eine effizientere Nutzung unserer Website garantieren k\u00f6nnen. Session Cookies werden z.B. verwendet, damit unsere Website \u201eweiss\u201c, dass Sie sich mithilfe Ihres Computers oder eines anderen Ger\u00e4ts angemeldet haben.<\/p><p><strong>Persistente Cookies<\/strong> werden auf Ihrem Computer oder einem anderen Ger\u00e4t w\u00e4hrend einer Browser-Sitzung gesetzt und verbleiben nach dem Ende der Browser Session auf Ihrem Computer oder einem anderen Ger\u00e4t. Persistente Cookies dienen dazu, dass unsere Website Ihren Computer oder ein anderes Ger\u00e4t erkennt und dazu, um auf unsere Website wieder zugreifen, nachdem eine Browser-Sitzung beendet ist und eine neue Browser-Sitzung begonnen hat. Das kann Ihnen u.a. eine einfachere Anmeldung erlauben. Persistent Cookies werden von uns und unseren Partnern zus\u00e4tzlich zu Analysezwecken verwendet und verbleiben auf Ihrem Computer oder anderem Ger\u00e4t f\u00fcr festgelegte Zeitr\u00e4ume. Persistent Cookies k\u00f6nnen auf Ihrem Computer oder einem anderen Ger\u00e4t f\u00fcr eine Dauer von einem Tag bis hin zu f\u00fcnf Jahren verbleiben. Lesen Sie auch nachfolgende Informationen \u00fcber die auf Ihrem Computer oder anderem Ger\u00e4t bei dem Besuch unserer Website platzierten Cookies.<\/p><p><strong>Wof\u00fcr verwenden wir Cookies?\u00a0<\/strong><\/p><p>Um Ihnen das Verst\u00e4ndnis der f\u00fcr unsere Website genutzten Cookies zu erleichtern, haben wir die nachfolgende Tabelle erstellt. Diese beschreibt die verschiedenen, bei dem Besuch unserer Website auf Ihrem Computer oder Ger\u00e4t platzierten Cookies, und wof\u00fcr diese verwendet werden.<\/p><p><strong>Das sind Ihre Rechte\u00a0<\/strong><\/p><p>Direkt zu Beginn der Browser Session wird der Hinweis auf die Nutzung von Cookies eingeblendet. Wenn Sie die Website weiter nutzen, gehen wir gehen von Ihrem Einverst\u00e4ndnis mit der Nutzung von Cookies aus. Sie k\u00f6nnen die Nutzung von Cookies aber auch ablehnen.<\/p><p><strong>So lassen sich Cookies ablehnen\u00a0<\/strong><\/p><p>In der Men\u00fcleiste fast aller Webbrowser finden Sie die Hilfe-Funktion &#8211; damit k\u00f6nnen Sie Ihren Browser so einstellen, dass dieser keine neuen Cookies akzeptiert. Erfahren Sie dort auch wie Ihr Browser Sie informieren kann, falls Sie ein neues Cookie erhalten oder wie Sie alle Cookies blockieren k\u00f6nnen. Sie k\u00f6nnen jedoch oftmals nur mit Cookies einige der besten und wichtigsten Funktionen der Website vollst\u00e4ndig nutzen. Daher empfehlen wir Ihnen, die Cookie-Funktion immer eingeschaltet zu lassen.<\/p><p><strong>Auskunft, L\u00f6schung, Sperrung<\/strong><\/p><p>Sie haben jederzeit das Recht auf unentgeltliche Auskunft \u00fcber Ihre gespeicherten personenbezogenen Daten, deren Herkunft und Empf\u00e4nger und den Zweck der Datenverarbeitung sowie ein Recht auf Berichtigung, Sperrung oder L\u00f6schung dieser Daten. Hierzu sowie zu weiteren Fragen zum Thema personenbezogene Daten k\u00f6nnen Sie sich jederzeit \u00fcber die im Impressum angegeben Adresse des Webseitenbetreibers an uns wenden.<\/p><p><i>Quellverweis: <a href=\"http:\/\/www.e-recht24.de\/muster-datenschutzerklaerung.html\" target=\"_blank\" rel=\"nofollow noopener\">eRecht24<\/a>, <a href=\"http:\/\/www.e-recht24.de\/artikel\/datenschutz\/6590-facebook-like-button-datenschutz-disclaimer.html\" target=\"_blank\" rel=\"nofollow noopener\">eRecht24 Datenschutzerkl\u00e4rung f\u00fcr Facebook<\/a>, <a href=\"http:\/\/www.google.com\/intl\/de\/analytics\/learn\/privacy.html\" target=\"_blank\" rel=\"nofollow noopener\">Google Analytics Datenschutzerkl\u00e4rung<\/a>, <a href=\"http:\/\/www.e-recht24.de\/artikel\/datenschutz\/6635-datenschutz-rechtliche-risiken-bei-der-nutzung-von-google-analytics-und-googleadsense.html\" target=\"_blank\" rel=\"nofollow noopener\">eRecht24 Datenschutzerkl\u00e4rung Google Adsense<\/a>, <a href=\"http:\/\/www.google.com\/intl\/de\/+\/policy\/+1button.html\" target=\"_blank\" rel=\"nofollow noopener\">Datenschutzerkl\u00e4rung Google +1<\/a>, <a href=\"http:\/\/twitter.com\/privacy\" target=\"_blank\" rel=\"nofollow noopener\">Datenschutzerkl\u00e4rung Twitter<\/a><\/i><\/p><p><strong>\u00c4nderung unserer Datenschutzbestimmungen<\/strong><\/p><p>Wir behalten uns vor, diese Datenschutzerkl\u00e4rung anzupassen, damit sie stets den aktuellen rechtlichen Anforderungen entspricht oder um \u00c4nderungen unserer Leistungen in der Datenschutzerkl\u00e4rung umzusetzen, z.B. bei der Einf\u00fchrung neuer Services. F\u00fcr Ihren erneuten Besuch gilt dann die neue Datenschutzerkl\u00e4rung.<\/p><p><strong>Fragen an den Datenschutzbeauftragten<\/strong><\/p><p>Wenn Sie Fragen zum Datenschutz haben, schreiben Sie uns bitte eine E-Mail: team@www.fuerteventura-privat.de<\/p>\t\t\t\t\t\t\t\t<\/div>\n\t\t\t\t<\/div>\n\t\t\t\t\t<\/div>\n\t\t<\/div>\n\t\t\t\t<div class=\"elementor-column elementor-col-50 elementor-top-column elementor-element elementor-element-59c262de\" data-id=\"59c262de\" data-element_type=\"column\" data-e-type=\"column\" data-settings=\"{&quot;background_background&quot;:&quot;classic&quot;}\">\n\t\t\t<div class=\"elementor-widget-wrap elementor-element-populated\">\n\t\t\t\t\t\t<div class=\"elementor-element elementor-element-314c9e2e elementor-widget elementor-widget-heading\" data-id=\"314c9e2e\" data-element_type=\"widget\" data-e-type=\"widget\" data-widget_type=\"heading.default\">\n\t\t\t\t<div class=\"elementor-widget-container\">\n\t\t\t\t\t<h5 class=\"elementor-heading-title elementor-size-default\">GANZ PRIVAT<\/h5>\t\t\t\t<\/div>\n\t\t\t\t<\/div>\n\t\t\t\t<div class=\"elementor-element elementor-element-ed56be6 premium-blog-align-left elementor-widget elementor-widget-premium-addon-blog\" data-id=\"ed56be6\" data-element_type=\"widget\" data-e-type=\"widget\" data-settings=\"{&quot;premium_blog_columns_number&quot;:&quot;100%&quot;,&quot;premium_blog_grid&quot;:&quot;yes&quot;,&quot;premium_blog_layout&quot;:&quot;even&quot;,&quot;premium_blog_columns_number_tablet&quot;:&quot;50%&quot;,&quot;premium_blog_columns_number_mobile&quot;:&quot;100%&quot;}\" data-widget_type=\"premium-addon-blog.default\">\n\t\t\t\t<div class=\"elementor-widget-container\">\n\t\t\t\t\t\t\t<div class=\"premium-error-notice\">\n\t\t\tThe current query has no posts. Please make sure you have published items matching your query.\t\t<\/div>\n\t\t\t\t\t\t<\/div>\n\t\t\t\t<\/div>\n\t\t\t\t<div class=\"elementor-element elementor-element-5269d069 elementor-align-center elementor-widget elementor-widget-button\" data-id=\"5269d069\" data-element_type=\"widget\" data-e-type=\"widget\" data-widget_type=\"button.default\">\n\t\t\t\t<div class=\"elementor-widget-container\">\n\t\t\t\t\t\t\t\t\t<div class=\"elementor-button-wrapper\">\n\t\t\t\t\t<a class=\"elementor-button elementor-button-link elementor-size-sm\" href=\"https:\/\/www.fuerteventura-privat.de\/aktuelles\/\">\n\t\t\t\t\t\t<span class=\"elementor-button-content-wrapper\">\n\t\t\t\t\t\t\t\t\t<span class=\"elementor-button-text\">Mehr Service &amp; Wissen zu Fuerteventura<\/span>\n\t\t\t\t\t<\/span>\n\t\t\t\t\t<\/a>\n\t\t\t\t<\/div>\n\t\t\t\t\t\t\t\t<\/div>\n\t\t\t\t<\/div>\n\t\t\t\t\t<\/div>\n\t\t<\/div>\n\t\t\t\t\t<\/div>\n\t\t<\/section>\n\t\t\t\t<\/div>\n\t\t","protected":false},"excerpt":{"rendered":"<p>Datenschutzerkl\u00e4rung Ausf\u00fchrungen zum Datenschutz im Zusammenhang mit der EU-Datenschutz-Grundverordnung (EU-DSGVO) Als kleines Familie-Unternehmen nehmen auch wir die EU-Datenschutz-Grundverordnung (EU-DSGVO) sehr ernst und wir tun bereits alles m\u00f6gliche, um Ihre Daten sicher zu verarbeiten und zu speichern. Wir erkl\u00e4ren dazu folgendes. Wir haben absolut kein Interesse, viele Daten von Ihnen zu erheben und diese f\u00fcr Marketing- [&hellip;]<\/p>\n","protected":false},"author":1,"featured_media":0,"parent":0,"menu_order":0,"comment_status":"closed","ping_status":"closed","template":"elementor_header_footer","meta":{"_acf_changed":false,"site-sidebar-layout":"default","site-content-layout":"","ast-site-content-layout":"default","site-content-style":"default","site-sidebar-style":"default","ast-global-header-display":"","ast-banner-title-visibility":"","ast-main-header-display":"","ast-hfb-above-header-display":"","ast-hfb-below-header-display":"","ast-hfb-mobile-header-display":"","site-post-title":"","ast-breadcrumbs-content":"","ast-featured-img":"","footer-sml-layout":"","ast-disable-related-posts":"","theme-transparent-header-meta":"","adv-header-id-meta":"","stick-header-meta":"","header-above-stick-meta":"","header-main-stick-meta":"","header-below-stick-meta":"","astra-migrate-meta-layouts":"default","ast-page-background-enabled":"default","ast-page-background-meta":{"desktop":{"background-color":"var(--ast-global-color-4)","background-image":"","background-repeat":"repeat","background-position":"center center","background-size":"auto","background-attachment":"scroll","background-type":"","background-media":"","overlay-type":"","overlay-color":"","overlay-opacity":"","overlay-gradient":""},"tablet":{"background-color":"","background-image":"","background-repeat":"repeat","background-position":"center center","background-size":"auto","background-attachment":"scroll","background-type":"","background-media":"","overlay-type":"","overlay-color":"","overlay-opacity":"","overlay-gradient":""},"mobile":{"background-color":"","background-image":"","background-repeat":"repeat","background-position":"center center","background-size":"auto","background-attachment":"scroll","background-type":"","background-media":"","overlay-type":"","overlay-color":"","overlay-opacity":"","overlay-gradient":""}},"ast-content-background-meta":{"desktop":{"background-color":"var(--ast-global-color-5)","background-image":"","background-repeat":"repeat","background-position":"center center","background-size":"auto","background-attachment":"scroll","background-type":"","background-media":"","overlay-type":"","overlay-color":"","overlay-opacity":"","overlay-gradient":""},"tablet":{"background-color":"var(--ast-global-color-5)","background-image":"","background-repeat":"repeat","background-position":"center center","background-size":"auto","background-attachment":"scroll","background-type":"","background-media":"","overlay-type":"","overlay-color":"","overlay-opacity":"","overlay-gradient":""},"mobile":{"background-color":"var(--ast-global-color-5)","background-image":"","background-repeat":"repeat","background-position":"center center","background-size":"auto","background-attachment":"scroll","background-type":"","background-media":"","overlay-type":"","overlay-color":"","overlay-opacity":"","overlay-gradient":""}},"footnotes":""},"class_list":["post-22295","page","type-page","status-publish","hentry"],"acf":[],"yoast_head":"<!-- This site is optimized with the Yoast SEO plugin v27.5 - https:\/\/yoast.com\/product\/yoast-seo-wordpress\/ -->\n<title>Datenschutzerkl\u00e4rung - Ferienhaus, Finca oder Appartement mit Vor-Ort-Service - Fuerteventura Privat<\/title>\n<meta name=\"robots\" content=\"index, follow, max-snippet:-1, max-image-preview:large, max-video-preview:-1\" \/>\n<link rel=\"canonical\" href=\"https:\/\/www.fuerteventura-privat.de\/en\/datenschutzerklaerung\/\" \/>\n<meta property=\"og:locale\" content=\"en_US\" \/>\n<meta property=\"og:type\" content=\"article\" \/>\n<meta property=\"og:title\" content=\"Datenschutzerkl\u00e4rung - Ferienhaus, Finca oder Appartement mit Vor-Ort-Service - Fuerteventura Privat\" \/>\n<meta property=\"og:description\" content=\"Datenschutzerkl\u00e4rung Ausf\u00fchrungen zum Datenschutz im Zusammenhang mit der EU-Datenschutz-Grundverordnung (EU-DSGVO) Als kleines Familie-Unternehmen nehmen auch wir die EU-Datenschutz-Grundverordnung (EU-DSGVO) sehr ernst und wir tun bereits alles m\u00f6gliche, um Ihre Daten sicher zu verarbeiten und zu speichern. Wir erkl\u00e4ren dazu folgendes. Wir haben absolut kein Interesse, viele Daten von Ihnen zu erheben und diese f\u00fcr Marketing- [&hellip;]\" \/>\n<meta property=\"og:url\" content=\"https:\/\/www.fuerteventura-privat.de\/en\/datenschutzerklaerung\/\" \/>\n<meta property=\"og:site_name\" content=\"Ferienhaus, Finca oder Appartement mit Vor-Ort-Service - Fuerteventura Privat\" \/>\n<meta property=\"og:image\" content=\"https:\/\/www.fuerteventura-privat.de\/wp-content\/uploads\/2023\/01\/1674728565118.jpeg\" \/>\n<meta name=\"twitter:card\" content=\"summary_large_image\" \/>\n<meta name=\"twitter:label1\" content=\"Est. reading time\" \/>\n\t<meta name=\"twitter:data1\" content=\"19 minutes\" \/>\n<script type=\"application\/ld+json\" class=\"yoast-schema-graph\">{\"@context\":\"https:\\\/\\\/schema.org\",\"@graph\":[{\"@type\":\"WebPage\",\"@id\":\"https:\\\/\\\/www.fuerteventura-privat.de\\\/en\\\/datenschutzerklaerung\\\/\",\"url\":\"https:\\\/\\\/www.fuerteventura-privat.de\\\/en\\\/datenschutzerklaerung\\\/\",\"name\":\"Datenschutzerkl\u00e4rung - Ferienhaus, Finca oder Appartement mit Vor-Ort-Service - Fuerteventura Privat\",\"isPartOf\":{\"@id\":\"https:\\\/\\\/www.fuerteventura-privat.de\\\/en\\\/#website\"},\"primaryImageOfPage\":{\"@id\":\"https:\\\/\\\/www.fuerteventura-privat.de\\\/en\\\/datenschutzerklaerung\\\/#primaryimage\"},\"image\":{\"@id\":\"https:\\\/\\\/www.fuerteventura-privat.de\\\/en\\\/datenschutzerklaerung\\\/#primaryimage\"},\"thumbnailUrl\":\"https:\\\/\\\/www.fuerteventura-privat.de\\\/wp-content\\\/uploads\\\/2023\\\/01\\\/1674728565118.jpeg\",\"datePublished\":\"2015-03-30T14:28:48+00:00\",\"breadcrumb\":{\"@id\":\"https:\\\/\\\/www.fuerteventura-privat.de\\\/en\\\/datenschutzerklaerung\\\/#breadcrumb\"},\"inLanguage\":\"en-US\",\"potentialAction\":[{\"@type\":\"ReadAction\",\"target\":[\"https:\\\/\\\/www.fuerteventura-privat.de\\\/en\\\/datenschutzerklaerung\\\/\"]}]},{\"@type\":\"ImageObject\",\"inLanguage\":\"en-US\",\"@id\":\"https:\\\/\\\/www.fuerteventura-privat.de\\\/en\\\/datenschutzerklaerung\\\/#primaryimage\",\"url\":\"https:\\\/\\\/www.fuerteventura-privat.de\\\/wp-content\\\/uploads\\\/2023\\\/01\\\/1674728565118.jpeg\",\"contentUrl\":\"https:\\\/\\\/www.fuerteventura-privat.de\\\/wp-content\\\/uploads\\\/2023\\\/01\\\/1674728565118.jpeg\"},{\"@type\":\"BreadcrumbList\",\"@id\":\"https:\\\/\\\/www.fuerteventura-privat.de\\\/en\\\/datenschutzerklaerung\\\/#breadcrumb\",\"itemListElement\":[{\"@type\":\"ListItem\",\"position\":1,\"name\":\"Home\",\"item\":\"https:\\\/\\\/www.fuerteventura-privat.de\\\/en\\\/\"},{\"@type\":\"ListItem\",\"position\":2,\"name\":\"Datenschutzerkl\u00e4rung\"}]},{\"@type\":\"WebSite\",\"@id\":\"https:\\\/\\\/www.fuerteventura-privat.de\\\/en\\\/#website\",\"url\":\"https:\\\/\\\/www.fuerteventura-privat.de\\\/en\\\/\",\"name\":\"Ferienhaus, Finca oder Appartement mit Vor-Ort-Service - Fuerteventura Privat\",\"description\":\"\",\"publisher\":{\"@id\":\"https:\\\/\\\/www.fuerteventura-privat.de\\\/en\\\/#organization\"},\"potentialAction\":[{\"@type\":\"SearchAction\",\"target\":{\"@type\":\"EntryPoint\",\"urlTemplate\":\"https:\\\/\\\/www.fuerteventura-privat.de\\\/en\\\/?s={search_term_string}\"},\"query-input\":{\"@type\":\"PropertyValueSpecification\",\"valueRequired\":true,\"valueName\":\"search_term_string\"}}],\"inLanguage\":\"en-US\"},{\"@type\":\"Organization\",\"@id\":\"https:\\\/\\\/www.fuerteventura-privat.de\\\/en\\\/#organization\",\"name\":\"Ferienhaus, Finca oder Appartement mit Vor-Ort-Service - Fuerteventura Privat\",\"url\":\"https:\\\/\\\/www.fuerteventura-privat.de\\\/en\\\/\",\"logo\":{\"@type\":\"ImageObject\",\"inLanguage\":\"en-US\",\"@id\":\"https:\\\/\\\/www.fuerteventura-privat.de\\\/en\\\/#\\\/schema\\\/logo\\\/image\\\/\",\"url\":\"https:\\\/\\\/www.fuerteventura-privat.de\\\/wp-content\\\/uploads\\\/2019\\\/12\\\/logo-fuerte.png\",\"contentUrl\":\"https:\\\/\\\/www.fuerteventura-privat.de\\\/wp-content\\\/uploads\\\/2019\\\/12\\\/logo-fuerte.png\",\"width\":300,\"height\":111,\"caption\":\"Ferienhaus, Finca oder Appartement mit Vor-Ort-Service  - Fuerteventura Privat\"},\"image\":{\"@id\":\"https:\\\/\\\/www.fuerteventura-privat.de\\\/en\\\/#\\\/schema\\\/logo\\\/image\\\/\"}}]}<\/script>\n<!-- \/ Yoast SEO plugin. -->","yoast_head_json":{"title":"Datenschutzerkl\u00e4rung - Ferienhaus, Finca oder Appartement mit Vor-Ort-Service - Fuerteventura Privat","robots":{"index":"index","follow":"follow","max-snippet":"max-snippet:-1","max-image-preview":"max-image-preview:large","max-video-preview":"max-video-preview:-1"},"canonical":"https:\/\/www.fuerteventura-privat.de\/en\/datenschutzerklaerung\/","og_locale":"en_US","og_type":"article","og_title":"Datenschutzerkl\u00e4rung - Ferienhaus, Finca oder Appartement mit Vor-Ort-Service - Fuerteventura Privat","og_description":"Datenschutzerkl\u00e4rung Ausf\u00fchrungen zum Datenschutz im Zusammenhang mit der EU-Datenschutz-Grundverordnung (EU-DSGVO) Als kleines Familie-Unternehmen nehmen auch wir die EU-Datenschutz-Grundverordnung (EU-DSGVO) sehr ernst und wir tun bereits alles m\u00f6gliche, um Ihre Daten sicher zu verarbeiten und zu speichern. Wir erkl\u00e4ren dazu folgendes. Wir haben absolut kein Interesse, viele Daten von Ihnen zu erheben und diese f\u00fcr Marketing- [&hellip;]","og_url":"https:\/\/www.fuerteventura-privat.de\/en\/datenschutzerklaerung\/","og_site_name":"Ferienhaus, Finca oder Appartement mit Vor-Ort-Service - Fuerteventura Privat","og_image":[{"url":"https:\/\/www.fuerteventura-privat.de\/wp-content\/uploads\/2023\/01\/1674728565118.jpeg","type":"","width":"","height":""}],"twitter_card":"summary_large_image","twitter_misc":{"Est. reading time":"19 minutes"},"schema":{"@context":"https:\/\/schema.org","@graph":[{"@type":"WebPage","@id":"https:\/\/www.fuerteventura-privat.de\/en\/datenschutzerklaerung\/","url":"https:\/\/www.fuerteventura-privat.de\/en\/datenschutzerklaerung\/","name":"Datenschutzerkl\u00e4rung - Ferienhaus, Finca oder Appartement mit Vor-Ort-Service - Fuerteventura Privat","isPartOf":{"@id":"https:\/\/www.fuerteventura-privat.de\/en\/#website"},"primaryImageOfPage":{"@id":"https:\/\/www.fuerteventura-privat.de\/en\/datenschutzerklaerung\/#primaryimage"},"image":{"@id":"https:\/\/www.fuerteventura-privat.de\/en\/datenschutzerklaerung\/#primaryimage"},"thumbnailUrl":"https:\/\/www.fuerteventura-privat.de\/wp-content\/uploads\/2023\/01\/1674728565118.jpeg","datePublished":"2015-03-30T14:28:48+00:00","breadcrumb":{"@id":"https:\/\/www.fuerteventura-privat.de\/en\/datenschutzerklaerung\/#breadcrumb"},"inLanguage":"en-US","potentialAction":[{"@type":"ReadAction","target":["https:\/\/www.fuerteventura-privat.de\/en\/datenschutzerklaerung\/"]}]},{"@type":"ImageObject","inLanguage":"en-US","@id":"https:\/\/www.fuerteventura-privat.de\/en\/datenschutzerklaerung\/#primaryimage","url":"https:\/\/www.fuerteventura-privat.de\/wp-content\/uploads\/2023\/01\/1674728565118.jpeg","contentUrl":"https:\/\/www.fuerteventura-privat.de\/wp-content\/uploads\/2023\/01\/1674728565118.jpeg"},{"@type":"BreadcrumbList","@id":"https:\/\/www.fuerteventura-privat.de\/en\/datenschutzerklaerung\/#breadcrumb","itemListElement":[{"@type":"ListItem","position":1,"name":"Home","item":"https:\/\/www.fuerteventura-privat.de\/en\/"},{"@type":"ListItem","position":2,"name":"Datenschutzerkl\u00e4rung"}]},{"@type":"WebSite","@id":"https:\/\/www.fuerteventura-privat.de\/en\/#website","url":"https:\/\/www.fuerteventura-privat.de\/en\/","name":"Ferienhaus, Finca oder Appartement mit Vor-Ort-Service - Fuerteventura Privat","description":"","publisher":{"@id":"https:\/\/www.fuerteventura-privat.de\/en\/#organization"},"potentialAction":[{"@type":"SearchAction","target":{"@type":"EntryPoint","urlTemplate":"https:\/\/www.fuerteventura-privat.de\/en\/?s={search_term_string}"},"query-input":{"@type":"PropertyValueSpecification","valueRequired":true,"valueName":"search_term_string"}}],"inLanguage":"en-US"},{"@type":"Organization","@id":"https:\/\/www.fuerteventura-privat.de\/en\/#organization","name":"Ferienhaus, Finca oder Appartement mit Vor-Ort-Service - Fuerteventura Privat","url":"https:\/\/www.fuerteventura-privat.de\/en\/","logo":{"@type":"ImageObject","inLanguage":"en-US","@id":"https:\/\/www.fuerteventura-privat.de\/en\/#\/schema\/logo\/image\/","url":"https:\/\/www.fuerteventura-privat.de\/wp-content\/uploads\/2019\/12\/logo-fuerte.png","contentUrl":"https:\/\/www.fuerteventura-privat.de\/wp-content\/uploads\/2019\/12\/logo-fuerte.png","width":300,"height":111,"caption":"Ferienhaus, Finca oder Appartement mit Vor-Ort-Service  - Fuerteventura Privat"},"image":{"@id":"https:\/\/www.fuerteventura-privat.de\/en\/#\/schema\/logo\/image\/"}}]}},"_links":{"self":[{"href":"https:\/\/www.fuerteventura-privat.de\/en\/wp-json\/wp\/v2\/pages\/22295","targetHints":{"allow":["GET"]}}],"collection":[{"href":"https:\/\/www.fuerteventura-privat.de\/en\/wp-json\/wp\/v2\/pages"}],"about":[{"href":"https:\/\/www.fuerteventura-privat.de\/en\/wp-json\/wp\/v2\/types\/page"}],"author":[{"embeddable":true,"href":"https:\/\/www.fuerteventura-privat.de\/en\/wp-json\/wp\/v2\/users\/1"}],"replies":[{"embeddable":true,"href":"https:\/\/www.fuerteventura-privat.de\/en\/wp-json\/wp\/v2\/comments?post=22295"}],"version-history":[{"count":0,"href":"https:\/\/www.fuerteventura-privat.de\/en\/wp-json\/wp\/v2\/pages\/22295\/revisions"}],"wp:attachment":[{"href":"https:\/\/www.fuerteventura-privat.de\/en\/wp-json\/wp\/v2\/media?parent=22295"}],"curies":[{"name":"wp","href":"https:\/\/api.w.org\/{rel}","templated":true}]}}