{"id":22272,"date":"2023-06-20T18:14:38","date_gmt":"2023-06-20T16:14:38","guid":{"rendered":"https:\/\/www.fuerteventura-privat.de\/finca\/"},"modified":"2025-06-23T16:34:26","modified_gmt":"2025-06-23T14:34:26","slug":"finca","status":"publish","type":"page","link":"https:\/\/www.fuerteventura-privat.de\/en\/holiday-houses-appartements-villa\/finca\/","title":{"rendered":"Fincas"},"content":{"rendered":"\t\t<div data-elementor-type=\"wp-page\" data-elementor-id=\"22272\" class=\"elementor elementor-22272 elementor-18816\" data-elementor-post-type=\"page\">\n\t\t\t\t\t\t<section class=\"elementor-section elementor-top-section elementor-element elementor-element-6acc5049 elementor-section-boxed elementor-section-height-default elementor-section-height-default\" data-id=\"6acc5049\" data-element_type=\"section\" data-e-type=\"section\">\n\t\t\t\t\t\t<div class=\"elementor-container elementor-column-gap-default\">\n\t\t\t\t\t<div class=\"elementor-column elementor-col-100 elementor-top-column elementor-element elementor-element-3125e070\" data-id=\"3125e070\" data-element_type=\"column\" data-e-type=\"column\">\n\t\t\t<div class=\"elementor-widget-wrap elementor-element-populated\">\n\t\t\t\t\t\t<div class=\"elementor-element elementor-element-d078ab5 elementor-widget elementor-widget-heading\" data-id=\"d078ab5\" data-element_type=\"widget\" data-e-type=\"widget\" data-widget_type=\"heading.default\">\n\t\t\t\t<div class=\"elementor-widget-container\">\n\t\t\t\t\t<h1 class=\"elementor-heading-title elementor-size-default\">Fincas on Fuerteventura<\/h1>\t\t\t\t<\/div>\n\t\t\t\t<\/div>\n\t\t\t\t<div class=\"elementor-element elementor-element-c8361d8 elementor-widget elementor-widget-heading\" data-id=\"c8361d8\" data-element_type=\"widget\" data-e-type=\"widget\" data-widget_type=\"heading.default\">\n\t\t\t\t<div class=\"elementor-widget-container\">\n\t\t\t\t\t<h2 class=\"elementor-heading-title elementor-size-default\">Finca holidays in the countryside away from the crowds.<\/h2>\t\t\t\t<\/div>\n\t\t\t\t<\/div>\n\t\t\t\t<div class=\"elementor-element elementor-element-8a76c88 elementor-widget elementor-widget-text-editor\" data-id=\"8a76c88\" data-element_type=\"widget\" data-e-type=\"widget\" data-widget_type=\"text-editor.default\">\n\t\t\t\t<div class=\"elementor-widget-container\">\n\t\t\t\t\t\t\t\t\tLook forward to a wonderful holiday in your modern, comfortable or rustic finca. Almost always located in a spectacular landscape. Most of the fincas can be found off the beaten track in a partly untouched landscape or in small villages, where these beautiful houses have been newly built for years on ancient finca ruins, lovingly renovated by specialized architects.\t\t\t\t\t\t\t\t<\/div>\n\t\t\t\t<\/div>\n\t\t\t\t\t<\/div>\n\t\t<\/div>\n\t\t\t\t\t<\/div>\n\t\t<\/section>\n\t\t\t\t<section class=\"elementor-section elementor-top-section elementor-element elementor-element-195e65e elementor-section-boxed elementor-section-height-default elementor-section-height-default\" data-id=\"195e65e\" data-element_type=\"section\" data-e-type=\"section\">\n\t\t\t\t\t\t<div class=\"elementor-container elementor-column-gap-default\">\n\t\t\t\t\t<div class=\"elementor-column elementor-col-100 elementor-top-column elementor-element elementor-element-41c3995\" data-id=\"41c3995\" data-element_type=\"column\" data-e-type=\"column\">\n\t\t\t<div class=\"elementor-widget-wrap elementor-element-populated\">\n\t\t\t\t\t\t<div class=\"elementor-element elementor-element-3cd91ef elementor-grid-eael-col-4 elementor-grid-tablet-eael-col-2 elementor-grid-mobile-eael-col-1 elementor-widget elementor-widget-eael-post-grid\" data-id=\"3cd91ef\" data-element_type=\"widget\" data-e-type=\"widget\" data-settings=\"{&quot;eael_post_grid_columns&quot;:&quot;eael-col-4&quot;,&quot;eael_post_grid_columns_tablet&quot;:&quot;eael-col-2&quot;,&quot;eael_post_grid_columns_mobile&quot;:&quot;eael-col-1&quot;}\" data-widget_type=\"eael-post-grid.default\">\n\t\t\t\t<div class=\"elementor-widget-container\">\n\t\t\t\t\t<div id=\"eael-post-grid-3cd91ef\" class=\"eael-post-grid-container\">\n            <div class=\"eael-post-grid eael-post-appender eael-post-appender-3cd91ef eael-post-grid-style-one\" data-layout-mode=\"grid\"><article class=\"eael-grid-post  eael-post-grid-column eael-pg-post-24960\" data-id=\"24960\">\n        <div class=\"eael-grid-post-holder\">\n            <div class=\"eael-grid-post-holder-inner\"><div class=\"eael-entry-media\"><div class=\"eael-entry-overlay fade-in\"><i class=\"fas fa-long-arrow-alt-right\" aria-hidden=\"true\"><\/i><a href=\"https:\/\/www.fuerteventura-privat.de\/en\/fuerte-vermietungen\/finca-madrigal-2\/\"><\/a><\/div><div class=\"eael-entry-thumbnail eael-image-ratio\">\n                <img fetchpriority=\"high\" decoding=\"async\" width=\"300\" height=\"200\" src=\"https:\/\/www.fuerteventura-privat.de\/wp-content\/uploads\/2025\/06\/MG_3510-scaled-2-300x200.jpg\" class=\"attachment-medium size-medium wp-image-23604\" alt=\"\" srcset=\"https:\/\/www.fuerteventura-privat.de\/wp-content\/uploads\/2025\/06\/MG_3510-scaled-2-300x200.jpg 300w, https:\/\/www.fuerteventura-privat.de\/wp-content\/uploads\/2025\/06\/MG_3510-scaled-2-1024x683.jpg 1024w, https:\/\/www.fuerteventura-privat.de\/wp-content\/uploads\/2025\/06\/MG_3510-scaled-2-768x512.jpg 768w, https:\/\/www.fuerteventura-privat.de\/wp-content\/uploads\/2025\/06\/MG_3510-scaled-2-1536x1024.jpg 1536w, https:\/\/www.fuerteventura-privat.de\/wp-content\/uploads\/2025\/06\/MG_3510-scaled-2-2048x1366.jpg 2048w\" sizes=\"(max-width: 300px) 100vw, 300px\" \/>\n            <\/div>\n        <\/div><div class=\"eael-entry-wrapper\"><header class=\"eael-entry-header\"><h2 class=\"eael-entry-title\"><a class=\"eael-grid-post-link\" href=\"https:\/\/www.fuerteventura-privat.de\/en\/fuerte-vermietungen\/finca-madrigal-2\/\" title=\"Finca Madrigal\">Finca Madrigal<\/a><\/h2><\/header><div class=\"eael-entry-content\">\n                        <div class=\"eael-grid-post-excerpt\"><p>Fine finca country house very remote and quiet location. The Finca Madregal is very comfortable and tastefully decorated. You can relax here wonderfully by the pool, barbecue and enjoy the rural tranquility of the island. It is not far to the sea at Gran Tarajal with the sandy bathing bay and promenade with many restaurants. [&hellip;]<\/p><a href=\"https:\/\/www.fuerteventura-privat.de\/en\/fuerte-vermietungen\/finca-madrigal-2\/\" class=\"eael-post-elements-readmore-btn\">Infos zur Unterkunft<\/a><\/div>\n                    <\/div><\/div><\/div>\n        <\/div>\n    <\/article><article class=\"eael-grid-post  eael-post-grid-column eael-pg-post-25028\" data-id=\"25028\">\n        <div class=\"eael-grid-post-holder\">\n            <div class=\"eael-grid-post-holder-inner\"><div class=\"eael-entry-media\"><div class=\"eael-entry-overlay fade-in\"><i class=\"fas fa-long-arrow-alt-right\" aria-hidden=\"true\"><\/i><a href=\"https:\/\/www.fuerteventura-privat.de\/en\/fuerte-vermietungen\/finca-la-morisca-2\/\"><\/a><\/div><div class=\"eael-entry-thumbnail eael-image-ratio\">\n                <img decoding=\"async\" width=\"300\" height=\"200\" src=\"https:\/\/www.fuerteventura-privat.de\/wp-content\/uploads\/2025\/06\/DSC_9645-1-300x200.jpg\" class=\"attachment-medium size-medium wp-image-23378\" alt=\"\" srcset=\"https:\/\/www.fuerteventura-privat.de\/wp-content\/uploads\/2025\/06\/DSC_9645-1-300x200.jpg 300w, https:\/\/www.fuerteventura-privat.de\/wp-content\/uploads\/2025\/06\/DSC_9645-1-1024x684.jpg 1024w, https:\/\/www.fuerteventura-privat.de\/wp-content\/uploads\/2025\/06\/DSC_9645-1-768x513.jpg 768w, https:\/\/www.fuerteventura-privat.de\/wp-content\/uploads\/2025\/06\/DSC_9645-1.jpg 1280w\" sizes=\"(max-width: 300px) 100vw, 300px\" \/>\n            <\/div>\n        <\/div><div class=\"eael-entry-wrapper\"><header class=\"eael-entry-header\"><h2 class=\"eael-entry-title\"><a class=\"eael-grid-post-link\" href=\"https:\/\/www.fuerteventura-privat.de\/en\/fuerte-vermietungen\/finca-la-morisca-2\/\" title=\"Finca La Morisca\">Finca La Morisca<\/a><\/h2><\/header><div class=\"eael-entry-content\">\n                        <div class=\"eael-grid-post-excerpt\"><p>Modern finca holiday home with pool in Tuineje On 400 sqm, this finca offers a good 90 sqm of living space. Here in this smaller, modern and cosy finca, 2 adults, also with a child and a baby will find enough space and above all their peace. What do you feel like doing on holiday? [&hellip;]<\/p><a href=\"https:\/\/www.fuerteventura-privat.de\/en\/fuerte-vermietungen\/finca-la-morisca-2\/\" class=\"eael-post-elements-readmore-btn\">Infos zur Unterkunft<\/a><\/div>\n                    <\/div><\/div><\/div>\n        <\/div>\n    <\/article><article class=\"eael-grid-post  eael-post-grid-column eael-pg-post-25032\" data-id=\"25032\">\n        <div class=\"eael-grid-post-holder\">\n            <div class=\"eael-grid-post-holder-inner\"><div class=\"eael-entry-media\"><div class=\"eael-entry-overlay fade-in\"><i class=\"fas fa-long-arrow-alt-right\" aria-hidden=\"true\"><\/i><a href=\"https:\/\/www.fuerteventura-privat.de\/en\/fuerte-vermietungen\/finca-la-teberite-2\/\"><\/a><\/div><div class=\"eael-entry-thumbnail eael-image-ratio\">\n                <img decoding=\"async\" width=\"300\" height=\"200\" src=\"https:\/\/www.fuerteventura-privat.de\/wp-content\/uploads\/2025\/06\/fuerteventura-privat-teberite-DSC_6600-1-300x200.jpg\" class=\"attachment-medium size-medium wp-image-23383\" alt=\"\" srcset=\"https:\/\/www.fuerteventura-privat.de\/wp-content\/uploads\/2025\/06\/fuerteventura-privat-teberite-DSC_6600-1-300x200.jpg 300w, https:\/\/www.fuerteventura-privat.de\/wp-content\/uploads\/2025\/06\/fuerteventura-privat-teberite-DSC_6600-1-768x513.jpg 768w, https:\/\/www.fuerteventura-privat.de\/wp-content\/uploads\/2025\/06\/fuerteventura-privat-teberite-DSC_6600-1.jpg 900w\" sizes=\"(max-width: 300px) 100vw, 300px\" \/>\n            <\/div>\n        <\/div><div class=\"eael-entry-wrapper\"><header class=\"eael-entry-header\"><h2 class=\"eael-entry-title\"><a class=\"eael-grid-post-link\" href=\"https:\/\/www.fuerteventura-privat.de\/en\/fuerte-vermietungen\/finca-la-teberite-2\/\" title=\"Finca La Teberite\">Finca La Teberite<\/a><\/h2><\/header><div class=\"eael-entry-content\">\n                        <div class=\"eael-grid-post-excerpt\"><p>Modern luxury finca with beautiful pool area in Tuineje. The entrance area of the finca is immediately impressive and you immediately enjoy the feeling of space and generosity. This modern, particularly tasteful and very comfortably furnished finca, built on ancient, historic walls, is located in Tuinje. A small, sleepy island village away from mass tourism, [&hellip;]<\/p><a href=\"https:\/\/www.fuerteventura-privat.de\/en\/fuerte-vermietungen\/finca-la-teberite-2\/\" class=\"eael-post-elements-readmore-btn\">Infos zur Unterkunft<\/a><\/div>\n                    <\/div><\/div><\/div>\n        <\/div>\n    <\/article><article class=\"eael-grid-post  eael-post-grid-column eael-pg-post-25068\" data-id=\"25068\">\n        <div class=\"eael-grid-post-holder\">\n            <div class=\"eael-grid-post-holder-inner\"><div class=\"eael-entry-media\"><div class=\"eael-entry-overlay fade-in\"><i class=\"fas fa-long-arrow-alt-right\" aria-hidden=\"true\"><\/i><a href=\"https:\/\/www.fuerteventura-privat.de\/en\/fuerte-vermietungen\/finca-la-gairia-nahe-tuineje-2\/\"><\/a><\/div><div class=\"eael-entry-thumbnail eael-image-ratio\">\n                <img loading=\"lazy\" decoding=\"async\" width=\"300\" height=\"225\" src=\"https:\/\/www.fuerteventura-privat.de\/wp-content\/uploads\/2025\/06\/IMG_2712-1-300x225.jpg\" class=\"attachment-medium size-medium wp-image-23433\" alt=\"\" srcset=\"https:\/\/www.fuerteventura-privat.de\/wp-content\/uploads\/2025\/06\/IMG_2712-1-300x225.jpg 300w, https:\/\/www.fuerteventura-privat.de\/wp-content\/uploads\/2025\/06\/IMG_2712-1-768x576.jpg 768w, https:\/\/www.fuerteventura-privat.de\/wp-content\/uploads\/2025\/06\/IMG_2712-1.jpg 1000w\" sizes=\"(max-width: 300px) 100vw, 300px\" \/>\n            <\/div>\n        <\/div><div class=\"eael-entry-wrapper\"><header class=\"eael-entry-header\"><h2 class=\"eael-entry-title\"><a class=\"eael-grid-post-link\" href=\"https:\/\/www.fuerteventura-privat.de\/en\/fuerte-vermietungen\/finca-la-gairia-nahe-tuineje-2\/\" title=\"Finca La Gairia nahe Tuineje\">Finca La Gairia nahe Tuineje<\/a><\/h2><\/header><div class=\"eael-entry-content\">\n                        <div class=\"eael-grid-post-excerpt\"><p>Stilvolles, elegantes und gro\u00dfartiges Finca Ferienhaus &#8211; mit Pool am Fu\u00dfe eines Vulkans. So viel Platz und so viel Freiraum. Und alles so geschmackvoll gestaltet. Fast schon &#8220;modern country &#8221; &#8211; also im modernen aber warmen Landhausstil. Dieses gro\u00dfz\u00fcgig geschnittene Finca Ferienhaus finden Sie in der N\u00e4he von Tuineje, am Rande eines kleinen Dorfes gelegen,\u00a0umgeben [&hellip;]<\/p><a href=\"https:\/\/www.fuerteventura-privat.de\/en\/fuerte-vermietungen\/finca-la-gairia-nahe-tuineje-2\/\" class=\"eael-post-elements-readmore-btn\">Infos zur Unterkunft<\/a><\/div>\n                    <\/div><\/div><\/div>\n        <\/div>\n    <\/article><article class=\"eael-grid-post  eael-post-grid-column eael-pg-post-25228\" data-id=\"25228\">\n        <div class=\"eael-grid-post-holder\">\n            <div class=\"eael-grid-post-holder-inner\"><div class=\"eael-entry-media\"><div class=\"eael-entry-overlay fade-in\"><i class=\"fas fa-long-arrow-alt-right\" aria-hidden=\"true\"><\/i><a href=\"https:\/\/www.fuerteventura-privat.de\/en\/fuerte-vermietungen\/finca-tisca-2\/\"><\/a><\/div><div class=\"eael-entry-thumbnail eael-image-ratio\">\n                <img loading=\"lazy\" decoding=\"async\" width=\"300\" height=\"200\" src=\"https:\/\/www.fuerteventura-privat.de\/wp-content\/uploads\/2025\/06\/MG_9818-1-300x200.jpg\" class=\"attachment-medium size-medium wp-image-23298\" alt=\"\" srcset=\"https:\/\/www.fuerteventura-privat.de\/wp-content\/uploads\/2025\/06\/MG_9818-1-300x200.jpg 300w, https:\/\/www.fuerteventura-privat.de\/wp-content\/uploads\/2025\/06\/MG_9818-1-1024x683.jpg 1024w, https:\/\/www.fuerteventura-privat.de\/wp-content\/uploads\/2025\/06\/MG_9818-1-768x512.jpg 768w, https:\/\/www.fuerteventura-privat.de\/wp-content\/uploads\/2025\/06\/MG_9818-1-1536x1024.jpg 1536w, https:\/\/www.fuerteventura-privat.de\/wp-content\/uploads\/2025\/06\/MG_9818-1.jpg 1872w\" sizes=\"(max-width: 300px) 100vw, 300px\" \/>\n            <\/div>\n        <\/div><div class=\"eael-entry-wrapper\"><header class=\"eael-entry-header\"><h2 class=\"eael-entry-title\"><a class=\"eael-grid-post-link\" href=\"https:\/\/www.fuerteventura-privat.de\/en\/fuerte-vermietungen\/finca-tisca-2\/\" title=\"Finca Tisca\">Finca Tisca<\/a><\/h2><\/header><div class=\"eael-entry-content\">\n                        <div class=\"eael-grid-post-excerpt\"><p>Eine Finca wie diese im S\u00fcden der Insel k\u00f6nnen Sie lange suchen, oder gleich bei uns buchen. Denn Ferienunterk\u00fcnfte wie diese sind sehr schnell zu den beliebten Reisezeiten ausgebucht. Am besten ein Jahr im Voraus buchen. Wir machen das.<\/p><a href=\"https:\/\/www.fuerteventura-privat.de\/en\/fuerte-vermietungen\/finca-tisca-2\/\" class=\"eael-post-elements-readmore-btn\">Infos zur Unterkunft<\/a><\/div>\n                    <\/div><\/div><\/div>\n        <\/div>\n    <\/article><\/div>\n            <div class=\"clearfix\"><\/div>\n        <\/div>\t\t\t\t<\/div>\n\t\t\t\t<\/div>\n\t\t\t\t\t<\/div>\n\t\t<\/div>\n\t\t\t\t\t<\/div>\n\t\t<\/section>\n\t\t\t\t<\/div>\n\t\t","protected":false},"excerpt":{"rendered":"<p>Fincas on Fuerteventura Finca holidays in the countryside away from the crowds. Look forward to a wonderful holiday in your modern, comfortable or rustic finca. Almost always located in a spectacular landscape. Most of the fincas can be found off the beaten track in a partly untouched landscape or in small villages, where these beautiful [&hellip;]<\/p>\n","protected":false},"author":1,"featured_media":0,"parent":22281,"menu_order":18,"comment_status":"closed","ping_status":"closed","template":"elementor_header_footer","meta":{"_acf_changed":false,"site-sidebar-layout":"default","site-content-layout":"default","ast-site-content-layout":"default","site-content-style":"default","site-sidebar-style":"default","ast-global-header-display":"","ast-banner-title-visibility":"","ast-main-header-display":"","ast-hfb-above-header-display":"","ast-hfb-below-header-display":"","ast-hfb-mobile-header-display":"","site-post-title":"","ast-breadcrumbs-content":"","ast-featured-img":"","footer-sml-layout":"","ast-disable-related-posts":"","theme-transparent-header-meta":"default","adv-header-id-meta":"","stick-header-meta":"default","header-above-stick-meta":"","header-main-stick-meta":"","header-below-stick-meta":"","astra-migrate-meta-layouts":"default","ast-page-background-enabled":"default","ast-page-background-meta":{"desktop":{"background-color":"var(--ast-global-color-4)","background-image":"","background-repeat":"repeat","background-position":"center center","background-size":"auto","background-attachment":"scroll","background-type":"","background-media":"","overlay-type":"","overlay-color":"","overlay-opacity":"","overlay-gradient":""},"tablet":{"background-color":"","background-image":"","background-repeat":"repeat","background-position":"center center","background-size":"auto","background-attachment":"scroll","background-type":"","background-media":"","overlay-type":"","overlay-color":"","overlay-opacity":"","overlay-gradient":""},"mobile":{"background-color":"","background-image":"","background-repeat":"repeat","background-position":"center center","background-size":"auto","background-attachment":"scroll","background-type":"","background-media":"","overlay-type":"","overlay-color":"","overlay-opacity":"","overlay-gradient":""}},"ast-content-background-meta":{"desktop":{"background-color":"var(--ast-global-color-5)","background-image":"","background-repeat":"repeat","background-position":"center center","background-size":"auto","background-attachment":"scroll","background-type":"","background-media":"","overlay-type":"","overlay-color":"","overlay-opacity":"","overlay-gradient":""},"tablet":{"background-color":"var(--ast-global-color-5)","background-image":"","background-repeat":"repeat","background-position":"center center","background-size":"auto","background-attachment":"scroll","background-type":"","background-media":"","overlay-type":"","overlay-color":"","overlay-opacity":"","overlay-gradient":""},"mobile":{"background-color":"var(--ast-global-color-5)","background-image":"","background-repeat":"repeat","background-position":"center center","background-size":"auto","background-attachment":"scroll","background-type":"","background-media":"","overlay-type":"","overlay-color":"","overlay-opacity":"","overlay-gradient":""}},"footnotes":""},"class_list":["post-22272","page","type-page","status-publish","hentry"],"acf":[],"yoast_head":"<!-- This site is optimized with the Yoast SEO plugin v27.4 - https:\/\/yoast.com\/product\/yoast-seo-wordpress\/ -->\n<title>Fincas - Ferienhaus, Finca oder Appartement mit Vor-Ort-Service - Fuerteventura Privat<\/title>\n<meta name=\"robots\" content=\"index, follow, max-snippet:-1, max-image-preview:large, max-video-preview:-1\" \/>\n<link rel=\"canonical\" href=\"https:\/\/www.fuerteventura-privat.de\/en\/holiday-houses-appartements-villa\/finca\/\" \/>\n<meta property=\"og:locale\" content=\"en_US\" \/>\n<meta property=\"og:type\" content=\"article\" \/>\n<meta property=\"og:title\" content=\"Fincas - Ferienhaus, Finca oder Appartement mit Vor-Ort-Service - Fuerteventura Privat\" \/>\n<meta property=\"og:description\" content=\"Fincas on Fuerteventura Finca holidays in the countryside away from the crowds. Look forward to a wonderful holiday in your modern, comfortable or rustic finca. Almost always located in a spectacular landscape. Most of the fincas can be found off the beaten track in a partly untouched landscape or in small villages, where these beautiful [&hellip;]\" \/>\n<meta property=\"og:url\" content=\"https:\/\/www.fuerteventura-privat.de\/en\/holiday-houses-appartements-villa\/finca\/\" \/>\n<meta property=\"og:site_name\" content=\"Ferienhaus, Finca oder Appartement mit Vor-Ort-Service - Fuerteventura Privat\" \/>\n<meta property=\"article:modified_time\" content=\"2025-06-23T14:34:26+00:00\" \/>\n<meta property=\"og:image\" content=\"https:\/\/www.fuerteventura-privat.de\/wp-content\/uploads\/2025\/06\/MG_3510-scaled-2.jpg\" \/>\n\t<meta property=\"og:image:width\" content=\"2560\" \/>\n\t<meta property=\"og:image:height\" content=\"1707\" \/>\n\t<meta property=\"og:image:type\" content=\"image\/jpeg\" \/>\n<meta name=\"twitter:card\" content=\"summary_large_image\" \/>\n<meta name=\"twitter:label1\" content=\"Est. reading time\" \/>\n\t<meta name=\"twitter:data1\" content=\"14 minutes\" \/>\n<script type=\"application\/ld+json\" class=\"yoast-schema-graph\">{\"@context\":\"https:\\\/\\\/schema.org\",\"@graph\":[{\"@type\":\"WebPage\",\"@id\":\"https:\\\/\\\/www.fuerteventura-privat.de\\\/en\\\/holiday-houses-appartements-villa\\\/finca\\\/\",\"url\":\"https:\\\/\\\/www.fuerteventura-privat.de\\\/en\\\/holiday-houses-appartements-villa\\\/finca\\\/\",\"name\":\"Fincas - Ferienhaus, Finca oder Appartement mit Vor-Ort-Service - Fuerteventura Privat\",\"isPartOf\":{\"@id\":\"https:\\\/\\\/www.fuerteventura-privat.de\\\/en\\\/#website\"},\"primaryImageOfPage\":{\"@id\":\"https:\\\/\\\/www.fuerteventura-privat.de\\\/en\\\/holiday-houses-appartements-villa\\\/finca\\\/#primaryimage\"},\"image\":{\"@id\":\"https:\\\/\\\/www.fuerteventura-privat.de\\\/en\\\/holiday-houses-appartements-villa\\\/finca\\\/#primaryimage\"},\"thumbnailUrl\":\"https:\\\/\\\/www.fuerteventura-privat.de\\\/wp-content\\\/uploads\\\/2025\\\/06\\\/MG_3510-scaled-2-300x200.jpg\",\"datePublished\":\"2023-06-20T16:14:38+00:00\",\"dateModified\":\"2025-06-23T14:34:26+00:00\",\"breadcrumb\":{\"@id\":\"https:\\\/\\\/www.fuerteventura-privat.de\\\/en\\\/holiday-houses-appartements-villa\\\/finca\\\/#breadcrumb\"},\"inLanguage\":\"en-US\",\"potentialAction\":[{\"@type\":\"ReadAction\",\"target\":[\"https:\\\/\\\/www.fuerteventura-privat.de\\\/en\\\/holiday-houses-appartements-villa\\\/finca\\\/\"]}]},{\"@type\":\"ImageObject\",\"inLanguage\":\"en-US\",\"@id\":\"https:\\\/\\\/www.fuerteventura-privat.de\\\/en\\\/holiday-houses-appartements-villa\\\/finca\\\/#primaryimage\",\"url\":\"https:\\\/\\\/www.fuerteventura-privat.de\\\/wp-content\\\/uploads\\\/2025\\\/06\\\/MG_3510-scaled-2-300x200.jpg\",\"contentUrl\":\"https:\\\/\\\/www.fuerteventura-privat.de\\\/wp-content\\\/uploads\\\/2025\\\/06\\\/MG_3510-scaled-2-300x200.jpg\"},{\"@type\":\"BreadcrumbList\",\"@id\":\"https:\\\/\\\/www.fuerteventura-privat.de\\\/en\\\/holiday-houses-appartements-villa\\\/finca\\\/#breadcrumb\",\"itemListElement\":[{\"@type\":\"ListItem\",\"position\":1,\"name\":\"Home\",\"item\":\"https:\\\/\\\/www.fuerteventura-privat.de\\\/en\\\/\"},{\"@type\":\"ListItem\",\"position\":2,\"name\":\"Holiday Accommodations\",\"item\":\"https:\\\/\\\/www.fuerteventura-privat.de\\\/en\\\/holiday-houses-appartements-villa\\\/\"},{\"@type\":\"ListItem\",\"position\":3,\"name\":\"Fincas\"}]},{\"@type\":\"WebSite\",\"@id\":\"https:\\\/\\\/www.fuerteventura-privat.de\\\/en\\\/#website\",\"url\":\"https:\\\/\\\/www.fuerteventura-privat.de\\\/en\\\/\",\"name\":\"Ferienhaus, Finca oder Appartement mit Vor-Ort-Service - Fuerteventura Privat\",\"description\":\"\",\"publisher\":{\"@id\":\"https:\\\/\\\/www.fuerteventura-privat.de\\\/en\\\/#organization\"},\"potentialAction\":[{\"@type\":\"SearchAction\",\"target\":{\"@type\":\"EntryPoint\",\"urlTemplate\":\"https:\\\/\\\/www.fuerteventura-privat.de\\\/en\\\/?s={search_term_string}\"},\"query-input\":{\"@type\":\"PropertyValueSpecification\",\"valueRequired\":true,\"valueName\":\"search_term_string\"}}],\"inLanguage\":\"en-US\"},{\"@type\":\"Organization\",\"@id\":\"https:\\\/\\\/www.fuerteventura-privat.de\\\/en\\\/#organization\",\"name\":\"Ferienhaus, Finca oder Appartement mit Vor-Ort-Service - Fuerteventura Privat\",\"url\":\"https:\\\/\\\/www.fuerteventura-privat.de\\\/en\\\/\",\"logo\":{\"@type\":\"ImageObject\",\"inLanguage\":\"en-US\",\"@id\":\"https:\\\/\\\/www.fuerteventura-privat.de\\\/en\\\/#\\\/schema\\\/logo\\\/image\\\/\",\"url\":\"https:\\\/\\\/www.fuerteventura-privat.de\\\/wp-content\\\/uploads\\\/2019\\\/12\\\/logo-fuerte.png\",\"contentUrl\":\"https:\\\/\\\/www.fuerteventura-privat.de\\\/wp-content\\\/uploads\\\/2019\\\/12\\\/logo-fuerte.png\",\"width\":300,\"height\":111,\"caption\":\"Ferienhaus, Finca oder Appartement mit Vor-Ort-Service  - Fuerteventura Privat\"},\"image\":{\"@id\":\"https:\\\/\\\/www.fuerteventura-privat.de\\\/en\\\/#\\\/schema\\\/logo\\\/image\\\/\"}}]}<\/script>\n<!-- \/ Yoast SEO plugin. -->","yoast_head_json":{"title":"Fincas - Ferienhaus, Finca oder Appartement mit Vor-Ort-Service - Fuerteventura Privat","robots":{"index":"index","follow":"follow","max-snippet":"max-snippet:-1","max-image-preview":"max-image-preview:large","max-video-preview":"max-video-preview:-1"},"canonical":"https:\/\/www.fuerteventura-privat.de\/en\/holiday-houses-appartements-villa\/finca\/","og_locale":"en_US","og_type":"article","og_title":"Fincas - Ferienhaus, Finca oder Appartement mit Vor-Ort-Service - Fuerteventura Privat","og_description":"Fincas on Fuerteventura Finca holidays in the countryside away from the crowds. Look forward to a wonderful holiday in your modern, comfortable or rustic finca. Almost always located in a spectacular landscape. Most of the fincas can be found off the beaten track in a partly untouched landscape or in small villages, where these beautiful [&hellip;]","og_url":"https:\/\/www.fuerteventura-privat.de\/en\/holiday-houses-appartements-villa\/finca\/","og_site_name":"Ferienhaus, Finca oder Appartement mit Vor-Ort-Service - Fuerteventura Privat","article_modified_time":"2025-06-23T14:34:26+00:00","og_image":[{"width":2560,"height":1707,"url":"https:\/\/www.fuerteventura-privat.de\/wp-content\/uploads\/2025\/06\/MG_3510-scaled-2.jpg","type":"image\/jpeg"}],"twitter_card":"summary_large_image","twitter_misc":{"Est. reading time":"14 minutes"},"schema":{"@context":"https:\/\/schema.org","@graph":[{"@type":"WebPage","@id":"https:\/\/www.fuerteventura-privat.de\/en\/holiday-houses-appartements-villa\/finca\/","url":"https:\/\/www.fuerteventura-privat.de\/en\/holiday-houses-appartements-villa\/finca\/","name":"Fincas - Ferienhaus, Finca oder Appartement mit Vor-Ort-Service - Fuerteventura Privat","isPartOf":{"@id":"https:\/\/www.fuerteventura-privat.de\/en\/#website"},"primaryImageOfPage":{"@id":"https:\/\/www.fuerteventura-privat.de\/en\/holiday-houses-appartements-villa\/finca\/#primaryimage"},"image":{"@id":"https:\/\/www.fuerteventura-privat.de\/en\/holiday-houses-appartements-villa\/finca\/#primaryimage"},"thumbnailUrl":"https:\/\/www.fuerteventura-privat.de\/wp-content\/uploads\/2025\/06\/MG_3510-scaled-2-300x200.jpg","datePublished":"2023-06-20T16:14:38+00:00","dateModified":"2025-06-23T14:34:26+00:00","breadcrumb":{"@id":"https:\/\/www.fuerteventura-privat.de\/en\/holiday-houses-appartements-villa\/finca\/#breadcrumb"},"inLanguage":"en-US","potentialAction":[{"@type":"ReadAction","target":["https:\/\/www.fuerteventura-privat.de\/en\/holiday-houses-appartements-villa\/finca\/"]}]},{"@type":"ImageObject","inLanguage":"en-US","@id":"https:\/\/www.fuerteventura-privat.de\/en\/holiday-houses-appartements-villa\/finca\/#primaryimage","url":"https:\/\/www.fuerteventura-privat.de\/wp-content\/uploads\/2025\/06\/MG_3510-scaled-2-300x200.jpg","contentUrl":"https:\/\/www.fuerteventura-privat.de\/wp-content\/uploads\/2025\/06\/MG_3510-scaled-2-300x200.jpg"},{"@type":"BreadcrumbList","@id":"https:\/\/www.fuerteventura-privat.de\/en\/holiday-houses-appartements-villa\/finca\/#breadcrumb","itemListElement":[{"@type":"ListItem","position":1,"name":"Home","item":"https:\/\/www.fuerteventura-privat.de\/en\/"},{"@type":"ListItem","position":2,"name":"Holiday Accommodations","item":"https:\/\/www.fuerteventura-privat.de\/en\/holiday-houses-appartements-villa\/"},{"@type":"ListItem","position":3,"name":"Fincas"}]},{"@type":"WebSite","@id":"https:\/\/www.fuerteventura-privat.de\/en\/#website","url":"https:\/\/www.fuerteventura-privat.de\/en\/","name":"Ferienhaus, Finca oder Appartement mit Vor-Ort-Service - Fuerteventura Privat","description":"","publisher":{"@id":"https:\/\/www.fuerteventura-privat.de\/en\/#organization"},"potentialAction":[{"@type":"SearchAction","target":{"@type":"EntryPoint","urlTemplate":"https:\/\/www.fuerteventura-privat.de\/en\/?s={search_term_string}"},"query-input":{"@type":"PropertyValueSpecification","valueRequired":true,"valueName":"search_term_string"}}],"inLanguage":"en-US"},{"@type":"Organization","@id":"https:\/\/www.fuerteventura-privat.de\/en\/#organization","name":"Ferienhaus, Finca oder Appartement mit Vor-Ort-Service - Fuerteventura Privat","url":"https:\/\/www.fuerteventura-privat.de\/en\/","logo":{"@type":"ImageObject","inLanguage":"en-US","@id":"https:\/\/www.fuerteventura-privat.de\/en\/#\/schema\/logo\/image\/","url":"https:\/\/www.fuerteventura-privat.de\/wp-content\/uploads\/2019\/12\/logo-fuerte.png","contentUrl":"https:\/\/www.fuerteventura-privat.de\/wp-content\/uploads\/2019\/12\/logo-fuerte.png","width":300,"height":111,"caption":"Ferienhaus, Finca oder Appartement mit Vor-Ort-Service  - Fuerteventura Privat"},"image":{"@id":"https:\/\/www.fuerteventura-privat.de\/en\/#\/schema\/logo\/image\/"}}]}},"_links":{"self":[{"href":"https:\/\/www.fuerteventura-privat.de\/en\/wp-json\/wp\/v2\/pages\/22272","targetHints":{"allow":["GET"]}}],"collection":[{"href":"https:\/\/www.fuerteventura-privat.de\/en\/wp-json\/wp\/v2\/pages"}],"about":[{"href":"https:\/\/www.fuerteventura-privat.de\/en\/wp-json\/wp\/v2\/types\/page"}],"author":[{"embeddable":true,"href":"https:\/\/www.fuerteventura-privat.de\/en\/wp-json\/wp\/v2\/users\/1"}],"replies":[{"embeddable":true,"href":"https:\/\/www.fuerteventura-privat.de\/en\/wp-json\/wp\/v2\/comments?post=22272"}],"version-history":[{"count":6,"href":"https:\/\/www.fuerteventura-privat.de\/en\/wp-json\/wp\/v2\/pages\/22272\/revisions"}],"predecessor-version":[{"id":25274,"href":"https:\/\/www.fuerteventura-privat.de\/en\/wp-json\/wp\/v2\/pages\/22272\/revisions\/25274"}],"up":[{"embeddable":true,"href":"https:\/\/www.fuerteventura-privat.de\/en\/wp-json\/wp\/v2\/pages\/22281"}],"wp:attachment":[{"href":"https:\/\/www.fuerteventura-privat.de\/en\/wp-json\/wp\/v2\/media?parent=22272"}],"curies":[{"name":"wp","href":"https:\/\/api.w.org\/{rel}","templated":true}]}}