{"id":25228,"date":"2023-06-09T12:56:28","date_gmt":"2023-06-09T10:56:28","guid":{"rendered":"https:\/\/www.fuerteventura-privat.de\/fuerte-vermietungen\/finca-tisca-2\/"},"modified":"2023-06-09T12:56:28","modified_gmt":"2023-06-09T10:56:28","slug":"finca-tisca-2","status":"publish","type":"fuerte-vermietungen","link":"https:\/\/www.fuerteventura-privat.de\/en\/fuerte-vermietungen\/finca-tisca-2\/","title":{"rendered":"Finca Tisca"},"content":{"rendered":"<h2>Stilvolle Finca nicht weit von Gran Tarajal<\/h2>\n<p>Freuen Sie sich auf ein stilvolles Finca-Ambiente mit Pool und grosser Terrasse.\u00a0Ankommen und durchatmen. Geniessen Sie so viel Freiraum. Innen wie Aussen. Eine\u00a0moderne und sehr geschmackvoll eingerichtete Finca erwartet Sie in einem kleinen verschlafenen Dorf nahe Tuineje. Abseits des Massentourismus geniessen Sie hier die Sonne der Insel auf ihrer privaten Terrasse am eigenen Pool oder auch am Meer., das nichtweit entfernt ist. Die authentische K\u00fcstenkleinstadt \u00a0Gran Tarajal verf\u00fcgt \u00fcber einen breiter Sandstrand mit perfekten Badem\u00f6glichkeiten. Mit dem Mietwagen sind Sie in etwa 15 bis 20 Minuten dorthin.<\/p>\n<p>Gran Tarajal wurde ebenfalls vom Massentourismus verschont und bietet ausserdem eine Strand- und Hafen-Promenade mit guten Restaurants, Bars und Caf\u00e9s. Eine weitere Alternative f\u00fcr den Strandurlaub bietet das benachbarte kleine Dorf Las Playitas.<\/p>\n<p>Diese Finca begeistert mit anspruchsvollen Wohnkomfort u d jeder Menge Freiraum zum Relaxen. Idealer f\u00fcr Familien mit Kids. Fr\u00fchst\u00fccken\u00a0direkt am Pool oder Abends vielleicht einen gem\u00fctlichen Grillabend geniessen? Ewig\u00a0lange im Freien sitzen unter dem klaren kanarischen Sternenhimmel.<\/p>\n<p>Das Haus bietet Ihnen auf ca. 140 qm 2 Schlafzimmer und jedes Zimmer verf\u00fcgt \u00fcber ein gro\u00dfes en suite Badezimmer. Der grosse K\u00fcchen-Wohnbereich verf\u00fcgt \u00fcber eine moderner K\u00fcchenzeile, Essecke und Sofa-Bereich mit Plasma-Fernseher (SAT-TV). Die B\u00e4der sind sehr geschmackvoll eingerichtet, \u00a0modern und gem\u00fctlich und aufgrund der hohen Decken und des historischen Mauerwerkes sehr schick und urgem\u00fctlich.<\/p>\n<p>Vom Wohn-Ess-Bereich aus geht es direkt zur gro\u00dfen Sonnenterrasse mit Pool. Die Terrasse betr\u00e4gt ca. 150 qm und die Grundst\u00fcckfl\u00e4che ca. 900 qm. Freuen Sie sich hier auf ein\u00a0hochwertiges Wohnambiente in\u00a0einer modern-rustikalen Architektur.<\/p>\n<p>Der Ort liegt abseits von den \u00fcblichen Touristenorten und bietet aufgrund seiner zentralen Lage gute M\u00f6glichkeiten f\u00fcr Touren. Egal wohin. Ob an die raue Westk\u00fcste, nach Pajara, Ajuy oder Bentacuria, an den sch\u00f6nen Sandstrand und die breite Badebucht bei Gran Tarajal, oder hoch in den Norden nach Corralejo und an die kilometerlangen Sandstr\u00e4nde im S\u00fcden der Insel. Der benachbarte Ort \u00a0Tuineje verf\u00fcgt \u00fcber einen Supermarkt, eine Apotheke, eine B\u00e4ckerei, Tankstelle, Restaurants.<\/p>\n<style id=\"bwg-style-0\">      #bwg_container1_0 #bwg_container2_0 .bwg_masonry_thumb_0 {        text-align: center;        display: inline-block;        vertical-align: middle;      \t          width: 100% !important;;      \t        margin: 0;        opacity: 1.00;      }\t\t\t\t\t\t      #bwg_container1_0 #bwg_container2_0 .bwg-container-0.bwg-masonry-thumbnails .bwg-item,      #bwg_container1_0 #bwg_container2_0 .bwg-container-temp0.bwg-masonry-thumbnails .bwg-item {        padding: calc(4px \/ 2);\t\t\t\t      }      #bwg_container1_0 #bwg_container2_0 .bwg-container-0.bwg-masonry-thumbnails .bwg-item0 {      \t        background-color:rgba(0,0,0, 0.30);        border: 0px none #CCCCCC;\t\t\t\topacity: 1.00;        border-radius: 0;      }      #bwg_container1_0 #bwg_container2_0 .bwg-container-0.bwg-masonry-thumbnails .bwg-item1 img {        max-height: none;\t\t\t\t        \tmax-width: calc(250px + (4px + 0px));\t\t\t\t      }\t\t\t\t\t\t\t@media only screen and (min-width: 480px) {\t\t\t\t\t#bwg_container1_0 #bwg_container2_0 .bwg-container-0.bwg-masonry-thumbnails .bwg-item1 img {\t\t\t\t\t\t-webkit-transition: -webkit-transform .3s; transition: transform .3s;\t\t\t\t\t}\t\t\t\t\t#bwg_container1_0 #bwg_container2_0 .bwg-container-0.bwg-masonry-thumbnails .bwg-item1 img:hover {\t\t\t\t\t\t-ms-transform: scale(1.08);\t\t\t\t\t\t-webkit-transform: scale(1.08);\t\t\t\t\t\ttransform: scale(1.08);\t\t\t\t\t}\t\t\t\t\t\t\t\t\t}\t\t\t\t\t\t\t\t\t#bwg_container1_0 #bwg_container2_0 .bwg-container-0.bwg-masonry-thumbnails .bwg-title2,\t\t\t#bwg_container1_0 #bwg_container2_0 .bwg-container-temp0.bwg-masonry-thumbnails .bwg-title2,\t\t\t#bwg_container1_0 #bwg_container2_0 .bwg-container-0.bwg-masonry-thumbnails .bwg-play-icon2,\t\t\t#bwg_container1_0 #bwg_container2_0 .bwg-container-0.bwg-masonry-thumbnails .bwg-ecommerce2 {\t\t\t\tmax-height: 100%;\t\t\t\tpadding: 2px;\t\t\t\tfont-family: Ubuntu;\t\t\t\tfont-weight: bold;\t\t\t\tfont-size: 16px;\t\t\t\tcolor: #323A45;\t\t\t}\t\t\t#bwg_container1_0 #bwg_container2_0 .bwg-container-0.bwg-masonry-thumbnails .bwg-ecommerce2 {\t\t\t\tcolor: #323A45;\t\t\t}\t  \t#bwg_container1_0 #bwg_container2_0 .bwg_masonry_thumbnails_0 {\t\t\t\tposition: relative;\t\t\t\tbackground-color: rgba(255, 255, 255, 0.00);\t\t\t\tfont-size: 0;\t\t\t\t\t\t\t\t\twidth: 1254px;\t\t\t\t\tmax-width: 100%;\t\t\t\t\t\t\t\t\tmax-width: 100%;\t\t\t\t\t\t\t\t\t\t\t\t\tmargin: 0 auto;\t\t\t\t\t\t\t}\t\t\t\t\t\t\t@media only screen and (max-width: 1290px) {\t\t\t\t\t#bwg_container1_0 #bwg_container2_0 .bwg_masonry_thumbnails_0 {\t\t\t\t\t\twidth: inherit;\t\t\t\t\t}\t\t\t\t}\t\t\t\t\t\t#bwg_container1_0 #bwg_container2_0 .bwg_masonry_thumb_description_0 {        color: #323A45;        line-height: 1.4;        font-size: 16px;        font-family: Ubuntu;        text-align: justify;      }      #bwg_container1_0.bwg_thumbnails_masonry .wd_error p {        color: #323A45;      }      #bwg_container1_0 #bwg_container2_0 .bwg_gal_title_0 {        background-color: rgba(0, 0, 0, 0);        color: #323A45;        display: block;        font-family: Ubuntu;        font-size: 16px;        font-weight: bold;        padding: 2px;        text-shadow: ;        text-align: center;      }      <\/style>    <div id=\"bwg_container1_0\"         class=\"bwg_container bwg_thumbnail bwg_thumbnails_masonry \"         data-right-click-protection=\"1\"         data-bwg=\"0\"         data-scroll=\"0\"         data-gallery-type=\"thumbnails_masonry\"         data-gallery-view-type=\"thumbnails_masonry\"         data-current-url=\"\/en\/wp-json\/wp\/v2\/fuerte-vermietungen\/25228\"         data-lightbox-url=\"https:\/\/www.fuerteventura-privat.de\/wp-admin\/admin-ajax.php?action=GalleryBox&#038;current_view=0&#038;gallery_id=51&#038;tag=0&#038;theme_id=1&#038;shortcode_id=143&#038;sort_by=order&#038;order_by=asc&#038;current_url=%2Fen%2Fwp-json%2Fwp%2Fv2%2Ffuerte-vermietungen%2F25228\"         data-gallery-id=\"51\"         data-popup-width=\"800\"         data-popup-height=\"500\"         data-is-album=\"gallery\"         data-buttons-position=\"bottom\">      <div id=\"bwg_container2_0\">             <div id=\"ajax_loading_0\" class=\"bwg_loading_div_1\">      <div class=\"bwg_loading_div_2\">        <div class=\"bwg_loading_div_3\">          <div id=\"loading_div_0\" class=\"bwg_spider_ajax_loading\">          <\/div>        <\/div>      <\/div>    <\/div>            <form id=\"gal_front_form_0\"              class=\"bwg-hidden\"              method=\"post\"              action=\"#\"              data-current=\"0\"              data-shortcode-id=\"143\"              data-gallery-type=\"thumbnails_masonry\"              data-gallery-id=\"51\"              data-tag=\"0\"              data-album-id=\"0\"              data-theme-id=\"1\"              data-ajax-url=\"https:\/\/www.fuerteventura-privat.de\/wp-admin\/admin-ajax.php?action=bwg_frontend_data\">          <div id=\"bwg_container3_0\" class=\"bwg-background bwg-background-0\">                <div id=\"bwg_thumbnails_masonry_0\"         data-bwg=\"0\"         data-masonry-type=\"vertical\"         data-resizable-thumbnails=\"1\"         data-max-count=\"5\"         data-thumbnail-width=\"250\"         data-thumbnail-height=\"250\"         data-thumbnail-padding=\"4\"         data-thumbnail-border=\"0\"         data-gallery-id=\"51\"         data-lightbox-url=\"https:\/\/www.fuerteventura-privat.de\/wp-admin\/admin-ajax.php?action=GalleryBox&#038;current_view=0&#038;gallery_id=51&#038;tag=0&#038;theme_id=1&#038;shortcode_id=143&#038;sort_by=order&#038;order_by=asc&#038;current_url=%2Fen%2Fwp-json%2Fwp%2Fv2%2Ffuerte-vermietungen%2F25228\"         class=\"bwg-container-0 bwg_masonry_thumbnails_0 bwg-masonry-thumbnails bwg-masonry-vertical bwg-container bwg-border-box\">              <div class=\"bwg-item\">          <a class=\"bwg-a  bwg_lightbox\"  data-image-id=\"2158\" href=\"https:\/\/www.fuerteventura-privat.de\/wp-content\/uploads\/photo-gallery\/imported_from_media_libray\/MG_9845.jpg?bwg=1687093974\" data-elementor-open-lightbox=\"no\">            <div class=\"bwg-item0\">              <div class=\"bwg-item1 \">      \t\t\t\t\t<img decoding=\"async\" class=\"skip-lazy bwg-masonry-thumb bwg_masonry_thumb_0 \"                       data-id=\"2158\"                       data-src=\"https:\/\/www.fuerteventura-privat.de\/wp-content\/uploads\/photo-gallery\/imported_from_media_libray\/thumb\/MG_9845.jpg?bwg=1687093974\"                       data-width=\"500.00\"                       data-height=\"333.00\"\t\t\t\t\t\t\t\t\t\t   src=\"https:\/\/www.fuerteventura-privat.de\/wp-content\/uploads\/photo-gallery\/imported_from_media_libray\/thumb\/MG_9845.jpg?bwg=1687093974\"\t\t\t\t\t\t\t\t\t\t   alt=\"_MG_9845\"\t\t\t\t\t\t\t\t\t\t   title=\"_MG_9845\" \/>                <div class=\"\">                  \t\t\t\t                                            <\/div>              <\/div>            <\/div>                      <\/a>                  <\/div>              <div class=\"bwg-item\">          <a class=\"bwg-a  bwg_lightbox\"  data-image-id=\"2159\" href=\"https:\/\/www.fuerteventura-privat.de\/wp-content\/uploads\/photo-gallery\/imported_from_media_libray\/MG_9839.jpg?bwg=1687093974\" data-elementor-open-lightbox=\"no\">            <div class=\"bwg-item0\">              <div class=\"bwg-item1 \">      \t\t\t\t\t<img decoding=\"async\" class=\"skip-lazy bwg-masonry-thumb bwg_masonry_thumb_0 \"                       data-id=\"2159\"                       data-src=\"https:\/\/www.fuerteventura-privat.de\/wp-content\/uploads\/photo-gallery\/imported_from_media_libray\/thumb\/MG_9839.jpg?bwg=1687093974\"                       data-width=\"500.00\"                       data-height=\"333.00\"\t\t\t\t\t\t\t\t\t\t   src=\"https:\/\/www.fuerteventura-privat.de\/wp-content\/uploads\/photo-gallery\/imported_from_media_libray\/thumb\/MG_9839.jpg?bwg=1687093974\"\t\t\t\t\t\t\t\t\t\t   alt=\"_MG_9839\"\t\t\t\t\t\t\t\t\t\t   title=\"_MG_9839\" \/>                <div class=\"\">                  \t\t\t\t                                            <\/div>              <\/div>            <\/div>                      <\/a>                  <\/div>              <div class=\"bwg-item\">          <a class=\"bwg-a  bwg_lightbox\"  data-image-id=\"2160\" href=\"https:\/\/www.fuerteventura-privat.de\/wp-content\/uploads\/photo-gallery\/imported_from_media_libray\/MG_9836.jpg?bwg=1687093974\" data-elementor-open-lightbox=\"no\">            <div class=\"bwg-item0\">              <div class=\"bwg-item1 \">      \t\t\t\t\t<img decoding=\"async\" class=\"skip-lazy bwg-masonry-thumb bwg_masonry_thumb_0 \"                       data-id=\"2160\"                       data-src=\"https:\/\/www.fuerteventura-privat.de\/wp-content\/uploads\/photo-gallery\/imported_from_media_libray\/thumb\/MG_9836.jpg?bwg=1687093974\"                       data-width=\"500.00\"                       data-height=\"333.00\"\t\t\t\t\t\t\t\t\t\t   src=\"https:\/\/www.fuerteventura-privat.de\/wp-content\/uploads\/photo-gallery\/imported_from_media_libray\/thumb\/MG_9836.jpg?bwg=1687093974\"\t\t\t\t\t\t\t\t\t\t   alt=\"_MG_9836\"\t\t\t\t\t\t\t\t\t\t   title=\"_MG_9836\" \/>                <div class=\"\">                  \t\t\t\t                                            <\/div>              <\/div>            <\/div>                      <\/a>                  <\/div>              <div class=\"bwg-item\">          <a class=\"bwg-a  bwg_lightbox\"  data-image-id=\"2161\" href=\"https:\/\/www.fuerteventura-privat.de\/wp-content\/uploads\/photo-gallery\/imported_from_media_libray\/MG_9830.jpg?bwg=1687093974\" data-elementor-open-lightbox=\"no\">            <div class=\"bwg-item0\">              <div class=\"bwg-item1 \">      \t\t\t\t\t<img decoding=\"async\" class=\"skip-lazy bwg-masonry-thumb bwg_masonry_thumb_0 \"                       data-id=\"2161\"                       data-src=\"https:\/\/www.fuerteventura-privat.de\/wp-content\/uploads\/photo-gallery\/imported_from_media_libray\/thumb\/MG_9830.jpg?bwg=1687093974\"                       data-width=\"500.00\"                       data-height=\"333.00\"\t\t\t\t\t\t\t\t\t\t   src=\"https:\/\/www.fuerteventura-privat.de\/wp-content\/uploads\/photo-gallery\/imported_from_media_libray\/thumb\/MG_9830.jpg?bwg=1687093974\"\t\t\t\t\t\t\t\t\t\t   alt=\"_MG_9830\"\t\t\t\t\t\t\t\t\t\t   title=\"_MG_9830\" \/>                <div class=\"\">                  \t\t\t\t                                            <\/div>              <\/div>            <\/div>                      <\/a>                  <\/div>              <div class=\"bwg-item\">          <a class=\"bwg-a  bwg_lightbox\"  data-image-id=\"2162\" href=\"https:\/\/www.fuerteventura-privat.de\/wp-content\/uploads\/photo-gallery\/imported_from_media_libray\/MG_9824.jpg?bwg=1687093974\" data-elementor-open-lightbox=\"no\">            <div class=\"bwg-item0\">              <div class=\"bwg-item1 \">      \t\t\t\t\t<img decoding=\"async\" class=\"skip-lazy bwg-masonry-thumb bwg_masonry_thumb_0 \"                       data-id=\"2162\"                       data-src=\"https:\/\/www.fuerteventura-privat.de\/wp-content\/uploads\/photo-gallery\/imported_from_media_libray\/thumb\/MG_9824.jpg?bwg=1687093974\"                       data-width=\"500.00\"                       data-height=\"333.00\"\t\t\t\t\t\t\t\t\t\t   src=\"https:\/\/www.fuerteventura-privat.de\/wp-content\/uploads\/photo-gallery\/imported_from_media_libray\/thumb\/MG_9824.jpg?bwg=1687093974\"\t\t\t\t\t\t\t\t\t\t   alt=\"_MG_9824\"\t\t\t\t\t\t\t\t\t\t   title=\"_MG_9824\" \/>                <div class=\"\">                  \t\t\t\t                                            <\/div>              <\/div>            <\/div>                      <\/a>                  <\/div>              <div class=\"bwg-item\">          <a class=\"bwg-a  bwg_lightbox\"  data-image-id=\"2163\" href=\"https:\/\/www.fuerteventura-privat.de\/wp-content\/uploads\/photo-gallery\/imported_from_media_libray\/MG_9818.jpg?bwg=1687093974\" data-elementor-open-lightbox=\"no\">            <div class=\"bwg-item0\">              <div class=\"bwg-item1 \">      \t\t\t\t\t<img decoding=\"async\" class=\"skip-lazy bwg-masonry-thumb bwg_masonry_thumb_0 \"                       data-id=\"2163\"                       data-src=\"https:\/\/www.fuerteventura-privat.de\/wp-content\/uploads\/photo-gallery\/imported_from_media_libray\/thumb\/MG_9818.jpg?bwg=1687093974\"                       data-width=\"500.00\"                       data-height=\"333.00\"\t\t\t\t\t\t\t\t\t\t   src=\"https:\/\/www.fuerteventura-privat.de\/wp-content\/uploads\/photo-gallery\/imported_from_media_libray\/thumb\/MG_9818.jpg?bwg=1687093974\"\t\t\t\t\t\t\t\t\t\t   alt=\"_MG_9818\"\t\t\t\t\t\t\t\t\t\t   title=\"_MG_9818\" \/>                <div class=\"\">                  \t\t\t\t                                            <\/div>              <\/div>            <\/div>                      <\/a>                  <\/div>              <div class=\"bwg-item\">          <a class=\"bwg-a  bwg_lightbox\"  data-image-id=\"2164\" href=\"https:\/\/www.fuerteventura-privat.de\/wp-content\/uploads\/photo-gallery\/imported_from_media_libray\/MG_9809.jpg?bwg=1687093974\" data-elementor-open-lightbox=\"no\">            <div class=\"bwg-item0\">              <div class=\"bwg-item1 \">      \t\t\t\t\t<img decoding=\"async\" class=\"skip-lazy bwg-masonry-thumb bwg_masonry_thumb_0 \"                       data-id=\"2164\"                       data-src=\"https:\/\/www.fuerteventura-privat.de\/wp-content\/uploads\/photo-gallery\/imported_from_media_libray\/thumb\/MG_9809.jpg?bwg=1687093974\"                       data-width=\"500.00\"                       data-height=\"333.00\"\t\t\t\t\t\t\t\t\t\t   src=\"https:\/\/www.fuerteventura-privat.de\/wp-content\/uploads\/photo-gallery\/imported_from_media_libray\/thumb\/MG_9809.jpg?bwg=1687093974\"\t\t\t\t\t\t\t\t\t\t   alt=\"_MG_9809\"\t\t\t\t\t\t\t\t\t\t   title=\"_MG_9809\" \/>                <div class=\"\">                  \t\t\t\t                                            <\/div>              <\/div>            <\/div>                      <\/a>                  <\/div>              <div class=\"bwg-item\">          <a class=\"bwg-a  bwg_lightbox\"  data-image-id=\"2165\" href=\"https:\/\/www.fuerteventura-privat.de\/wp-content\/uploads\/photo-gallery\/imported_from_media_libray\/MG_9797.jpg?bwg=1687093974\" data-elementor-open-lightbox=\"no\">            <div class=\"bwg-item0\">              <div class=\"bwg-item1 \">      \t\t\t\t\t<img decoding=\"async\" class=\"skip-lazy bwg-masonry-thumb bwg_masonry_thumb_0 \"                       data-id=\"2165\"                       data-src=\"https:\/\/www.fuerteventura-privat.de\/wp-content\/uploads\/photo-gallery\/imported_from_media_libray\/thumb\/MG_9797.jpg?bwg=1687093974\"                       data-width=\"500.00\"                       data-height=\"333.00\"\t\t\t\t\t\t\t\t\t\t   src=\"https:\/\/www.fuerteventura-privat.de\/wp-content\/uploads\/photo-gallery\/imported_from_media_libray\/thumb\/MG_9797.jpg?bwg=1687093974\"\t\t\t\t\t\t\t\t\t\t   alt=\"_MG_9797\"\t\t\t\t\t\t\t\t\t\t   title=\"_MG_9797\" \/>                <div class=\"\">                  \t\t\t\t                                            <\/div>              <\/div>            <\/div>                      <\/a>                  <\/div>              <div class=\"bwg-item\">          <a class=\"bwg-a  bwg_lightbox\"  data-image-id=\"2166\" href=\"https:\/\/www.fuerteventura-privat.de\/wp-content\/uploads\/photo-gallery\/imported_from_media_libray\/MG_9794.jpg?bwg=1687093974\" data-elementor-open-lightbox=\"no\">            <div class=\"bwg-item0\">              <div class=\"bwg-item1 \">      \t\t\t\t\t<img decoding=\"async\" class=\"skip-lazy bwg-masonry-thumb bwg_masonry_thumb_0 \"                       data-id=\"2166\"                       data-src=\"https:\/\/www.fuerteventura-privat.de\/wp-content\/uploads\/photo-gallery\/imported_from_media_libray\/thumb\/MG_9794.jpg?bwg=1687093974\"                       data-width=\"500.00\"                       data-height=\"333.00\"\t\t\t\t\t\t\t\t\t\t   src=\"https:\/\/www.fuerteventura-privat.de\/wp-content\/uploads\/photo-gallery\/imported_from_media_libray\/thumb\/MG_9794.jpg?bwg=1687093974\"\t\t\t\t\t\t\t\t\t\t   alt=\"_MG_9794\"\t\t\t\t\t\t\t\t\t\t   title=\"_MG_9794\" \/>                <div class=\"\">                  \t\t\t\t                                            <\/div>              <\/div>            <\/div>                      <\/a>                  <\/div>              <div class=\"bwg-item\">          <a class=\"bwg-a  bwg_lightbox\"  data-image-id=\"2167\" href=\"https:\/\/www.fuerteventura-privat.de\/wp-content\/uploads\/photo-gallery\/imported_from_media_libray\/MG_9785.jpg?bwg=1687093974\" data-elementor-open-lightbox=\"no\">            <div class=\"bwg-item0\">              <div class=\"bwg-item1 \">      \t\t\t\t\t<img decoding=\"async\" class=\"skip-lazy bwg-masonry-thumb bwg_masonry_thumb_0 \"                       data-id=\"2167\"                       data-src=\"https:\/\/www.fuerteventura-privat.de\/wp-content\/uploads\/photo-gallery\/imported_from_media_libray\/thumb\/MG_9785.jpg?bwg=1687093974\"                       data-width=\"500.00\"                       data-height=\"333.00\"\t\t\t\t\t\t\t\t\t\t   src=\"https:\/\/www.fuerteventura-privat.de\/wp-content\/uploads\/photo-gallery\/imported_from_media_libray\/thumb\/MG_9785.jpg?bwg=1687093974\"\t\t\t\t\t\t\t\t\t\t   alt=\"_MG_9785\"\t\t\t\t\t\t\t\t\t\t   title=\"_MG_9785\" \/>                <div class=\"\">                  \t\t\t\t                                            <\/div>              <\/div>            <\/div>                      <\/a>                  <\/div>              <div class=\"bwg-item\">          <a class=\"bwg-a  bwg_lightbox\"  data-image-id=\"2168\" href=\"https:\/\/www.fuerteventura-privat.de\/wp-content\/uploads\/photo-gallery\/imported_from_media_libray\/MG_9767.jpg?bwg=1687093974\" data-elementor-open-lightbox=\"no\">            <div class=\"bwg-item0\">              <div class=\"bwg-item1 \">      \t\t\t\t\t<img decoding=\"async\" class=\"skip-lazy bwg-masonry-thumb bwg_masonry_thumb_0 \"                       data-id=\"2168\"                       data-src=\"https:\/\/www.fuerteventura-privat.de\/wp-content\/uploads\/photo-gallery\/imported_from_media_libray\/thumb\/MG_9767.jpg?bwg=1687093974\"                       data-width=\"500.00\"                       data-height=\"333.00\"\t\t\t\t\t\t\t\t\t\t   src=\"https:\/\/www.fuerteventura-privat.de\/wp-content\/uploads\/photo-gallery\/imported_from_media_libray\/thumb\/MG_9767.jpg?bwg=1687093974\"\t\t\t\t\t\t\t\t\t\t   alt=\"_MG_9767\"\t\t\t\t\t\t\t\t\t\t   title=\"_MG_9767\" \/>                <div class=\"\">                  \t\t\t\t                                            <\/div>              <\/div>            <\/div>                      <\/a>                  <\/div>              <div class=\"bwg-item\">          <a class=\"bwg-a  bwg_lightbox\"  data-image-id=\"2169\" href=\"https:\/\/www.fuerteventura-privat.de\/wp-content\/uploads\/photo-gallery\/imported_from_media_libray\/MG_9749.jpg?bwg=1687093974\" data-elementor-open-lightbox=\"no\">            <div class=\"bwg-item0\">              <div class=\"bwg-item1 \">      \t\t\t\t\t<img decoding=\"async\" class=\"skip-lazy bwg-masonry-thumb bwg_masonry_thumb_0 \"                       data-id=\"2169\"                       data-src=\"https:\/\/www.fuerteventura-privat.de\/wp-content\/uploads\/photo-gallery\/imported_from_media_libray\/thumb\/MG_9749.jpg?bwg=1687093974\"                       data-width=\"500.00\"                       data-height=\"333.00\"\t\t\t\t\t\t\t\t\t\t   src=\"https:\/\/www.fuerteventura-privat.de\/wp-content\/uploads\/photo-gallery\/imported_from_media_libray\/thumb\/MG_9749.jpg?bwg=1687093974\"\t\t\t\t\t\t\t\t\t\t   alt=\"_MG_9749\"\t\t\t\t\t\t\t\t\t\t   title=\"_MG_9749\" \/>                <div class=\"\">                  \t\t\t\t                                            <\/div>              <\/div>            <\/div>                      <\/a>                  <\/div>              <div class=\"bwg-item\">          <a class=\"bwg-a  bwg_lightbox\"  data-image-id=\"2170\" href=\"https:\/\/www.fuerteventura-privat.de\/wp-content\/uploads\/photo-gallery\/imported_from_media_libray\/MG_9746.jpg?bwg=1687093974\" data-elementor-open-lightbox=\"no\">            <div class=\"bwg-item0\">              <div class=\"bwg-item1 \">      \t\t\t\t\t<img decoding=\"async\" class=\"skip-lazy bwg-masonry-thumb bwg_masonry_thumb_0 \"                       data-id=\"2170\"                       data-src=\"https:\/\/www.fuerteventura-privat.de\/wp-content\/uploads\/photo-gallery\/imported_from_media_libray\/thumb\/MG_9746.jpg?bwg=1687093974\"                       data-width=\"500.00\"                       data-height=\"333.00\"\t\t\t\t\t\t\t\t\t\t   src=\"https:\/\/www.fuerteventura-privat.de\/wp-content\/uploads\/photo-gallery\/imported_from_media_libray\/thumb\/MG_9746.jpg?bwg=1687093974\"\t\t\t\t\t\t\t\t\t\t   alt=\"_MG_9746\"\t\t\t\t\t\t\t\t\t\t   title=\"_MG_9746\" \/>                <div class=\"\">                  \t\t\t\t                                            <\/div>              <\/div>            <\/div>                      <\/a>                  <\/div>              <div class=\"bwg-item\">          <a class=\"bwg-a  bwg_lightbox\"  data-image-id=\"2171\" href=\"https:\/\/www.fuerteventura-privat.de\/wp-content\/uploads\/photo-gallery\/imported_from_media_libray\/MG_9737.jpg?bwg=1687093974\" data-elementor-open-lightbox=\"no\">            <div class=\"bwg-item0\">              <div class=\"bwg-item1 \">      \t\t\t\t\t<img decoding=\"async\" class=\"skip-lazy bwg-masonry-thumb bwg_masonry_thumb_0 \"                       data-id=\"2171\"                       data-src=\"https:\/\/www.fuerteventura-privat.de\/wp-content\/uploads\/photo-gallery\/imported_from_media_libray\/thumb\/MG_9737.jpg?bwg=1687093974\"                       data-width=\"500.00\"                       data-height=\"333.00\"\t\t\t\t\t\t\t\t\t\t   src=\"https:\/\/www.fuerteventura-privat.de\/wp-content\/uploads\/photo-gallery\/imported_from_media_libray\/thumb\/MG_9737.jpg?bwg=1687093974\"\t\t\t\t\t\t\t\t\t\t   alt=\"_MG_9737\"\t\t\t\t\t\t\t\t\t\t   title=\"_MG_9737\" \/>                <div class=\"\">                  \t\t\t\t                                            <\/div>              <\/div>            <\/div>                      <\/a>                  <\/div>              <div class=\"bwg-item\">          <a class=\"bwg-a  bwg_lightbox\"  data-image-id=\"2172\" href=\"https:\/\/www.fuerteventura-privat.de\/wp-content\/uploads\/photo-gallery\/imported_from_media_libray\/MG_9734.jpg?bwg=1687093974\" data-elementor-open-lightbox=\"no\">            <div class=\"bwg-item0\">              <div class=\"bwg-item1 \">      \t\t\t\t\t<img decoding=\"async\" class=\"skip-lazy bwg-masonry-thumb bwg_masonry_thumb_0 \"                       data-id=\"2172\"                       data-src=\"https:\/\/www.fuerteventura-privat.de\/wp-content\/uploads\/photo-gallery\/imported_from_media_libray\/thumb\/MG_9734.jpg?bwg=1687093974\"                       data-width=\"500.00\"                       data-height=\"333.00\"\t\t\t\t\t\t\t\t\t\t   src=\"https:\/\/www.fuerteventura-privat.de\/wp-content\/uploads\/photo-gallery\/imported_from_media_libray\/thumb\/MG_9734.jpg?bwg=1687093974\"\t\t\t\t\t\t\t\t\t\t   alt=\"_MG_9734\"\t\t\t\t\t\t\t\t\t\t   title=\"_MG_9734\" \/>                <div class=\"\">                  \t\t\t\t                                            <\/div>              <\/div>            <\/div>                      <\/a>                  <\/div>              <div class=\"bwg-item\">          <a class=\"bwg-a  bwg_lightbox\"  data-image-id=\"2173\" href=\"https:\/\/www.fuerteventura-privat.de\/wp-content\/uploads\/photo-gallery\/imported_from_media_libray\/MG_9719.jpg?bwg=1687093974\" data-elementor-open-lightbox=\"no\">            <div class=\"bwg-item0\">              <div class=\"bwg-item1 \">      \t\t\t\t\t<img decoding=\"async\" class=\"skip-lazy bwg-masonry-thumb bwg_masonry_thumb_0 \"                       data-id=\"2173\"                       data-src=\"https:\/\/www.fuerteventura-privat.de\/wp-content\/uploads\/photo-gallery\/imported_from_media_libray\/thumb\/MG_9719.jpg?bwg=1687093974\"                       data-width=\"500.00\"                       data-height=\"333.00\"\t\t\t\t\t\t\t\t\t\t   src=\"https:\/\/www.fuerteventura-privat.de\/wp-content\/uploads\/photo-gallery\/imported_from_media_libray\/thumb\/MG_9719.jpg?bwg=1687093974\"\t\t\t\t\t\t\t\t\t\t   alt=\"_MG_9719\"\t\t\t\t\t\t\t\t\t\t   title=\"_MG_9719\" \/>                <div class=\"\">                  \t\t\t\t                                            <\/div>              <\/div>            <\/div>                      <\/a>                  <\/div>              <div class=\"bwg-item\">          <a class=\"bwg-a  bwg_lightbox\"  data-image-id=\"2174\" href=\"https:\/\/www.fuerteventura-privat.de\/wp-content\/uploads\/photo-gallery\/imported_from_media_libray\/MG_9713.jpg?bwg=1687093974\" data-elementor-open-lightbox=\"no\">            <div class=\"bwg-item0\">              <div class=\"bwg-item1 \">      \t\t\t\t\t<img decoding=\"async\" class=\"skip-lazy bwg-masonry-thumb bwg_masonry_thumb_0 \"                       data-id=\"2174\"                       data-src=\"https:\/\/www.fuerteventura-privat.de\/wp-content\/uploads\/photo-gallery\/imported_from_media_libray\/thumb\/MG_9713.jpg?bwg=1687093974\"                       data-width=\"500.00\"                       data-height=\"333.00\"\t\t\t\t\t\t\t\t\t\t   src=\"https:\/\/www.fuerteventura-privat.de\/wp-content\/uploads\/photo-gallery\/imported_from_media_libray\/thumb\/MG_9713.jpg?bwg=1687093974\"\t\t\t\t\t\t\t\t\t\t   alt=\"_MG_9713\"\t\t\t\t\t\t\t\t\t\t   title=\"_MG_9713\" \/>                <div class=\"\">                  \t\t\t\t                                            <\/div>              <\/div>            <\/div>                      <\/a>                  <\/div>              <div class=\"bwg-item\">          <a class=\"bwg-a  bwg_lightbox\"  data-image-id=\"2175\" href=\"https:\/\/www.fuerteventura-privat.de\/wp-content\/uploads\/photo-gallery\/imported_from_media_libray\/MG_9707.jpg?bwg=1687093974\" data-elementor-open-lightbox=\"no\">            <div class=\"bwg-item0\">              <div class=\"bwg-item1 \">      \t\t\t\t\t<img decoding=\"async\" class=\"skip-lazy bwg-masonry-thumb bwg_masonry_thumb_0 \"                       data-id=\"2175\"                       data-src=\"https:\/\/www.fuerteventura-privat.de\/wp-content\/uploads\/photo-gallery\/imported_from_media_libray\/thumb\/MG_9707.jpg?bwg=1687093974\"                       data-width=\"500.00\"                       data-height=\"333.00\"\t\t\t\t\t\t\t\t\t\t   src=\"https:\/\/www.fuerteventura-privat.de\/wp-content\/uploads\/photo-gallery\/imported_from_media_libray\/thumb\/MG_9707.jpg?bwg=1687093974\"\t\t\t\t\t\t\t\t\t\t   alt=\"_MG_9707\"\t\t\t\t\t\t\t\t\t\t   title=\"_MG_9707\" \/>                <div class=\"\">                  \t\t\t\t                                            <\/div>              <\/div>            <\/div>                      <\/a>                  <\/div>              <div class=\"bwg-item\">          <a class=\"bwg-a  bwg_lightbox\"  data-image-id=\"2176\" href=\"https:\/\/www.fuerteventura-privat.de\/wp-content\/uploads\/photo-gallery\/imported_from_media_libray\/MG_9704.jpg?bwg=1687093974\" data-elementor-open-lightbox=\"no\">            <div class=\"bwg-item0\">              <div class=\"bwg-item1 \">      \t\t\t\t\t<img decoding=\"async\" class=\"skip-lazy bwg-masonry-thumb bwg_masonry_thumb_0 \"                       data-id=\"2176\"                       data-src=\"https:\/\/www.fuerteventura-privat.de\/wp-content\/uploads\/photo-gallery\/imported_from_media_libray\/thumb\/MG_9704.jpg?bwg=1687093974\"                       data-width=\"500.00\"                       data-height=\"333.00\"\t\t\t\t\t\t\t\t\t\t   src=\"https:\/\/www.fuerteventura-privat.de\/wp-content\/uploads\/photo-gallery\/imported_from_media_libray\/thumb\/MG_9704.jpg?bwg=1687093974\"\t\t\t\t\t\t\t\t\t\t   alt=\"_MG_9704\"\t\t\t\t\t\t\t\t\t\t   title=\"_MG_9704\" \/>                <div class=\"\">                  \t\t\t\t                                            <\/div>              <\/div>            <\/div>                      <\/a>                  <\/div>              <div class=\"bwg-item\">          <a class=\"bwg-a  bwg_lightbox\"  data-image-id=\"2177\" href=\"https:\/\/www.fuerteventura-privat.de\/wp-content\/uploads\/photo-gallery\/imported_from_media_libray\/MG_9683.jpg?bwg=1687093974\" data-elementor-open-lightbox=\"no\">            <div class=\"bwg-item0\">              <div class=\"bwg-item1 \">      \t\t\t\t\t<img decoding=\"async\" class=\"skip-lazy bwg-masonry-thumb bwg_masonry_thumb_0 \"                       data-id=\"2177\"                       data-src=\"https:\/\/www.fuerteventura-privat.de\/wp-content\/uploads\/photo-gallery\/imported_from_media_libray\/thumb\/MG_9683.jpg?bwg=1687093974\"                       data-width=\"500.00\"                       data-height=\"333.00\"\t\t\t\t\t\t\t\t\t\t   src=\"https:\/\/www.fuerteventura-privat.de\/wp-content\/uploads\/photo-gallery\/imported_from_media_libray\/thumb\/MG_9683.jpg?bwg=1687093974\"\t\t\t\t\t\t\t\t\t\t   alt=\"_MG_9683\"\t\t\t\t\t\t\t\t\t\t   title=\"_MG_9683\" \/>                <div class=\"\">                  \t\t\t\t                                            <\/div>              <\/div>            <\/div>                      <\/a>                  <\/div>              <div class=\"bwg-item\">          <a class=\"bwg-a  bwg_lightbox\"  data-image-id=\"2178\" href=\"https:\/\/www.fuerteventura-privat.de\/wp-content\/uploads\/photo-gallery\/imported_from_media_libray\/MG_9680.jpg?bwg=1687093974\" data-elementor-open-lightbox=\"no\">            <div class=\"bwg-item0\">              <div class=\"bwg-item1 \">      \t\t\t\t\t<img decoding=\"async\" class=\"skip-lazy bwg-masonry-thumb bwg_masonry_thumb_0 \"                       data-id=\"2178\"                       data-src=\"https:\/\/www.fuerteventura-privat.de\/wp-content\/uploads\/photo-gallery\/imported_from_media_libray\/thumb\/MG_9680.jpg?bwg=1687093974\"                       data-width=\"500.00\"                       data-height=\"333.00\"\t\t\t\t\t\t\t\t\t\t   src=\"https:\/\/www.fuerteventura-privat.de\/wp-content\/uploads\/photo-gallery\/imported_from_media_libray\/thumb\/MG_9680.jpg?bwg=1687093974\"\t\t\t\t\t\t\t\t\t\t   alt=\"_MG_9680\"\t\t\t\t\t\t\t\t\t\t   title=\"_MG_9680\" \/>                <div class=\"\">                  \t\t\t\t                                            <\/div>              <\/div>            <\/div>                      <\/a>                  <\/div>              <div class=\"bwg-item\">          <a class=\"bwg-a  bwg_lightbox\"  data-image-id=\"2179\" href=\"https:\/\/www.fuerteventura-privat.de\/wp-content\/uploads\/photo-gallery\/imported_from_media_libray\/MG_9668.jpg?bwg=1687093974\" data-elementor-open-lightbox=\"no\">            <div class=\"bwg-item0\">              <div class=\"bwg-item1 \">      \t\t\t\t\t<img decoding=\"async\" class=\"skip-lazy bwg-masonry-thumb bwg_masonry_thumb_0 \"                       data-id=\"2179\"                       data-src=\"https:\/\/www.fuerteventura-privat.de\/wp-content\/uploads\/photo-gallery\/imported_from_media_libray\/thumb\/MG_9668.jpg?bwg=1687093974\"                       data-width=\"500.00\"                       data-height=\"333.00\"\t\t\t\t\t\t\t\t\t\t   src=\"https:\/\/www.fuerteventura-privat.de\/wp-content\/uploads\/photo-gallery\/imported_from_media_libray\/thumb\/MG_9668.jpg?bwg=1687093974\"\t\t\t\t\t\t\t\t\t\t   alt=\"_MG_9668\"\t\t\t\t\t\t\t\t\t\t   title=\"_MG_9668\" \/>                <div class=\"\">                  \t\t\t\t                                            <\/div>              <\/div>            <\/div>                      <\/a>                  <\/div>              <div class=\"bwg-item\">          <a class=\"bwg-a  bwg_lightbox\"  data-image-id=\"2180\" href=\"https:\/\/www.fuerteventura-privat.de\/wp-content\/uploads\/photo-gallery\/imported_from_media_libray\/MG_9662.jpg?bwg=1687093974\" data-elementor-open-lightbox=\"no\">            <div class=\"bwg-item0\">              <div class=\"bwg-item1 \">      \t\t\t\t\t<img decoding=\"async\" class=\"skip-lazy bwg-masonry-thumb bwg_masonry_thumb_0 \"                       data-id=\"2180\"                       data-src=\"https:\/\/www.fuerteventura-privat.de\/wp-content\/uploads\/photo-gallery\/imported_from_media_libray\/thumb\/MG_9662.jpg?bwg=1687093974\"                       data-width=\"500.00\"                       data-height=\"333.00\"\t\t\t\t\t\t\t\t\t\t   src=\"https:\/\/www.fuerteventura-privat.de\/wp-content\/uploads\/photo-gallery\/imported_from_media_libray\/thumb\/MG_9662.jpg?bwg=1687093974\"\t\t\t\t\t\t\t\t\t\t   alt=\"_MG_9662\"\t\t\t\t\t\t\t\t\t\t   title=\"_MG_9662\" \/>                <div class=\"\">                  \t\t\t\t                                            <\/div>              <\/div>            <\/div>                      <\/a>                  <\/div>              <div class=\"bwg-item\">          <a class=\"bwg-a  bwg_lightbox\"  data-image-id=\"2181\" href=\"https:\/\/www.fuerteventura-privat.de\/wp-content\/uploads\/photo-gallery\/imported_from_media_libray\/MG_9659.jpg?bwg=1687093974\" data-elementor-open-lightbox=\"no\">            <div class=\"bwg-item0\">              <div class=\"bwg-item1 \">      \t\t\t\t\t<img decoding=\"async\" class=\"skip-lazy bwg-masonry-thumb bwg_masonry_thumb_0 \"                       data-id=\"2181\"                       data-src=\"https:\/\/www.fuerteventura-privat.de\/wp-content\/uploads\/photo-gallery\/imported_from_media_libray\/thumb\/MG_9659.jpg?bwg=1687093974\"                       data-width=\"500.00\"                       data-height=\"333.00\"\t\t\t\t\t\t\t\t\t\t   src=\"https:\/\/www.fuerteventura-privat.de\/wp-content\/uploads\/photo-gallery\/imported_from_media_libray\/thumb\/MG_9659.jpg?bwg=1687093974\"\t\t\t\t\t\t\t\t\t\t   alt=\"_MG_9659\"\t\t\t\t\t\t\t\t\t\t   title=\"_MG_9659\" \/>                <div class=\"\">                  \t\t\t\t                                            <\/div>              <\/div>            <\/div>                      <\/a>                  <\/div>              <div class=\"bwg-item\">          <a class=\"bwg-a  bwg_lightbox\"  data-image-id=\"2182\" href=\"https:\/\/www.fuerteventura-privat.de\/wp-content\/uploads\/photo-gallery\/imported_from_media_libray\/MG_9644.jpg?bwg=1687093974\" data-elementor-open-lightbox=\"no\">            <div class=\"bwg-item0\">              <div class=\"bwg-item1 \">      \t\t\t\t\t<img decoding=\"async\" class=\"skip-lazy bwg-masonry-thumb bwg_masonry_thumb_0 \"                       data-id=\"2182\"                       data-src=\"https:\/\/www.fuerteventura-privat.de\/wp-content\/uploads\/photo-gallery\/imported_from_media_libray\/thumb\/MG_9644.jpg?bwg=1687093974\"                       data-width=\"500.00\"                       data-height=\"333.00\"\t\t\t\t\t\t\t\t\t\t   src=\"https:\/\/www.fuerteventura-privat.de\/wp-content\/uploads\/photo-gallery\/imported_from_media_libray\/thumb\/MG_9644.jpg?bwg=1687093974\"\t\t\t\t\t\t\t\t\t\t   alt=\"_MG_9644\"\t\t\t\t\t\t\t\t\t\t   title=\"_MG_9644\" \/>                <div class=\"\">                  \t\t\t\t                                            <\/div>              <\/div>            <\/div>                      <\/a>                  <\/div>              <div class=\"bwg-item\">          <a class=\"bwg-a  bwg_lightbox\"  data-image-id=\"2183\" href=\"https:\/\/www.fuerteventura-privat.de\/wp-content\/uploads\/photo-gallery\/imported_from_media_libray\/MG_9641.jpg?bwg=1687093974\" data-elementor-open-lightbox=\"no\">            <div class=\"bwg-item0\">              <div class=\"bwg-item1 \">      \t\t\t\t\t<img decoding=\"async\" class=\"skip-lazy bwg-masonry-thumb bwg_masonry_thumb_0 \"                       data-id=\"2183\"                       data-src=\"https:\/\/www.fuerteventura-privat.de\/wp-content\/uploads\/photo-gallery\/imported_from_media_libray\/thumb\/MG_9641.jpg?bwg=1687093974\"                       data-width=\"500.00\"                       data-height=\"333.00\"\t\t\t\t\t\t\t\t\t\t   src=\"https:\/\/www.fuerteventura-privat.de\/wp-content\/uploads\/photo-gallery\/imported_from_media_libray\/thumb\/MG_9641.jpg?bwg=1687093974\"\t\t\t\t\t\t\t\t\t\t   alt=\"_MG_9641\"\t\t\t\t\t\t\t\t\t\t   title=\"_MG_9641\" \/>                <div class=\"\">                  \t\t\t\t                                            <\/div>              <\/div>            <\/div>                      <\/a>                  <\/div>              <div class=\"bwg-item\">          <a class=\"bwg-a  bwg_lightbox\"  data-image-id=\"2184\" href=\"https:\/\/www.fuerteventura-privat.de\/wp-content\/uploads\/photo-gallery\/imported_from_media_libray\/MG_9635.jpg?bwg=1687093974\" data-elementor-open-lightbox=\"no\">            <div class=\"bwg-item0\">              <div class=\"bwg-item1 \">      \t\t\t\t\t<img decoding=\"async\" class=\"skip-lazy bwg-masonry-thumb bwg_masonry_thumb_0 \"                       data-id=\"2184\"                       data-src=\"https:\/\/www.fuerteventura-privat.de\/wp-content\/uploads\/photo-gallery\/imported_from_media_libray\/thumb\/MG_9635.jpg?bwg=1687093974\"                       data-width=\"500.00\"                       data-height=\"333.00\"\t\t\t\t\t\t\t\t\t\t   src=\"https:\/\/www.fuerteventura-privat.de\/wp-content\/uploads\/photo-gallery\/imported_from_media_libray\/thumb\/MG_9635.jpg?bwg=1687093974\"\t\t\t\t\t\t\t\t\t\t   alt=\"_MG_9635\"\t\t\t\t\t\t\t\t\t\t   title=\"_MG_9635\" \/>                <div class=\"\">                  \t\t\t\t                                            <\/div>              <\/div>            <\/div>                      <\/a>                  <\/div>              <div class=\"bwg-item\">          <a class=\"bwg-a  bwg_lightbox\"  data-image-id=\"2185\" href=\"https:\/\/www.fuerteventura-privat.de\/wp-content\/uploads\/photo-gallery\/imported_from_media_libray\/MG_9629.jpg?bwg=1687093974\" data-elementor-open-lightbox=\"no\">            <div class=\"bwg-item0\">              <div class=\"bwg-item1 \">      \t\t\t\t\t<img decoding=\"async\" class=\"skip-lazy bwg-masonry-thumb bwg_masonry_thumb_0 \"                       data-id=\"2185\"                       data-src=\"https:\/\/www.fuerteventura-privat.de\/wp-content\/uploads\/photo-gallery\/imported_from_media_libray\/thumb\/MG_9629.jpg?bwg=1687093974\"                       data-width=\"500.00\"                       data-height=\"333.00\"\t\t\t\t\t\t\t\t\t\t   src=\"https:\/\/www.fuerteventura-privat.de\/wp-content\/uploads\/photo-gallery\/imported_from_media_libray\/thumb\/MG_9629.jpg?bwg=1687093974\"\t\t\t\t\t\t\t\t\t\t   alt=\"_MG_9629\"\t\t\t\t\t\t\t\t\t\t   title=\"_MG_9629\" \/>                <div class=\"\">                  \t\t\t\t                                            <\/div>              <\/div>            <\/div>                      <\/a>                  <\/div>              <div class=\"bwg-item\">          <a class=\"bwg-a  bwg_lightbox\"  data-image-id=\"2186\" href=\"https:\/\/www.fuerteventura-privat.de\/wp-content\/uploads\/photo-gallery\/imported_from_media_libray\/MG_9617.jpg?bwg=1687093974\" data-elementor-open-lightbox=\"no\">            <div class=\"bwg-item0\">              <div class=\"bwg-item1 \">      \t\t\t\t\t<img decoding=\"async\" class=\"skip-lazy bwg-masonry-thumb bwg_masonry_thumb_0 \"                       data-id=\"2186\"                       data-src=\"https:\/\/www.fuerteventura-privat.de\/wp-content\/uploads\/photo-gallery\/imported_from_media_libray\/thumb\/MG_9617.jpg?bwg=1687093974\"                       data-width=\"500.00\"                       data-height=\"333.00\"\t\t\t\t\t\t\t\t\t\t   src=\"https:\/\/www.fuerteventura-privat.de\/wp-content\/uploads\/photo-gallery\/imported_from_media_libray\/thumb\/MG_9617.jpg?bwg=1687093974\"\t\t\t\t\t\t\t\t\t\t   alt=\"_MG_9617\"\t\t\t\t\t\t\t\t\t\t   title=\"_MG_9617\" \/>                <div class=\"\">                  \t\t\t\t                                            <\/div>              <\/div>            <\/div>                      <\/a>                  <\/div>              <div class=\"bwg-item\">          <a class=\"bwg-a  bwg_lightbox\"  data-image-id=\"2187\" href=\"https:\/\/www.fuerteventura-privat.de\/wp-content\/uploads\/photo-gallery\/imported_from_media_libray\/MG_9608.jpg?bwg=1687093974\" data-elementor-open-lightbox=\"no\">            <div class=\"bwg-item0\">              <div class=\"bwg-item1 \">      \t\t\t\t\t<img decoding=\"async\" class=\"skip-lazy bwg-masonry-thumb bwg_masonry_thumb_0 \"                       data-id=\"2187\"                       data-src=\"https:\/\/www.fuerteventura-privat.de\/wp-content\/uploads\/photo-gallery\/imported_from_media_libray\/thumb\/MG_9608.jpg?bwg=1687093974\"                       data-width=\"500.00\"                       data-height=\"333.00\"\t\t\t\t\t\t\t\t\t\t   src=\"https:\/\/www.fuerteventura-privat.de\/wp-content\/uploads\/photo-gallery\/imported_from_media_libray\/thumb\/MG_9608.jpg?bwg=1687093974\"\t\t\t\t\t\t\t\t\t\t   alt=\"_MG_9608\"\t\t\t\t\t\t\t\t\t\t   title=\"_MG_9608\" \/>                <div class=\"\">                  \t\t\t\t                                            <\/div>              <\/div>            <\/div>                      <\/a>                  <\/div>          <\/div>    <style>      \/*pagination styles*\/      #bwg_container1_0 #bwg_container2_0 .tablenav-pages_0 {\t\t\t\ttext-align: center;\t\t\t\tfont-size: 12px;\t\t\t\tfont-family: Ubuntu;\t\t\t\tfont-weight: bold;\t\t\t\tcolor: #666666;\t\t\t\tmargin: 6px 0 4px;\t\t\t\tdisplay: block;      }      @media only screen and (max-width : 320px) {      #bwg_container1_0 #bwg_container2_0 .displaying-num_0 {     \t display: none;      }      }      #bwg_container1_0 #bwg_container2_0 .displaying-num_0 {\t\t\t\tfont-size: 12px;\t\t\t\tfont-family: Ubuntu;\t\t\t\tfont-weight: bold;\t\t\t\tcolor: #666666;\t\t\t\tmargin-right: 10px;\t\t\t\tvertical-align: middle;      }      #bwg_container1_0 #bwg_container2_0 .paging-input_0 {\t\t\t\tfont-size: 12px;\t\t\t\tfont-family: Ubuntu;\t\t\t\tfont-weight: bold;\t\t\t\tcolor: #666666;\t\t\t\tvertical-align: middle;      }      #bwg_container1_0 #bwg_container2_0 .tablenav-pages_0 a.disabled,      #bwg_container1_0 #bwg_container2_0 .tablenav-pages_0 a.disabled:hover,      #bwg_container1_0 #bwg_container2_0 .tablenav-pages_0 a.disabled:focus,\t\t\t#bwg_container1_0 #bwg_container2_0 .tablenav-pages_0 input.bwg_current_page {\t\t\t\tcursor: default;\t\t\t\tcolor: rgba(102, 102, 102, 0.5);      }      #bwg_container1_0 #bwg_container2_0 .tablenav-pages_0 a,      #bwg_container1_0 #bwg_container2_0 .tablenav-pages_0 input.bwg_current_page {\t\t\t\tcursor: pointer;\t\t\t\ttext-align: center;\t\t\t\tfont-size: 12px;\t\t\t\tfont-family: Ubuntu;\t\t\t\tfont-weight: bold;\t\t\t\tcolor: #666666;\t\t\t\ttext-decoration: none;\t\t\t\tpadding: 3px 6px;\t\t\t\tmargin: 0;\t\t\t\tborder-radius: 0;\t\t\t\tborder-style: solid;\t\t\t\tborder-width: 1px;\t\t\t\tborder-color: #E3E3E3;\t\t\t\t\t\t\t\tbackground-color: rgba(255, 255, 255, 1.00);\t\t\t\tbox-shadow: 0;\t\t\t\ttransition: all 0.3s ease 0s;-webkit-transition: all 0.3s ease 0s;      }      <\/style>      <span class=\"bwg_nav_cont_0\">              <div class=\"tablenav-pages_0\">                      <span class=\"pagination-links_0 pagination-links\" data-pages-count=\"2\">              <span class=\"pagination-links_col1\">              <a class=\"bwg-a first-page disabled\" title=\"Go to the first page\" >\u00ab<\/a>              <a class=\"bwg-a prev-page disabled\" title=\"Go to the previous page\" >\u2039<\/a>              <\/span>\t\t\t\t\t\t\t<span class=\"pagination-links_col2\">\t\t\t\t\t\t\t\t\t<input type=\"number\" class=\"bwg_current_page\" name=\"bwg_current_page\" value=\"1\" data-url-info=\"page_number_0\" onkeypress=\"return bwg_change_page_0(event, this)\" min=\"1\" oninput=\"validity.valid||(value='')\" \/>\t\t\t\t\t\t\t\t\t\tof\t\t\t\t\t\t\t\t\t\t<span class=\"total-pages_0\">\t\t\t\t\t\t\t\t\t\t\t2\t\t\t\t\t\t\t\t\t\t<\/span>\t\t\t\t\t\t\t<\/span>              <span class=\"pagination-links_col3\">                <a class=\"bwg-a next-page-0\" title=\"Go to the next page\" href=\"\/en\/wp-json\/wp\/v2\/fuerte-vermietungen\/25228?page_number_0=2\">\u203a<\/a>                <a class=\"bwg-a last-page-0\" title=\"Go to the last page\" href=\"\/en\/wp-json\/wp\/v2\/fuerte-vermietungen\/25228?page_number_0=2\">\u00bb<\/a>              <\/span>\t\t\t\t\t\t<\/span>\t\t\t\t\t\t        <\/div>                <input type=\"hidden\" id=\"page_number_0\" name=\"page_number_0\" value=\"1\" \/>      <script type=\"text\/javascript\">        if( jQuery('.bwg_nav_cont_0').length > 1 ) {          jQuery('.bwg_nav_cont_0').first().remove()        }        function spider_page_0(cur, x, y, load_more) {          if (typeof load_more == \"undefined\") {            var load_more = false;          }          if (jQuery(cur).hasClass('disabled')) {            return false;          }          var items_county_0 = 2;          switch (y) {            case 1:              if (x >= items_county_0) {                document.getElementById('page_number_0').value = items_county_0;              }              else {                document.getElementById('page_number_0').value = x + 1;              }              break;            case 2:              document.getElementById('page_number_0').value = items_county_0;              break;            case -1:              if (x == 1) {                document.getElementById('page_number_0').value = 1;              }              else {                document.getElementById('page_number_0').value = x - 1;              }              break;            case -2:              document.getElementById('page_number_0').value = 1;              break;\t\t\t\t\t\tcase 0:              document.getElementById('page_number_0').value = x;              break;            default:              document.getElementById('page_number_0').value = 1;          }          bwg_ajax('gal_front_form_0', '0', 'bwg_thumbnails_masonry_0', '0', '', 'gallery', 0, '', '', load_more, '', 1);        }                    jQuery('.first-page disabled').on('click', function () {              spider_page_0(this, 1, -2, 'numeric');              return false;            });            jQuery('.prev-page disabled').on('click', function () {              spider_page_0(this, 1, -1, 'numeric');              return false;            });            jQuery('.next-page-0').on('click', function () {              spider_page_0(this, 1, 1, 'numeric');              return false;            });            jQuery('.last-page-0').on('click', function () {              spider_page_0(this, 1, 2, 'numeric');              return false;            });        \t\t\t\t\/* Change page on input enter. *\/        function bwg_change_page_0( e, that ) {          if (  e.key == 'Enter' ) {            var to_page = parseInt(jQuery(that).val());            var pages_count = jQuery(that).parents(\".pagination-links\").data(\"pages-count\");            var current_url_param = jQuery(that).attr('data-url-info');            if (to_page > pages_count) {              to_page = 1;            }\t \t\t\t\t\t\t\t\t\t\t\t\tspider_page_0(this, to_page, 0, 'numeric');\t\t\t\t\t\t\treturn false;\t\t\t\t\t\t          }          return true;        }        jQuery('.bwg_load_btn_0').on('click', function () {            spider_page_0(this, 1, 1, true);            return false;        });      <\/script>      <\/span>                <\/div>        <\/form>        <style>          #bwg_container1_0 #bwg_container2_0 #spider_popup_overlay_0 {          background-color: #EEEEEE;          opacity: 0.60;          }          <\/style>        <div id=\"bwg_spider_popup_loading_0\" class=\"bwg_spider_popup_loading\"><\/div>        <div id=\"spider_popup_overlay_0\" class=\"spider_popup_overlay\" onclick=\"spider_destroypopup(1000)\"><\/div>        <input type=\"hidden\" id=\"bwg_random_seed_0\" value=\"314611935\">                <\/div>    <\/div>    <script>      if (document.readyState === 'complete') {        if( typeof bwg_main_ready == 'function' ) {          if ( jQuery(\"#bwg_container1_0\").height() ) {            bwg_main_ready(jQuery(\"#bwg_container1_0\"));          }        }      } else {        document.addEventListener('DOMContentLoaded', function() {          if( typeof bwg_main_ready == 'function' ) {            if ( jQuery(\"#bwg_container1_0\").height() ) {             bwg_main_ready(jQuery(\"#bwg_container1_0\"));            }          }        });      }    <\/script>    \n","protected":false},"featured_media":23298,"template":"","meta":{"_acf_changed":false,"site-sidebar-layout":"default","site-content-layout":"default","ast-site-content-layout":"default","site-content-style":"default","site-sidebar-style":"default","ast-global-header-display":"","ast-banner-title-visibility":"","ast-main-header-display":"","ast-hfb-above-header-display":"","ast-hfb-below-header-display":"","ast-hfb-mobile-header-display":"","site-post-title":"","ast-breadcrumbs-content":"","ast-featured-img":"","footer-sml-layout":"","ast-disable-related-posts":"","theme-transparent-header-meta":"default","adv-header-id-meta":"","stick-header-meta":"default","header-above-stick-meta":"","header-main-stick-meta":"","header-below-stick-meta":"","astra-migrate-meta-layouts":"set","ast-page-background-enabled":"default","ast-page-background-meta":{"desktop":{"background-color":"var(--ast-global-color-4)","background-image":"","background-repeat":"repeat","background-position":"center center","background-size":"auto","background-attachment":"scroll","background-type":"","background-media":"","overlay-type":"","overlay-color":"","overlay-opacity":"","overlay-gradient":""},"tablet":{"background-color":"","background-image":"","background-repeat":"repeat","background-position":"center center","background-size":"auto","background-attachment":"scroll","background-type":"","background-media":"","overlay-type":"","overlay-color":"","overlay-opacity":"","overlay-gradient":""},"mobile":{"background-color":"","background-image":"","background-repeat":"repeat","background-position":"center center","background-size":"auto","background-attachment":"scroll","background-type":"","background-media":"","overlay-type":"","overlay-color":"","overlay-opacity":"","overlay-gradient":""}},"ast-content-background-meta":{"desktop":{"background-color":"var(--ast-global-color-5)","background-image":"","background-repeat":"repeat","background-position":"center center","background-size":"auto","background-attachment":"scroll","background-type":"","background-media":"","overlay-type":"","overlay-color":"","overlay-opacity":"","overlay-gradient":""},"tablet":{"background-color":"var(--ast-global-color-5)","background-image":"","background-repeat":"repeat","background-position":"center center","background-size":"auto","background-attachment":"scroll","background-type":"","background-media":"","overlay-type":"","overlay-color":"","overlay-opacity":"","overlay-gradient":""},"mobile":{"background-color":"var(--ast-global-color-5)","background-image":"","background-repeat":"repeat","background-position":"center center","background-size":"auto","background-attachment":"scroll","background-type":"","background-media":"","overlay-type":"","overlay-color":"","overlay-opacity":"","overlay-gradient":""}}},"kategorie-unterkunft-fuerte":[305],"class_list":["post-25228","fuerte-vermietungen","type-fuerte-vermietungen","status-publish","has-post-thumbnail","hentry","kategorie-unterkunft-fuerte-fincas"],"acf":[],"yoast_head":"<!-- This site is optimized with the Yoast SEO plugin v27.5 - https:\/\/yoast.com\/product\/yoast-seo-wordpress\/ -->\n<title>Finca Tisca - Ferienhaus, Finca oder Appartement mit Vor-Ort-Service - Fuerteventura Privat<\/title>\n<meta name=\"robots\" content=\"index, follow, max-snippet:-1, max-image-preview:large, max-video-preview:-1\" \/>\n<link rel=\"canonical\" href=\"https:\/\/www.fuerteventura-privat.de\/en\/fuerte-vermietungen\/finca-tisca-2\/\" \/>\n<meta property=\"og:locale\" content=\"en_US\" \/>\n<meta property=\"og:type\" content=\"article\" \/>\n<meta property=\"og:title\" content=\"Finca Tisca - Ferienhaus, Finca oder Appartement mit Vor-Ort-Service - Fuerteventura Privat\" \/>\n<meta property=\"og:description\" content=\"Eine Finca wie diese im S\u00fcden der Insel k\u00f6nnen Sie lange suchen, oder gleich bei uns buchen. Denn Ferienunterk\u00fcnfte wie diese sind sehr schnell zu den beliebten Reisezeiten ausgebucht. Am besten ein Jahr im Voraus buchen. Wir machen das.\" \/>\n<meta property=\"og:url\" content=\"https:\/\/www.fuerteventura-privat.de\/en\/fuerte-vermietungen\/finca-tisca-2\/\" \/>\n<meta property=\"og:site_name\" content=\"Ferienhaus, Finca oder Appartement mit Vor-Ort-Service - Fuerteventura Privat\" \/>\n<meta property=\"og:image\" content=\"https:\/\/www.fuerteventura-privat.de\/wp-content\/uploads\/2025\/06\/MG_9818-1.jpg\" \/>\n\t<meta property=\"og:image:width\" content=\"1872\" \/>\n\t<meta property=\"og:image:height\" content=\"1248\" \/>\n\t<meta property=\"og:image:type\" content=\"image\/jpeg\" \/>\n<meta name=\"twitter:card\" content=\"summary_large_image\" \/>\n<meta name=\"twitter:label1\" content=\"Est. reading time\" \/>\n\t<meta name=\"twitter:data1\" content=\"2 minutes\" \/>\n<script type=\"application\/ld+json\" class=\"yoast-schema-graph\">{\"@context\":\"https:\\\/\\\/schema.org\",\"@graph\":[{\"@type\":\"WebPage\",\"@id\":\"https:\\\/\\\/www.fuerteventura-privat.de\\\/en\\\/fuerte-vermietungen\\\/finca-tisca-2\\\/\",\"url\":\"https:\\\/\\\/www.fuerteventura-privat.de\\\/en\\\/fuerte-vermietungen\\\/finca-tisca-2\\\/\",\"name\":\"Finca Tisca - Ferienhaus, Finca oder Appartement mit Vor-Ort-Service - Fuerteventura Privat\",\"isPartOf\":{\"@id\":\"https:\\\/\\\/www.fuerteventura-privat.de\\\/en\\\/#website\"},\"primaryImageOfPage\":{\"@id\":\"https:\\\/\\\/www.fuerteventura-privat.de\\\/en\\\/fuerte-vermietungen\\\/finca-tisca-2\\\/#primaryimage\"},\"image\":{\"@id\":\"https:\\\/\\\/www.fuerteventura-privat.de\\\/en\\\/fuerte-vermietungen\\\/finca-tisca-2\\\/#primaryimage\"},\"thumbnailUrl\":\"https:\\\/\\\/www.fuerteventura-privat.de\\\/wp-content\\\/uploads\\\/2025\\\/06\\\/MG_9818-1.jpg\",\"datePublished\":\"2023-06-09T10:56:28+00:00\",\"breadcrumb\":{\"@id\":\"https:\\\/\\\/www.fuerteventura-privat.de\\\/en\\\/fuerte-vermietungen\\\/finca-tisca-2\\\/#breadcrumb\"},\"inLanguage\":\"en-US\",\"potentialAction\":[{\"@type\":\"ReadAction\",\"target\":[\"https:\\\/\\\/www.fuerteventura-privat.de\\\/en\\\/fuerte-vermietungen\\\/finca-tisca-2\\\/\"]}]},{\"@type\":\"ImageObject\",\"inLanguage\":\"en-US\",\"@id\":\"https:\\\/\\\/www.fuerteventura-privat.de\\\/en\\\/fuerte-vermietungen\\\/finca-tisca-2\\\/#primaryimage\",\"url\":\"https:\\\/\\\/www.fuerteventura-privat.de\\\/wp-content\\\/uploads\\\/2025\\\/06\\\/MG_9818-1.jpg\",\"contentUrl\":\"https:\\\/\\\/www.fuerteventura-privat.de\\\/wp-content\\\/uploads\\\/2025\\\/06\\\/MG_9818-1.jpg\",\"width\":1872,\"height\":1248},{\"@type\":\"BreadcrumbList\",\"@id\":\"https:\\\/\\\/www.fuerteventura-privat.de\\\/en\\\/fuerte-vermietungen\\\/finca-tisca-2\\\/#breadcrumb\",\"itemListElement\":[{\"@type\":\"ListItem\",\"position\":1,\"name\":\"Home\",\"item\":\"https:\\\/\\\/www.fuerteventura-privat.de\\\/en\\\/\"},{\"@type\":\"ListItem\",\"position\":2,\"name\":\"Finca Tisca\"}]},{\"@type\":\"WebSite\",\"@id\":\"https:\\\/\\\/www.fuerteventura-privat.de\\\/en\\\/#website\",\"url\":\"https:\\\/\\\/www.fuerteventura-privat.de\\\/en\\\/\",\"name\":\"Ferienhaus, Finca oder Appartement mit Vor-Ort-Service - Fuerteventura Privat\",\"description\":\"\",\"publisher\":{\"@id\":\"https:\\\/\\\/www.fuerteventura-privat.de\\\/en\\\/#organization\"},\"potentialAction\":[{\"@type\":\"SearchAction\",\"target\":{\"@type\":\"EntryPoint\",\"urlTemplate\":\"https:\\\/\\\/www.fuerteventura-privat.de\\\/en\\\/?s={search_term_string}\"},\"query-input\":{\"@type\":\"PropertyValueSpecification\",\"valueRequired\":true,\"valueName\":\"search_term_string\"}}],\"inLanguage\":\"en-US\"},{\"@type\":\"Organization\",\"@id\":\"https:\\\/\\\/www.fuerteventura-privat.de\\\/en\\\/#organization\",\"name\":\"Ferienhaus, Finca oder Appartement mit Vor-Ort-Service - Fuerteventura Privat\",\"url\":\"https:\\\/\\\/www.fuerteventura-privat.de\\\/en\\\/\",\"logo\":{\"@type\":\"ImageObject\",\"inLanguage\":\"en-US\",\"@id\":\"https:\\\/\\\/www.fuerteventura-privat.de\\\/en\\\/#\\\/schema\\\/logo\\\/image\\\/\",\"url\":\"https:\\\/\\\/www.fuerteventura-privat.de\\\/wp-content\\\/uploads\\\/2019\\\/12\\\/logo-fuerte.png\",\"contentUrl\":\"https:\\\/\\\/www.fuerteventura-privat.de\\\/wp-content\\\/uploads\\\/2019\\\/12\\\/logo-fuerte.png\",\"width\":300,\"height\":111,\"caption\":\"Ferienhaus, Finca oder Appartement mit Vor-Ort-Service  - Fuerteventura Privat\"},\"image\":{\"@id\":\"https:\\\/\\\/www.fuerteventura-privat.de\\\/en\\\/#\\\/schema\\\/logo\\\/image\\\/\"}}]}<\/script>\n<!-- \/ Yoast SEO plugin. -->","yoast_head_json":{"title":"Finca Tisca - Ferienhaus, Finca oder Appartement mit Vor-Ort-Service - Fuerteventura Privat","robots":{"index":"index","follow":"follow","max-snippet":"max-snippet:-1","max-image-preview":"max-image-preview:large","max-video-preview":"max-video-preview:-1"},"canonical":"https:\/\/www.fuerteventura-privat.de\/en\/fuerte-vermietungen\/finca-tisca-2\/","og_locale":"en_US","og_type":"article","og_title":"Finca Tisca - Ferienhaus, Finca oder Appartement mit Vor-Ort-Service - Fuerteventura Privat","og_description":"Eine Finca wie diese im S\u00fcden der Insel k\u00f6nnen Sie lange suchen, oder gleich bei uns buchen. Denn Ferienunterk\u00fcnfte wie diese sind sehr schnell zu den beliebten Reisezeiten ausgebucht. Am besten ein Jahr im Voraus buchen. Wir machen das.","og_url":"https:\/\/www.fuerteventura-privat.de\/en\/fuerte-vermietungen\/finca-tisca-2\/","og_site_name":"Ferienhaus, Finca oder Appartement mit Vor-Ort-Service - Fuerteventura Privat","og_image":[{"width":1872,"height":1248,"url":"https:\/\/www.fuerteventura-privat.de\/wp-content\/uploads\/2025\/06\/MG_9818-1.jpg","type":"image\/jpeg"}],"twitter_card":"summary_large_image","twitter_misc":{"Est. reading time":"2 minutes"},"schema":{"@context":"https:\/\/schema.org","@graph":[{"@type":"WebPage","@id":"https:\/\/www.fuerteventura-privat.de\/en\/fuerte-vermietungen\/finca-tisca-2\/","url":"https:\/\/www.fuerteventura-privat.de\/en\/fuerte-vermietungen\/finca-tisca-2\/","name":"Finca Tisca - Ferienhaus, Finca oder Appartement mit Vor-Ort-Service - Fuerteventura Privat","isPartOf":{"@id":"https:\/\/www.fuerteventura-privat.de\/en\/#website"},"primaryImageOfPage":{"@id":"https:\/\/www.fuerteventura-privat.de\/en\/fuerte-vermietungen\/finca-tisca-2\/#primaryimage"},"image":{"@id":"https:\/\/www.fuerteventura-privat.de\/en\/fuerte-vermietungen\/finca-tisca-2\/#primaryimage"},"thumbnailUrl":"https:\/\/www.fuerteventura-privat.de\/wp-content\/uploads\/2025\/06\/MG_9818-1.jpg","datePublished":"2023-06-09T10:56:28+00:00","breadcrumb":{"@id":"https:\/\/www.fuerteventura-privat.de\/en\/fuerte-vermietungen\/finca-tisca-2\/#breadcrumb"},"inLanguage":"en-US","potentialAction":[{"@type":"ReadAction","target":["https:\/\/www.fuerteventura-privat.de\/en\/fuerte-vermietungen\/finca-tisca-2\/"]}]},{"@type":"ImageObject","inLanguage":"en-US","@id":"https:\/\/www.fuerteventura-privat.de\/en\/fuerte-vermietungen\/finca-tisca-2\/#primaryimage","url":"https:\/\/www.fuerteventura-privat.de\/wp-content\/uploads\/2025\/06\/MG_9818-1.jpg","contentUrl":"https:\/\/www.fuerteventura-privat.de\/wp-content\/uploads\/2025\/06\/MG_9818-1.jpg","width":1872,"height":1248},{"@type":"BreadcrumbList","@id":"https:\/\/www.fuerteventura-privat.de\/en\/fuerte-vermietungen\/finca-tisca-2\/#breadcrumb","itemListElement":[{"@type":"ListItem","position":1,"name":"Home","item":"https:\/\/www.fuerteventura-privat.de\/en\/"},{"@type":"ListItem","position":2,"name":"Finca Tisca"}]},{"@type":"WebSite","@id":"https:\/\/www.fuerteventura-privat.de\/en\/#website","url":"https:\/\/www.fuerteventura-privat.de\/en\/","name":"Ferienhaus, Finca oder Appartement mit Vor-Ort-Service - Fuerteventura Privat","description":"","publisher":{"@id":"https:\/\/www.fuerteventura-privat.de\/en\/#organization"},"potentialAction":[{"@type":"SearchAction","target":{"@type":"EntryPoint","urlTemplate":"https:\/\/www.fuerteventura-privat.de\/en\/?s={search_term_string}"},"query-input":{"@type":"PropertyValueSpecification","valueRequired":true,"valueName":"search_term_string"}}],"inLanguage":"en-US"},{"@type":"Organization","@id":"https:\/\/www.fuerteventura-privat.de\/en\/#organization","name":"Ferienhaus, Finca oder Appartement mit Vor-Ort-Service - Fuerteventura Privat","url":"https:\/\/www.fuerteventura-privat.de\/en\/","logo":{"@type":"ImageObject","inLanguage":"en-US","@id":"https:\/\/www.fuerteventura-privat.de\/en\/#\/schema\/logo\/image\/","url":"https:\/\/www.fuerteventura-privat.de\/wp-content\/uploads\/2019\/12\/logo-fuerte.png","contentUrl":"https:\/\/www.fuerteventura-privat.de\/wp-content\/uploads\/2019\/12\/logo-fuerte.png","width":300,"height":111,"caption":"Ferienhaus, Finca oder Appartement mit Vor-Ort-Service  - Fuerteventura Privat"},"image":{"@id":"https:\/\/www.fuerteventura-privat.de\/en\/#\/schema\/logo\/image\/"}}]}},"_links":{"self":[{"href":"https:\/\/www.fuerteventura-privat.de\/en\/wp-json\/wp\/v2\/fuerte-vermietungen\/25228","targetHints":{"allow":["GET"]}}],"collection":[{"href":"https:\/\/www.fuerteventura-privat.de\/en\/wp-json\/wp\/v2\/fuerte-vermietungen"}],"about":[{"href":"https:\/\/www.fuerteventura-privat.de\/en\/wp-json\/wp\/v2\/types\/fuerte-vermietungen"}],"wp:featuredmedia":[{"embeddable":true,"href":"https:\/\/www.fuerteventura-privat.de\/en\/wp-json\/wp\/v2\/media\/23298"}],"wp:attachment":[{"href":"https:\/\/www.fuerteventura-privat.de\/en\/wp-json\/wp\/v2\/media?parent=25228"}],"wp:term":[{"taxonomy":"kategorie-unterkunft-fuerte","embeddable":true,"href":"https:\/\/www.fuerteventura-privat.de\/en\/wp-json\/wp\/v2\/kategorie-unterkunft-fuerte?post=25228"}],"curies":[{"name":"wp","href":"https:\/\/api.w.org\/{rel}","templated":true}]}}