{"id":25184,"date":"2023-06-19T13:47:22","date_gmt":"2023-06-19T11:47:22","guid":{"rendered":"https:\/\/www.fuerteventura-privat.de\/fuerte-vermietungen\/costa-calma-pool-appartement-2\/"},"modified":"2023-06-19T13:47:22","modified_gmt":"2023-06-19T11:47:22","slug":"costa-calma-pool-appartement-2","status":"publish","type":"fuerte-vermietungen","link":"https:\/\/www.fuerteventura-privat.de\/en\/fuerte-vermietungen\/costa-calma-pool-appartement-2\/","title":{"rendered":"Costa Calma Pool Appartement"},"content":{"rendered":"<div class=\"obj_content txt\">\n<h2>Sehr gepflegtes Appartement in ruhiger Lage<\/h2>\n<p>Diese feine Appartement finden Sie in Costa Calma. Es geh\u00f6rt zu einer kleinen, sehr gepflegten und ruhigen Anlage. Sie finden hier nur vier Wohnungen, die man nat\u00fcrlich auch f\u00fcr mehre Personen alle zusammen buchen kann. Dieses Appartement befindet sich direkt am Pool und bietet Ihnen 1 Schlafzimmer mit Doppelbett, ein sch\u00f6nes Bad mit Dusche, ein grosses Wohnzimmer mit integrierter K\u00fcchenzeile und direktem Zugang zur Terrasse und dem Gemeinschaftspool.<\/p>\n<p>Das Haus befindet sich in einer ruhigen Gegen von Costa Calma bietet Ruhe suchenden G\u00e4sten eine perfekt Unterkunft. Am Gemeinschaftspool\u00a0 k\u00f6nnen Sie Relaxen und entspannt Sonnenbaden. G\u00e4ste, die dem hektischen Alltag entfliehen m\u00f6chten und abseits des Massentourismus ihren Urlaub geniessen m\u00f6chten sind hier herzlich Willkommen.<\/p>\n<p>Aber sicherlich werden auch Sie sich eher hier im S\u00fcden der Insel an den Traumstr\u00e4nden aufhalten, die sich \u00fcber ca. 30 Kilometer von Costa Calma bis nach Morro Jable erstrecken.<\/p>\n<p>Sie finden in diesem kleinen, feinen Appartement alles, was Sie f\u00fcr einen komfortablen Urlaub brauchen.\u00a0 SAT-TV und Wifi sind dort selbstverst\u00e4ndlich auch vorhanden. Der Weg zum Strand ist nicht weit und betr\u00e4gt vielleicht einen guten Kilometer. Auf jeden Fall empfehlen wir unseren Gasten immer einen Mietwagen. Denn es w\u00e4re schade, wenn sie nicht die vielen traumhaften Strandabschnitte hier im S\u00fcden entdecken sollten, oder eine wundersch\u00f6ne Tour an die Westk\u00fcste, nach Punta de Jandia oder Cofete verpassen w\u00fcrden.<\/p>\n<p>F\u00fcr alle, die schon ganz fr\u00fch planen und eine grosse Familie oder kleine Gruppe sind. Das Haus eignet sich auch f\u00fcr gr\u00f6ssere Familien und kleine Seminare, falls mehrere oder alle 4 Einheiten dann frei sind.<\/p>\n<\/div>\n<div class=\"feat txt\">\n<style id=\"bwg-style-0\">      #bwg_container1_0 #bwg_container2_0 .bwg_masonry_thumb_0 {        text-align: center;        display: inline-block;        vertical-align: middle;      \t          width: 100% !important;;      \t        margin: 0;        opacity: 1.00;      }\t\t\t\t\t\t      #bwg_container1_0 #bwg_container2_0 .bwg-container-0.bwg-masonry-thumbnails .bwg-item,      #bwg_container1_0 #bwg_container2_0 .bwg-container-temp0.bwg-masonry-thumbnails .bwg-item {        padding: calc(4px \/ 2);\t\t\t\t      }      #bwg_container1_0 #bwg_container2_0 .bwg-container-0.bwg-masonry-thumbnails .bwg-item0 {      \t        background-color:rgba(0,0,0, 0.30);        border: 0px none #CCCCCC;\t\t\t\topacity: 1.00;        border-radius: 0;      }      #bwg_container1_0 #bwg_container2_0 .bwg-container-0.bwg-masonry-thumbnails .bwg-item1 img {        max-height: none;\t\t\t\t        \tmax-width: calc(250px + (4px + 0px));\t\t\t\t      }\t\t\t\t\t\t\t@media only screen and (min-width: 480px) {\t\t\t\t\t#bwg_container1_0 #bwg_container2_0 .bwg-container-0.bwg-masonry-thumbnails .bwg-item1 img {\t\t\t\t\t\t-webkit-transition: -webkit-transform .3s; transition: transform .3s;\t\t\t\t\t}\t\t\t\t\t#bwg_container1_0 #bwg_container2_0 .bwg-container-0.bwg-masonry-thumbnails .bwg-item1 img:hover {\t\t\t\t\t\t-ms-transform: scale(1.08);\t\t\t\t\t\t-webkit-transform: scale(1.08);\t\t\t\t\t\ttransform: scale(1.08);\t\t\t\t\t}\t\t\t\t\t\t\t\t\t}\t\t\t\t\t\t\t\t\t#bwg_container1_0 #bwg_container2_0 .bwg-container-0.bwg-masonry-thumbnails .bwg-title2,\t\t\t#bwg_container1_0 #bwg_container2_0 .bwg-container-temp0.bwg-masonry-thumbnails .bwg-title2,\t\t\t#bwg_container1_0 #bwg_container2_0 .bwg-container-0.bwg-masonry-thumbnails .bwg-play-icon2,\t\t\t#bwg_container1_0 #bwg_container2_0 .bwg-container-0.bwg-masonry-thumbnails .bwg-ecommerce2 {\t\t\t\tmax-height: 100%;\t\t\t\tpadding: 2px;\t\t\t\tfont-family: Ubuntu;\t\t\t\tfont-weight: bold;\t\t\t\tfont-size: 16px;\t\t\t\tcolor: #323A45;\t\t\t}\t\t\t#bwg_container1_0 #bwg_container2_0 .bwg-container-0.bwg-masonry-thumbnails .bwg-ecommerce2 {\t\t\t\tcolor: #323A45;\t\t\t}\t  \t#bwg_container1_0 #bwg_container2_0 .bwg_masonry_thumbnails_0 {\t\t\t\tposition: relative;\t\t\t\tbackground-color: rgba(255, 255, 255, 0.00);\t\t\t\tfont-size: 0;\t\t\t\t\t\t\t\t\twidth: 1254px;\t\t\t\t\tmax-width: 100%;\t\t\t\t\t\t\t\t\tmax-width: 100%;\t\t\t\t\t\t\t\t\t\t\t\t\tmargin: 0 auto;\t\t\t\t\t\t\t}\t\t\t\t\t\t\t@media only screen and (max-width: 1290px) {\t\t\t\t\t#bwg_container1_0 #bwg_container2_0 .bwg_masonry_thumbnails_0 {\t\t\t\t\t\twidth: inherit;\t\t\t\t\t}\t\t\t\t}\t\t\t\t\t\t#bwg_container1_0 #bwg_container2_0 .bwg_masonry_thumb_description_0 {        color: #323A45;        line-height: 1.4;        font-size: 16px;        font-family: Ubuntu;        text-align: justify;      }      #bwg_container1_0.bwg_thumbnails_masonry .wd_error p {        color: #323A45;      }      #bwg_container1_0 #bwg_container2_0 .bwg_gal_title_0 {        background-color: rgba(0, 0, 0, 0);        color: #323A45;        display: block;        font-family: Ubuntu;        font-size: 16px;        font-weight: bold;        padding: 2px;        text-shadow: ;        text-align: center;      }      <\/style>    <div id=\"bwg_container1_0\"         class=\"bwg_container bwg_thumbnail bwg_thumbnails_masonry \"         data-right-click-protection=\"1\"         data-bwg=\"0\"         data-scroll=\"0\"         data-gallery-type=\"thumbnails_masonry\"         data-gallery-view-type=\"thumbnails_masonry\"         data-current-url=\"\/en\/wp-json\/wp\/v2\/fuerte-vermietungen\/25184\"         data-lightbox-url=\"https:\/\/www.fuerteventura-privat.de\/wp-admin\/admin-ajax.php?action=GalleryBox&#038;current_view=0&#038;gallery_id=57&#038;tag=0&#038;theme_id=1&#038;shortcode_id=116&#038;sort_by=order&#038;order_by=asc&#038;current_url=%2Fen%2Fwp-json%2Fwp%2Fv2%2Ffuerte-vermietungen%2F25184\"         data-gallery-id=\"57\"         data-popup-width=\"800\"         data-popup-height=\"500\"         data-is-album=\"gallery\"         data-buttons-position=\"bottom\">      <div id=\"bwg_container2_0\">             <div id=\"ajax_loading_0\" class=\"bwg_loading_div_1\">      <div class=\"bwg_loading_div_2\">        <div class=\"bwg_loading_div_3\">          <div id=\"loading_div_0\" class=\"bwg_spider_ajax_loading\">          <\/div>        <\/div>      <\/div>    <\/div>            <form id=\"gal_front_form_0\"              class=\"bwg-hidden\"              method=\"post\"              action=\"#\"              data-current=\"0\"              data-shortcode-id=\"116\"              data-gallery-type=\"thumbnails_masonry\"              data-gallery-id=\"57\"              data-tag=\"0\"              data-album-id=\"0\"              data-theme-id=\"1\"              data-ajax-url=\"https:\/\/www.fuerteventura-privat.de\/wp-admin\/admin-ajax.php?action=bwg_frontend_data\">          <div id=\"bwg_container3_0\" class=\"bwg-background bwg-background-0\">                <div id=\"bwg_thumbnails_masonry_0\"         data-bwg=\"0\"         data-masonry-type=\"vertical\"         data-resizable-thumbnails=\"1\"         data-max-count=\"5\"         data-thumbnail-width=\"250\"         data-thumbnail-height=\"250\"         data-thumbnail-padding=\"4\"         data-thumbnail-border=\"0\"         data-gallery-id=\"57\"         data-lightbox-url=\"https:\/\/www.fuerteventura-privat.de\/wp-admin\/admin-ajax.php?action=GalleryBox&#038;current_view=0&#038;gallery_id=57&#038;tag=0&#038;theme_id=1&#038;shortcode_id=116&#038;sort_by=order&#038;order_by=asc&#038;current_url=%2Fen%2Fwp-json%2Fwp%2Fv2%2Ffuerte-vermietungen%2F25184\"         class=\"bwg-container-0 bwg_masonry_thumbnails_0 bwg-masonry-thumbnails bwg-masonry-vertical bwg-container bwg-border-box\">              <div class=\"bwg-item\">          <a class=\"bwg-a  bwg_lightbox\"  data-image-id=\"2348\" href=\"https:\/\/www.fuerteventura-privat.de\/wp-content\/uploads\/photo-gallery\/imported_from_media_libray\/IMG_2733-scaled-1.jpeg?bwg=1687111184\" data-elementor-open-lightbox=\"no\">            <div class=\"bwg-item0\">              <div class=\"bwg-item1 \">      \t\t\t\t\t<img decoding=\"async\" class=\"skip-lazy bwg-masonry-thumb bwg_masonry_thumb_0 \"                       data-id=\"2348\"                       data-src=\"https:\/\/www.fuerteventura-privat.de\/wp-content\/uploads\/photo-gallery\/imported_from_media_libray\/thumb\/IMG_2733-scaled-1.jpeg?bwg=1687111184\"                       data-width=\"500.00\"                       data-height=\"333.00\"\t\t\t\t\t\t\t\t\t\t   src=\"https:\/\/www.fuerteventura-privat.de\/wp-content\/uploads\/photo-gallery\/imported_from_media_libray\/thumb\/IMG_2733-scaled-1.jpeg?bwg=1687111184\"\t\t\t\t\t\t\t\t\t\t   alt=\"IMG_2733\"\t\t\t\t\t\t\t\t\t\t   title=\"IMG_2733\" \/>                <div class=\"\">                  \t\t\t\t                                            <\/div>              <\/div>            <\/div>                      <\/a>                  <\/div>              <div class=\"bwg-item\">          <a class=\"bwg-a  bwg_lightbox\"  data-image-id=\"2349\" href=\"https:\/\/www.fuerteventura-privat.de\/wp-content\/uploads\/photo-gallery\/imported_from_media_libray\/IMG_2731-scaled-1.jpeg?bwg=1687111184\" data-elementor-open-lightbox=\"no\">            <div class=\"bwg-item0\">              <div class=\"bwg-item1 \">      \t\t\t\t\t<img decoding=\"async\" class=\"skip-lazy bwg-masonry-thumb bwg_masonry_thumb_0 \"                       data-id=\"2349\"                       data-src=\"https:\/\/www.fuerteventura-privat.de\/wp-content\/uploads\/photo-gallery\/imported_from_media_libray\/thumb\/IMG_2731-scaled-1.jpeg?bwg=1687111184\"                       data-width=\"500.00\"                       data-height=\"333.00\"\t\t\t\t\t\t\t\t\t\t   src=\"https:\/\/www.fuerteventura-privat.de\/wp-content\/uploads\/photo-gallery\/imported_from_media_libray\/thumb\/IMG_2731-scaled-1.jpeg?bwg=1687111184\"\t\t\t\t\t\t\t\t\t\t   alt=\"IMG_2731\"\t\t\t\t\t\t\t\t\t\t   title=\"IMG_2731\" \/>                <div class=\"\">                  \t\t\t\t                                            <\/div>              <\/div>            <\/div>                      <\/a>                  <\/div>              <div class=\"bwg-item\">          <a class=\"bwg-a  bwg_lightbox\"  data-image-id=\"2350\" href=\"https:\/\/www.fuerteventura-privat.de\/wp-content\/uploads\/photo-gallery\/imported_from_media_libray\/IMG_2730-scaled-1.jpeg?bwg=1687111184\" data-elementor-open-lightbox=\"no\">            <div class=\"bwg-item0\">              <div class=\"bwg-item1 \">      \t\t\t\t\t<img decoding=\"async\" class=\"skip-lazy bwg-masonry-thumb bwg_masonry_thumb_0 \"                       data-id=\"2350\"                       data-src=\"https:\/\/www.fuerteventura-privat.de\/wp-content\/uploads\/photo-gallery\/imported_from_media_libray\/thumb\/IMG_2730-scaled-1.jpeg?bwg=1687111184\"                       data-width=\"500.00\"                       data-height=\"333.00\"\t\t\t\t\t\t\t\t\t\t   src=\"https:\/\/www.fuerteventura-privat.de\/wp-content\/uploads\/photo-gallery\/imported_from_media_libray\/thumb\/IMG_2730-scaled-1.jpeg?bwg=1687111184\"\t\t\t\t\t\t\t\t\t\t   alt=\"IMG_2730\"\t\t\t\t\t\t\t\t\t\t   title=\"IMG_2730\" \/>                <div class=\"\">                  \t\t\t\t                                            <\/div>              <\/div>            <\/div>                      <\/a>                  <\/div>              <div class=\"bwg-item\">          <a class=\"bwg-a  bwg_lightbox\"  data-image-id=\"2351\" href=\"https:\/\/www.fuerteventura-privat.de\/wp-content\/uploads\/photo-gallery\/imported_from_media_libray\/IMG_2728-scaled-1.jpeg?bwg=1687111184\" data-elementor-open-lightbox=\"no\">            <div class=\"bwg-item0\">              <div class=\"bwg-item1 \">      \t\t\t\t\t<img decoding=\"async\" class=\"skip-lazy bwg-masonry-thumb bwg_masonry_thumb_0 \"                       data-id=\"2351\"                       data-src=\"https:\/\/www.fuerteventura-privat.de\/wp-content\/uploads\/photo-gallery\/imported_from_media_libray\/thumb\/IMG_2728-scaled-1.jpeg?bwg=1687111184\"                       data-width=\"500.00\"                       data-height=\"333.00\"\t\t\t\t\t\t\t\t\t\t   src=\"https:\/\/www.fuerteventura-privat.de\/wp-content\/uploads\/photo-gallery\/imported_from_media_libray\/thumb\/IMG_2728-scaled-1.jpeg?bwg=1687111184\"\t\t\t\t\t\t\t\t\t\t   alt=\"IMG_2728\"\t\t\t\t\t\t\t\t\t\t   title=\"IMG_2728\" \/>                <div class=\"\">                  \t\t\t\t                                            <\/div>              <\/div>            <\/div>                      <\/a>                  <\/div>              <div class=\"bwg-item\">          <a class=\"bwg-a  bwg_lightbox\"  data-image-id=\"2352\" href=\"https:\/\/www.fuerteventura-privat.de\/wp-content\/uploads\/photo-gallery\/imported_from_media_libray\/IMG_2725-scaled-1.jpeg?bwg=1687111184\" data-elementor-open-lightbox=\"no\">            <div class=\"bwg-item0\">              <div class=\"bwg-item1 \">      \t\t\t\t\t<img decoding=\"async\" class=\"skip-lazy bwg-masonry-thumb bwg_masonry_thumb_0 \"                       data-id=\"2352\"                       data-src=\"https:\/\/www.fuerteventura-privat.de\/wp-content\/uploads\/photo-gallery\/imported_from_media_libray\/thumb\/IMG_2725-scaled-1.jpeg?bwg=1687111184\"                       data-width=\"500.00\"                       data-height=\"333.00\"\t\t\t\t\t\t\t\t\t\t   src=\"https:\/\/www.fuerteventura-privat.de\/wp-content\/uploads\/photo-gallery\/imported_from_media_libray\/thumb\/IMG_2725-scaled-1.jpeg?bwg=1687111184\"\t\t\t\t\t\t\t\t\t\t   alt=\"IMG_2725\"\t\t\t\t\t\t\t\t\t\t   title=\"IMG_2725\" \/>                <div class=\"\">                  \t\t\t\t                                            <\/div>              <\/div>            <\/div>                      <\/a>                  <\/div>              <div class=\"bwg-item\">          <a class=\"bwg-a  bwg_lightbox\"  data-image-id=\"2353\" href=\"https:\/\/www.fuerteventura-privat.de\/wp-content\/uploads\/photo-gallery\/imported_from_media_libray\/IMG_2719-scaled-1.jpeg?bwg=1687111184\" data-elementor-open-lightbox=\"no\">            <div class=\"bwg-item0\">              <div class=\"bwg-item1 \">      \t\t\t\t\t<img decoding=\"async\" class=\"skip-lazy bwg-masonry-thumb bwg_masonry_thumb_0 \"                       data-id=\"2353\"                       data-src=\"https:\/\/www.fuerteventura-privat.de\/wp-content\/uploads\/photo-gallery\/imported_from_media_libray\/thumb\/IMG_2719-scaled-1.jpeg?bwg=1687111184\"                       data-width=\"500.00\"                       data-height=\"333.00\"\t\t\t\t\t\t\t\t\t\t   src=\"https:\/\/www.fuerteventura-privat.de\/wp-content\/uploads\/photo-gallery\/imported_from_media_libray\/thumb\/IMG_2719-scaled-1.jpeg?bwg=1687111184\"\t\t\t\t\t\t\t\t\t\t   alt=\"IMG_2719\"\t\t\t\t\t\t\t\t\t\t   title=\"IMG_2719\" \/>                <div class=\"\">                  \t\t\t\t                                            <\/div>              <\/div>            <\/div>                      <\/a>                  <\/div>              <div class=\"bwg-item\">          <a class=\"bwg-a  bwg_lightbox\"  data-image-id=\"2354\" href=\"https:\/\/www.fuerteventura-privat.de\/wp-content\/uploads\/photo-gallery\/imported_from_media_libray\/IMG_2718-scaled-1.jpeg?bwg=1687111184\" data-elementor-open-lightbox=\"no\">            <div class=\"bwg-item0\">              <div class=\"bwg-item1 \">      \t\t\t\t\t<img decoding=\"async\" class=\"skip-lazy bwg-masonry-thumb bwg_masonry_thumb_0 \"                       data-id=\"2354\"                       data-src=\"https:\/\/www.fuerteventura-privat.de\/wp-content\/uploads\/photo-gallery\/imported_from_media_libray\/thumb\/IMG_2718-scaled-1.jpeg?bwg=1687111184\"                       data-width=\"500.00\"                       data-height=\"333.00\"\t\t\t\t\t\t\t\t\t\t   src=\"https:\/\/www.fuerteventura-privat.de\/wp-content\/uploads\/photo-gallery\/imported_from_media_libray\/thumb\/IMG_2718-scaled-1.jpeg?bwg=1687111184\"\t\t\t\t\t\t\t\t\t\t   alt=\"IMG_2718\"\t\t\t\t\t\t\t\t\t\t   title=\"IMG_2718\" \/>                <div class=\"\">                  \t\t\t\t                                            <\/div>              <\/div>            <\/div>                      <\/a>                  <\/div>              <div class=\"bwg-item\">          <a class=\"bwg-a  bwg_lightbox\"  data-image-id=\"2355\" href=\"https:\/\/www.fuerteventura-privat.de\/wp-content\/uploads\/photo-gallery\/imported_from_media_libray\/IMG_2715-scaled-1.jpeg?bwg=1687111184\" data-elementor-open-lightbox=\"no\">            <div class=\"bwg-item0\">              <div class=\"bwg-item1 \">      \t\t\t\t\t<img decoding=\"async\" class=\"skip-lazy bwg-masonry-thumb bwg_masonry_thumb_0 \"                       data-id=\"2355\"                       data-src=\"https:\/\/www.fuerteventura-privat.de\/wp-content\/uploads\/photo-gallery\/imported_from_media_libray\/thumb\/IMG_2715-scaled-1.jpeg?bwg=1687111184\"                       data-width=\"500.00\"                       data-height=\"333.00\"\t\t\t\t\t\t\t\t\t\t   src=\"https:\/\/www.fuerteventura-privat.de\/wp-content\/uploads\/photo-gallery\/imported_from_media_libray\/thumb\/IMG_2715-scaled-1.jpeg?bwg=1687111184\"\t\t\t\t\t\t\t\t\t\t   alt=\"IMG_2715\"\t\t\t\t\t\t\t\t\t\t   title=\"IMG_2715\" \/>                <div class=\"\">                  \t\t\t\t                                            <\/div>              <\/div>            <\/div>                      <\/a>                  <\/div>              <div class=\"bwg-item\">          <a class=\"bwg-a  bwg_lightbox\"  data-image-id=\"2356\" href=\"https:\/\/www.fuerteventura-privat.de\/wp-content\/uploads\/photo-gallery\/imported_from_media_libray\/IMG_2714-scaled-1.jpeg?bwg=1687111184\" data-elementor-open-lightbox=\"no\">            <div class=\"bwg-item0\">              <div class=\"bwg-item1 \">      \t\t\t\t\t<img decoding=\"async\" class=\"skip-lazy bwg-masonry-thumb bwg_masonry_thumb_0 \"                       data-id=\"2356\"                       data-src=\"https:\/\/www.fuerteventura-privat.de\/wp-content\/uploads\/photo-gallery\/imported_from_media_libray\/thumb\/IMG_2714-scaled-1.jpeg?bwg=1687111184\"                       data-width=\"500.00\"                       data-height=\"333.00\"\t\t\t\t\t\t\t\t\t\t   src=\"https:\/\/www.fuerteventura-privat.de\/wp-content\/uploads\/photo-gallery\/imported_from_media_libray\/thumb\/IMG_2714-scaled-1.jpeg?bwg=1687111184\"\t\t\t\t\t\t\t\t\t\t   alt=\"IMG_2714\"\t\t\t\t\t\t\t\t\t\t   title=\"IMG_2714\" \/>                <div class=\"\">                  \t\t\t\t                                            <\/div>              <\/div>            <\/div>                      <\/a>                  <\/div>              <div class=\"bwg-item\">          <a class=\"bwg-a  bwg_lightbox\"  data-image-id=\"2357\" href=\"https:\/\/www.fuerteventura-privat.de\/wp-content\/uploads\/photo-gallery\/imported_from_media_libray\/MG_2746-scaled-1.jpeg?bwg=1687111184\" data-elementor-open-lightbox=\"no\">            <div class=\"bwg-item0\">              <div class=\"bwg-item1 \">      \t\t\t\t\t<img decoding=\"async\" class=\"skip-lazy bwg-masonry-thumb bwg_masonry_thumb_0 \"                       data-id=\"2357\"                       data-src=\"https:\/\/www.fuerteventura-privat.de\/wp-content\/uploads\/photo-gallery\/imported_from_media_libray\/thumb\/MG_2746-scaled-1.jpeg?bwg=1687111184\"                       data-width=\"500.00\"                       data-height=\"333.00\"\t\t\t\t\t\t\t\t\t\t   src=\"https:\/\/www.fuerteventura-privat.de\/wp-content\/uploads\/photo-gallery\/imported_from_media_libray\/thumb\/MG_2746-scaled-1.jpeg?bwg=1687111184\"\t\t\t\t\t\t\t\t\t\t   alt=\"_MG_2746\"\t\t\t\t\t\t\t\t\t\t   title=\"_MG_2746\" \/>                <div class=\"\">                  \t\t\t\t                                            <\/div>              <\/div>            <\/div>                      <\/a>                  <\/div>              <div class=\"bwg-item\">          <a class=\"bwg-a  bwg_lightbox\"  data-image-id=\"2358\" href=\"https:\/\/www.fuerteventura-privat.de\/wp-content\/uploads\/photo-gallery\/imported_from_media_libray\/MG_2741-scaled-1.jpeg?bwg=1687111184\" data-elementor-open-lightbox=\"no\">            <div class=\"bwg-item0\">              <div class=\"bwg-item1 \">      \t\t\t\t\t<img decoding=\"async\" class=\"skip-lazy bwg-masonry-thumb bwg_masonry_thumb_0 \"                       data-id=\"2358\"                       data-src=\"https:\/\/www.fuerteventura-privat.de\/wp-content\/uploads\/photo-gallery\/imported_from_media_libray\/thumb\/MG_2741-scaled-1.jpeg?bwg=1687111184\"                       data-width=\"500.00\"                       data-height=\"333.00\"\t\t\t\t\t\t\t\t\t\t   src=\"https:\/\/www.fuerteventura-privat.de\/wp-content\/uploads\/photo-gallery\/imported_from_media_libray\/thumb\/MG_2741-scaled-1.jpeg?bwg=1687111184\"\t\t\t\t\t\t\t\t\t\t   alt=\"_MG_2741\"\t\t\t\t\t\t\t\t\t\t   title=\"_MG_2741\" \/>                <div class=\"\">                  \t\t\t\t                                            <\/div>              <\/div>            <\/div>                      <\/a>                  <\/div>              <div class=\"bwg-item\">          <a class=\"bwg-a  bwg_lightbox\"  data-image-id=\"2359\" href=\"https:\/\/www.fuerteventura-privat.de\/wp-content\/uploads\/photo-gallery\/imported_from_media_libray\/MG_2739-scaled-1.jpeg?bwg=1687111184\" data-elementor-open-lightbox=\"no\">            <div class=\"bwg-item0\">              <div class=\"bwg-item1 \">      \t\t\t\t\t<img decoding=\"async\" class=\"skip-lazy bwg-masonry-thumb bwg_masonry_thumb_0 \"                       data-id=\"2359\"                       data-src=\"https:\/\/www.fuerteventura-privat.de\/wp-content\/uploads\/photo-gallery\/imported_from_media_libray\/thumb\/MG_2739-scaled-1.jpeg?bwg=1687111184\"                       data-width=\"500.00\"                       data-height=\"333.00\"\t\t\t\t\t\t\t\t\t\t   src=\"https:\/\/www.fuerteventura-privat.de\/wp-content\/uploads\/photo-gallery\/imported_from_media_libray\/thumb\/MG_2739-scaled-1.jpeg?bwg=1687111184\"\t\t\t\t\t\t\t\t\t\t   alt=\"_MG_2739\"\t\t\t\t\t\t\t\t\t\t   title=\"_MG_2739\" \/>                <div class=\"\">                  \t\t\t\t                                            <\/div>              <\/div>            <\/div>                      <\/a>                  <\/div>              <div class=\"bwg-item\">          <a class=\"bwg-a  bwg_lightbox\"  data-image-id=\"2360\" href=\"https:\/\/www.fuerteventura-privat.de\/wp-content\/uploads\/photo-gallery\/imported_from_media_libray\/MG_2738-scaled-1.jpeg?bwg=1687111184\" data-elementor-open-lightbox=\"no\">            <div class=\"bwg-item0\">              <div class=\"bwg-item1 \">      \t\t\t\t\t<img decoding=\"async\" class=\"skip-lazy bwg-masonry-thumb bwg_masonry_thumb_0 \"                       data-id=\"2360\"                       data-src=\"https:\/\/www.fuerteventura-privat.de\/wp-content\/uploads\/photo-gallery\/imported_from_media_libray\/thumb\/MG_2738-scaled-1.jpeg?bwg=1687111184\"                       data-width=\"500.00\"                       data-height=\"333.00\"\t\t\t\t\t\t\t\t\t\t   src=\"https:\/\/www.fuerteventura-privat.de\/wp-content\/uploads\/photo-gallery\/imported_from_media_libray\/thumb\/MG_2738-scaled-1.jpeg?bwg=1687111184\"\t\t\t\t\t\t\t\t\t\t   alt=\"_MG_2738\"\t\t\t\t\t\t\t\t\t\t   title=\"_MG_2738\" \/>                <div class=\"\">                  \t\t\t\t                                            <\/div>              <\/div>            <\/div>                      <\/a>                  <\/div>              <div class=\"bwg-item\">          <a class=\"bwg-a  bwg_lightbox\"  data-image-id=\"2361\" href=\"https:\/\/www.fuerteventura-privat.de\/wp-content\/uploads\/photo-gallery\/imported_from_media_libray\/MG_2735-scaled-1.jpeg?bwg=1687111184\" data-elementor-open-lightbox=\"no\">            <div class=\"bwg-item0\">              <div class=\"bwg-item1 \">      \t\t\t\t\t<img decoding=\"async\" class=\"skip-lazy bwg-masonry-thumb bwg_masonry_thumb_0 \"                       data-id=\"2361\"                       data-src=\"https:\/\/www.fuerteventura-privat.de\/wp-content\/uploads\/photo-gallery\/imported_from_media_libray\/thumb\/MG_2735-scaled-1.jpeg?bwg=1687111184\"                       data-width=\"500.00\"                       data-height=\"333.00\"\t\t\t\t\t\t\t\t\t\t   src=\"https:\/\/www.fuerteventura-privat.de\/wp-content\/uploads\/photo-gallery\/imported_from_media_libray\/thumb\/MG_2735-scaled-1.jpeg?bwg=1687111184\"\t\t\t\t\t\t\t\t\t\t   alt=\"_MG_2735\"\t\t\t\t\t\t\t\t\t\t   title=\"_MG_2735\" \/>                <div class=\"\">                  \t\t\t\t                                            <\/div>              <\/div>            <\/div>                      <\/a>                  <\/div>              <div class=\"bwg-item\">          <a class=\"bwg-a  bwg_lightbox\"  data-image-id=\"2362\" href=\"https:\/\/www.fuerteventura-privat.de\/wp-content\/uploads\/photo-gallery\/imported_from_media_libray\/MG_2722-scaled-1.jpeg?bwg=1687111184\" data-elementor-open-lightbox=\"no\">            <div class=\"bwg-item0\">              <div class=\"bwg-item1 \">      \t\t\t\t\t<img decoding=\"async\" class=\"skip-lazy bwg-masonry-thumb bwg_masonry_thumb_0 \"                       data-id=\"2362\"                       data-src=\"https:\/\/www.fuerteventura-privat.de\/wp-content\/uploads\/photo-gallery\/imported_from_media_libray\/thumb\/MG_2722-scaled-1.jpeg?bwg=1687111184\"                       data-width=\"333.00\"                       data-height=\"500.00\"\t\t\t\t\t\t\t\t\t\t   src=\"https:\/\/www.fuerteventura-privat.de\/wp-content\/uploads\/photo-gallery\/imported_from_media_libray\/thumb\/MG_2722-scaled-1.jpeg?bwg=1687111184\"\t\t\t\t\t\t\t\t\t\t   alt=\"_MG_2722\"\t\t\t\t\t\t\t\t\t\t   title=\"_MG_2722\" \/>                <div class=\"\">                  \t\t\t\t                                            <\/div>              <\/div>            <\/div>                      <\/a>                  <\/div>              <div class=\"bwg-item\">          <a class=\"bwg-a  bwg_lightbox\"  data-image-id=\"2363\" href=\"https:\/\/www.fuerteventura-privat.de\/wp-content\/uploads\/photo-gallery\/imported_from_media_libray\/MG_2711-scaled-1.jpeg?bwg=1687111184\" data-elementor-open-lightbox=\"no\">            <div class=\"bwg-item0\">              <div class=\"bwg-item1 \">      \t\t\t\t\t<img decoding=\"async\" class=\"skip-lazy bwg-masonry-thumb bwg_masonry_thumb_0 \"                       data-id=\"2363\"                       data-src=\"https:\/\/www.fuerteventura-privat.de\/wp-content\/uploads\/photo-gallery\/imported_from_media_libray\/thumb\/MG_2711-scaled-1.jpeg?bwg=1687111184\"                       data-width=\"500.00\"                       data-height=\"333.00\"\t\t\t\t\t\t\t\t\t\t   src=\"https:\/\/www.fuerteventura-privat.de\/wp-content\/uploads\/photo-gallery\/imported_from_media_libray\/thumb\/MG_2711-scaled-1.jpeg?bwg=1687111184\"\t\t\t\t\t\t\t\t\t\t   alt=\"_MG_2711\"\t\t\t\t\t\t\t\t\t\t   title=\"_MG_2711\" \/>                <div class=\"\">                  \t\t\t\t                                            <\/div>              <\/div>            <\/div>                      <\/a>                  <\/div>          <\/div>    <style>      \/*pagination styles*\/      #bwg_container1_0 #bwg_container2_0 .tablenav-pages_0 {\t\t\t\ttext-align: center;\t\t\t\tfont-size: 12px;\t\t\t\tfont-family: Ubuntu;\t\t\t\tfont-weight: bold;\t\t\t\tcolor: #666666;\t\t\t\tmargin: 6px 0 4px;\t\t\t\tdisplay: block;      }      @media only screen and (max-width : 320px) {      #bwg_container1_0 #bwg_container2_0 .displaying-num_0 {     \t display: none;      }      }      #bwg_container1_0 #bwg_container2_0 .displaying-num_0 {\t\t\t\tfont-size: 12px;\t\t\t\tfont-family: Ubuntu;\t\t\t\tfont-weight: bold;\t\t\t\tcolor: #666666;\t\t\t\tmargin-right: 10px;\t\t\t\tvertical-align: middle;      }      #bwg_container1_0 #bwg_container2_0 .paging-input_0 {\t\t\t\tfont-size: 12px;\t\t\t\tfont-family: Ubuntu;\t\t\t\tfont-weight: bold;\t\t\t\tcolor: #666666;\t\t\t\tvertical-align: middle;      }      #bwg_container1_0 #bwg_container2_0 .tablenav-pages_0 a.disabled,      #bwg_container1_0 #bwg_container2_0 .tablenav-pages_0 a.disabled:hover,      #bwg_container1_0 #bwg_container2_0 .tablenav-pages_0 a.disabled:focus,\t\t\t#bwg_container1_0 #bwg_container2_0 .tablenav-pages_0 input.bwg_current_page {\t\t\t\tcursor: default;\t\t\t\tcolor: rgba(102, 102, 102, 0.5);      }      #bwg_container1_0 #bwg_container2_0 .tablenav-pages_0 a,      #bwg_container1_0 #bwg_container2_0 .tablenav-pages_0 input.bwg_current_page {\t\t\t\tcursor: pointer;\t\t\t\ttext-align: center;\t\t\t\tfont-size: 12px;\t\t\t\tfont-family: Ubuntu;\t\t\t\tfont-weight: bold;\t\t\t\tcolor: #666666;\t\t\t\ttext-decoration: none;\t\t\t\tpadding: 3px 6px;\t\t\t\tmargin: 0;\t\t\t\tborder-radius: 0;\t\t\t\tborder-style: solid;\t\t\t\tborder-width: 1px;\t\t\t\tborder-color: #E3E3E3;\t\t\t\t\t\t\t\tbackground-color: rgba(255, 255, 255, 1.00);\t\t\t\tbox-shadow: 0;\t\t\t\ttransition: all 0.3s ease 0s;-webkit-transition: all 0.3s ease 0s;      }      <\/style>      <span class=\"bwg_nav_cont_0\">              <div class=\"tablenav-pages_0\">                  <\/div>                <input type=\"hidden\" id=\"page_number_0\" name=\"page_number_0\" value=\"1\" \/>      <script type=\"text\/javascript\">        if( jQuery('.bwg_nav_cont_0').length > 1 ) {          jQuery('.bwg_nav_cont_0').first().remove()        }        function spider_page_0(cur, x, y, load_more) {          if (typeof load_more == \"undefined\") {            var load_more = false;          }          if (jQuery(cur).hasClass('disabled')) {            return false;          }          var items_county_0 = 1;          switch (y) {            case 1:              if (x >= items_county_0) {                document.getElementById('page_number_0').value = items_county_0;              }              else {                document.getElementById('page_number_0').value = x + 1;              }              break;            case 2:              document.getElementById('page_number_0').value = items_county_0;              break;            case -1:              if (x == 1) {                document.getElementById('page_number_0').value = 1;              }              else {                document.getElementById('page_number_0').value = x - 1;              }              break;            case -2:              document.getElementById('page_number_0').value = 1;              break;\t\t\t\t\t\tcase 0:              document.getElementById('page_number_0').value = x;              break;            default:              document.getElementById('page_number_0').value = 1;          }          bwg_ajax('gal_front_form_0', '0', 'bwg_thumbnails_masonry_0', '0', '', 'gallery', 0, '', '', load_more, '', 1);        }                    jQuery('.first-page-0').on('click', function () {              spider_page_0(this, 1, -2, 'numeric');              return false;            });            jQuery('.prev-page-0').on('click', function () {              spider_page_0(this, 1, -1, 'numeric');              return false;            });            jQuery('.next-page-0').on('click', function () {              spider_page_0(this, 1, 1, 'numeric');              return false;            });            jQuery('.last-page-0').on('click', function () {              spider_page_0(this, 1, 2, 'numeric');              return false;            });        \t\t\t\t\/* Change page on input enter. *\/        function bwg_change_page_0( e, that ) {          if (  e.key == 'Enter' ) {            var to_page = parseInt(jQuery(that).val());            var pages_count = jQuery(that).parents(\".pagination-links\").data(\"pages-count\");            var current_url_param = jQuery(that).attr('data-url-info');            if (to_page > pages_count) {              to_page = 1;            }\t \t\t\t\t\t\t\t\t\t\t\t\tspider_page_0(this, to_page, 0, 'numeric');\t\t\t\t\t\t\treturn false;\t\t\t\t\t\t          }          return true;        }        jQuery('.bwg_load_btn_0').on('click', function () {            spider_page_0(this, 1, 1, true);            return false;        });      <\/script>      <\/span>                <\/div>        <\/form>        <style>          #bwg_container1_0 #bwg_container2_0 #spider_popup_overlay_0 {          background-color: #EEEEEE;          opacity: 0.60;          }          <\/style>        <div id=\"bwg_spider_popup_loading_0\" class=\"bwg_spider_popup_loading\"><\/div>        <div id=\"spider_popup_overlay_0\" class=\"spider_popup_overlay\" onclick=\"spider_destroypopup(1000)\"><\/div>        <input type=\"hidden\" id=\"bwg_random_seed_0\" value=\"2105525004\">                <\/div>    <\/div>    <script>      if (document.readyState === 'complete') {        if( typeof bwg_main_ready == 'function' ) {          if ( jQuery(\"#bwg_container1_0\").height() ) {            bwg_main_ready(jQuery(\"#bwg_container1_0\"));          }        }      } else {        document.addEventListener('DOMContentLoaded', function() {          if( typeof bwg_main_ready == 'function' ) {            if ( jQuery(\"#bwg_container1_0\").height() ) {             bwg_main_ready(jQuery(\"#bwg_container1_0\"));            }          }        });      }    <\/script>    \n<\/div>\n","protected":false},"featured_media":23553,"template":"","meta":{"_acf_changed":false,"site-sidebar-layout":"default","site-content-layout":"default","ast-site-content-layout":"default","site-content-style":"default","site-sidebar-style":"default","ast-global-header-display":"","ast-banner-title-visibility":"","ast-main-header-display":"","ast-hfb-above-header-display":"","ast-hfb-below-header-display":"","ast-hfb-mobile-header-display":"","site-post-title":"","ast-breadcrumbs-content":"","ast-featured-img":"","footer-sml-layout":"","ast-disable-related-posts":"","theme-transparent-header-meta":"default","adv-header-id-meta":"","stick-header-meta":"default","header-above-stick-meta":"","header-main-stick-meta":"","header-below-stick-meta":"","astra-migrate-meta-layouts":"set","ast-page-background-enabled":"default","ast-page-background-meta":{"desktop":{"background-color":"var(--ast-global-color-4)","background-image":"","background-repeat":"repeat","background-position":"center center","background-size":"auto","background-attachment":"scroll","background-type":"","background-media":"","overlay-type":"","overlay-color":"","overlay-opacity":"","overlay-gradient":""},"tablet":{"background-color":"","background-image":"","background-repeat":"repeat","background-position":"center center","background-size":"auto","background-attachment":"scroll","background-type":"","background-media":"","overlay-type":"","overlay-color":"","overlay-opacity":"","overlay-gradient":""},"mobile":{"background-color":"","background-image":"","background-repeat":"repeat","background-position":"center center","background-size":"auto","background-attachment":"scroll","background-type":"","background-media":"","overlay-type":"","overlay-color":"","overlay-opacity":"","overlay-gradient":""}},"ast-content-background-meta":{"desktop":{"background-color":"var(--ast-global-color-5)","background-image":"","background-repeat":"repeat","background-position":"center center","background-size":"auto","background-attachment":"scroll","background-type":"","background-media":"","overlay-type":"","overlay-color":"","overlay-opacity":"","overlay-gradient":""},"tablet":{"background-color":"var(--ast-global-color-5)","background-image":"","background-repeat":"repeat","background-position":"center center","background-size":"auto","background-attachment":"scroll","background-type":"","background-media":"","overlay-type":"","overlay-color":"","overlay-opacity":"","overlay-gradient":""},"mobile":{"background-color":"var(--ast-global-color-5)","background-image":"","background-repeat":"repeat","background-position":"center center","background-size":"auto","background-attachment":"scroll","background-type":"","background-media":"","overlay-type":"","overlay-color":"","overlay-opacity":"","overlay-gradient":""}}},"kategorie-unterkunft-fuerte":[310],"class_list":["post-25184","fuerte-vermietungen","type-fuerte-vermietungen","status-publish","has-post-thumbnail","hentry","kategorie-unterkunft-fuerte-apartments"],"acf":[],"yoast_head":"<!-- This site is optimized with the Yoast SEO plugin v27.5 - https:\/\/yoast.com\/product\/yoast-seo-wordpress\/ -->\n<title>KleinesAppartement in Costa Calma mit Gemeinschaftspool<\/title>\n<meta name=\"description\" content=\"Feriendomizil mit 4 Appartements, einzeln buchen oder alle zusammen , wenn frei. Mit grossem Gemeinschaftspool und Sonnenterrasse.\" \/>\n<meta name=\"robots\" content=\"index, follow, max-snippet:-1, max-image-preview:large, max-video-preview:-1\" \/>\n<link rel=\"canonical\" href=\"https:\/\/www.fuerteventura-privat.de\/en\/fuerte-vermietungen\/costa-calma-pool-appartement-2\/\" \/>\n<meta property=\"og:locale\" content=\"en_US\" \/>\n<meta property=\"og:type\" content=\"article\" \/>\n<meta property=\"og:title\" content=\"KleinesAppartement in Costa Calma mit Gemeinschaftspool\" \/>\n<meta property=\"og:description\" content=\"Feriendomizil mit 4 Appartements, einzeln buchen oder alle zusammen , wenn frei. Mit grossem Gemeinschaftspool und Sonnenterrasse.\" \/>\n<meta property=\"og:url\" content=\"https:\/\/www.fuerteventura-privat.de\/en\/fuerte-vermietungen\/costa-calma-pool-appartement-2\/\" \/>\n<meta property=\"og:site_name\" content=\"Ferienhaus, Finca oder Appartement mit Vor-Ort-Service - Fuerteventura Privat\" \/>\n<meta property=\"og:image\" content=\"https:\/\/www.fuerteventura-privat.de\/wp-content\/uploads\/2025\/06\/MG_2735-scaled-1-1.jpeg\" \/>\n\t<meta property=\"og:image:width\" content=\"2560\" \/>\n\t<meta property=\"og:image:height\" content=\"1707\" \/>\n\t<meta property=\"og:image:type\" content=\"image\/jpeg\" \/>\n<meta name=\"twitter:card\" content=\"summary_large_image\" \/>\n<meta name=\"twitter:label1\" content=\"Est. reading time\" \/>\n\t<meta name=\"twitter:data1\" content=\"2 minutes\" \/>\n<script type=\"application\/ld+json\" class=\"yoast-schema-graph\">{\"@context\":\"https:\\\/\\\/schema.org\",\"@graph\":[{\"@type\":\"WebPage\",\"@id\":\"https:\\\/\\\/www.fuerteventura-privat.de\\\/en\\\/fuerte-vermietungen\\\/costa-calma-pool-appartement-2\\\/\",\"url\":\"https:\\\/\\\/www.fuerteventura-privat.de\\\/en\\\/fuerte-vermietungen\\\/costa-calma-pool-appartement-2\\\/\",\"name\":\"KleinesAppartement in Costa Calma mit Gemeinschaftspool\",\"isPartOf\":{\"@id\":\"https:\\\/\\\/www.fuerteventura-privat.de\\\/en\\\/#website\"},\"primaryImageOfPage\":{\"@id\":\"https:\\\/\\\/www.fuerteventura-privat.de\\\/en\\\/fuerte-vermietungen\\\/costa-calma-pool-appartement-2\\\/#primaryimage\"},\"image\":{\"@id\":\"https:\\\/\\\/www.fuerteventura-privat.de\\\/en\\\/fuerte-vermietungen\\\/costa-calma-pool-appartement-2\\\/#primaryimage\"},\"thumbnailUrl\":\"https:\\\/\\\/www.fuerteventura-privat.de\\\/wp-content\\\/uploads\\\/2025\\\/06\\\/MG_2735-scaled-1-1.jpeg\",\"datePublished\":\"2023-06-19T11:47:22+00:00\",\"description\":\"Feriendomizil mit 4 Appartements, einzeln buchen oder alle zusammen , wenn frei. Mit grossem Gemeinschaftspool und Sonnenterrasse.\",\"breadcrumb\":{\"@id\":\"https:\\\/\\\/www.fuerteventura-privat.de\\\/en\\\/fuerte-vermietungen\\\/costa-calma-pool-appartement-2\\\/#breadcrumb\"},\"inLanguage\":\"en-US\",\"potentialAction\":[{\"@type\":\"ReadAction\",\"target\":[\"https:\\\/\\\/www.fuerteventura-privat.de\\\/en\\\/fuerte-vermietungen\\\/costa-calma-pool-appartement-2\\\/\"]}]},{\"@type\":\"ImageObject\",\"inLanguage\":\"en-US\",\"@id\":\"https:\\\/\\\/www.fuerteventura-privat.de\\\/en\\\/fuerte-vermietungen\\\/costa-calma-pool-appartement-2\\\/#primaryimage\",\"url\":\"https:\\\/\\\/www.fuerteventura-privat.de\\\/wp-content\\\/uploads\\\/2025\\\/06\\\/MG_2735-scaled-1-1.jpeg\",\"contentUrl\":\"https:\\\/\\\/www.fuerteventura-privat.de\\\/wp-content\\\/uploads\\\/2025\\\/06\\\/MG_2735-scaled-1-1.jpeg\",\"width\":2560,\"height\":1707},{\"@type\":\"BreadcrumbList\",\"@id\":\"https:\\\/\\\/www.fuerteventura-privat.de\\\/en\\\/fuerte-vermietungen\\\/costa-calma-pool-appartement-2\\\/#breadcrumb\",\"itemListElement\":[{\"@type\":\"ListItem\",\"position\":1,\"name\":\"Home\",\"item\":\"https:\\\/\\\/www.fuerteventura-privat.de\\\/en\\\/\"},{\"@type\":\"ListItem\",\"position\":2,\"name\":\"Costa Calma Pool Appartement\"}]},{\"@type\":\"WebSite\",\"@id\":\"https:\\\/\\\/www.fuerteventura-privat.de\\\/en\\\/#website\",\"url\":\"https:\\\/\\\/www.fuerteventura-privat.de\\\/en\\\/\",\"name\":\"Ferienhaus, Finca oder Appartement mit Vor-Ort-Service - Fuerteventura Privat\",\"description\":\"\",\"publisher\":{\"@id\":\"https:\\\/\\\/www.fuerteventura-privat.de\\\/en\\\/#organization\"},\"potentialAction\":[{\"@type\":\"SearchAction\",\"target\":{\"@type\":\"EntryPoint\",\"urlTemplate\":\"https:\\\/\\\/www.fuerteventura-privat.de\\\/en\\\/?s={search_term_string}\"},\"query-input\":{\"@type\":\"PropertyValueSpecification\",\"valueRequired\":true,\"valueName\":\"search_term_string\"}}],\"inLanguage\":\"en-US\"},{\"@type\":\"Organization\",\"@id\":\"https:\\\/\\\/www.fuerteventura-privat.de\\\/en\\\/#organization\",\"name\":\"Ferienhaus, Finca oder Appartement mit Vor-Ort-Service - Fuerteventura Privat\",\"url\":\"https:\\\/\\\/www.fuerteventura-privat.de\\\/en\\\/\",\"logo\":{\"@type\":\"ImageObject\",\"inLanguage\":\"en-US\",\"@id\":\"https:\\\/\\\/www.fuerteventura-privat.de\\\/en\\\/#\\\/schema\\\/logo\\\/image\\\/\",\"url\":\"https:\\\/\\\/www.fuerteventura-privat.de\\\/wp-content\\\/uploads\\\/2019\\\/12\\\/logo-fuerte.png\",\"contentUrl\":\"https:\\\/\\\/www.fuerteventura-privat.de\\\/wp-content\\\/uploads\\\/2019\\\/12\\\/logo-fuerte.png\",\"width\":300,\"height\":111,\"caption\":\"Ferienhaus, Finca oder Appartement mit Vor-Ort-Service  - Fuerteventura Privat\"},\"image\":{\"@id\":\"https:\\\/\\\/www.fuerteventura-privat.de\\\/en\\\/#\\\/schema\\\/logo\\\/image\\\/\"}}]}<\/script>\n<!-- \/ Yoast SEO plugin. -->","yoast_head_json":{"title":"KleinesAppartement in Costa Calma mit Gemeinschaftspool","description":"Feriendomizil mit 4 Appartements, einzeln buchen oder alle zusammen , wenn frei. Mit grossem Gemeinschaftspool und Sonnenterrasse.","robots":{"index":"index","follow":"follow","max-snippet":"max-snippet:-1","max-image-preview":"max-image-preview:large","max-video-preview":"max-video-preview:-1"},"canonical":"https:\/\/www.fuerteventura-privat.de\/en\/fuerte-vermietungen\/costa-calma-pool-appartement-2\/","og_locale":"en_US","og_type":"article","og_title":"KleinesAppartement in Costa Calma mit Gemeinschaftspool","og_description":"Feriendomizil mit 4 Appartements, einzeln buchen oder alle zusammen , wenn frei. Mit grossem Gemeinschaftspool und Sonnenterrasse.","og_url":"https:\/\/www.fuerteventura-privat.de\/en\/fuerte-vermietungen\/costa-calma-pool-appartement-2\/","og_site_name":"Ferienhaus, Finca oder Appartement mit Vor-Ort-Service - Fuerteventura Privat","og_image":[{"width":2560,"height":1707,"url":"https:\/\/www.fuerteventura-privat.de\/wp-content\/uploads\/2025\/06\/MG_2735-scaled-1-1.jpeg","type":"image\/jpeg"}],"twitter_card":"summary_large_image","twitter_misc":{"Est. reading time":"2 minutes"},"schema":{"@context":"https:\/\/schema.org","@graph":[{"@type":"WebPage","@id":"https:\/\/www.fuerteventura-privat.de\/en\/fuerte-vermietungen\/costa-calma-pool-appartement-2\/","url":"https:\/\/www.fuerteventura-privat.de\/en\/fuerte-vermietungen\/costa-calma-pool-appartement-2\/","name":"KleinesAppartement in Costa Calma mit Gemeinschaftspool","isPartOf":{"@id":"https:\/\/www.fuerteventura-privat.de\/en\/#website"},"primaryImageOfPage":{"@id":"https:\/\/www.fuerteventura-privat.de\/en\/fuerte-vermietungen\/costa-calma-pool-appartement-2\/#primaryimage"},"image":{"@id":"https:\/\/www.fuerteventura-privat.de\/en\/fuerte-vermietungen\/costa-calma-pool-appartement-2\/#primaryimage"},"thumbnailUrl":"https:\/\/www.fuerteventura-privat.de\/wp-content\/uploads\/2025\/06\/MG_2735-scaled-1-1.jpeg","datePublished":"2023-06-19T11:47:22+00:00","description":"Feriendomizil mit 4 Appartements, einzeln buchen oder alle zusammen , wenn frei. Mit grossem Gemeinschaftspool und Sonnenterrasse.","breadcrumb":{"@id":"https:\/\/www.fuerteventura-privat.de\/en\/fuerte-vermietungen\/costa-calma-pool-appartement-2\/#breadcrumb"},"inLanguage":"en-US","potentialAction":[{"@type":"ReadAction","target":["https:\/\/www.fuerteventura-privat.de\/en\/fuerte-vermietungen\/costa-calma-pool-appartement-2\/"]}]},{"@type":"ImageObject","inLanguage":"en-US","@id":"https:\/\/www.fuerteventura-privat.de\/en\/fuerte-vermietungen\/costa-calma-pool-appartement-2\/#primaryimage","url":"https:\/\/www.fuerteventura-privat.de\/wp-content\/uploads\/2025\/06\/MG_2735-scaled-1-1.jpeg","contentUrl":"https:\/\/www.fuerteventura-privat.de\/wp-content\/uploads\/2025\/06\/MG_2735-scaled-1-1.jpeg","width":2560,"height":1707},{"@type":"BreadcrumbList","@id":"https:\/\/www.fuerteventura-privat.de\/en\/fuerte-vermietungen\/costa-calma-pool-appartement-2\/#breadcrumb","itemListElement":[{"@type":"ListItem","position":1,"name":"Home","item":"https:\/\/www.fuerteventura-privat.de\/en\/"},{"@type":"ListItem","position":2,"name":"Costa Calma Pool Appartement"}]},{"@type":"WebSite","@id":"https:\/\/www.fuerteventura-privat.de\/en\/#website","url":"https:\/\/www.fuerteventura-privat.de\/en\/","name":"Ferienhaus, Finca oder Appartement mit Vor-Ort-Service - Fuerteventura Privat","description":"","publisher":{"@id":"https:\/\/www.fuerteventura-privat.de\/en\/#organization"},"potentialAction":[{"@type":"SearchAction","target":{"@type":"EntryPoint","urlTemplate":"https:\/\/www.fuerteventura-privat.de\/en\/?s={search_term_string}"},"query-input":{"@type":"PropertyValueSpecification","valueRequired":true,"valueName":"search_term_string"}}],"inLanguage":"en-US"},{"@type":"Organization","@id":"https:\/\/www.fuerteventura-privat.de\/en\/#organization","name":"Ferienhaus, Finca oder Appartement mit Vor-Ort-Service - Fuerteventura Privat","url":"https:\/\/www.fuerteventura-privat.de\/en\/","logo":{"@type":"ImageObject","inLanguage":"en-US","@id":"https:\/\/www.fuerteventura-privat.de\/en\/#\/schema\/logo\/image\/","url":"https:\/\/www.fuerteventura-privat.de\/wp-content\/uploads\/2019\/12\/logo-fuerte.png","contentUrl":"https:\/\/www.fuerteventura-privat.de\/wp-content\/uploads\/2019\/12\/logo-fuerte.png","width":300,"height":111,"caption":"Ferienhaus, Finca oder Appartement mit Vor-Ort-Service  - Fuerteventura Privat"},"image":{"@id":"https:\/\/www.fuerteventura-privat.de\/en\/#\/schema\/logo\/image\/"}}]}},"_links":{"self":[{"href":"https:\/\/www.fuerteventura-privat.de\/en\/wp-json\/wp\/v2\/fuerte-vermietungen\/25184","targetHints":{"allow":["GET"]}}],"collection":[{"href":"https:\/\/www.fuerteventura-privat.de\/en\/wp-json\/wp\/v2\/fuerte-vermietungen"}],"about":[{"href":"https:\/\/www.fuerteventura-privat.de\/en\/wp-json\/wp\/v2\/types\/fuerte-vermietungen"}],"wp:featuredmedia":[{"embeddable":true,"href":"https:\/\/www.fuerteventura-privat.de\/en\/wp-json\/wp\/v2\/media\/23553"}],"wp:attachment":[{"href":"https:\/\/www.fuerteventura-privat.de\/en\/wp-json\/wp\/v2\/media?parent=25184"}],"wp:term":[{"taxonomy":"kategorie-unterkunft-fuerte","embeddable":true,"href":"https:\/\/www.fuerteventura-privat.de\/en\/wp-json\/wp\/v2\/kategorie-unterkunft-fuerte?post=25184"}],"curies":[{"name":"wp","href":"https:\/\/api.w.org\/{rel}","templated":true}]}}