{"id":25068,"date":"2023-06-19T13:47:22","date_gmt":"2023-06-19T11:47:22","guid":{"rendered":"https:\/\/www.fuerteventura-privat.de\/fuerte-vermietungen\/finca-la-gairia-nahe-tuineje-2\/"},"modified":"2023-06-19T13:47:22","modified_gmt":"2023-06-19T11:47:22","slug":"finca-la-gairia-nahe-tuineje-2","status":"publish","type":"fuerte-vermietungen","link":"https:\/\/www.fuerteventura-privat.de\/en\/fuerte-vermietungen\/finca-la-gairia-nahe-tuineje-2\/","title":{"rendered":"Finca La Gairia nahe Tuineje"},"content":{"rendered":"<h2>Stilvolles, elegantes und gro\u00dfartiges Finca Ferienhaus &#8211; mit Pool am Fu\u00dfe eines Vulkans.<\/h2>\n<p>So viel Platz und so viel Freiraum. Und alles so geschmackvoll gestaltet. Fast schon &#8220;modern country &#8221; &#8211; also im modernen aber warmen Landhausstil. Dieses gro\u00dfz\u00fcgig geschnittene Finca Ferienhaus finden Sie in der N\u00e4he von Tuineje, am Rande eines kleinen Dorfes gelegen,\u00a0umgeben von einer faszinierenden Vulkanlandschaft. Der Massentourismus ist weit entfernt und dennoch gibt es eine hervorragende Urlaubs-Infrastruktur in Reichweite: gute Restaurants, Bars, eine kleine, sehr beliebte Inselb\u00e4ckerei und auch das Meer und der Sandstrand sind nur ca. 15 Minuten entfernt.<\/p>\n<p>Gleich beim Betreten der Finca sp\u00fcren Sie, dass Sie hier ein paar wunderbare Urlaubstage in einem ganz besonderen Ambiente verbringen werden. Die architektonische Gro\u00dfz\u00fcgigkeit mit den weiten R\u00e4umen und hohen Decken, grenzt fast schon an Platzverschwendung passt jedoch wiederum hervorragend zu dem spektakul\u00e4ren Fernblick und der pr\u00e4chtigen Aussicht, die man bereits aus dem Haus heraus hat, genauso wie nat\u00fcrlich von den Au\u00dfenbereichen rund um die Fin<\/p>\n<p>Es erwartet Sie vieles mehr als nur eine gro\u00dfz\u00fcgige K\u00fcche, ein geschmackvolles Esszimmer mit Blick in den Patio, ein weitr\u00e4umiges &#8220;Doppel-Wohnzimmer&#8221; mit einem Raum f\u00fcr den \u00a0TV-Genuss geeignet und einem weiteren, der Ihnen einen sensationellen und viel besseren Blick auf den &#8220;Haus-Vulkan&#8221; bietet &#8211; direkt durch ein gro\u00dfes Panoramafenster. Es erwarten Sie dar\u00fcberhinaus 2 Schlafzimmer mit en suite Bad, wovon ein Bad dann doch eher ein gro\u00dfer, begehbarer &#8220;Dusch-Raum&#8221; mit umfassender Sitzm\u00f6glichkeit ist (hier passen locker 5 Personen gleichzeitig rein). Und egal wo Sie sich auch im Haus befinden, der Blick nach Aussen ist stets ein ganz besonderer &#8211; hinaus in die Weite Berglandschaft.<\/p>\n<p>Im Freien erwartet Sie dann gleichsam viel Platz und selbstverst\u00e4ndlich eine noch bessere Aussicht auf die Umgebung. Wer die \u00fcberdachte Terrasse sieht, wird wohl kaum noch auf den Gedanken kommen, zum Fr\u00fchst\u00fcck oder zum Mittag- und Abend-Essen in der K\u00fcche oder gar am Esstisch Platz zu nehmen. Nein &#8211; dieser Tisch geh\u00f6rt dank Pool-, Garten und dem besagten Vulkan-Blick mit Sicherheit zu den besten Tischen auf der Insel. Wie auch immer &#8211; wir sind uns sicher, Sie werden es schwer haben in dieser Finca nur ein Lieblingspl\u00e4tzchen zu finden. Das Angebot ist einfach zu gro\u00df daf\u00fcr.<\/p>\n<p>Freuen Sie sich auf ein Urlaubsdomizil, das unserer Ansicht nach Stein f\u00fcr Stein eine gewisse Ruhe und wohltuende, unglaublich positive Energie in sich tr\u00e4gt und ausstrahlt. Freuen Sie sich auf Ihr elegantes und geschmackvolles Finca-Paradies im Urlaubsparadies Fuerteventura.<\/p>\n<style id=\"bwg-style-0\">      #bwg_container1_0 #bwg_container2_0 .bwg_masonry_thumb_0 {        text-align: center;        display: inline-block;        vertical-align: middle;      \t          width: 100% !important;;      \t        margin: 0;        opacity: 1.00;      }\t\t\t\t\t\t      #bwg_container1_0 #bwg_container2_0 .bwg-container-0.bwg-masonry-thumbnails .bwg-item,      #bwg_container1_0 #bwg_container2_0 .bwg-container-temp0.bwg-masonry-thumbnails .bwg-item {        padding: calc(4px \/ 2);\t\t\t\t      }      #bwg_container1_0 #bwg_container2_0 .bwg-container-0.bwg-masonry-thumbnails .bwg-item0 {      \t        background-color:rgba(0,0,0, 0.30);        border: 0px none #CCCCCC;\t\t\t\topacity: 1.00;        border-radius: 0;      }      #bwg_container1_0 #bwg_container2_0 .bwg-container-0.bwg-masonry-thumbnails .bwg-item1 img {        max-height: none;\t\t\t\t        \tmax-width: calc(250px + (4px + 0px));\t\t\t\t      }\t\t\t\t\t\t\t@media only screen and (min-width: 480px) {\t\t\t\t\t#bwg_container1_0 #bwg_container2_0 .bwg-container-0.bwg-masonry-thumbnails .bwg-item1 img {\t\t\t\t\t\t-webkit-transition: -webkit-transform .3s; transition: transform .3s;\t\t\t\t\t}\t\t\t\t\t#bwg_container1_0 #bwg_container2_0 .bwg-container-0.bwg-masonry-thumbnails .bwg-item1 img:hover {\t\t\t\t\t\t-ms-transform: scale(1.08);\t\t\t\t\t\t-webkit-transform: scale(1.08);\t\t\t\t\t\ttransform: scale(1.08);\t\t\t\t\t}\t\t\t\t\t\t\t\t\t}\t\t\t\t\t\t\t\t\t#bwg_container1_0 #bwg_container2_0 .bwg-container-0.bwg-masonry-thumbnails .bwg-title2,\t\t\t#bwg_container1_0 #bwg_container2_0 .bwg-container-temp0.bwg-masonry-thumbnails .bwg-title2,\t\t\t#bwg_container1_0 #bwg_container2_0 .bwg-container-0.bwg-masonry-thumbnails .bwg-play-icon2,\t\t\t#bwg_container1_0 #bwg_container2_0 .bwg-container-0.bwg-masonry-thumbnails .bwg-ecommerce2 {\t\t\t\tmax-height: 100%;\t\t\t\tpadding: 2px;\t\t\t\tfont-family: Ubuntu;\t\t\t\tfont-weight: bold;\t\t\t\tfont-size: 16px;\t\t\t\tcolor: #323A45;\t\t\t}\t\t\t#bwg_container1_0 #bwg_container2_0 .bwg-container-0.bwg-masonry-thumbnails .bwg-ecommerce2 {\t\t\t\tcolor: #323A45;\t\t\t}\t  \t#bwg_container1_0 #bwg_container2_0 .bwg_masonry_thumbnails_0 {\t\t\t\tposition: relative;\t\t\t\tbackground-color: rgba(255, 255, 255, 0.00);\t\t\t\tfont-size: 0;\t\t\t\t\t\t\t\t\twidth: 1254px;\t\t\t\t\tmax-width: 100%;\t\t\t\t\t\t\t\t\tmax-width: 100%;\t\t\t\t\t\t\t\t\t\t\t\t\tmargin: 0 auto;\t\t\t\t\t\t\t}\t\t\t\t\t\t\t@media only screen and (max-width: 1290px) {\t\t\t\t\t#bwg_container1_0 #bwg_container2_0 .bwg_masonry_thumbnails_0 {\t\t\t\t\t\twidth: inherit;\t\t\t\t\t}\t\t\t\t}\t\t\t\t\t\t#bwg_container1_0 #bwg_container2_0 .bwg_masonry_thumb_description_0 {        color: #323A45;        line-height: 1.4;        font-size: 16px;        font-family: Ubuntu;        text-align: justify;      }      #bwg_container1_0.bwg_thumbnails_masonry .wd_error p {        color: #323A45;      }      #bwg_container1_0 #bwg_container2_0 .bwg_gal_title_0 {        background-color: rgba(0, 0, 0, 0);        color: #323A45;        display: block;        font-family: Ubuntu;        font-size: 16px;        font-weight: bold;        padding: 2px;        text-shadow: ;        text-align: center;      }      <\/style>    <div id=\"bwg_container1_0\"         class=\"bwg_container bwg_thumbnail bwg_thumbnails_masonry \"         data-right-click-protection=\"1\"         data-bwg=\"0\"         data-scroll=\"0\"         data-gallery-type=\"thumbnails_masonry\"         data-gallery-view-type=\"thumbnails_masonry\"         data-current-url=\"\/en\/wp-json\/wp\/v2\/fuerte-vermietungen\/25068\"         data-lightbox-url=\"https:\/\/www.fuerteventura-privat.de\/wp-admin\/admin-ajax.php?action=GalleryBox&#038;current_view=0&#038;gallery_id=27&#038;tag=0&#038;theme_id=1&#038;shortcode_id=57&#038;sort_by=order&#038;order_by=asc&#038;current_url=%2Fen%2Fwp-json%2Fwp%2Fv2%2Ffuerte-vermietungen%2F25068\"         data-gallery-id=\"27\"         data-popup-width=\"800\"         data-popup-height=\"500\"         data-is-album=\"gallery\"         data-buttons-position=\"bottom\">      <div id=\"bwg_container2_0\">             <div id=\"ajax_loading_0\" class=\"bwg_loading_div_1\">      <div class=\"bwg_loading_div_2\">        <div class=\"bwg_loading_div_3\">          <div id=\"loading_div_0\" class=\"bwg_spider_ajax_loading\">          <\/div>        <\/div>      <\/div>    <\/div>            <form id=\"gal_front_form_0\"              class=\"bwg-hidden\"              method=\"post\"              action=\"#\"              data-current=\"0\"              data-shortcode-id=\"57\"              data-gallery-type=\"thumbnails_masonry\"              data-gallery-id=\"27\"              data-tag=\"0\"              data-album-id=\"0\"              data-theme-id=\"1\"              data-ajax-url=\"https:\/\/www.fuerteventura-privat.de\/wp-admin\/admin-ajax.php?action=bwg_frontend_data\">          <div id=\"bwg_container3_0\" class=\"bwg-background bwg-background-0\">                <div id=\"bwg_thumbnails_masonry_0\"         data-bwg=\"0\"         data-masonry-type=\"vertical\"         data-resizable-thumbnails=\"1\"         data-max-count=\"5\"         data-thumbnail-width=\"250\"         data-thumbnail-height=\"250\"         data-thumbnail-padding=\"4\"         data-thumbnail-border=\"0\"         data-gallery-id=\"27\"         data-lightbox-url=\"https:\/\/www.fuerteventura-privat.de\/wp-admin\/admin-ajax.php?action=GalleryBox&#038;current_view=0&#038;gallery_id=27&#038;tag=0&#038;theme_id=1&#038;shortcode_id=57&#038;sort_by=order&#038;order_by=asc&#038;current_url=%2Fen%2Fwp-json%2Fwp%2Fv2%2Ffuerte-vermietungen%2F25068\"         class=\"bwg-container-0 bwg_masonry_thumbnails_0 bwg-masonry-thumbnails bwg-masonry-vertical bwg-container bwg-border-box\">              <div class=\"bwg-item\">          <a class=\"bwg-a  bwg_lightbox\"  data-image-id=\"1307\" href=\"https:\/\/www.fuerteventura-privat.de\/wp-content\/uploads\/photo-gallery\/imported_from_media_libray\/IMG_2719-1.jpg?bwg=1687009516\" data-elementor-open-lightbox=\"no\">            <div class=\"bwg-item0\">              <div class=\"bwg-item1 \">      \t\t\t\t\t<img decoding=\"async\" class=\"skip-lazy bwg-masonry-thumb bwg_masonry_thumb_0 \"                       data-id=\"1307\"                       data-src=\"https:\/\/www.fuerteventura-privat.de\/wp-content\/uploads\/photo-gallery\/imported_from_media_libray\/thumb\/IMG_2719-1.jpg?bwg=1687009516\"                       data-width=\"500.00\"                       data-height=\"375.00\"\t\t\t\t\t\t\t\t\t\t   src=\"https:\/\/www.fuerteventura-privat.de\/wp-content\/uploads\/photo-gallery\/imported_from_media_libray\/thumb\/IMG_2719-1.jpg?bwg=1687009516\"\t\t\t\t\t\t\t\t\t\t   alt=\"IMG_2719\"\t\t\t\t\t\t\t\t\t\t   title=\"IMG_2719\" \/>                <div class=\"\">                  \t\t\t\t                                            <\/div>              <\/div>            <\/div>                      <\/a>                  <\/div>              <div class=\"bwg-item\">          <a class=\"bwg-a  bwg_lightbox\"  data-image-id=\"1310\" href=\"https:\/\/www.fuerteventura-privat.de\/wp-content\/uploads\/photo-gallery\/imported_from_media_libray\/IMG_2724.jpg?bwg=1687009516\" data-elementor-open-lightbox=\"no\">            <div class=\"bwg-item0\">              <div class=\"bwg-item1 \">      \t\t\t\t\t<img decoding=\"async\" class=\"skip-lazy bwg-masonry-thumb bwg_masonry_thumb_0 \"                       data-id=\"1310\"                       data-src=\"https:\/\/www.fuerteventura-privat.de\/wp-content\/uploads\/photo-gallery\/imported_from_media_libray\/thumb\/IMG_2724.jpg?bwg=1687009516\"                       data-width=\"500.00\"                       data-height=\"375.00\"\t\t\t\t\t\t\t\t\t\t   src=\"https:\/\/www.fuerteventura-privat.de\/wp-content\/uploads\/photo-gallery\/imported_from_media_libray\/thumb\/IMG_2724.jpg?bwg=1687009516\"\t\t\t\t\t\t\t\t\t\t   alt=\"IMG_2724\"\t\t\t\t\t\t\t\t\t\t   title=\"IMG_2724\" \/>                <div class=\"\">                  \t\t\t\t                                            <\/div>              <\/div>            <\/div>                      <\/a>                  <\/div>              <div class=\"bwg-item\">          <a class=\"bwg-a  bwg_lightbox\"  data-image-id=\"1311\" href=\"https:\/\/www.fuerteventura-privat.de\/wp-content\/uploads\/photo-gallery\/imported_from_media_libray\/IMG_2712.jpg?bwg=1687009516\" data-elementor-open-lightbox=\"no\">            <div class=\"bwg-item0\">              <div class=\"bwg-item1 \">      \t\t\t\t\t<img decoding=\"async\" class=\"skip-lazy bwg-masonry-thumb bwg_masonry_thumb_0 \"                       data-id=\"1311\"                       data-src=\"https:\/\/www.fuerteventura-privat.de\/wp-content\/uploads\/photo-gallery\/imported_from_media_libray\/thumb\/IMG_2712.jpg?bwg=1687009516\"                       data-width=\"500.00\"                       data-height=\"375.00\"\t\t\t\t\t\t\t\t\t\t   src=\"https:\/\/www.fuerteventura-privat.de\/wp-content\/uploads\/photo-gallery\/imported_from_media_libray\/thumb\/IMG_2712.jpg?bwg=1687009516\"\t\t\t\t\t\t\t\t\t\t   alt=\"IMG_2712\"\t\t\t\t\t\t\t\t\t\t   title=\"IMG_2712\" \/>                <div class=\"\">                  \t\t\t\t                                            <\/div>              <\/div>            <\/div>                      <\/a>                  <\/div>              <div class=\"bwg-item\">          <a class=\"bwg-a  bwg_lightbox\"  data-image-id=\"1308\" href=\"https:\/\/www.fuerteventura-privat.de\/wp-content\/uploads\/photo-gallery\/imported_from_media_libray\/IMG_2708.jpg?bwg=1687009516\" data-elementor-open-lightbox=\"no\">            <div class=\"bwg-item0\">              <div class=\"bwg-item1 \">      \t\t\t\t\t<img decoding=\"async\" class=\"skip-lazy bwg-masonry-thumb bwg_masonry_thumb_0 \"                       data-id=\"1308\"                       data-src=\"https:\/\/www.fuerteventura-privat.de\/wp-content\/uploads\/photo-gallery\/imported_from_media_libray\/thumb\/IMG_2708.jpg?bwg=1687009516\"                       data-width=\"500.00\"                       data-height=\"375.00\"\t\t\t\t\t\t\t\t\t\t   src=\"https:\/\/www.fuerteventura-privat.de\/wp-content\/uploads\/photo-gallery\/imported_from_media_libray\/thumb\/IMG_2708.jpg?bwg=1687009516\"\t\t\t\t\t\t\t\t\t\t   alt=\"IMG_2708\"\t\t\t\t\t\t\t\t\t\t   title=\"IMG_2708\" \/>                <div class=\"\">                  \t\t\t\t                                            <\/div>              <\/div>            <\/div>                      <\/a>                  <\/div>              <div class=\"bwg-item\">          <a class=\"bwg-a  bwg_lightbox\"  data-image-id=\"1305\" href=\"https:\/\/www.fuerteventura-privat.de\/wp-content\/uploads\/photo-gallery\/imported_from_media_libray\/IMG_2698-1.jpg?bwg=1687009516\" data-elementor-open-lightbox=\"no\">            <div class=\"bwg-item0\">              <div class=\"bwg-item1 \">      \t\t\t\t\t<img decoding=\"async\" class=\"skip-lazy bwg-masonry-thumb bwg_masonry_thumb_0 \"                       data-id=\"1305\"                       data-src=\"https:\/\/www.fuerteventura-privat.de\/wp-content\/uploads\/photo-gallery\/imported_from_media_libray\/thumb\/IMG_2698-1.jpg?bwg=1687009516\"                       data-width=\"500.00\"                       data-height=\"375.00\"\t\t\t\t\t\t\t\t\t\t   src=\"https:\/\/www.fuerteventura-privat.de\/wp-content\/uploads\/photo-gallery\/imported_from_media_libray\/thumb\/IMG_2698-1.jpg?bwg=1687009516\"\t\t\t\t\t\t\t\t\t\t   alt=\"IMG_2698\"\t\t\t\t\t\t\t\t\t\t   title=\"IMG_2698\" \/>                <div class=\"\">                  \t\t\t\t                                            <\/div>              <\/div>            <\/div>                      <\/a>                  <\/div>              <div class=\"bwg-item\">          <a class=\"bwg-a  bwg_lightbox\"  data-image-id=\"1309\" href=\"https:\/\/www.fuerteventura-privat.de\/wp-content\/uploads\/photo-gallery\/imported_from_media_libray\/IMG_2727.jpg?bwg=1687009516\" data-elementor-open-lightbox=\"no\">            <div class=\"bwg-item0\">              <div class=\"bwg-item1 \">      \t\t\t\t\t<img decoding=\"async\" class=\"skip-lazy bwg-masonry-thumb bwg_masonry_thumb_0 \"                       data-id=\"1309\"                       data-src=\"https:\/\/www.fuerteventura-privat.de\/wp-content\/uploads\/photo-gallery\/imported_from_media_libray\/thumb\/IMG_2727.jpg?bwg=1687009516\"                       data-width=\"500.00\"                       data-height=\"375.00\"\t\t\t\t\t\t\t\t\t\t   src=\"https:\/\/www.fuerteventura-privat.de\/wp-content\/uploads\/photo-gallery\/imported_from_media_libray\/thumb\/IMG_2727.jpg?bwg=1687009516\"\t\t\t\t\t\t\t\t\t\t   alt=\"IMG_2727\"\t\t\t\t\t\t\t\t\t\t   title=\"IMG_2727\" \/>                <div class=\"\">                  \t\t\t\t                                            <\/div>              <\/div>            <\/div>                      <\/a>                  <\/div>              <div class=\"bwg-item\">          <a class=\"bwg-a  bwg_lightbox\"  data-image-id=\"1318\" href=\"https:\/\/www.fuerteventura-privat.de\/wp-content\/uploads\/photo-gallery\/imported_from_media_libray\/IMG_2688.jpg?bwg=1687009516\" data-elementor-open-lightbox=\"no\">            <div class=\"bwg-item0\">              <div class=\"bwg-item1 \">      \t\t\t\t\t<img decoding=\"async\" class=\"skip-lazy bwg-masonry-thumb bwg_masonry_thumb_0 \"                       data-id=\"1318\"                       data-src=\"https:\/\/www.fuerteventura-privat.de\/wp-content\/uploads\/photo-gallery\/imported_from_media_libray\/thumb\/IMG_2688.jpg?bwg=1687009516\"                       data-width=\"500.00\"                       data-height=\"375.00\"\t\t\t\t\t\t\t\t\t\t   src=\"https:\/\/www.fuerteventura-privat.de\/wp-content\/uploads\/photo-gallery\/imported_from_media_libray\/thumb\/IMG_2688.jpg?bwg=1687009516\"\t\t\t\t\t\t\t\t\t\t   alt=\"IMG_2688\"\t\t\t\t\t\t\t\t\t\t   title=\"IMG_2688\" \/>                <div class=\"\">                  \t\t\t\t                                            <\/div>              <\/div>            <\/div>                      <\/a>                  <\/div>              <div class=\"bwg-item\">          <a class=\"bwg-a  bwg_lightbox\"  data-image-id=\"1306\" href=\"https:\/\/www.fuerteventura-privat.de\/wp-content\/uploads\/photo-gallery\/imported_from_media_libray\/IMG_2743.jpg?bwg=1687009516\" data-elementor-open-lightbox=\"no\">            <div class=\"bwg-item0\">              <div class=\"bwg-item1 \">      \t\t\t\t\t<img decoding=\"async\" class=\"skip-lazy bwg-masonry-thumb bwg_masonry_thumb_0 \"                       data-id=\"1306\"                       data-src=\"https:\/\/www.fuerteventura-privat.de\/wp-content\/uploads\/photo-gallery\/imported_from_media_libray\/thumb\/IMG_2743.jpg?bwg=1687009516\"                       data-width=\"500.00\"                       data-height=\"375.00\"\t\t\t\t\t\t\t\t\t\t   src=\"https:\/\/www.fuerteventura-privat.de\/wp-content\/uploads\/photo-gallery\/imported_from_media_libray\/thumb\/IMG_2743.jpg?bwg=1687009516\"\t\t\t\t\t\t\t\t\t\t   alt=\"IMG_2743\"\t\t\t\t\t\t\t\t\t\t   title=\"IMG_2743\" \/>                <div class=\"\">                  \t\t\t\t                                            <\/div>              <\/div>            <\/div>                      <\/a>                  <\/div>              <div class=\"bwg-item\">          <a class=\"bwg-a  bwg_lightbox\"  data-image-id=\"1312\" href=\"https:\/\/www.fuerteventura-privat.de\/wp-content\/uploads\/photo-gallery\/imported_from_media_libray\/IMG_2721.jpg?bwg=1687009516\" data-elementor-open-lightbox=\"no\">            <div class=\"bwg-item0\">              <div class=\"bwg-item1 \">      \t\t\t\t\t<img decoding=\"async\" class=\"skip-lazy bwg-masonry-thumb bwg_masonry_thumb_0 \"                       data-id=\"1312\"                       data-src=\"https:\/\/www.fuerteventura-privat.de\/wp-content\/uploads\/photo-gallery\/imported_from_media_libray\/thumb\/IMG_2721.jpg?bwg=1687009516\"                       data-width=\"500.00\"                       data-height=\"375.00\"\t\t\t\t\t\t\t\t\t\t   src=\"https:\/\/www.fuerteventura-privat.de\/wp-content\/uploads\/photo-gallery\/imported_from_media_libray\/thumb\/IMG_2721.jpg?bwg=1687009516\"\t\t\t\t\t\t\t\t\t\t   alt=\"IMG_2721\"\t\t\t\t\t\t\t\t\t\t   title=\"IMG_2721\" \/>                <div class=\"\">                  \t\t\t\t                                            <\/div>              <\/div>            <\/div>                      <\/a>                  <\/div>              <div class=\"bwg-item\">          <a class=\"bwg-a  bwg_lightbox\"  data-image-id=\"1315\" href=\"https:\/\/www.fuerteventura-privat.de\/wp-content\/uploads\/photo-gallery\/imported_from_media_libray\/IMG_2701.jpg?bwg=1687009516\" data-elementor-open-lightbox=\"no\">            <div class=\"bwg-item0\">              <div class=\"bwg-item1 \">      \t\t\t\t\t<img decoding=\"async\" class=\"skip-lazy bwg-masonry-thumb bwg_masonry_thumb_0 \"                       data-id=\"1315\"                       data-src=\"https:\/\/www.fuerteventura-privat.de\/wp-content\/uploads\/photo-gallery\/imported_from_media_libray\/thumb\/IMG_2701.jpg?bwg=1687009516\"                       data-width=\"500.00\"                       data-height=\"375.00\"\t\t\t\t\t\t\t\t\t\t   src=\"https:\/\/www.fuerteventura-privat.de\/wp-content\/uploads\/photo-gallery\/imported_from_media_libray\/thumb\/IMG_2701.jpg?bwg=1687009516\"\t\t\t\t\t\t\t\t\t\t   alt=\"IMG_2701\"\t\t\t\t\t\t\t\t\t\t   title=\"IMG_2701\" \/>                <div class=\"\">                  \t\t\t\t                                            <\/div>              <\/div>            <\/div>                      <\/a>                  <\/div>              <div class=\"bwg-item\">          <a class=\"bwg-a  bwg_lightbox\"  data-image-id=\"1313\" href=\"https:\/\/www.fuerteventura-privat.de\/wp-content\/uploads\/photo-gallery\/imported_from_media_libray\/IMG_2726.jpg?bwg=1687009516\" data-elementor-open-lightbox=\"no\">            <div class=\"bwg-item0\">              <div class=\"bwg-item1 \">      \t\t\t\t\t<img decoding=\"async\" class=\"skip-lazy bwg-masonry-thumb bwg_masonry_thumb_0 \"                       data-id=\"1313\"                       data-src=\"https:\/\/www.fuerteventura-privat.de\/wp-content\/uploads\/photo-gallery\/imported_from_media_libray\/thumb\/IMG_2726.jpg?bwg=1687009516\"                       data-width=\"500.00\"                       data-height=\"375.00\"\t\t\t\t\t\t\t\t\t\t   src=\"https:\/\/www.fuerteventura-privat.de\/wp-content\/uploads\/photo-gallery\/imported_from_media_libray\/thumb\/IMG_2726.jpg?bwg=1687009516\"\t\t\t\t\t\t\t\t\t\t   alt=\"IMG_2726\"\t\t\t\t\t\t\t\t\t\t   title=\"IMG_2726\" \/>                <div class=\"\">                  \t\t\t\t                                            <\/div>              <\/div>            <\/div>                      <\/a>                  <\/div>              <div class=\"bwg-item\">          <a class=\"bwg-a  bwg_lightbox\"  data-image-id=\"1314\" href=\"https:\/\/www.fuerteventura-privat.de\/wp-content\/uploads\/photo-gallery\/imported_from_media_libray\/IMG_2711.jpg?bwg=1687009516\" data-elementor-open-lightbox=\"no\">            <div class=\"bwg-item0\">              <div class=\"bwg-item1 \">      \t\t\t\t\t<img decoding=\"async\" class=\"skip-lazy bwg-masonry-thumb bwg_masonry_thumb_0 \"                       data-id=\"1314\"                       data-src=\"https:\/\/www.fuerteventura-privat.de\/wp-content\/uploads\/photo-gallery\/imported_from_media_libray\/thumb\/IMG_2711.jpg?bwg=1687009516\"                       data-width=\"500.00\"                       data-height=\"375.00\"\t\t\t\t\t\t\t\t\t\t   src=\"https:\/\/www.fuerteventura-privat.de\/wp-content\/uploads\/photo-gallery\/imported_from_media_libray\/thumb\/IMG_2711.jpg?bwg=1687009516\"\t\t\t\t\t\t\t\t\t\t   alt=\"IMG_2711\"\t\t\t\t\t\t\t\t\t\t   title=\"IMG_2711\" \/>                <div class=\"\">                  \t\t\t\t                                            <\/div>              <\/div>            <\/div>                      <\/a>                  <\/div>              <div class=\"bwg-item\">          <a class=\"bwg-a  bwg_lightbox\"  data-image-id=\"1317\" href=\"https:\/\/www.fuerteventura-privat.de\/wp-content\/uploads\/photo-gallery\/imported_from_media_libray\/IMG_2694.jpg?bwg=1687009516\" data-elementor-open-lightbox=\"no\">            <div class=\"bwg-item0\">              <div class=\"bwg-item1 \">      \t\t\t\t\t<img decoding=\"async\" class=\"skip-lazy bwg-masonry-thumb bwg_masonry_thumb_0 \"                       data-id=\"1317\"                       data-src=\"https:\/\/www.fuerteventura-privat.de\/wp-content\/uploads\/photo-gallery\/imported_from_media_libray\/thumb\/IMG_2694.jpg?bwg=1687009516\"                       data-width=\"500.00\"                       data-height=\"375.00\"\t\t\t\t\t\t\t\t\t\t   src=\"https:\/\/www.fuerteventura-privat.de\/wp-content\/uploads\/photo-gallery\/imported_from_media_libray\/thumb\/IMG_2694.jpg?bwg=1687009516\"\t\t\t\t\t\t\t\t\t\t   alt=\"IMG_2694\"\t\t\t\t\t\t\t\t\t\t   title=\"IMG_2694\" \/>                <div class=\"\">                  \t\t\t\t                                            <\/div>              <\/div>            <\/div>                      <\/a>                  <\/div>              <div class=\"bwg-item\">          <a class=\"bwg-a  bwg_lightbox\"  data-image-id=\"1316\" href=\"https:\/\/www.fuerteventura-privat.de\/wp-content\/uploads\/photo-gallery\/imported_from_media_libray\/IMG_2696.jpg?bwg=1687009516\" data-elementor-open-lightbox=\"no\">            <div class=\"bwg-item0\">              <div class=\"bwg-item1 \">      \t\t\t\t\t<img decoding=\"async\" class=\"skip-lazy bwg-masonry-thumb bwg_masonry_thumb_0 \"                       data-id=\"1316\"                       data-src=\"https:\/\/www.fuerteventura-privat.de\/wp-content\/uploads\/photo-gallery\/imported_from_media_libray\/thumb\/IMG_2696.jpg?bwg=1687009516\"                       data-width=\"500.00\"                       data-height=\"375.00\"\t\t\t\t\t\t\t\t\t\t   src=\"https:\/\/www.fuerteventura-privat.de\/wp-content\/uploads\/photo-gallery\/imported_from_media_libray\/thumb\/IMG_2696.jpg?bwg=1687009516\"\t\t\t\t\t\t\t\t\t\t   alt=\"IMG_2696\"\t\t\t\t\t\t\t\t\t\t   title=\"IMG_2696\" \/>                <div class=\"\">                  \t\t\t\t                                            <\/div>              <\/div>            <\/div>                      <\/a>                  <\/div>              <div class=\"bwg-item\">          <a class=\"bwg-a  bwg_lightbox\"  data-image-id=\"1320\" href=\"https:\/\/www.fuerteventura-privat.de\/wp-content\/uploads\/photo-gallery\/imported_from_media_libray\/IMG_2680.jpg?bwg=1687009516\" data-elementor-open-lightbox=\"no\">            <div class=\"bwg-item0\">              <div class=\"bwg-item1 \">      \t\t\t\t\t<img decoding=\"async\" class=\"skip-lazy bwg-masonry-thumb bwg_masonry_thumb_0 \"                       data-id=\"1320\"                       data-src=\"https:\/\/www.fuerteventura-privat.de\/wp-content\/uploads\/photo-gallery\/imported_from_media_libray\/thumb\/IMG_2680.jpg?bwg=1687009516\"                       data-width=\"375.00\"                       data-height=\"500.00\"\t\t\t\t\t\t\t\t\t\t   src=\"https:\/\/www.fuerteventura-privat.de\/wp-content\/uploads\/photo-gallery\/imported_from_media_libray\/thumb\/IMG_2680.jpg?bwg=1687009516\"\t\t\t\t\t\t\t\t\t\t   alt=\"IMG_2680\"\t\t\t\t\t\t\t\t\t\t   title=\"IMG_2680\" \/>                <div class=\"\">                  \t\t\t\t                                            <\/div>              <\/div>            <\/div>                      <\/a>                  <\/div>              <div class=\"bwg-item\">          <a class=\"bwg-a  bwg_lightbox\"  data-image-id=\"1319\" href=\"https:\/\/www.fuerteventura-privat.de\/wp-content\/uploads\/photo-gallery\/imported_from_media_libray\/IMG_2684.jpg?bwg=1687009516\" data-elementor-open-lightbox=\"no\">            <div class=\"bwg-item0\">              <div class=\"bwg-item1 \">      \t\t\t\t\t<img decoding=\"async\" class=\"skip-lazy bwg-masonry-thumb bwg_masonry_thumb_0 \"                       data-id=\"1319\"                       data-src=\"https:\/\/www.fuerteventura-privat.de\/wp-content\/uploads\/photo-gallery\/imported_from_media_libray\/thumb\/IMG_2684.jpg?bwg=1687009516\"                       data-width=\"500.00\"                       data-height=\"375.00\"\t\t\t\t\t\t\t\t\t\t   src=\"https:\/\/www.fuerteventura-privat.de\/wp-content\/uploads\/photo-gallery\/imported_from_media_libray\/thumb\/IMG_2684.jpg?bwg=1687009516\"\t\t\t\t\t\t\t\t\t\t   alt=\"IMG_2684\"\t\t\t\t\t\t\t\t\t\t   title=\"IMG_2684\" \/>                <div class=\"\">                  \t\t\t\t                                            <\/div>              <\/div>            <\/div>                      <\/a>                  <\/div>              <div class=\"bwg-item\">          <a class=\"bwg-a  bwg_lightbox\"  data-image-id=\"1321\" href=\"https:\/\/www.fuerteventura-privat.de\/wp-content\/uploads\/photo-gallery\/imported_from_media_libray\/IMG_2673.jpg?bwg=1687009516\" data-elementor-open-lightbox=\"no\">            <div class=\"bwg-item0\">              <div class=\"bwg-item1 \">      \t\t\t\t\t<img decoding=\"async\" class=\"skip-lazy bwg-masonry-thumb bwg_masonry_thumb_0 \"                       data-id=\"1321\"                       data-src=\"https:\/\/www.fuerteventura-privat.de\/wp-content\/uploads\/photo-gallery\/imported_from_media_libray\/thumb\/IMG_2673.jpg?bwg=1687009516\"                       data-width=\"500.00\"                       data-height=\"375.00\"\t\t\t\t\t\t\t\t\t\t   src=\"https:\/\/www.fuerteventura-privat.de\/wp-content\/uploads\/photo-gallery\/imported_from_media_libray\/thumb\/IMG_2673.jpg?bwg=1687009516\"\t\t\t\t\t\t\t\t\t\t   alt=\"IMG_2673\"\t\t\t\t\t\t\t\t\t\t   title=\"IMG_2673\" \/>                <div class=\"\">                  \t\t\t\t                                            <\/div>              <\/div>            <\/div>                      <\/a>                  <\/div>              <div class=\"bwg-item\">          <a class=\"bwg-a  bwg_lightbox\"  data-image-id=\"1346\" href=\"https:\/\/www.fuerteventura-privat.de\/wp-content\/uploads\/photo-gallery\/imported_from_media_libray\/IMG_2590.jpg?bwg=1687009516\" data-elementor-open-lightbox=\"no\">            <div class=\"bwg-item0\">              <div class=\"bwg-item1 \">      \t\t\t\t\t<img decoding=\"async\" class=\"skip-lazy bwg-masonry-thumb bwg_masonry_thumb_0 \"                       data-id=\"1346\"                       data-src=\"https:\/\/www.fuerteventura-privat.de\/wp-content\/uploads\/photo-gallery\/imported_from_media_libray\/thumb\/IMG_2590.jpg?bwg=1687009516\"                       data-width=\"500.00\"                       data-height=\"375.00\"\t\t\t\t\t\t\t\t\t\t   src=\"https:\/\/www.fuerteventura-privat.de\/wp-content\/uploads\/photo-gallery\/imported_from_media_libray\/thumb\/IMG_2590.jpg?bwg=1687009516\"\t\t\t\t\t\t\t\t\t\t   alt=\"IMG_2590\"\t\t\t\t\t\t\t\t\t\t   title=\"IMG_2590\" \/>                <div class=\"\">                  \t\t\t\t                                            <\/div>              <\/div>            <\/div>                      <\/a>                  <\/div>              <div class=\"bwg-item\">          <a class=\"bwg-a  bwg_lightbox\"  data-image-id=\"1324\" href=\"https:\/\/www.fuerteventura-privat.de\/wp-content\/uploads\/photo-gallery\/imported_from_media_libray\/IMG_2663.jpg?bwg=1687009516\" data-elementor-open-lightbox=\"no\">            <div class=\"bwg-item0\">              <div class=\"bwg-item1 \">      \t\t\t\t\t<img decoding=\"async\" class=\"skip-lazy bwg-masonry-thumb bwg_masonry_thumb_0 \"                       data-id=\"1324\"                       data-src=\"https:\/\/www.fuerteventura-privat.de\/wp-content\/uploads\/photo-gallery\/imported_from_media_libray\/thumb\/IMG_2663.jpg?bwg=1687009516\"                       data-width=\"500.00\"                       data-height=\"375.00\"\t\t\t\t\t\t\t\t\t\t   src=\"https:\/\/www.fuerteventura-privat.de\/wp-content\/uploads\/photo-gallery\/imported_from_media_libray\/thumb\/IMG_2663.jpg?bwg=1687009516\"\t\t\t\t\t\t\t\t\t\t   alt=\"IMG_2663\"\t\t\t\t\t\t\t\t\t\t   title=\"IMG_2663\" \/>                <div class=\"\">                  \t\t\t\t                                            <\/div>              <\/div>            <\/div>                      <\/a>                  <\/div>              <div class=\"bwg-item\">          <a class=\"bwg-a  bwg_lightbox\"  data-image-id=\"1326\" href=\"https:\/\/www.fuerteventura-privat.de\/wp-content\/uploads\/photo-gallery\/imported_from_media_libray\/IMG_2659.jpg?bwg=1687009516\" data-elementor-open-lightbox=\"no\">            <div class=\"bwg-item0\">              <div class=\"bwg-item1 \">      \t\t\t\t\t<img decoding=\"async\" class=\"skip-lazy bwg-masonry-thumb bwg_masonry_thumb_0 \"                       data-id=\"1326\"                       data-src=\"https:\/\/www.fuerteventura-privat.de\/wp-content\/uploads\/photo-gallery\/imported_from_media_libray\/thumb\/IMG_2659.jpg?bwg=1687009516\"                       data-width=\"500.00\"                       data-height=\"375.00\"\t\t\t\t\t\t\t\t\t\t   src=\"https:\/\/www.fuerteventura-privat.de\/wp-content\/uploads\/photo-gallery\/imported_from_media_libray\/thumb\/IMG_2659.jpg?bwg=1687009516\"\t\t\t\t\t\t\t\t\t\t   alt=\"IMG_2659\"\t\t\t\t\t\t\t\t\t\t   title=\"IMG_2659\" \/>                <div class=\"\">                  \t\t\t\t                                            <\/div>              <\/div>            <\/div>                      <\/a>                  <\/div>              <div class=\"bwg-item\">          <a class=\"bwg-a  bwg_lightbox\"  data-image-id=\"1348\" href=\"https:\/\/www.fuerteventura-privat.de\/wp-content\/uploads\/photo-gallery\/imported_from_media_libray\/IMG_2588.jpg?bwg=1687009516\" data-elementor-open-lightbox=\"no\">            <div class=\"bwg-item0\">              <div class=\"bwg-item1 \">      \t\t\t\t\t<img decoding=\"async\" class=\"skip-lazy bwg-masonry-thumb bwg_masonry_thumb_0 \"                       data-id=\"1348\"                       data-src=\"https:\/\/www.fuerteventura-privat.de\/wp-content\/uploads\/photo-gallery\/imported_from_media_libray\/thumb\/IMG_2588.jpg?bwg=1687009516\"                       data-width=\"500.00\"                       data-height=\"375.00\"\t\t\t\t\t\t\t\t\t\t   src=\"https:\/\/www.fuerteventura-privat.de\/wp-content\/uploads\/photo-gallery\/imported_from_media_libray\/thumb\/IMG_2588.jpg?bwg=1687009516\"\t\t\t\t\t\t\t\t\t\t   alt=\"IMG_2588\"\t\t\t\t\t\t\t\t\t\t   title=\"IMG_2588\" \/>                <div class=\"\">                  \t\t\t\t                                            <\/div>              <\/div>            <\/div>                      <\/a>                  <\/div>              <div class=\"bwg-item\">          <a class=\"bwg-a  bwg_lightbox\"  data-image-id=\"1322\" href=\"https:\/\/www.fuerteventura-privat.de\/wp-content\/uploads\/photo-gallery\/imported_from_media_libray\/IMG_2669.jpg?bwg=1687009516\" data-elementor-open-lightbox=\"no\">            <div class=\"bwg-item0\">              <div class=\"bwg-item1 \">      \t\t\t\t\t<img decoding=\"async\" class=\"skip-lazy bwg-masonry-thumb bwg_masonry_thumb_0 \"                       data-id=\"1322\"                       data-src=\"https:\/\/www.fuerteventura-privat.de\/wp-content\/uploads\/photo-gallery\/imported_from_media_libray\/thumb\/IMG_2669.jpg?bwg=1687009516\"                       data-width=\"500.00\"                       data-height=\"375.00\"\t\t\t\t\t\t\t\t\t\t   src=\"https:\/\/www.fuerteventura-privat.de\/wp-content\/uploads\/photo-gallery\/imported_from_media_libray\/thumb\/IMG_2669.jpg?bwg=1687009516\"\t\t\t\t\t\t\t\t\t\t   alt=\"IMG_2669\"\t\t\t\t\t\t\t\t\t\t   title=\"IMG_2669\" \/>                <div class=\"\">                  \t\t\t\t                                            <\/div>              <\/div>            <\/div>                      <\/a>                  <\/div>              <div class=\"bwg-item\">          <a class=\"bwg-a  bwg_lightbox\"  data-image-id=\"1347\" href=\"https:\/\/www.fuerteventura-privat.de\/wp-content\/uploads\/photo-gallery\/imported_from_media_libray\/IMG_2589.jpg?bwg=1687009516\" data-elementor-open-lightbox=\"no\">            <div class=\"bwg-item0\">              <div class=\"bwg-item1 \">      \t\t\t\t\t<img decoding=\"async\" class=\"skip-lazy bwg-masonry-thumb bwg_masonry_thumb_0 \"                       data-id=\"1347\"                       data-src=\"https:\/\/www.fuerteventura-privat.de\/wp-content\/uploads\/photo-gallery\/imported_from_media_libray\/thumb\/IMG_2589.jpg?bwg=1687009516\"                       data-width=\"500.00\"                       data-height=\"375.00\"\t\t\t\t\t\t\t\t\t\t   src=\"https:\/\/www.fuerteventura-privat.de\/wp-content\/uploads\/photo-gallery\/imported_from_media_libray\/thumb\/IMG_2589.jpg?bwg=1687009516\"\t\t\t\t\t\t\t\t\t\t   alt=\"IMG_2589\"\t\t\t\t\t\t\t\t\t\t   title=\"IMG_2589\" \/>                <div class=\"\">                  \t\t\t\t                                            <\/div>              <\/div>            <\/div>                      <\/a>                  <\/div>              <div class=\"bwg-item\">          <a class=\"bwg-a  bwg_lightbox\"  data-image-id=\"1325\" href=\"https:\/\/www.fuerteventura-privat.de\/wp-content\/uploads\/photo-gallery\/imported_from_media_libray\/IMG_2660.jpg?bwg=1687009516\" data-elementor-open-lightbox=\"no\">            <div class=\"bwg-item0\">              <div class=\"bwg-item1 \">      \t\t\t\t\t<img decoding=\"async\" class=\"skip-lazy bwg-masonry-thumb bwg_masonry_thumb_0 \"                       data-id=\"1325\"                       data-src=\"https:\/\/www.fuerteventura-privat.de\/wp-content\/uploads\/photo-gallery\/imported_from_media_libray\/thumb\/IMG_2660.jpg?bwg=1687009516\"                       data-width=\"500.00\"                       data-height=\"375.00\"\t\t\t\t\t\t\t\t\t\t   src=\"https:\/\/www.fuerteventura-privat.de\/wp-content\/uploads\/photo-gallery\/imported_from_media_libray\/thumb\/IMG_2660.jpg?bwg=1687009516\"\t\t\t\t\t\t\t\t\t\t   alt=\"IMG_2660\"\t\t\t\t\t\t\t\t\t\t   title=\"IMG_2660\" \/>                <div class=\"\">                  \t\t\t\t                                            <\/div>              <\/div>            <\/div>                      <\/a>                  <\/div>              <div class=\"bwg-item\">          <a class=\"bwg-a  bwg_lightbox\"  data-image-id=\"1323\" href=\"https:\/\/www.fuerteventura-privat.de\/wp-content\/uploads\/photo-gallery\/imported_from_media_libray\/IMG_2664.jpg?bwg=1687009516\" data-elementor-open-lightbox=\"no\">            <div class=\"bwg-item0\">              <div class=\"bwg-item1 \">      \t\t\t\t\t<img decoding=\"async\" class=\"skip-lazy bwg-masonry-thumb bwg_masonry_thumb_0 \"                       data-id=\"1323\"                       data-src=\"https:\/\/www.fuerteventura-privat.de\/wp-content\/uploads\/photo-gallery\/imported_from_media_libray\/thumb\/IMG_2664.jpg?bwg=1687009516\"                       data-width=\"500.00\"                       data-height=\"375.00\"\t\t\t\t\t\t\t\t\t\t   src=\"https:\/\/www.fuerteventura-privat.de\/wp-content\/uploads\/photo-gallery\/imported_from_media_libray\/thumb\/IMG_2664.jpg?bwg=1687009516\"\t\t\t\t\t\t\t\t\t\t   alt=\"IMG_2664\"\t\t\t\t\t\t\t\t\t\t   title=\"IMG_2664\" \/>                <div class=\"\">                  \t\t\t\t                                            <\/div>              <\/div>            <\/div>                      <\/a>                  <\/div>              <div class=\"bwg-item\">          <a class=\"bwg-a  bwg_lightbox\"  data-image-id=\"1327\" href=\"https:\/\/www.fuerteventura-privat.de\/wp-content\/uploads\/photo-gallery\/imported_from_media_libray\/IMG_2655-1.jpg?bwg=1687009516\" data-elementor-open-lightbox=\"no\">            <div class=\"bwg-item0\">              <div class=\"bwg-item1 \">      \t\t\t\t\t<img decoding=\"async\" class=\"skip-lazy bwg-masonry-thumb bwg_masonry_thumb_0 \"                       data-id=\"1327\"                       data-src=\"https:\/\/www.fuerteventura-privat.de\/wp-content\/uploads\/photo-gallery\/imported_from_media_libray\/thumb\/IMG_2655-1.jpg?bwg=1687009516\"                       data-width=\"500.00\"                       data-height=\"375.00\"\t\t\t\t\t\t\t\t\t\t   src=\"https:\/\/www.fuerteventura-privat.de\/wp-content\/uploads\/photo-gallery\/imported_from_media_libray\/thumb\/IMG_2655-1.jpg?bwg=1687009516\"\t\t\t\t\t\t\t\t\t\t   alt=\"IMG_2655 (1)\"\t\t\t\t\t\t\t\t\t\t   title=\"IMG_2655 (1)\" \/>                <div class=\"\">                  \t\t\t\t                                            <\/div>              <\/div>            <\/div>                      <\/a>                  <\/div>              <div class=\"bwg-item\">          <a class=\"bwg-a  bwg_lightbox\"  data-image-id=\"1352\" href=\"https:\/\/www.fuerteventura-privat.de\/wp-content\/uploads\/photo-gallery\/imported_from_media_libray\/IMG_2571.jpg?bwg=1687009517\" data-elementor-open-lightbox=\"no\">            <div class=\"bwg-item0\">              <div class=\"bwg-item1 \">      \t\t\t\t\t<img decoding=\"async\" class=\"skip-lazy bwg-masonry-thumb bwg_masonry_thumb_0 \"                       data-id=\"1352\"                       data-src=\"https:\/\/www.fuerteventura-privat.de\/wp-content\/uploads\/photo-gallery\/imported_from_media_libray\/thumb\/IMG_2571.jpg?bwg=1687009517\"                       data-width=\"500.00\"                       data-height=\"375.00\"\t\t\t\t\t\t\t\t\t\t   src=\"https:\/\/www.fuerteventura-privat.de\/wp-content\/uploads\/photo-gallery\/imported_from_media_libray\/thumb\/IMG_2571.jpg?bwg=1687009517\"\t\t\t\t\t\t\t\t\t\t   alt=\"IMG_2571\"\t\t\t\t\t\t\t\t\t\t   title=\"IMG_2571\" \/>                <div class=\"\">                  \t\t\t\t                                            <\/div>              <\/div>            <\/div>                      <\/a>                  <\/div>              <div class=\"bwg-item\">          <a class=\"bwg-a  bwg_lightbox\"  data-image-id=\"1351\" href=\"https:\/\/www.fuerteventura-privat.de\/wp-content\/uploads\/photo-gallery\/imported_from_media_libray\/IMG_2579.jpg?bwg=1687009517\" data-elementor-open-lightbox=\"no\">            <div class=\"bwg-item0\">              <div class=\"bwg-item1 \">      \t\t\t\t\t<img decoding=\"async\" class=\"skip-lazy bwg-masonry-thumb bwg_masonry_thumb_0 \"                       data-id=\"1351\"                       data-src=\"https:\/\/www.fuerteventura-privat.de\/wp-content\/uploads\/photo-gallery\/imported_from_media_libray\/thumb\/IMG_2579.jpg?bwg=1687009517\"                       data-width=\"500.00\"                       data-height=\"375.00\"\t\t\t\t\t\t\t\t\t\t   src=\"https:\/\/www.fuerteventura-privat.de\/wp-content\/uploads\/photo-gallery\/imported_from_media_libray\/thumb\/IMG_2579.jpg?bwg=1687009517\"\t\t\t\t\t\t\t\t\t\t   alt=\"IMG_2579\"\t\t\t\t\t\t\t\t\t\t   title=\"IMG_2579\" \/>                <div class=\"\">                  \t\t\t\t                                            <\/div>              <\/div>            <\/div>                      <\/a>                  <\/div>              <div class=\"bwg-item\">          <a class=\"bwg-a  bwg_lightbox\"  data-image-id=\"1303\" href=\"https:\/\/www.fuerteventura-privat.de\/wp-content\/uploads\/photo-gallery\/imported_from_media_libray\/IMG_0358-2.jpg?bwg=1687009516\" data-elementor-open-lightbox=\"no\">            <div class=\"bwg-item0\">              <div class=\"bwg-item1 \">      \t\t\t\t\t<img decoding=\"async\" class=\"skip-lazy bwg-masonry-thumb bwg_masonry_thumb_0 \"                       data-id=\"1303\"                       data-src=\"https:\/\/www.fuerteventura-privat.de\/wp-content\/uploads\/photo-gallery\/imported_from_media_libray\/thumb\/IMG_0358-2.jpg?bwg=1687009516\"                       data-width=\"333.00\"                       data-height=\"500.00\"\t\t\t\t\t\t\t\t\t\t   src=\"https:\/\/www.fuerteventura-privat.de\/wp-content\/uploads\/photo-gallery\/imported_from_media_libray\/thumb\/IMG_0358-2.jpg?bwg=1687009516\"\t\t\t\t\t\t\t\t\t\t   alt=\"IMG_0358 (2)\"\t\t\t\t\t\t\t\t\t\t   title=\"IMG_0358 (2)\" \/>                <div class=\"\">                  \t\t\t\t                                            <\/div>              <\/div>            <\/div>                      <\/a>                  <\/div>              <div class=\"bwg-item\">          <a class=\"bwg-a  bwg_lightbox\"  data-image-id=\"1304\" href=\"https:\/\/www.fuerteventura-privat.de\/wp-content\/uploads\/photo-gallery\/imported_from_media_libray\/IMG_0360.jpg?bwg=1687009516\" data-elementor-open-lightbox=\"no\">            <div class=\"bwg-item0\">              <div class=\"bwg-item1 \">      \t\t\t\t\t<img decoding=\"async\" class=\"skip-lazy bwg-masonry-thumb bwg_masonry_thumb_0 \"                       data-id=\"1304\"                       data-src=\"https:\/\/www.fuerteventura-privat.de\/wp-content\/uploads\/photo-gallery\/imported_from_media_libray\/thumb\/IMG_0360.jpg?bwg=1687009516\"                       data-width=\"500.00\"                       data-height=\"334.00\"\t\t\t\t\t\t\t\t\t\t   src=\"https:\/\/www.fuerteventura-privat.de\/wp-content\/uploads\/photo-gallery\/imported_from_media_libray\/thumb\/IMG_0360.jpg?bwg=1687009516\"\t\t\t\t\t\t\t\t\t\t   alt=\"IMG_0360\"\t\t\t\t\t\t\t\t\t\t   title=\"IMG_0360\" \/>                <div class=\"\">                  \t\t\t\t                                            <\/div>              <\/div>            <\/div>                      <\/a>                  <\/div>          <\/div>    <style>      \/*pagination styles*\/      #bwg_container1_0 #bwg_container2_0 .tablenav-pages_0 {\t\t\t\ttext-align: center;\t\t\t\tfont-size: 12px;\t\t\t\tfont-family: Ubuntu;\t\t\t\tfont-weight: bold;\t\t\t\tcolor: #666666;\t\t\t\tmargin: 6px 0 4px;\t\t\t\tdisplay: block;      }      @media only screen and (max-width : 320px) {      #bwg_container1_0 #bwg_container2_0 .displaying-num_0 {     \t display: none;      }      }      #bwg_container1_0 #bwg_container2_0 .displaying-num_0 {\t\t\t\tfont-size: 12px;\t\t\t\tfont-family: Ubuntu;\t\t\t\tfont-weight: bold;\t\t\t\tcolor: #666666;\t\t\t\tmargin-right: 10px;\t\t\t\tvertical-align: middle;      }      #bwg_container1_0 #bwg_container2_0 .paging-input_0 {\t\t\t\tfont-size: 12px;\t\t\t\tfont-family: Ubuntu;\t\t\t\tfont-weight: bold;\t\t\t\tcolor: #666666;\t\t\t\tvertical-align: middle;      }      #bwg_container1_0 #bwg_container2_0 .tablenav-pages_0 a.disabled,      #bwg_container1_0 #bwg_container2_0 .tablenav-pages_0 a.disabled:hover,      #bwg_container1_0 #bwg_container2_0 .tablenav-pages_0 a.disabled:focus,\t\t\t#bwg_container1_0 #bwg_container2_0 .tablenav-pages_0 input.bwg_current_page {\t\t\t\tcursor: default;\t\t\t\tcolor: rgba(102, 102, 102, 0.5);      }      #bwg_container1_0 #bwg_container2_0 .tablenav-pages_0 a,      #bwg_container1_0 #bwg_container2_0 .tablenav-pages_0 input.bwg_current_page {\t\t\t\tcursor: pointer;\t\t\t\ttext-align: center;\t\t\t\tfont-size: 12px;\t\t\t\tfont-family: Ubuntu;\t\t\t\tfont-weight: bold;\t\t\t\tcolor: #666666;\t\t\t\ttext-decoration: none;\t\t\t\tpadding: 3px 6px;\t\t\t\tmargin: 0;\t\t\t\tborder-radius: 0;\t\t\t\tborder-style: solid;\t\t\t\tborder-width: 1px;\t\t\t\tborder-color: #E3E3E3;\t\t\t\t\t\t\t\tbackground-color: rgba(255, 255, 255, 1.00);\t\t\t\tbox-shadow: 0;\t\t\t\ttransition: all 0.3s ease 0s;-webkit-transition: all 0.3s ease 0s;      }      <\/style>      <span class=\"bwg_nav_cont_0\">              <div class=\"tablenav-pages_0\">                      <span class=\"pagination-links_0 pagination-links\" data-pages-count=\"2\">              <span class=\"pagination-links_col1\">              <a class=\"bwg-a first-page disabled\" title=\"Go to the first page\" >\u00ab<\/a>              <a class=\"bwg-a prev-page disabled\" title=\"Go to the previous page\" >\u2039<\/a>              <\/span>\t\t\t\t\t\t\t<span class=\"pagination-links_col2\">\t\t\t\t\t\t\t\t\t<input type=\"number\" class=\"bwg_current_page\" name=\"bwg_current_page\" value=\"1\" data-url-info=\"page_number_0\" onkeypress=\"return bwg_change_page_0(event, this)\" min=\"1\" oninput=\"validity.valid||(value='')\" \/>\t\t\t\t\t\t\t\t\t\tof\t\t\t\t\t\t\t\t\t\t<span class=\"total-pages_0\">\t\t\t\t\t\t\t\t\t\t\t2\t\t\t\t\t\t\t\t\t\t<\/span>\t\t\t\t\t\t\t<\/span>              <span class=\"pagination-links_col3\">                <a class=\"bwg-a next-page-0\" title=\"Go to the next page\" href=\"\/en\/wp-json\/wp\/v2\/fuerte-vermietungen\/25068?page_number_0=2\">\u203a<\/a>                <a class=\"bwg-a last-page-0\" title=\"Go to the last page\" href=\"\/en\/wp-json\/wp\/v2\/fuerte-vermietungen\/25068?page_number_0=2\">\u00bb<\/a>              <\/span>\t\t\t\t\t\t<\/span>\t\t\t\t\t\t        <\/div>                <input type=\"hidden\" id=\"page_number_0\" name=\"page_number_0\" value=\"1\" \/>      <script type=\"text\/javascript\">        if( jQuery('.bwg_nav_cont_0').length > 1 ) {          jQuery('.bwg_nav_cont_0').first().remove()        }        function spider_page_0(cur, x, y, load_more) {          if (typeof load_more == \"undefined\") {            var load_more = false;          }          if (jQuery(cur).hasClass('disabled')) {            return false;          }          var items_county_0 = 2;          switch (y) {            case 1:              if (x >= items_county_0) {                document.getElementById('page_number_0').value = items_county_0;              }              else {                document.getElementById('page_number_0').value = x + 1;              }              break;            case 2:              document.getElementById('page_number_0').value = items_county_0;              break;            case -1:              if (x == 1) {                document.getElementById('page_number_0').value = 1;              }              else {                document.getElementById('page_number_0').value = x - 1;              }              break;            case -2:              document.getElementById('page_number_0').value = 1;              break;\t\t\t\t\t\tcase 0:              document.getElementById('page_number_0').value = x;              break;            default:              document.getElementById('page_number_0').value = 1;          }          bwg_ajax('gal_front_form_0', '0', 'bwg_thumbnails_masonry_0', '0', '', 'gallery', 0, '', '', load_more, '', 1);        }                    jQuery('.first-page disabled').on('click', function () {              spider_page_0(this, 1, -2, 'numeric');              return false;            });            jQuery('.prev-page disabled').on('click', function () {              spider_page_0(this, 1, -1, 'numeric');              return false;            });            jQuery('.next-page-0').on('click', function () {              spider_page_0(this, 1, 1, 'numeric');              return false;            });            jQuery('.last-page-0').on('click', function () {              spider_page_0(this, 1, 2, 'numeric');              return false;            });        \t\t\t\t\/* Change page on input enter. *\/        function bwg_change_page_0( e, that ) {          if (  e.key == 'Enter' ) {            var to_page = parseInt(jQuery(that).val());            var pages_count = jQuery(that).parents(\".pagination-links\").data(\"pages-count\");            var current_url_param = jQuery(that).attr('data-url-info');            if (to_page > pages_count) {              to_page = 1;            }\t \t\t\t\t\t\t\t\t\t\t\t\tspider_page_0(this, to_page, 0, 'numeric');\t\t\t\t\t\t\treturn false;\t\t\t\t\t\t          }          return true;        }        jQuery('.bwg_load_btn_0').on('click', function () {            spider_page_0(this, 1, 1, true);            return false;        });      <\/script>      <\/span>                <\/div>        <\/form>        <style>          #bwg_container1_0 #bwg_container2_0 #spider_popup_overlay_0 {          background-color: #EEEEEE;          opacity: 0.60;          }          <\/style>        <div id=\"bwg_spider_popup_loading_0\" class=\"bwg_spider_popup_loading\"><\/div>        <div id=\"spider_popup_overlay_0\" class=\"spider_popup_overlay\" onclick=\"spider_destroypopup(1000)\"><\/div>        <input type=\"hidden\" id=\"bwg_random_seed_0\" value=\"542625330\">                <\/div>    <\/div>    <script>      if (document.readyState === 'complete') {        if( typeof bwg_main_ready == 'function' ) {          if ( jQuery(\"#bwg_container1_0\").height() ) {            bwg_main_ready(jQuery(\"#bwg_container1_0\"));          }        }      } else {        document.addEventListener('DOMContentLoaded', function() {          if( typeof bwg_main_ready == 'function' ) {            if ( jQuery(\"#bwg_container1_0\").height() ) {             bwg_main_ready(jQuery(\"#bwg_container1_0\"));            }          }        });      }    <\/script>    \n","protected":false},"featured_media":23433,"template":"","meta":{"_acf_changed":false,"site-sidebar-layout":"default","site-content-layout":"default","ast-site-content-layout":"default","site-content-style":"default","site-sidebar-style":"default","ast-global-header-display":"","ast-banner-title-visibility":"","ast-main-header-display":"","ast-hfb-above-header-display":"","ast-hfb-below-header-display":"","ast-hfb-mobile-header-display":"","site-post-title":"","ast-breadcrumbs-content":"","ast-featured-img":"","footer-sml-layout":"","ast-disable-related-posts":"","theme-transparent-header-meta":"default","adv-header-id-meta":"","stick-header-meta":"default","header-above-stick-meta":"","header-main-stick-meta":"","header-below-stick-meta":"","astra-migrate-meta-layouts":"set","ast-page-background-enabled":"default","ast-page-background-meta":{"desktop":{"background-color":"var(--ast-global-color-4)","background-image":"","background-repeat":"repeat","background-position":"center center","background-size":"auto","background-attachment":"scroll","background-type":"","background-media":"","overlay-type":"","overlay-color":"","overlay-opacity":"","overlay-gradient":""},"tablet":{"background-color":"","background-image":"","background-repeat":"repeat","background-position":"center center","background-size":"auto","background-attachment":"scroll","background-type":"","background-media":"","overlay-type":"","overlay-color":"","overlay-opacity":"","overlay-gradient":""},"mobile":{"background-color":"","background-image":"","background-repeat":"repeat","background-position":"center center","background-size":"auto","background-attachment":"scroll","background-type":"","background-media":"","overlay-type":"","overlay-color":"","overlay-opacity":"","overlay-gradient":""}},"ast-content-background-meta":{"desktop":{"background-color":"var(--ast-global-color-5)","background-image":"","background-repeat":"repeat","background-position":"center center","background-size":"auto","background-attachment":"scroll","background-type":"","background-media":"","overlay-type":"","overlay-color":"","overlay-opacity":"","overlay-gradient":""},"tablet":{"background-color":"var(--ast-global-color-5)","background-image":"","background-repeat":"repeat","background-position":"center center","background-size":"auto","background-attachment":"scroll","background-type":"","background-media":"","overlay-type":"","overlay-color":"","overlay-opacity":"","overlay-gradient":""},"mobile":{"background-color":"var(--ast-global-color-5)","background-image":"","background-repeat":"repeat","background-position":"center center","background-size":"auto","background-attachment":"scroll","background-type":"","background-media":"","overlay-type":"","overlay-color":"","overlay-opacity":"","overlay-gradient":""}}},"kategorie-unterkunft-fuerte":[300,305],"class_list":["post-25068","fuerte-vermietungen","type-fuerte-vermietungen","status-publish","has-post-thumbnail","hentry","kategorie-unterkunft-fuerte-casa","kategorie-unterkunft-fuerte-fincas"],"acf":[],"yoast_head":"<!-- This site is optimized with the Yoast SEO plugin v27.5 - https:\/\/yoast.com\/product\/yoast-seo-wordpress\/ -->\n<title>Top Finca mit Pool zentral gelegen. Modern und komfortabel.<\/title>\n<meta name=\"description\" content=\"Elegante gro\u00dfe Finca mit Pool zentral gelegen auf Fuerteventura. Modern und komfortabel eingerichtet. Nahe Tuineje.\" \/>\n<meta name=\"robots\" content=\"index, follow, max-snippet:-1, max-image-preview:large, max-video-preview:-1\" \/>\n<link rel=\"canonical\" href=\"https:\/\/www.fuerteventura-privat.de\/en\/fuerte-vermietungen\/finca-la-gairia-nahe-tuineje-2\/\" \/>\n<meta property=\"og:locale\" content=\"en_US\" \/>\n<meta property=\"og:type\" content=\"article\" \/>\n<meta property=\"og:title\" content=\"Top Finca mit Pool zentral gelegen. Modern und komfortabel.\" \/>\n<meta property=\"og:description\" content=\"Elegante gro\u00dfe Finca mit Pool zentral gelegen auf Fuerteventura. Modern und komfortabel eingerichtet. Nahe Tuineje.\" \/>\n<meta property=\"og:url\" content=\"https:\/\/www.fuerteventura-privat.de\/en\/fuerte-vermietungen\/finca-la-gairia-nahe-tuineje-2\/\" \/>\n<meta property=\"og:site_name\" content=\"Ferienhaus, Finca oder Appartement mit Vor-Ort-Service - Fuerteventura Privat\" \/>\n<meta property=\"og:image\" content=\"https:\/\/www.fuerteventura-privat.de\/wp-content\/uploads\/2025\/06\/IMG_2712-1.jpg\" \/>\n\t<meta property=\"og:image:width\" content=\"1000\" \/>\n\t<meta property=\"og:image:height\" content=\"750\" \/>\n\t<meta property=\"og:image:type\" content=\"image\/jpeg\" \/>\n<meta name=\"twitter:card\" content=\"summary_large_image\" \/>\n<meta name=\"twitter:label1\" content=\"Est. reading time\" \/>\n\t<meta name=\"twitter:data1\" content=\"3 minutes\" \/>\n<script type=\"application\/ld+json\" class=\"yoast-schema-graph\">{\"@context\":\"https:\\\/\\\/schema.org\",\"@graph\":[{\"@type\":\"WebPage\",\"@id\":\"https:\\\/\\\/www.fuerteventura-privat.de\\\/en\\\/fuerte-vermietungen\\\/finca-la-gairia-nahe-tuineje-2\\\/\",\"url\":\"https:\\\/\\\/www.fuerteventura-privat.de\\\/en\\\/fuerte-vermietungen\\\/finca-la-gairia-nahe-tuineje-2\\\/\",\"name\":\"Top Finca mit Pool zentral gelegen. Modern und komfortabel.\",\"isPartOf\":{\"@id\":\"https:\\\/\\\/www.fuerteventura-privat.de\\\/en\\\/#website\"},\"primaryImageOfPage\":{\"@id\":\"https:\\\/\\\/www.fuerteventura-privat.de\\\/en\\\/fuerte-vermietungen\\\/finca-la-gairia-nahe-tuineje-2\\\/#primaryimage\"},\"image\":{\"@id\":\"https:\\\/\\\/www.fuerteventura-privat.de\\\/en\\\/fuerte-vermietungen\\\/finca-la-gairia-nahe-tuineje-2\\\/#primaryimage\"},\"thumbnailUrl\":\"https:\\\/\\\/www.fuerteventura-privat.de\\\/wp-content\\\/uploads\\\/2025\\\/06\\\/IMG_2712-1.jpg\",\"datePublished\":\"2023-06-19T11:47:22+00:00\",\"description\":\"Elegante gro\u00dfe Finca mit Pool zentral gelegen auf Fuerteventura. Modern und komfortabel eingerichtet. Nahe Tuineje.\",\"breadcrumb\":{\"@id\":\"https:\\\/\\\/www.fuerteventura-privat.de\\\/en\\\/fuerte-vermietungen\\\/finca-la-gairia-nahe-tuineje-2\\\/#breadcrumb\"},\"inLanguage\":\"en-US\",\"potentialAction\":[{\"@type\":\"ReadAction\",\"target\":[\"https:\\\/\\\/www.fuerteventura-privat.de\\\/en\\\/fuerte-vermietungen\\\/finca-la-gairia-nahe-tuineje-2\\\/\"]}]},{\"@type\":\"ImageObject\",\"inLanguage\":\"en-US\",\"@id\":\"https:\\\/\\\/www.fuerteventura-privat.de\\\/en\\\/fuerte-vermietungen\\\/finca-la-gairia-nahe-tuineje-2\\\/#primaryimage\",\"url\":\"https:\\\/\\\/www.fuerteventura-privat.de\\\/wp-content\\\/uploads\\\/2025\\\/06\\\/IMG_2712-1.jpg\",\"contentUrl\":\"https:\\\/\\\/www.fuerteventura-privat.de\\\/wp-content\\\/uploads\\\/2025\\\/06\\\/IMG_2712-1.jpg\",\"width\":1000,\"height\":750},{\"@type\":\"BreadcrumbList\",\"@id\":\"https:\\\/\\\/www.fuerteventura-privat.de\\\/en\\\/fuerte-vermietungen\\\/finca-la-gairia-nahe-tuineje-2\\\/#breadcrumb\",\"itemListElement\":[{\"@type\":\"ListItem\",\"position\":1,\"name\":\"Home\",\"item\":\"https:\\\/\\\/www.fuerteventura-privat.de\\\/en\\\/\"},{\"@type\":\"ListItem\",\"position\":2,\"name\":\"Finca La Gairia nahe Tuineje\"}]},{\"@type\":\"WebSite\",\"@id\":\"https:\\\/\\\/www.fuerteventura-privat.de\\\/en\\\/#website\",\"url\":\"https:\\\/\\\/www.fuerteventura-privat.de\\\/en\\\/\",\"name\":\"Ferienhaus, Finca oder Appartement mit Vor-Ort-Service - Fuerteventura Privat\",\"description\":\"\",\"publisher\":{\"@id\":\"https:\\\/\\\/www.fuerteventura-privat.de\\\/en\\\/#organization\"},\"potentialAction\":[{\"@type\":\"SearchAction\",\"target\":{\"@type\":\"EntryPoint\",\"urlTemplate\":\"https:\\\/\\\/www.fuerteventura-privat.de\\\/en\\\/?s={search_term_string}\"},\"query-input\":{\"@type\":\"PropertyValueSpecification\",\"valueRequired\":true,\"valueName\":\"search_term_string\"}}],\"inLanguage\":\"en-US\"},{\"@type\":\"Organization\",\"@id\":\"https:\\\/\\\/www.fuerteventura-privat.de\\\/en\\\/#organization\",\"name\":\"Ferienhaus, Finca oder Appartement mit Vor-Ort-Service - Fuerteventura Privat\",\"url\":\"https:\\\/\\\/www.fuerteventura-privat.de\\\/en\\\/\",\"logo\":{\"@type\":\"ImageObject\",\"inLanguage\":\"en-US\",\"@id\":\"https:\\\/\\\/www.fuerteventura-privat.de\\\/en\\\/#\\\/schema\\\/logo\\\/image\\\/\",\"url\":\"https:\\\/\\\/www.fuerteventura-privat.de\\\/wp-content\\\/uploads\\\/2019\\\/12\\\/logo-fuerte.png\",\"contentUrl\":\"https:\\\/\\\/www.fuerteventura-privat.de\\\/wp-content\\\/uploads\\\/2019\\\/12\\\/logo-fuerte.png\",\"width\":300,\"height\":111,\"caption\":\"Ferienhaus, Finca oder Appartement mit Vor-Ort-Service  - Fuerteventura Privat\"},\"image\":{\"@id\":\"https:\\\/\\\/www.fuerteventura-privat.de\\\/en\\\/#\\\/schema\\\/logo\\\/image\\\/\"}}]}<\/script>\n<!-- \/ Yoast SEO plugin. -->","yoast_head_json":{"title":"Top Finca mit Pool zentral gelegen. Modern und komfortabel.","description":"Elegante gro\u00dfe Finca mit Pool zentral gelegen auf Fuerteventura. Modern und komfortabel eingerichtet. Nahe Tuineje.","robots":{"index":"index","follow":"follow","max-snippet":"max-snippet:-1","max-image-preview":"max-image-preview:large","max-video-preview":"max-video-preview:-1"},"canonical":"https:\/\/www.fuerteventura-privat.de\/en\/fuerte-vermietungen\/finca-la-gairia-nahe-tuineje-2\/","og_locale":"en_US","og_type":"article","og_title":"Top Finca mit Pool zentral gelegen. Modern und komfortabel.","og_description":"Elegante gro\u00dfe Finca mit Pool zentral gelegen auf Fuerteventura. Modern und komfortabel eingerichtet. Nahe Tuineje.","og_url":"https:\/\/www.fuerteventura-privat.de\/en\/fuerte-vermietungen\/finca-la-gairia-nahe-tuineje-2\/","og_site_name":"Ferienhaus, Finca oder Appartement mit Vor-Ort-Service - Fuerteventura Privat","og_image":[{"width":1000,"height":750,"url":"https:\/\/www.fuerteventura-privat.de\/wp-content\/uploads\/2025\/06\/IMG_2712-1.jpg","type":"image\/jpeg"}],"twitter_card":"summary_large_image","twitter_misc":{"Est. reading time":"3 minutes"},"schema":{"@context":"https:\/\/schema.org","@graph":[{"@type":"WebPage","@id":"https:\/\/www.fuerteventura-privat.de\/en\/fuerte-vermietungen\/finca-la-gairia-nahe-tuineje-2\/","url":"https:\/\/www.fuerteventura-privat.de\/en\/fuerte-vermietungen\/finca-la-gairia-nahe-tuineje-2\/","name":"Top Finca mit Pool zentral gelegen. Modern und komfortabel.","isPartOf":{"@id":"https:\/\/www.fuerteventura-privat.de\/en\/#website"},"primaryImageOfPage":{"@id":"https:\/\/www.fuerteventura-privat.de\/en\/fuerte-vermietungen\/finca-la-gairia-nahe-tuineje-2\/#primaryimage"},"image":{"@id":"https:\/\/www.fuerteventura-privat.de\/en\/fuerte-vermietungen\/finca-la-gairia-nahe-tuineje-2\/#primaryimage"},"thumbnailUrl":"https:\/\/www.fuerteventura-privat.de\/wp-content\/uploads\/2025\/06\/IMG_2712-1.jpg","datePublished":"2023-06-19T11:47:22+00:00","description":"Elegante gro\u00dfe Finca mit Pool zentral gelegen auf Fuerteventura. Modern und komfortabel eingerichtet. Nahe Tuineje.","breadcrumb":{"@id":"https:\/\/www.fuerteventura-privat.de\/en\/fuerte-vermietungen\/finca-la-gairia-nahe-tuineje-2\/#breadcrumb"},"inLanguage":"en-US","potentialAction":[{"@type":"ReadAction","target":["https:\/\/www.fuerteventura-privat.de\/en\/fuerte-vermietungen\/finca-la-gairia-nahe-tuineje-2\/"]}]},{"@type":"ImageObject","inLanguage":"en-US","@id":"https:\/\/www.fuerteventura-privat.de\/en\/fuerte-vermietungen\/finca-la-gairia-nahe-tuineje-2\/#primaryimage","url":"https:\/\/www.fuerteventura-privat.de\/wp-content\/uploads\/2025\/06\/IMG_2712-1.jpg","contentUrl":"https:\/\/www.fuerteventura-privat.de\/wp-content\/uploads\/2025\/06\/IMG_2712-1.jpg","width":1000,"height":750},{"@type":"BreadcrumbList","@id":"https:\/\/www.fuerteventura-privat.de\/en\/fuerte-vermietungen\/finca-la-gairia-nahe-tuineje-2\/#breadcrumb","itemListElement":[{"@type":"ListItem","position":1,"name":"Home","item":"https:\/\/www.fuerteventura-privat.de\/en\/"},{"@type":"ListItem","position":2,"name":"Finca La Gairia nahe Tuineje"}]},{"@type":"WebSite","@id":"https:\/\/www.fuerteventura-privat.de\/en\/#website","url":"https:\/\/www.fuerteventura-privat.de\/en\/","name":"Ferienhaus, Finca oder Appartement mit Vor-Ort-Service - Fuerteventura Privat","description":"","publisher":{"@id":"https:\/\/www.fuerteventura-privat.de\/en\/#organization"},"potentialAction":[{"@type":"SearchAction","target":{"@type":"EntryPoint","urlTemplate":"https:\/\/www.fuerteventura-privat.de\/en\/?s={search_term_string}"},"query-input":{"@type":"PropertyValueSpecification","valueRequired":true,"valueName":"search_term_string"}}],"inLanguage":"en-US"},{"@type":"Organization","@id":"https:\/\/www.fuerteventura-privat.de\/en\/#organization","name":"Ferienhaus, Finca oder Appartement mit Vor-Ort-Service - Fuerteventura Privat","url":"https:\/\/www.fuerteventura-privat.de\/en\/","logo":{"@type":"ImageObject","inLanguage":"en-US","@id":"https:\/\/www.fuerteventura-privat.de\/en\/#\/schema\/logo\/image\/","url":"https:\/\/www.fuerteventura-privat.de\/wp-content\/uploads\/2019\/12\/logo-fuerte.png","contentUrl":"https:\/\/www.fuerteventura-privat.de\/wp-content\/uploads\/2019\/12\/logo-fuerte.png","width":300,"height":111,"caption":"Ferienhaus, Finca oder Appartement mit Vor-Ort-Service  - Fuerteventura Privat"},"image":{"@id":"https:\/\/www.fuerteventura-privat.de\/en\/#\/schema\/logo\/image\/"}}]}},"_links":{"self":[{"href":"https:\/\/www.fuerteventura-privat.de\/en\/wp-json\/wp\/v2\/fuerte-vermietungen\/25068","targetHints":{"allow":["GET"]}}],"collection":[{"href":"https:\/\/www.fuerteventura-privat.de\/en\/wp-json\/wp\/v2\/fuerte-vermietungen"}],"about":[{"href":"https:\/\/www.fuerteventura-privat.de\/en\/wp-json\/wp\/v2\/types\/fuerte-vermietungen"}],"wp:featuredmedia":[{"embeddable":true,"href":"https:\/\/www.fuerteventura-privat.de\/en\/wp-json\/wp\/v2\/media\/23433"}],"wp:attachment":[{"href":"https:\/\/www.fuerteventura-privat.de\/en\/wp-json\/wp\/v2\/media?parent=25068"}],"wp:term":[{"taxonomy":"kategorie-unterkunft-fuerte","embeddable":true,"href":"https:\/\/www.fuerteventura-privat.de\/en\/wp-json\/wp\/v2\/kategorie-unterkunft-fuerte?post=25068"}],"curies":[{"name":"wp","href":"https:\/\/api.w.org\/{rel}","templated":true}]}}