{"id":25040,"date":"2023-06-19T13:47:23","date_gmt":"2023-06-19T11:47:23","guid":{"rendered":"https:\/\/www.fuerteventura-privat.de\/fuerte-vermietungen\/casa-mar-i-2\/"},"modified":"2023-06-19T13:47:23","modified_gmt":"2023-06-19T11:47:23","slug":"casa-mar-i-2","status":"publish","type":"fuerte-vermietungen","link":"https:\/\/www.fuerteventura-privat.de\/en\/fuerte-vermietungen\/casa-mar-i-2\/","title":{"rendered":"Casa Mar I"},"content":{"rendered":"<h2>Ruhig gelegenes Ferienhaus mit kleinem, beheizten Pool am Meer.<\/h2>\n<p>Dieses Ferienhaus liegt am h\u00fcbschen Strand eines kleinen, ruhigen ehemaligen Fischer-D\u00f6rfchen, im dem sich seit einigen Jahren eine sehr beschauliche touristische Infrastruktur entwickelt hat &#8211; auch\u00a0 mit der neu errichteten Promenade durchaus h\u00fcbsch anzusehen.<\/p>\n<p>Das Haus selbst liegt in zweiter Strandreihe und Sie sind zu Fu\u00df ganz schnell am Meer, an der kleinen, h\u00fcbschen Promenade und dem Strand. Dieser besteht\u00a0 hier aus einem Mix aus feinem schwarzen und z.T. auch hellem Sand und kleineren bis mittelgro\u00dfen Kieselsteinen. Das Meer ist ist hier meistens sehr ruhig und l\u00e4dt zum Baden im sch\u00f6nen Atlantik ein.<\/p>\n<p>Von Au\u00dfen nicht sofort erkennbar, bietet das Haus im Inneren doch sehr viel Platz f\u00fcr bis zu 6 Personen. Hier finden Sie auf 2 Etagen verteilt 3 Schlafzimmer (2 davon mit Meerblick), 2 Dusch-B\u00e4der (eines oben und eines unten), eine gro\u00dfe moderne K\u00fcche sowie einen sch\u00f6nen Wohn- und Essraum. Auch der Au\u00dfenbereich ist attraktiv. Das gr\u00f6\u00dfere Schlafzimmer mit Meerblick bietet Ihnen zum Beispiel eine kleine Sonnen-Terrasse und Parterre finden Sie rund um das Haus einen weiteren gro\u00dfz\u00fcgigen Terrassen-Bereich mit kleinem und beheizten Pool.<\/p>\n<h3>Gute und ruhige Lage. Abseits der Masse und doch nahe Costa Calma oder Gran Tarajal.<\/h3>\n<p>Der kleine Ort selbst hat einen gut sortierten Supermarkt, ein paar Bars und 3 Restaurants. Eines davon empfehlen wir sehr gerne. Der beschauliche Ort liegt nicht weit vom h\u00fcbschen, authentischen Kanarenst\u00e4dtchen Gran Tarajal entfernt (ca. 10-5 Minuten mit dem Auto) das direkt am Meer liegt. Hier k\u00f6nnen Sie ebenfalls am sandigen Strand liegen und im Meer baden oder auf der Promenade in einer der vielen Restaurants, Bars und Caf\u00e9s verweilen.\u00a0 Dort gibt es auch am Hafen ein Restaurant mit frischem Fisch und angrenzendem Laden f\u00fcr den Kauf von frischem Fisch. Dar\u00fcber hinaus hat Gran Tarajal jede Menge Gesch\u00e4fte und mehrere Superm\u00e4rkte. Auch weiter s\u00fcdlich Richtung Costa Calma sind es nur maximal 10 Minuten mit dem Wagen und zum sch\u00f6nen alten Fischerdorf Morro Jable ca. 20 Minuten. Auch die Ostk\u00fcste und das verschlafene, feine St\u00e4dtchen Pajara sind rasch zu erreichen.<br \/>\n<style id=\"bwg-style-0\">      #bwg_container1_0 #bwg_container2_0 .bwg_masonry_thumb_0 {        text-align: center;        display: inline-block;        vertical-align: middle;      \t          width: 100% !important;;      \t        margin: 0;        opacity: 1.00;      }\t\t\t\t\t\t      #bwg_container1_0 #bwg_container2_0 .bwg-container-0.bwg-masonry-thumbnails .bwg-item,      #bwg_container1_0 #bwg_container2_0 .bwg-container-temp0.bwg-masonry-thumbnails .bwg-item {        padding: calc(4px \/ 2);\t\t\t\t      }      #bwg_container1_0 #bwg_container2_0 .bwg-container-0.bwg-masonry-thumbnails .bwg-item0 {      \t        background-color:rgba(0,0,0, 0.30);        border: 0px none #CCCCCC;\t\t\t\topacity: 1.00;        border-radius: 0;      }      #bwg_container1_0 #bwg_container2_0 .bwg-container-0.bwg-masonry-thumbnails .bwg-item1 img {        max-height: none;\t\t\t\t        \tmax-width: calc(250px + (4px + 0px));\t\t\t\t      }\t\t\t\t\t\t\t@media only screen and (min-width: 480px) {\t\t\t\t\t#bwg_container1_0 #bwg_container2_0 .bwg-container-0.bwg-masonry-thumbnails .bwg-item1 img {\t\t\t\t\t\t-webkit-transition: -webkit-transform .3s; transition: transform .3s;\t\t\t\t\t}\t\t\t\t\t#bwg_container1_0 #bwg_container2_0 .bwg-container-0.bwg-masonry-thumbnails .bwg-item1 img:hover {\t\t\t\t\t\t-ms-transform: scale(1.08);\t\t\t\t\t\t-webkit-transform: scale(1.08);\t\t\t\t\t\ttransform: scale(1.08);\t\t\t\t\t}\t\t\t\t\t\t\t\t\t}\t\t\t\t\t\t\t\t\t#bwg_container1_0 #bwg_container2_0 .bwg-container-0.bwg-masonry-thumbnails .bwg-title2,\t\t\t#bwg_container1_0 #bwg_container2_0 .bwg-container-temp0.bwg-masonry-thumbnails .bwg-title2,\t\t\t#bwg_container1_0 #bwg_container2_0 .bwg-container-0.bwg-masonry-thumbnails .bwg-play-icon2,\t\t\t#bwg_container1_0 #bwg_container2_0 .bwg-container-0.bwg-masonry-thumbnails .bwg-ecommerce2 {\t\t\t\tmax-height: 100%;\t\t\t\tpadding: 2px;\t\t\t\tfont-family: Ubuntu;\t\t\t\tfont-weight: bold;\t\t\t\tfont-size: 16px;\t\t\t\tcolor: #323A45;\t\t\t}\t\t\t#bwg_container1_0 #bwg_container2_0 .bwg-container-0.bwg-masonry-thumbnails .bwg-ecommerce2 {\t\t\t\tcolor: #323A45;\t\t\t}\t  \t#bwg_container1_0 #bwg_container2_0 .bwg_masonry_thumbnails_0 {\t\t\t\tposition: relative;\t\t\t\tbackground-color: rgba(255, 255, 255, 0.00);\t\t\t\tfont-size: 0;\t\t\t\t\t\t\t\t\twidth: 1254px;\t\t\t\t\tmax-width: 100%;\t\t\t\t\t\t\t\t\tmax-width: 100%;\t\t\t\t\t\t\t\t\t\t\t\t\tmargin: 0 auto;\t\t\t\t\t\t\t}\t\t\t\t\t\t\t@media only screen and (max-width: 1290px) {\t\t\t\t\t#bwg_container1_0 #bwg_container2_0 .bwg_masonry_thumbnails_0 {\t\t\t\t\t\twidth: inherit;\t\t\t\t\t}\t\t\t\t}\t\t\t\t\t\t#bwg_container1_0 #bwg_container2_0 .bwg_masonry_thumb_description_0 {        color: #323A45;        line-height: 1.4;        font-size: 16px;        font-family: Ubuntu;        text-align: justify;      }      #bwg_container1_0.bwg_thumbnails_masonry .wd_error p {        color: #323A45;      }      #bwg_container1_0 #bwg_container2_0 .bwg_gal_title_0 {        background-color: rgba(0, 0, 0, 0);        color: #323A45;        display: block;        font-family: Ubuntu;        font-size: 16px;        font-weight: bold;        padding: 2px;        text-shadow: ;        text-align: center;      }      <\/style>    <div id=\"bwg_container1_0\"         class=\"bwg_container bwg_thumbnail bwg_thumbnails_masonry \"         data-right-click-protection=\"1\"         data-bwg=\"0\"         data-scroll=\"0\"         data-gallery-type=\"thumbnails_masonry\"         data-gallery-view-type=\"thumbnails_masonry\"         data-current-url=\"\/en\/wp-json\/wp\/v2\/fuerte-vermietungen\/25040\"         data-lightbox-url=\"https:\/\/www.fuerteventura-privat.de\/wp-admin\/admin-ajax.php?action=GalleryBox&#038;current_view=0&#038;gallery_id=19&#038;tag=0&#038;theme_id=1&#038;shortcode_id=45&#038;sort_by=order&#038;order_by=asc&#038;current_url=%2Fen%2Fwp-json%2Fwp%2Fv2%2Ffuerte-vermietungen%2F25040\"         data-gallery-id=\"19\"         data-popup-width=\"800\"         data-popup-height=\"500\"         data-is-album=\"gallery\"         data-buttons-position=\"bottom\">      <div id=\"bwg_container2_0\">             <div id=\"ajax_loading_0\" class=\"bwg_loading_div_1\">      <div class=\"bwg_loading_div_2\">        <div class=\"bwg_loading_div_3\">          <div id=\"loading_div_0\" class=\"bwg_spider_ajax_loading\">          <\/div>        <\/div>      <\/div>    <\/div>            <form id=\"gal_front_form_0\"              class=\"bwg-hidden\"              method=\"post\"              action=\"#\"              data-current=\"0\"              data-shortcode-id=\"45\"              data-gallery-type=\"thumbnails_masonry\"              data-gallery-id=\"19\"              data-tag=\"0\"              data-album-id=\"0\"              data-theme-id=\"1\"              data-ajax-url=\"https:\/\/www.fuerteventura-privat.de\/wp-admin\/admin-ajax.php?action=bwg_frontend_data\">          <div id=\"bwg_container3_0\" class=\"bwg-background bwg-background-0\">                <div id=\"bwg_thumbnails_masonry_0\"         data-bwg=\"0\"         data-masonry-type=\"vertical\"         data-resizable-thumbnails=\"1\"         data-max-count=\"5\"         data-thumbnail-width=\"250\"         data-thumbnail-height=\"250\"         data-thumbnail-padding=\"4\"         data-thumbnail-border=\"0\"         data-gallery-id=\"19\"         data-lightbox-url=\"https:\/\/www.fuerteventura-privat.de\/wp-admin\/admin-ajax.php?action=GalleryBox&#038;current_view=0&#038;gallery_id=19&#038;tag=0&#038;theme_id=1&#038;shortcode_id=45&#038;sort_by=order&#038;order_by=asc&#038;current_url=%2Fen%2Fwp-json%2Fwp%2Fv2%2Ffuerte-vermietungen%2F25040\"         class=\"bwg-container-0 bwg_masonry_thumbnails_0 bwg-masonry-thumbnails bwg-masonry-vertical bwg-container bwg-border-box\">              <div class=\"bwg-item\">          <a class=\"bwg-a  bwg_lightbox\"  data-image-id=\"1034\" href=\"https:\/\/www.fuerteventura-privat.de\/wp-content\/uploads\/photo-gallery\/imported_from_media_libray\/IMG_2934.jpg?bwg=1686988082\" data-elementor-open-lightbox=\"no\">            <div class=\"bwg-item0\">              <div class=\"bwg-item1 \">      \t\t\t\t\t<img decoding=\"async\" class=\"skip-lazy bwg-masonry-thumb bwg_masonry_thumb_0 \"                       data-id=\"1034\"                       data-src=\"https:\/\/www.fuerteventura-privat.de\/wp-content\/uploads\/photo-gallery\/imported_from_media_libray\/thumb\/IMG_2934.jpg?bwg=1686988082\"                       data-width=\"500.00\"                       data-height=\"334.00\"\t\t\t\t\t\t\t\t\t\t   src=\"https:\/\/www.fuerteventura-privat.de\/wp-content\/uploads\/photo-gallery\/imported_from_media_libray\/thumb\/IMG_2934.jpg?bwg=1686988082\"\t\t\t\t\t\t\t\t\t\t   alt=\"IMG_2934\"\t\t\t\t\t\t\t\t\t\t   title=\"IMG_2934\" \/>                <div class=\"\">                  \t\t\t\t                                            <\/div>              <\/div>            <\/div>                      <\/a>                  <\/div>              <div class=\"bwg-item\">          <a class=\"bwg-a  bwg_lightbox\"  data-image-id=\"1028\" href=\"https:\/\/www.fuerteventura-privat.de\/wp-content\/uploads\/photo-gallery\/imported_from_media_libray\/IMG_2939.jpg?bwg=1686988082\" data-elementor-open-lightbox=\"no\">            <div class=\"bwg-item0\">              <div class=\"bwg-item1 \">      \t\t\t\t\t<img decoding=\"async\" class=\"skip-lazy bwg-masonry-thumb bwg_masonry_thumb_0 \"                       data-id=\"1028\"                       data-src=\"https:\/\/www.fuerteventura-privat.de\/wp-content\/uploads\/photo-gallery\/imported_from_media_libray\/thumb\/IMG_2939.jpg?bwg=1686988082\"                       data-width=\"500.00\"                       data-height=\"334.00\"\t\t\t\t\t\t\t\t\t\t   src=\"https:\/\/www.fuerteventura-privat.de\/wp-content\/uploads\/photo-gallery\/imported_from_media_libray\/thumb\/IMG_2939.jpg?bwg=1686988082\"\t\t\t\t\t\t\t\t\t\t   alt=\"IMG_2939\"\t\t\t\t\t\t\t\t\t\t   title=\"IMG_2939\" \/>                <div class=\"\">                  \t\t\t\t                                            <\/div>              <\/div>            <\/div>                      <\/a>                  <\/div>              <div class=\"bwg-item\">          <a class=\"bwg-a  bwg_lightbox\"  data-image-id=\"1045\" href=\"https:\/\/www.fuerteventura-privat.de\/wp-content\/uploads\/photo-gallery\/imported_from_media_libray\/IMG_3009.jpg?bwg=1686990078\" data-elementor-open-lightbox=\"no\">            <div class=\"bwg-item0\">              <div class=\"bwg-item1 \">      \t\t\t\t\t<img decoding=\"async\" class=\"skip-lazy bwg-masonry-thumb bwg_masonry_thumb_0 \"                       data-id=\"1045\"                       data-src=\"https:\/\/www.fuerteventura-privat.de\/wp-content\/uploads\/photo-gallery\/imported_from_media_libray\/thumb\/IMG_3009.jpg?bwg=1686990078\"                       data-width=\"500.00\"                       data-height=\"334.00\"\t\t\t\t\t\t\t\t\t\t   src=\"https:\/\/www.fuerteventura-privat.de\/wp-content\/uploads\/photo-gallery\/imported_from_media_libray\/thumb\/IMG_3009.jpg?bwg=1686990078\"\t\t\t\t\t\t\t\t\t\t   alt=\"IMG_3009\"\t\t\t\t\t\t\t\t\t\t   title=\"IMG_3009\" \/>                <div class=\"\">                  \t\t\t\t                                            <\/div>              <\/div>            <\/div>                      <\/a>                  <\/div>              <div class=\"bwg-item\">          <a class=\"bwg-a  bwg_lightbox\"  data-image-id=\"1044\" href=\"https:\/\/www.fuerteventura-privat.de\/wp-content\/uploads\/photo-gallery\/imported_from_media_libray\/IMG_2976.jpg?bwg=1686990078\" data-elementor-open-lightbox=\"no\">            <div class=\"bwg-item0\">              <div class=\"bwg-item1 \">      \t\t\t\t\t<img decoding=\"async\" class=\"skip-lazy bwg-masonry-thumb bwg_masonry_thumb_0 \"                       data-id=\"1044\"                       data-src=\"https:\/\/www.fuerteventura-privat.de\/wp-content\/uploads\/photo-gallery\/imported_from_media_libray\/thumb\/IMG_2976.jpg?bwg=1686990078\"                       data-width=\"500.00\"                       data-height=\"304.00\"\t\t\t\t\t\t\t\t\t\t   src=\"https:\/\/www.fuerteventura-privat.de\/wp-content\/uploads\/photo-gallery\/imported_from_media_libray\/thumb\/IMG_2976.jpg?bwg=1686990078\"\t\t\t\t\t\t\t\t\t\t   alt=\"IMG_2976\"\t\t\t\t\t\t\t\t\t\t   title=\"IMG_2976\" \/>                <div class=\"\">                  \t\t\t\t                                            <\/div>              <\/div>            <\/div>                      <\/a>                  <\/div>              <div class=\"bwg-item\">          <a class=\"bwg-a  bwg_lightbox\"  data-image-id=\"996\" href=\"https:\/\/www.fuerteventura-privat.de\/wp-content\/uploads\/photo-gallery\/imported_from_media_libray\/IMG_3004.jpg?bwg=1686988081\" data-elementor-open-lightbox=\"no\">            <div class=\"bwg-item0\">              <div class=\"bwg-item1 \">      \t\t\t\t\t<img decoding=\"async\" class=\"skip-lazy bwg-masonry-thumb bwg_masonry_thumb_0 \"                       data-id=\"996\"                       data-src=\"https:\/\/www.fuerteventura-privat.de\/wp-content\/uploads\/photo-gallery\/imported_from_media_libray\/thumb\/IMG_3004.jpg?bwg=1686988081\"                       data-width=\"500.00\"                       data-height=\"334.00\"\t\t\t\t\t\t\t\t\t\t   src=\"https:\/\/www.fuerteventura-privat.de\/wp-content\/uploads\/photo-gallery\/imported_from_media_libray\/thumb\/IMG_3004.jpg?bwg=1686988081\"\t\t\t\t\t\t\t\t\t\t   alt=\"IMG_3004\"\t\t\t\t\t\t\t\t\t\t   title=\"IMG_3004\" \/>                <div class=\"\">                  \t\t\t\t                                            <\/div>              <\/div>            <\/div>                      <\/a>                  <\/div>              <div class=\"bwg-item\">          <a class=\"bwg-a  bwg_lightbox\"  data-image-id=\"1027\" href=\"https:\/\/www.fuerteventura-privat.de\/wp-content\/uploads\/photo-gallery\/imported_from_media_libray\/IMG_2944.jpg?bwg=1686988082\" data-elementor-open-lightbox=\"no\">            <div class=\"bwg-item0\">              <div class=\"bwg-item1 \">      \t\t\t\t\t<img decoding=\"async\" class=\"skip-lazy bwg-masonry-thumb bwg_masonry_thumb_0 \"                       data-id=\"1027\"                       data-src=\"https:\/\/www.fuerteventura-privat.de\/wp-content\/uploads\/photo-gallery\/imported_from_media_libray\/thumb\/IMG_2944.jpg?bwg=1686988082\"                       data-width=\"500.00\"                       data-height=\"334.00\"\t\t\t\t\t\t\t\t\t\t   src=\"https:\/\/www.fuerteventura-privat.de\/wp-content\/uploads\/photo-gallery\/imported_from_media_libray\/thumb\/IMG_2944.jpg?bwg=1686988082\"\t\t\t\t\t\t\t\t\t\t   alt=\"IMG_2944\"\t\t\t\t\t\t\t\t\t\t   title=\"IMG_2944\" \/>                <div class=\"\">                  \t\t\t\t                                            <\/div>              <\/div>            <\/div>                      <\/a>                  <\/div>              <div class=\"bwg-item\">          <a class=\"bwg-a  bwg_lightbox\"  data-image-id=\"1030\" href=\"https:\/\/www.fuerteventura-privat.de\/wp-content\/uploads\/photo-gallery\/imported_from_media_libray\/IMG_2950.jpg?bwg=1686988082\" data-elementor-open-lightbox=\"no\">            <div class=\"bwg-item0\">              <div class=\"bwg-item1 \">      \t\t\t\t\t<img decoding=\"async\" class=\"skip-lazy bwg-masonry-thumb bwg_masonry_thumb_0 \"                       data-id=\"1030\"                       data-src=\"https:\/\/www.fuerteventura-privat.de\/wp-content\/uploads\/photo-gallery\/imported_from_media_libray\/thumb\/IMG_2950.jpg?bwg=1686988082\"                       data-width=\"500.00\"                       data-height=\"334.00\"\t\t\t\t\t\t\t\t\t\t   src=\"https:\/\/www.fuerteventura-privat.de\/wp-content\/uploads\/photo-gallery\/imported_from_media_libray\/thumb\/IMG_2950.jpg?bwg=1686988082\"\t\t\t\t\t\t\t\t\t\t   alt=\"IMG_2950\"\t\t\t\t\t\t\t\t\t\t   title=\"IMG_2950\" \/>                <div class=\"\">                  \t\t\t\t                                            <\/div>              <\/div>            <\/div>                      <\/a>                  <\/div>              <div class=\"bwg-item\">          <a class=\"bwg-a  bwg_lightbox\"  data-image-id=\"1035\" href=\"https:\/\/www.fuerteventura-privat.de\/wp-content\/uploads\/photo-gallery\/imported_from_media_libray\/IMG_2933.jpg?bwg=1686988082\" data-elementor-open-lightbox=\"no\">            <div class=\"bwg-item0\">              <div class=\"bwg-item1 \">      \t\t\t\t\t<img decoding=\"async\" class=\"skip-lazy bwg-masonry-thumb bwg_masonry_thumb_0 \"                       data-id=\"1035\"                       data-src=\"https:\/\/www.fuerteventura-privat.de\/wp-content\/uploads\/photo-gallery\/imported_from_media_libray\/thumb\/IMG_2933.jpg?bwg=1686988082\"                       data-width=\"500.00\"                       data-height=\"334.00\"\t\t\t\t\t\t\t\t\t\t   src=\"https:\/\/www.fuerteventura-privat.de\/wp-content\/uploads\/photo-gallery\/imported_from_media_libray\/thumb\/IMG_2933.jpg?bwg=1686988082\"\t\t\t\t\t\t\t\t\t\t   alt=\"IMG_2933\"\t\t\t\t\t\t\t\t\t\t   title=\"IMG_2933\" \/>                <div class=\"\">                  \t\t\t\t                                            <\/div>              <\/div>            <\/div>                      <\/a>                  <\/div>              <div class=\"bwg-item\">          <a class=\"bwg-a  bwg_lightbox\"  data-image-id=\"1021\" href=\"https:\/\/www.fuerteventura-privat.de\/wp-content\/uploads\/photo-gallery\/imported_from_media_libray\/IMG_2914.jpg?bwg=1686988082\" data-elementor-open-lightbox=\"no\">            <div class=\"bwg-item0\">              <div class=\"bwg-item1 \">      \t\t\t\t\t<img decoding=\"async\" class=\"skip-lazy bwg-masonry-thumb bwg_masonry_thumb_0 \"                       data-id=\"1021\"                       data-src=\"https:\/\/www.fuerteventura-privat.de\/wp-content\/uploads\/photo-gallery\/imported_from_media_libray\/thumb\/IMG_2914.jpg?bwg=1686988082\"                       data-width=\"500.00\"                       data-height=\"334.00\"\t\t\t\t\t\t\t\t\t\t   src=\"https:\/\/www.fuerteventura-privat.de\/wp-content\/uploads\/photo-gallery\/imported_from_media_libray\/thumb\/IMG_2914.jpg?bwg=1686988082\"\t\t\t\t\t\t\t\t\t\t   alt=\"IMG_2914\"\t\t\t\t\t\t\t\t\t\t   title=\"IMG_2914\" \/>                <div class=\"\">                  \t\t\t\t                                            <\/div>              <\/div>            <\/div>                      <\/a>                  <\/div>              <div class=\"bwg-item\">          <a class=\"bwg-a  bwg_lightbox\"  data-image-id=\"1023\" href=\"https:\/\/www.fuerteventura-privat.de\/wp-content\/uploads\/photo-gallery\/imported_from_media_libray\/IMG_2904.jpg?bwg=1686988082\" data-elementor-open-lightbox=\"no\">            <div class=\"bwg-item0\">              <div class=\"bwg-item1 \">      \t\t\t\t\t<img decoding=\"async\" class=\"skip-lazy bwg-masonry-thumb bwg_masonry_thumb_0 \"                       data-id=\"1023\"                       data-src=\"https:\/\/www.fuerteventura-privat.de\/wp-content\/uploads\/photo-gallery\/imported_from_media_libray\/thumb\/IMG_2904.jpg?bwg=1686988082\"                       data-width=\"500.00\"                       data-height=\"334.00\"\t\t\t\t\t\t\t\t\t\t   src=\"https:\/\/www.fuerteventura-privat.de\/wp-content\/uploads\/photo-gallery\/imported_from_media_libray\/thumb\/IMG_2904.jpg?bwg=1686988082\"\t\t\t\t\t\t\t\t\t\t   alt=\"IMG_2904\"\t\t\t\t\t\t\t\t\t\t   title=\"IMG_2904\" \/>                <div class=\"\">                  \t\t\t\t                                            <\/div>              <\/div>            <\/div>                      <\/a>                  <\/div>              <div class=\"bwg-item\">          <a class=\"bwg-a  bwg_lightbox\"  data-image-id=\"1018\" href=\"https:\/\/www.fuerteventura-privat.de\/wp-content\/uploads\/photo-gallery\/imported_from_media_libray\/IMG_2922.jpg?bwg=1686988082\" data-elementor-open-lightbox=\"no\">            <div class=\"bwg-item0\">              <div class=\"bwg-item1 \">      \t\t\t\t\t<img decoding=\"async\" class=\"skip-lazy bwg-masonry-thumb bwg_masonry_thumb_0 \"                       data-id=\"1018\"                       data-src=\"https:\/\/www.fuerteventura-privat.de\/wp-content\/uploads\/photo-gallery\/imported_from_media_libray\/thumb\/IMG_2922.jpg?bwg=1686988082\"                       data-width=\"500.00\"                       data-height=\"334.00\"\t\t\t\t\t\t\t\t\t\t   src=\"https:\/\/www.fuerteventura-privat.de\/wp-content\/uploads\/photo-gallery\/imported_from_media_libray\/thumb\/IMG_2922.jpg?bwg=1686988082\"\t\t\t\t\t\t\t\t\t\t   alt=\"IMG_2922\"\t\t\t\t\t\t\t\t\t\t   title=\"IMG_2922\" \/>                <div class=\"\">                  \t\t\t\t                                            <\/div>              <\/div>            <\/div>                      <\/a>                  <\/div>              <div class=\"bwg-item\">          <a class=\"bwg-a  bwg_lightbox\"  data-image-id=\"998\" href=\"https:\/\/www.fuerteventura-privat.de\/wp-content\/uploads\/photo-gallery\/imported_from_media_libray\/IMG_3018.jpg?bwg=1686988081\" data-elementor-open-lightbox=\"no\">            <div class=\"bwg-item0\">              <div class=\"bwg-item1 \">      \t\t\t\t\t<img decoding=\"async\" class=\"skip-lazy bwg-masonry-thumb bwg_masonry_thumb_0 \"                       data-id=\"998\"                       data-src=\"https:\/\/www.fuerteventura-privat.de\/wp-content\/uploads\/photo-gallery\/imported_from_media_libray\/thumb\/IMG_3018.jpg?bwg=1686988081\"                       data-width=\"500.00\"                       data-height=\"334.00\"\t\t\t\t\t\t\t\t\t\t   src=\"https:\/\/www.fuerteventura-privat.de\/wp-content\/uploads\/photo-gallery\/imported_from_media_libray\/thumb\/IMG_3018.jpg?bwg=1686988081\"\t\t\t\t\t\t\t\t\t\t   alt=\"IMG_3018\"\t\t\t\t\t\t\t\t\t\t   title=\"IMG_3018\" \/>                <div class=\"\">                  \t\t\t\t                                            <\/div>              <\/div>            <\/div>                      <\/a>                  <\/div>              <div class=\"bwg-item\">          <a class=\"bwg-a  bwg_lightbox\"  data-image-id=\"1019\" href=\"https:\/\/www.fuerteventura-privat.de\/wp-content\/uploads\/photo-gallery\/imported_from_media_libray\/IMG_2918.jpg?bwg=1686988082\" data-elementor-open-lightbox=\"no\">            <div class=\"bwg-item0\">              <div class=\"bwg-item1 \">      \t\t\t\t\t<img decoding=\"async\" class=\"skip-lazy bwg-masonry-thumb bwg_masonry_thumb_0 \"                       data-id=\"1019\"                       data-src=\"https:\/\/www.fuerteventura-privat.de\/wp-content\/uploads\/photo-gallery\/imported_from_media_libray\/thumb\/IMG_2918.jpg?bwg=1686988082\"                       data-width=\"500.00\"                       data-height=\"334.00\"\t\t\t\t\t\t\t\t\t\t   src=\"https:\/\/www.fuerteventura-privat.de\/wp-content\/uploads\/photo-gallery\/imported_from_media_libray\/thumb\/IMG_2918.jpg?bwg=1686988082\"\t\t\t\t\t\t\t\t\t\t   alt=\"IMG_2918\"\t\t\t\t\t\t\t\t\t\t   title=\"IMG_2918\" \/>                <div class=\"\">                  \t\t\t\t                                            <\/div>              <\/div>            <\/div>                      <\/a>                  <\/div>              <div class=\"bwg-item\">          <a class=\"bwg-a  bwg_lightbox\"  data-image-id=\"1040\" href=\"https:\/\/www.fuerteventura-privat.de\/wp-content\/uploads\/photo-gallery\/imported_from_media_libray\/IMG_2993.jpg?bwg=1686989652\" data-elementor-open-lightbox=\"no\">            <div class=\"bwg-item0\">              <div class=\"bwg-item1 \">      \t\t\t\t\t<img decoding=\"async\" class=\"skip-lazy bwg-masonry-thumb bwg_masonry_thumb_0 \"                       data-id=\"1040\"                       data-src=\"https:\/\/www.fuerteventura-privat.de\/wp-content\/uploads\/photo-gallery\/imported_from_media_libray\/thumb\/IMG_2993.jpg?bwg=1686989652\"                       data-width=\"500.00\"                       data-height=\"334.00\"\t\t\t\t\t\t\t\t\t\t   src=\"https:\/\/www.fuerteventura-privat.de\/wp-content\/uploads\/photo-gallery\/imported_from_media_libray\/thumb\/IMG_2993.jpg?bwg=1686989652\"\t\t\t\t\t\t\t\t\t\t   alt=\"IMG_2993\"\t\t\t\t\t\t\t\t\t\t   title=\"IMG_2993\" \/>                <div class=\"\">                  \t\t\t\t                                            <\/div>              <\/div>            <\/div>                      <\/a>                  <\/div>              <div class=\"bwg-item\">          <a class=\"bwg-a  bwg_lightbox\"  data-image-id=\"1038\" href=\"https:\/\/www.fuerteventura-privat.de\/wp-content\/uploads\/photo-gallery\/imported_from_media_libray\/IMG_2937.jpg?bwg=1686989559\" data-elementor-open-lightbox=\"no\">            <div class=\"bwg-item0\">              <div class=\"bwg-item1 \">      \t\t\t\t\t<img decoding=\"async\" class=\"skip-lazy bwg-masonry-thumb bwg_masonry_thumb_0 \"                       data-id=\"1038\"                       data-src=\"https:\/\/www.fuerteventura-privat.de\/wp-content\/uploads\/photo-gallery\/imported_from_media_libray\/thumb\/IMG_2937.jpg?bwg=1686989559\"                       data-width=\"500.00\"                       data-height=\"334.00\"\t\t\t\t\t\t\t\t\t\t   src=\"https:\/\/www.fuerteventura-privat.de\/wp-content\/uploads\/photo-gallery\/imported_from_media_libray\/thumb\/IMG_2937.jpg?bwg=1686989559\"\t\t\t\t\t\t\t\t\t\t   alt=\"IMG_2937\"\t\t\t\t\t\t\t\t\t\t   title=\"IMG_2937\" \/>                <div class=\"\">                  \t\t\t\t                                            <\/div>              <\/div>            <\/div>                      <\/a>                  <\/div>              <div class=\"bwg-item\">          <a class=\"bwg-a  bwg_lightbox\"  data-image-id=\"1032\" href=\"https:\/\/www.fuerteventura-privat.de\/wp-content\/uploads\/photo-gallery\/imported_from_media_libray\/IMG_2940.jpg?bwg=1686988082\" data-elementor-open-lightbox=\"no\">            <div class=\"bwg-item0\">              <div class=\"bwg-item1 \">      \t\t\t\t\t<img decoding=\"async\" class=\"skip-lazy bwg-masonry-thumb bwg_masonry_thumb_0 \"                       data-id=\"1032\"                       data-src=\"https:\/\/www.fuerteventura-privat.de\/wp-content\/uploads\/photo-gallery\/imported_from_media_libray\/thumb\/IMG_2940.jpg?bwg=1686988082\"                       data-width=\"500.00\"                       data-height=\"334.00\"\t\t\t\t\t\t\t\t\t\t   src=\"https:\/\/www.fuerteventura-privat.de\/wp-content\/uploads\/photo-gallery\/imported_from_media_libray\/thumb\/IMG_2940.jpg?bwg=1686988082\"\t\t\t\t\t\t\t\t\t\t   alt=\"IMG_2940\"\t\t\t\t\t\t\t\t\t\t   title=\"IMG_2940\" \/>                <div class=\"\">                  \t\t\t\t                                            <\/div>              <\/div>            <\/div>                      <\/a>                  <\/div>              <div class=\"bwg-item\">          <a class=\"bwg-a  bwg_lightbox\"  data-image-id=\"1007\" href=\"https:\/\/www.fuerteventura-privat.de\/wp-content\/uploads\/photo-gallery\/imported_from_media_libray\/IMG_2836.jpg?bwg=1686988082\" data-elementor-open-lightbox=\"no\">            <div class=\"bwg-item0\">              <div class=\"bwg-item1 \">      \t\t\t\t\t<img decoding=\"async\" class=\"skip-lazy bwg-masonry-thumb bwg_masonry_thumb_0 \"                       data-id=\"1007\"                       data-src=\"https:\/\/www.fuerteventura-privat.de\/wp-content\/uploads\/photo-gallery\/imported_from_media_libray\/thumb\/IMG_2836.jpg?bwg=1686988082\"                       data-width=\"500.00\"                       data-height=\"334.00\"\t\t\t\t\t\t\t\t\t\t   src=\"https:\/\/www.fuerteventura-privat.de\/wp-content\/uploads\/photo-gallery\/imported_from_media_libray\/thumb\/IMG_2836.jpg?bwg=1686988082\"\t\t\t\t\t\t\t\t\t\t   alt=\"IMG_2836\"\t\t\t\t\t\t\t\t\t\t   title=\"IMG_2836\" \/>                <div class=\"\">                  \t\t\t\t                                            <\/div>              <\/div>            <\/div>                      <\/a>                  <\/div>              <div class=\"bwg-item\">          <a class=\"bwg-a  bwg_lightbox\"  data-image-id=\"1043\" href=\"https:\/\/www.fuerteventura-privat.de\/wp-content\/uploads\/photo-gallery\/imported_from_media_libray\/IMG_2845.jpg?bwg=1686990078\" data-elementor-open-lightbox=\"no\">            <div class=\"bwg-item0\">              <div class=\"bwg-item1 \">      \t\t\t\t\t<img decoding=\"async\" class=\"skip-lazy bwg-masonry-thumb bwg_masonry_thumb_0 \"                       data-id=\"1043\"                       data-src=\"https:\/\/www.fuerteventura-privat.de\/wp-content\/uploads\/photo-gallery\/imported_from_media_libray\/thumb\/IMG_2845.jpg?bwg=1686990078\"                       data-width=\"334.00\"                       data-height=\"500.00\"\t\t\t\t\t\t\t\t\t\t   src=\"https:\/\/www.fuerteventura-privat.de\/wp-content\/uploads\/photo-gallery\/imported_from_media_libray\/thumb\/IMG_2845.jpg?bwg=1686990078\"\t\t\t\t\t\t\t\t\t\t   alt=\"IMG_2845\"\t\t\t\t\t\t\t\t\t\t   title=\"IMG_2845\" \/>                <div class=\"\">                  \t\t\t\t                                            <\/div>              <\/div>            <\/div>                      <\/a>                  <\/div>              <div class=\"bwg-item\">          <a class=\"bwg-a  bwg_lightbox\"  data-image-id=\"1008\" href=\"https:\/\/www.fuerteventura-privat.de\/wp-content\/uploads\/photo-gallery\/imported_from_media_libray\/IMG_2831.jpg?bwg=1686988082\" data-elementor-open-lightbox=\"no\">            <div class=\"bwg-item0\">              <div class=\"bwg-item1 \">      \t\t\t\t\t<img decoding=\"async\" class=\"skip-lazy bwg-masonry-thumb bwg_masonry_thumb_0 \"                       data-id=\"1008\"                       data-src=\"https:\/\/www.fuerteventura-privat.de\/wp-content\/uploads\/photo-gallery\/imported_from_media_libray\/thumb\/IMG_2831.jpg?bwg=1686988082\"                       data-width=\"500.00\"                       data-height=\"334.00\"\t\t\t\t\t\t\t\t\t\t   src=\"https:\/\/www.fuerteventura-privat.de\/wp-content\/uploads\/photo-gallery\/imported_from_media_libray\/thumb\/IMG_2831.jpg?bwg=1686988082\"\t\t\t\t\t\t\t\t\t\t   alt=\"IMG_2831\"\t\t\t\t\t\t\t\t\t\t   title=\"IMG_2831\" \/>                <div class=\"\">                  \t\t\t\t                                            <\/div>              <\/div>            <\/div>                      <\/a>                  <\/div>              <div class=\"bwg-item\">          <a class=\"bwg-a  bwg_lightbox\"  data-image-id=\"1002\" href=\"https:\/\/www.fuerteventura-privat.de\/wp-content\/uploads\/photo-gallery\/imported_from_media_libray\/IMG_2823.jpg?bwg=1686988081\" data-elementor-open-lightbox=\"no\">            <div class=\"bwg-item0\">              <div class=\"bwg-item1 \">      \t\t\t\t\t<img decoding=\"async\" class=\"skip-lazy bwg-masonry-thumb bwg_masonry_thumb_0 \"                       data-id=\"1002\"                       data-src=\"https:\/\/www.fuerteventura-privat.de\/wp-content\/uploads\/photo-gallery\/imported_from_media_libray\/thumb\/IMG_2823.jpg?bwg=1686988081\"                       data-width=\"500.00\"                       data-height=\"334.00\"\t\t\t\t\t\t\t\t\t\t   src=\"https:\/\/www.fuerteventura-privat.de\/wp-content\/uploads\/photo-gallery\/imported_from_media_libray\/thumb\/IMG_2823.jpg?bwg=1686988081\"\t\t\t\t\t\t\t\t\t\t   alt=\"IMG_2823\"\t\t\t\t\t\t\t\t\t\t   title=\"IMG_2823\" \/>                <div class=\"\">                  \t\t\t\t                                            <\/div>              <\/div>            <\/div>                      <\/a>                  <\/div>              <div class=\"bwg-item\">          <a class=\"bwg-a  bwg_lightbox\"  data-image-id=\"1010\" href=\"https:\/\/www.fuerteventura-privat.de\/wp-content\/uploads\/photo-gallery\/imported_from_media_libray\/IMG_2857.jpg?bwg=1686988082\" data-elementor-open-lightbox=\"no\">            <div class=\"bwg-item0\">              <div class=\"bwg-item1 \">      \t\t\t\t\t<img decoding=\"async\" class=\"skip-lazy bwg-masonry-thumb bwg_masonry_thumb_0 \"                       data-id=\"1010\"                       data-src=\"https:\/\/www.fuerteventura-privat.de\/wp-content\/uploads\/photo-gallery\/imported_from_media_libray\/thumb\/IMG_2857.jpg?bwg=1686988082\"                       data-width=\"500.00\"                       data-height=\"334.00\"\t\t\t\t\t\t\t\t\t\t   src=\"https:\/\/www.fuerteventura-privat.de\/wp-content\/uploads\/photo-gallery\/imported_from_media_libray\/thumb\/IMG_2857.jpg?bwg=1686988082\"\t\t\t\t\t\t\t\t\t\t   alt=\"IMG_2857\"\t\t\t\t\t\t\t\t\t\t   title=\"IMG_2857\" \/>                <div class=\"\">                  \t\t\t\t                                            <\/div>              <\/div>            <\/div>                      <\/a>                  <\/div>              <div class=\"bwg-item\">          <a class=\"bwg-a  bwg_lightbox\"  data-image-id=\"1012\" href=\"https:\/\/www.fuerteventura-privat.de\/wp-content\/uploads\/photo-gallery\/imported_from_media_libray\/IMG_2850.jpg?bwg=1686988082\" data-elementor-open-lightbox=\"no\">            <div class=\"bwg-item0\">              <div class=\"bwg-item1 \">      \t\t\t\t\t<img decoding=\"async\" class=\"skip-lazy bwg-masonry-thumb bwg_masonry_thumb_0 \"                       data-id=\"1012\"                       data-src=\"https:\/\/www.fuerteventura-privat.de\/wp-content\/uploads\/photo-gallery\/imported_from_media_libray\/thumb\/IMG_2850.jpg?bwg=1686988082\"                       data-width=\"500.00\"                       data-height=\"334.00\"\t\t\t\t\t\t\t\t\t\t   src=\"https:\/\/www.fuerteventura-privat.de\/wp-content\/uploads\/photo-gallery\/imported_from_media_libray\/thumb\/IMG_2850.jpg?bwg=1686988082\"\t\t\t\t\t\t\t\t\t\t   alt=\"IMG_2850\"\t\t\t\t\t\t\t\t\t\t   title=\"IMG_2850\" \/>                <div class=\"\">                  \t\t\t\t                                            <\/div>              <\/div>            <\/div>                      <\/a>                  <\/div>              <div class=\"bwg-item\">          <a class=\"bwg-a  bwg_lightbox\"  data-image-id=\"1015\" href=\"https:\/\/www.fuerteventura-privat.de\/wp-content\/uploads\/photo-gallery\/imported_from_media_libray\/IMG_2881.jpg?bwg=1686988082\" data-elementor-open-lightbox=\"no\">            <div class=\"bwg-item0\">              <div class=\"bwg-item1 \">      \t\t\t\t\t<img decoding=\"async\" class=\"skip-lazy bwg-masonry-thumb bwg_masonry_thumb_0 \"                       data-id=\"1015\"                       data-src=\"https:\/\/www.fuerteventura-privat.de\/wp-content\/uploads\/photo-gallery\/imported_from_media_libray\/thumb\/IMG_2881.jpg?bwg=1686988082\"                       data-width=\"500.00\"                       data-height=\"334.00\"\t\t\t\t\t\t\t\t\t\t   src=\"https:\/\/www.fuerteventura-privat.de\/wp-content\/uploads\/photo-gallery\/imported_from_media_libray\/thumb\/IMG_2881.jpg?bwg=1686988082\"\t\t\t\t\t\t\t\t\t\t   alt=\"IMG_2881\"\t\t\t\t\t\t\t\t\t\t   title=\"IMG_2881\" \/>                <div class=\"\">                  \t\t\t\t                                            <\/div>              <\/div>            <\/div>                      <\/a>                  <\/div>              <div class=\"bwg-item\">          <a class=\"bwg-a  bwg_lightbox\"  data-image-id=\"1042\" href=\"https:\/\/www.fuerteventura-privat.de\/wp-content\/uploads\/photo-gallery\/imported_from_media_libray\/IMG_2887.jpg?bwg=1686989793\" data-elementor-open-lightbox=\"no\">            <div class=\"bwg-item0\">              <div class=\"bwg-item1 \">      \t\t\t\t\t<img decoding=\"async\" class=\"skip-lazy bwg-masonry-thumb bwg_masonry_thumb_0 \"                       data-id=\"1042\"                       data-src=\"https:\/\/www.fuerteventura-privat.de\/wp-content\/uploads\/photo-gallery\/imported_from_media_libray\/thumb\/IMG_2887.jpg?bwg=1686989793\"                       data-width=\"334.00\"                       data-height=\"500.00\"\t\t\t\t\t\t\t\t\t\t   src=\"https:\/\/www.fuerteventura-privat.de\/wp-content\/uploads\/photo-gallery\/imported_from_media_libray\/thumb\/IMG_2887.jpg?bwg=1686989793\"\t\t\t\t\t\t\t\t\t\t   alt=\"IMG_2887\"\t\t\t\t\t\t\t\t\t\t   title=\"IMG_2887\" \/>                <div class=\"\">                  \t\t\t\t                                            <\/div>              <\/div>            <\/div>                      <\/a>                  <\/div>              <div class=\"bwg-item\">          <a class=\"bwg-a  bwg_lightbox\"  data-image-id=\"1041\" href=\"https:\/\/www.fuerteventura-privat.de\/wp-content\/uploads\/photo-gallery\/imported_from_media_libray\/IMG_2931.jpg?bwg=1686989698\" data-elementor-open-lightbox=\"no\">            <div class=\"bwg-item0\">              <div class=\"bwg-item1 \">      \t\t\t\t\t<img decoding=\"async\" class=\"skip-lazy bwg-masonry-thumb bwg_masonry_thumb_0 \"                       data-id=\"1041\"                       data-src=\"https:\/\/www.fuerteventura-privat.de\/wp-content\/uploads\/photo-gallery\/imported_from_media_libray\/thumb\/IMG_2931.jpg?bwg=1686989698\"                       data-width=\"334.00\"                       data-height=\"500.00\"\t\t\t\t\t\t\t\t\t\t   src=\"https:\/\/www.fuerteventura-privat.de\/wp-content\/uploads\/photo-gallery\/imported_from_media_libray\/thumb\/IMG_2931.jpg?bwg=1686989698\"\t\t\t\t\t\t\t\t\t\t   alt=\"IMG_2931\"\t\t\t\t\t\t\t\t\t\t   title=\"IMG_2931\" \/>                <div class=\"\">                  \t\t\t\t                                            <\/div>              <\/div>            <\/div>                      <\/a>                  <\/div>              <div class=\"bwg-item\">          <a class=\"bwg-a  bwg_lightbox\"  data-image-id=\"958\" href=\"https:\/\/www.fuerteventura-privat.de\/wp-content\/uploads\/photo-gallery\/imported_from_media_libray\/Tarajalejo-Fuerteventura-3536.jpg?bwg=1686988081\" data-elementor-open-lightbox=\"no\">            <div class=\"bwg-item0\">              <div class=\"bwg-item1 \">      \t\t\t\t\t<img decoding=\"async\" class=\"skip-lazy bwg-masonry-thumb bwg_masonry_thumb_0 \"                       data-id=\"958\"                       data-src=\"https:\/\/www.fuerteventura-privat.de\/wp-content\/uploads\/photo-gallery\/imported_from_media_libray\/thumb\/Tarajalejo-Fuerteventura-3536.jpg?bwg=1686988081\"                       data-width=\"500.00\"                       data-height=\"334.00\"\t\t\t\t\t\t\t\t\t\t   src=\"https:\/\/www.fuerteventura-privat.de\/wp-content\/uploads\/photo-gallery\/imported_from_media_libray\/thumb\/Tarajalejo-Fuerteventura-3536.jpg?bwg=1686988081\"\t\t\t\t\t\t\t\t\t\t   alt=\"Tarajalejo-Fuerteventura-3536\"\t\t\t\t\t\t\t\t\t\t   title=\"Tarajalejo-Fuerteventura-3536\" \/>                <div class=\"\">                  \t\t\t\t                                            <\/div>              <\/div>            <\/div>                      <\/a>                  <\/div>              <div class=\"bwg-item\">          <a class=\"bwg-a  bwg_lightbox\"  data-image-id=\"959\" href=\"https:\/\/www.fuerteventura-privat.de\/wp-content\/uploads\/photo-gallery\/imported_from_media_libray\/Tarajalejo-Fuerteventura-3533.jpg?bwg=1686988081\" data-elementor-open-lightbox=\"no\">            <div class=\"bwg-item0\">              <div class=\"bwg-item1 \">      \t\t\t\t\t<img decoding=\"async\" class=\"skip-lazy bwg-masonry-thumb bwg_masonry_thumb_0 \"                       data-id=\"959\"                       data-src=\"https:\/\/www.fuerteventura-privat.de\/wp-content\/uploads\/photo-gallery\/imported_from_media_libray\/thumb\/Tarajalejo-Fuerteventura-3533.jpg?bwg=1686988081\"                       data-width=\"500.00\"                       data-height=\"334.00\"\t\t\t\t\t\t\t\t\t\t   src=\"https:\/\/www.fuerteventura-privat.de\/wp-content\/uploads\/photo-gallery\/imported_from_media_libray\/thumb\/Tarajalejo-Fuerteventura-3533.jpg?bwg=1686988081\"\t\t\t\t\t\t\t\t\t\t   alt=\"Tarajalejo-Fuerteventura-3533\"\t\t\t\t\t\t\t\t\t\t   title=\"Tarajalejo-Fuerteventura-3533\" \/>                <div class=\"\">                  \t\t\t\t                                            <\/div>              <\/div>            <\/div>                      <\/a>                  <\/div>              <div class=\"bwg-item\">          <a class=\"bwg-a  bwg_lightbox\"  data-image-id=\"961\" href=\"https:\/\/www.fuerteventura-privat.de\/wp-content\/uploads\/photo-gallery\/imported_from_media_libray\/Tarajalejo-Fuerteventura-3520.jpg?bwg=1686988081\" data-elementor-open-lightbox=\"no\">            <div class=\"bwg-item0\">              <div class=\"bwg-item1 \">      \t\t\t\t\t<img decoding=\"async\" class=\"skip-lazy bwg-masonry-thumb bwg_masonry_thumb_0 \"                       data-id=\"961\"                       data-src=\"https:\/\/www.fuerteventura-privat.de\/wp-content\/uploads\/photo-gallery\/imported_from_media_libray\/thumb\/Tarajalejo-Fuerteventura-3520.jpg?bwg=1686988081\"                       data-width=\"500.00\"                       data-height=\"334.00\"\t\t\t\t\t\t\t\t\t\t   src=\"https:\/\/www.fuerteventura-privat.de\/wp-content\/uploads\/photo-gallery\/imported_from_media_libray\/thumb\/Tarajalejo-Fuerteventura-3520.jpg?bwg=1686988081\"\t\t\t\t\t\t\t\t\t\t   alt=\"Tarajalejo-Fuerteventura-3520\"\t\t\t\t\t\t\t\t\t\t   title=\"Tarajalejo-Fuerteventura-3520\" \/>                <div class=\"\">                  \t\t\t\t                                            <\/div>              <\/div>            <\/div>                      <\/a>                  <\/div>              <div class=\"bwg-item\">          <a class=\"bwg-a  bwg_lightbox\"  data-image-id=\"963\" href=\"https:\/\/www.fuerteventura-privat.de\/wp-content\/uploads\/photo-gallery\/imported_from_media_libray\/Tarajalejo-Fuerteventura-3506.jpg?bwg=1686988081\" data-elementor-open-lightbox=\"no\">            <div class=\"bwg-item0\">              <div class=\"bwg-item1 \">      \t\t\t\t\t<img decoding=\"async\" class=\"skip-lazy bwg-masonry-thumb bwg_masonry_thumb_0 \"                       data-id=\"963\"                       data-src=\"https:\/\/www.fuerteventura-privat.de\/wp-content\/uploads\/photo-gallery\/imported_from_media_libray\/thumb\/Tarajalejo-Fuerteventura-3506.jpg?bwg=1686988081\"                       data-width=\"500.00\"                       data-height=\"334.00\"\t\t\t\t\t\t\t\t\t\t   src=\"https:\/\/www.fuerteventura-privat.de\/wp-content\/uploads\/photo-gallery\/imported_from_media_libray\/thumb\/Tarajalejo-Fuerteventura-3506.jpg?bwg=1686988081\"\t\t\t\t\t\t\t\t\t\t   alt=\"Tarajalejo-Fuerteventura-3506\"\t\t\t\t\t\t\t\t\t\t   title=\"Tarajalejo-Fuerteventura-3506\" \/>                <div class=\"\">                  \t\t\t\t                                            <\/div>              <\/div>            <\/div>                      <\/a>                  <\/div>              <div class=\"bwg-item\">          <a class=\"bwg-a  bwg_lightbox\"  data-image-id=\"964\" href=\"https:\/\/www.fuerteventura-privat.de\/wp-content\/uploads\/photo-gallery\/imported_from_media_libray\/Tarajalejo-Fuerteventura-3505.jpg?bwg=1686988081\" data-elementor-open-lightbox=\"no\">            <div class=\"bwg-item0\">              <div class=\"bwg-item1 \">      \t\t\t\t\t<img decoding=\"async\" class=\"skip-lazy bwg-masonry-thumb bwg_masonry_thumb_0 \"                       data-id=\"964\"                       data-src=\"https:\/\/www.fuerteventura-privat.de\/wp-content\/uploads\/photo-gallery\/imported_from_media_libray\/thumb\/Tarajalejo-Fuerteventura-3505.jpg?bwg=1686988081\"                       data-width=\"500.00\"                       data-height=\"334.00\"\t\t\t\t\t\t\t\t\t\t   src=\"https:\/\/www.fuerteventura-privat.de\/wp-content\/uploads\/photo-gallery\/imported_from_media_libray\/thumb\/Tarajalejo-Fuerteventura-3505.jpg?bwg=1686988081\"\t\t\t\t\t\t\t\t\t\t   alt=\"Tarajalejo-Fuerteventura-3505\"\t\t\t\t\t\t\t\t\t\t   title=\"Tarajalejo-Fuerteventura-3505\" \/>                <div class=\"\">                  \t\t\t\t                                            <\/div>              <\/div>            <\/div>                      <\/a>                  <\/div>          <\/div>    <style>      \/*pagination styles*\/      #bwg_container1_0 #bwg_container2_0 .tablenav-pages_0 {\t\t\t\ttext-align: center;\t\t\t\tfont-size: 12px;\t\t\t\tfont-family: Ubuntu;\t\t\t\tfont-weight: bold;\t\t\t\tcolor: #666666;\t\t\t\tmargin: 6px 0 4px;\t\t\t\tdisplay: block;      }      @media only screen and (max-width : 320px) {      #bwg_container1_0 #bwg_container2_0 .displaying-num_0 {     \t display: none;      }      }      #bwg_container1_0 #bwg_container2_0 .displaying-num_0 {\t\t\t\tfont-size: 12px;\t\t\t\tfont-family: Ubuntu;\t\t\t\tfont-weight: bold;\t\t\t\tcolor: #666666;\t\t\t\tmargin-right: 10px;\t\t\t\tvertical-align: middle;      }      #bwg_container1_0 #bwg_container2_0 .paging-input_0 {\t\t\t\tfont-size: 12px;\t\t\t\tfont-family: Ubuntu;\t\t\t\tfont-weight: bold;\t\t\t\tcolor: #666666;\t\t\t\tvertical-align: middle;      }      #bwg_container1_0 #bwg_container2_0 .tablenav-pages_0 a.disabled,      #bwg_container1_0 #bwg_container2_0 .tablenav-pages_0 a.disabled:hover,      #bwg_container1_0 #bwg_container2_0 .tablenav-pages_0 a.disabled:focus,\t\t\t#bwg_container1_0 #bwg_container2_0 .tablenav-pages_0 input.bwg_current_page {\t\t\t\tcursor: default;\t\t\t\tcolor: rgba(102, 102, 102, 0.5);      }      #bwg_container1_0 #bwg_container2_0 .tablenav-pages_0 a,      #bwg_container1_0 #bwg_container2_0 .tablenav-pages_0 input.bwg_current_page {\t\t\t\tcursor: pointer;\t\t\t\ttext-align: center;\t\t\t\tfont-size: 12px;\t\t\t\tfont-family: Ubuntu;\t\t\t\tfont-weight: bold;\t\t\t\tcolor: #666666;\t\t\t\ttext-decoration: none;\t\t\t\tpadding: 3px 6px;\t\t\t\tmargin: 0;\t\t\t\tborder-radius: 0;\t\t\t\tborder-style: solid;\t\t\t\tborder-width: 1px;\t\t\t\tborder-color: #E3E3E3;\t\t\t\t\t\t\t\tbackground-color: rgba(255, 255, 255, 1.00);\t\t\t\tbox-shadow: 0;\t\t\t\ttransition: all 0.3s ease 0s;-webkit-transition: all 0.3s ease 0s;      }      <\/style>      <span class=\"bwg_nav_cont_0\">              <div class=\"tablenav-pages_0\">                      <span class=\"pagination-links_0 pagination-links\" data-pages-count=\"2\">              <span class=\"pagination-links_col1\">              <a class=\"bwg-a first-page disabled\" title=\"Go to the first page\" >\u00ab<\/a>              <a class=\"bwg-a prev-page disabled\" title=\"Go to the previous page\" >\u2039<\/a>              <\/span>\t\t\t\t\t\t\t<span class=\"pagination-links_col2\">\t\t\t\t\t\t\t\t\t<input type=\"number\" class=\"bwg_current_page\" name=\"bwg_current_page\" value=\"1\" data-url-info=\"page_number_0\" onkeypress=\"return bwg_change_page_0(event, this)\" min=\"1\" oninput=\"validity.valid||(value='')\" \/>\t\t\t\t\t\t\t\t\t\tof\t\t\t\t\t\t\t\t\t\t<span class=\"total-pages_0\">\t\t\t\t\t\t\t\t\t\t\t2\t\t\t\t\t\t\t\t\t\t<\/span>\t\t\t\t\t\t\t<\/span>              <span class=\"pagination-links_col3\">                <a class=\"bwg-a next-page-0\" title=\"Go to the next page\" href=\"\/en\/wp-json\/wp\/v2\/fuerte-vermietungen\/25040?page_number_0=2\">\u203a<\/a>                <a class=\"bwg-a last-page-0\" title=\"Go to the last page\" href=\"\/en\/wp-json\/wp\/v2\/fuerte-vermietungen\/25040?page_number_0=2\">\u00bb<\/a>              <\/span>\t\t\t\t\t\t<\/span>\t\t\t\t\t\t        <\/div>                <input type=\"hidden\" id=\"page_number_0\" name=\"page_number_0\" value=\"1\" \/>      <script type=\"text\/javascript\">        if( jQuery('.bwg_nav_cont_0').length > 1 ) {          jQuery('.bwg_nav_cont_0').first().remove()        }        function spider_page_0(cur, x, y, load_more) {          if (typeof load_more == \"undefined\") {            var load_more = false;          }          if (jQuery(cur).hasClass('disabled')) {            return false;          }          var items_county_0 = 2;          switch (y) {            case 1:              if (x >= items_county_0) {                document.getElementById('page_number_0').value = items_county_0;              }              else {                document.getElementById('page_number_0').value = x + 1;              }              break;            case 2:              document.getElementById('page_number_0').value = items_county_0;              break;            case -1:              if (x == 1) {                document.getElementById('page_number_0').value = 1;              }              else {                document.getElementById('page_number_0').value = x - 1;              }              break;            case -2:              document.getElementById('page_number_0').value = 1;              break;\t\t\t\t\t\tcase 0:              document.getElementById('page_number_0').value = x;              break;            default:              document.getElementById('page_number_0').value = 1;          }          bwg_ajax('gal_front_form_0', '0', 'bwg_thumbnails_masonry_0', '0', '', 'gallery', 0, '', '', load_more, '', 1);        }                    jQuery('.first-page disabled').on('click', function () {              spider_page_0(this, 1, -2, 'numeric');              return false;            });            jQuery('.prev-page disabled').on('click', function () {              spider_page_0(this, 1, -1, 'numeric');              return false;            });            jQuery('.next-page-0').on('click', function () {              spider_page_0(this, 1, 1, 'numeric');              return false;            });            jQuery('.last-page-0').on('click', function () {              spider_page_0(this, 1, 2, 'numeric');              return false;            });        \t\t\t\t\/* Change page on input enter. *\/        function bwg_change_page_0( e, that ) {          if (  e.key == 'Enter' ) {            var to_page = parseInt(jQuery(that).val());            var pages_count = jQuery(that).parents(\".pagination-links\").data(\"pages-count\");            var current_url_param = jQuery(that).attr('data-url-info');            if (to_page > pages_count) {              to_page = 1;            }\t \t\t\t\t\t\t\t\t\t\t\t\tspider_page_0(this, to_page, 0, 'numeric');\t\t\t\t\t\t\treturn false;\t\t\t\t\t\t          }          return true;        }        jQuery('.bwg_load_btn_0').on('click', function () {            spider_page_0(this, 1, 1, true);            return false;        });      <\/script>      <\/span>                <\/div>        <\/form>        <style>          #bwg_container1_0 #bwg_container2_0 #spider_popup_overlay_0 {          background-color: #EEEEEE;          opacity: 0.60;          }          <\/style>        <div id=\"bwg_spider_popup_loading_0\" class=\"bwg_spider_popup_loading\"><\/div>        <div id=\"spider_popup_overlay_0\" class=\"spider_popup_overlay\" onclick=\"spider_destroypopup(1000)\"><\/div>        <input type=\"hidden\" id=\"bwg_random_seed_0\" value=\"493740011\">                <\/div>    <\/div>    <script>      if (document.readyState === 'complete') {        if( typeof bwg_main_ready == 'function' ) {          if ( jQuery(\"#bwg_container1_0\").height() ) {            bwg_main_ready(jQuery(\"#bwg_container1_0\"));          }        }      } else {        document.addEventListener('DOMContentLoaded', function() {          if( typeof bwg_main_ready == 'function' ) {            if ( jQuery(\"#bwg_container1_0\").height() ) {             bwg_main_ready(jQuery(\"#bwg_container1_0\"));            }          }        });      }    <\/script>    <\/p>\n","protected":false},"featured_media":23393,"template":"","meta":{"_acf_changed":false,"site-sidebar-layout":"default","site-content-layout":"default","ast-site-content-layout":"default","site-content-style":"default","site-sidebar-style":"default","ast-global-header-display":"","ast-banner-title-visibility":"","ast-main-header-display":"","ast-hfb-above-header-display":"","ast-hfb-below-header-display":"","ast-hfb-mobile-header-display":"","site-post-title":"","ast-breadcrumbs-content":"","ast-featured-img":"","footer-sml-layout":"","ast-disable-related-posts":"","theme-transparent-header-meta":"default","adv-header-id-meta":"","stick-header-meta":"default","header-above-stick-meta":"","header-main-stick-meta":"","header-below-stick-meta":"","astra-migrate-meta-layouts":"set","ast-page-background-enabled":"default","ast-page-background-meta":{"desktop":{"background-color":"var(--ast-global-color-4)","background-image":"","background-repeat":"repeat","background-position":"center center","background-size":"auto","background-attachment":"scroll","background-type":"","background-media":"","overlay-type":"","overlay-color":"","overlay-opacity":"","overlay-gradient":""},"tablet":{"background-color":"","background-image":"","background-repeat":"repeat","background-position":"center center","background-size":"auto","background-attachment":"scroll","background-type":"","background-media":"","overlay-type":"","overlay-color":"","overlay-opacity":"","overlay-gradient":""},"mobile":{"background-color":"","background-image":"","background-repeat":"repeat","background-position":"center center","background-size":"auto","background-attachment":"scroll","background-type":"","background-media":"","overlay-type":"","overlay-color":"","overlay-opacity":"","overlay-gradient":""}},"ast-content-background-meta":{"desktop":{"background-color":"var(--ast-global-color-5)","background-image":"","background-repeat":"repeat","background-position":"center center","background-size":"auto","background-attachment":"scroll","background-type":"","background-media":"","overlay-type":"","overlay-color":"","overlay-opacity":"","overlay-gradient":""},"tablet":{"background-color":"var(--ast-global-color-5)","background-image":"","background-repeat":"repeat","background-position":"center center","background-size":"auto","background-attachment":"scroll","background-type":"","background-media":"","overlay-type":"","overlay-color":"","overlay-opacity":"","overlay-gradient":""},"mobile":{"background-color":"var(--ast-global-color-5)","background-image":"","background-repeat":"repeat","background-position":"center center","background-size":"auto","background-attachment":"scroll","background-type":"","background-media":"","overlay-type":"","overlay-color":"","overlay-opacity":"","overlay-gradient":""}}},"kategorie-unterkunft-fuerte":[311],"class_list":["post-25040","fuerte-vermietungen","type-fuerte-vermietungen","status-publish","has-post-thumbnail","hentry","kategorie-unterkunft-fuerte-house"],"acf":[],"yoast_head":"<!-- This site is optimized with the Yoast SEO plugin v27.4 - https:\/\/yoast.com\/product\/yoast-seo-wordpress\/ -->\n<title>Gro\u00dfes Ferienhaus mit kleinem Pool ganz nahe am Meer<\/title>\n<meta name=\"description\" content=\"Ferienhaus am Meer und Strand in der zweiten Strandreihe in einem ehemaligen Fischerdorf, nahe guter Restaurants.\" \/>\n<meta name=\"robots\" content=\"index, follow, max-snippet:-1, max-image-preview:large, max-video-preview:-1\" \/>\n<link rel=\"canonical\" href=\"https:\/\/www.fuerteventura-privat.de\/en\/fuerte-vermietungen\/casa-mar-i-2\/\" \/>\n<meta property=\"og:locale\" content=\"en_US\" \/>\n<meta property=\"og:type\" content=\"article\" \/>\n<meta property=\"og:title\" content=\"Gro\u00dfes Ferienhaus mit kleinem Pool ganz nahe am Meer\" \/>\n<meta property=\"og:description\" content=\"Ferienhaus am Meer und Strand in der zweiten Strandreihe in einem ehemaligen Fischerdorf, nahe guter Restaurants.\" \/>\n<meta property=\"og:url\" content=\"https:\/\/www.fuerteventura-privat.de\/en\/fuerte-vermietungen\/casa-mar-i-2\/\" \/>\n<meta property=\"og:site_name\" content=\"Ferienhaus, Finca oder Appartement mit Vor-Ort-Service - Fuerteventura Privat\" \/>\n<meta property=\"og:image\" content=\"https:\/\/www.fuerteventura-privat.de\/wp-content\/uploads\/2025\/06\/IMG_2946-1.jpg\" \/>\n\t<meta property=\"og:image:width\" content=\"640\" \/>\n\t<meta property=\"og:image:height\" content=\"427\" \/>\n\t<meta property=\"og:image:type\" content=\"image\/jpeg\" \/>\n<meta name=\"twitter:card\" content=\"summary_large_image\" \/>\n<meta name=\"twitter:label1\" content=\"Est. reading time\" \/>\n\t<meta name=\"twitter:data1\" content=\"2 minutes\" \/>\n<script type=\"application\/ld+json\" class=\"yoast-schema-graph\">{\"@context\":\"https:\\\/\\\/schema.org\",\"@graph\":[{\"@type\":\"WebPage\",\"@id\":\"https:\\\/\\\/www.fuerteventura-privat.de\\\/en\\\/fuerte-vermietungen\\\/casa-mar-i-2\\\/\",\"url\":\"https:\\\/\\\/www.fuerteventura-privat.de\\\/en\\\/fuerte-vermietungen\\\/casa-mar-i-2\\\/\",\"name\":\"Gro\u00dfes Ferienhaus mit kleinem Pool ganz nahe am Meer\",\"isPartOf\":{\"@id\":\"https:\\\/\\\/www.fuerteventura-privat.de\\\/en\\\/#website\"},\"primaryImageOfPage\":{\"@id\":\"https:\\\/\\\/www.fuerteventura-privat.de\\\/en\\\/fuerte-vermietungen\\\/casa-mar-i-2\\\/#primaryimage\"},\"image\":{\"@id\":\"https:\\\/\\\/www.fuerteventura-privat.de\\\/en\\\/fuerte-vermietungen\\\/casa-mar-i-2\\\/#primaryimage\"},\"thumbnailUrl\":\"https:\\\/\\\/www.fuerteventura-privat.de\\\/wp-content\\\/uploads\\\/2025\\\/06\\\/IMG_2946-1.jpg\",\"datePublished\":\"2023-06-19T11:47:23+00:00\",\"description\":\"Ferienhaus am Meer und Strand in der zweiten Strandreihe in einem ehemaligen Fischerdorf, nahe guter Restaurants.\",\"breadcrumb\":{\"@id\":\"https:\\\/\\\/www.fuerteventura-privat.de\\\/en\\\/fuerte-vermietungen\\\/casa-mar-i-2\\\/#breadcrumb\"},\"inLanguage\":\"en-US\",\"potentialAction\":[{\"@type\":\"ReadAction\",\"target\":[\"https:\\\/\\\/www.fuerteventura-privat.de\\\/en\\\/fuerte-vermietungen\\\/casa-mar-i-2\\\/\"]}]},{\"@type\":\"ImageObject\",\"inLanguage\":\"en-US\",\"@id\":\"https:\\\/\\\/www.fuerteventura-privat.de\\\/en\\\/fuerte-vermietungen\\\/casa-mar-i-2\\\/#primaryimage\",\"url\":\"https:\\\/\\\/www.fuerteventura-privat.de\\\/wp-content\\\/uploads\\\/2025\\\/06\\\/IMG_2946-1.jpg\",\"contentUrl\":\"https:\\\/\\\/www.fuerteventura-privat.de\\\/wp-content\\\/uploads\\\/2025\\\/06\\\/IMG_2946-1.jpg\",\"width\":640,\"height\":427},{\"@type\":\"BreadcrumbList\",\"@id\":\"https:\\\/\\\/www.fuerteventura-privat.de\\\/en\\\/fuerte-vermietungen\\\/casa-mar-i-2\\\/#breadcrumb\",\"itemListElement\":[{\"@type\":\"ListItem\",\"position\":1,\"name\":\"Home\",\"item\":\"https:\\\/\\\/www.fuerteventura-privat.de\\\/en\\\/\"},{\"@type\":\"ListItem\",\"position\":2,\"name\":\"Casa Mar I\"}]},{\"@type\":\"WebSite\",\"@id\":\"https:\\\/\\\/www.fuerteventura-privat.de\\\/en\\\/#website\",\"url\":\"https:\\\/\\\/www.fuerteventura-privat.de\\\/en\\\/\",\"name\":\"Ferienhaus, Finca oder Appartement mit Vor-Ort-Service - Fuerteventura Privat\",\"description\":\"\",\"publisher\":{\"@id\":\"https:\\\/\\\/www.fuerteventura-privat.de\\\/en\\\/#organization\"},\"potentialAction\":[{\"@type\":\"SearchAction\",\"target\":{\"@type\":\"EntryPoint\",\"urlTemplate\":\"https:\\\/\\\/www.fuerteventura-privat.de\\\/en\\\/?s={search_term_string}\"},\"query-input\":{\"@type\":\"PropertyValueSpecification\",\"valueRequired\":true,\"valueName\":\"search_term_string\"}}],\"inLanguage\":\"en-US\"},{\"@type\":\"Organization\",\"@id\":\"https:\\\/\\\/www.fuerteventura-privat.de\\\/en\\\/#organization\",\"name\":\"Ferienhaus, Finca oder Appartement mit Vor-Ort-Service - Fuerteventura Privat\",\"url\":\"https:\\\/\\\/www.fuerteventura-privat.de\\\/en\\\/\",\"logo\":{\"@type\":\"ImageObject\",\"inLanguage\":\"en-US\",\"@id\":\"https:\\\/\\\/www.fuerteventura-privat.de\\\/en\\\/#\\\/schema\\\/logo\\\/image\\\/\",\"url\":\"https:\\\/\\\/www.fuerteventura-privat.de\\\/wp-content\\\/uploads\\\/2019\\\/12\\\/logo-fuerte.png\",\"contentUrl\":\"https:\\\/\\\/www.fuerteventura-privat.de\\\/wp-content\\\/uploads\\\/2019\\\/12\\\/logo-fuerte.png\",\"width\":300,\"height\":111,\"caption\":\"Ferienhaus, Finca oder Appartement mit Vor-Ort-Service  - Fuerteventura Privat\"},\"image\":{\"@id\":\"https:\\\/\\\/www.fuerteventura-privat.de\\\/en\\\/#\\\/schema\\\/logo\\\/image\\\/\"}}]}<\/script>\n<!-- \/ Yoast SEO plugin. -->","yoast_head_json":{"title":"Gro\u00dfes Ferienhaus mit kleinem Pool ganz nahe am Meer","description":"Ferienhaus am Meer und Strand in der zweiten Strandreihe in einem ehemaligen Fischerdorf, nahe guter Restaurants.","robots":{"index":"index","follow":"follow","max-snippet":"max-snippet:-1","max-image-preview":"max-image-preview:large","max-video-preview":"max-video-preview:-1"},"canonical":"https:\/\/www.fuerteventura-privat.de\/en\/fuerte-vermietungen\/casa-mar-i-2\/","og_locale":"en_US","og_type":"article","og_title":"Gro\u00dfes Ferienhaus mit kleinem Pool ganz nahe am Meer","og_description":"Ferienhaus am Meer und Strand in der zweiten Strandreihe in einem ehemaligen Fischerdorf, nahe guter Restaurants.","og_url":"https:\/\/www.fuerteventura-privat.de\/en\/fuerte-vermietungen\/casa-mar-i-2\/","og_site_name":"Ferienhaus, Finca oder Appartement mit Vor-Ort-Service - Fuerteventura Privat","og_image":[{"width":640,"height":427,"url":"https:\/\/www.fuerteventura-privat.de\/wp-content\/uploads\/2025\/06\/IMG_2946-1.jpg","type":"image\/jpeg"}],"twitter_card":"summary_large_image","twitter_misc":{"Est. reading time":"2 minutes"},"schema":{"@context":"https:\/\/schema.org","@graph":[{"@type":"WebPage","@id":"https:\/\/www.fuerteventura-privat.de\/en\/fuerte-vermietungen\/casa-mar-i-2\/","url":"https:\/\/www.fuerteventura-privat.de\/en\/fuerte-vermietungen\/casa-mar-i-2\/","name":"Gro\u00dfes Ferienhaus mit kleinem Pool ganz nahe am Meer","isPartOf":{"@id":"https:\/\/www.fuerteventura-privat.de\/en\/#website"},"primaryImageOfPage":{"@id":"https:\/\/www.fuerteventura-privat.de\/en\/fuerte-vermietungen\/casa-mar-i-2\/#primaryimage"},"image":{"@id":"https:\/\/www.fuerteventura-privat.de\/en\/fuerte-vermietungen\/casa-mar-i-2\/#primaryimage"},"thumbnailUrl":"https:\/\/www.fuerteventura-privat.de\/wp-content\/uploads\/2025\/06\/IMG_2946-1.jpg","datePublished":"2023-06-19T11:47:23+00:00","description":"Ferienhaus am Meer und Strand in der zweiten Strandreihe in einem ehemaligen Fischerdorf, nahe guter Restaurants.","breadcrumb":{"@id":"https:\/\/www.fuerteventura-privat.de\/en\/fuerte-vermietungen\/casa-mar-i-2\/#breadcrumb"},"inLanguage":"en-US","potentialAction":[{"@type":"ReadAction","target":["https:\/\/www.fuerteventura-privat.de\/en\/fuerte-vermietungen\/casa-mar-i-2\/"]}]},{"@type":"ImageObject","inLanguage":"en-US","@id":"https:\/\/www.fuerteventura-privat.de\/en\/fuerte-vermietungen\/casa-mar-i-2\/#primaryimage","url":"https:\/\/www.fuerteventura-privat.de\/wp-content\/uploads\/2025\/06\/IMG_2946-1.jpg","contentUrl":"https:\/\/www.fuerteventura-privat.de\/wp-content\/uploads\/2025\/06\/IMG_2946-1.jpg","width":640,"height":427},{"@type":"BreadcrumbList","@id":"https:\/\/www.fuerteventura-privat.de\/en\/fuerte-vermietungen\/casa-mar-i-2\/#breadcrumb","itemListElement":[{"@type":"ListItem","position":1,"name":"Home","item":"https:\/\/www.fuerteventura-privat.de\/en\/"},{"@type":"ListItem","position":2,"name":"Casa Mar I"}]},{"@type":"WebSite","@id":"https:\/\/www.fuerteventura-privat.de\/en\/#website","url":"https:\/\/www.fuerteventura-privat.de\/en\/","name":"Ferienhaus, Finca oder Appartement mit Vor-Ort-Service - Fuerteventura Privat","description":"","publisher":{"@id":"https:\/\/www.fuerteventura-privat.de\/en\/#organization"},"potentialAction":[{"@type":"SearchAction","target":{"@type":"EntryPoint","urlTemplate":"https:\/\/www.fuerteventura-privat.de\/en\/?s={search_term_string}"},"query-input":{"@type":"PropertyValueSpecification","valueRequired":true,"valueName":"search_term_string"}}],"inLanguage":"en-US"},{"@type":"Organization","@id":"https:\/\/www.fuerteventura-privat.de\/en\/#organization","name":"Ferienhaus, Finca oder Appartement mit Vor-Ort-Service - Fuerteventura Privat","url":"https:\/\/www.fuerteventura-privat.de\/en\/","logo":{"@type":"ImageObject","inLanguage":"en-US","@id":"https:\/\/www.fuerteventura-privat.de\/en\/#\/schema\/logo\/image\/","url":"https:\/\/www.fuerteventura-privat.de\/wp-content\/uploads\/2019\/12\/logo-fuerte.png","contentUrl":"https:\/\/www.fuerteventura-privat.de\/wp-content\/uploads\/2019\/12\/logo-fuerte.png","width":300,"height":111,"caption":"Ferienhaus, Finca oder Appartement mit Vor-Ort-Service  - Fuerteventura Privat"},"image":{"@id":"https:\/\/www.fuerteventura-privat.de\/en\/#\/schema\/logo\/image\/"}}]}},"_links":{"self":[{"href":"https:\/\/www.fuerteventura-privat.de\/en\/wp-json\/wp\/v2\/fuerte-vermietungen\/25040","targetHints":{"allow":["GET"]}}],"collection":[{"href":"https:\/\/www.fuerteventura-privat.de\/en\/wp-json\/wp\/v2\/fuerte-vermietungen"}],"about":[{"href":"https:\/\/www.fuerteventura-privat.de\/en\/wp-json\/wp\/v2\/types\/fuerte-vermietungen"}],"wp:featuredmedia":[{"embeddable":true,"href":"https:\/\/www.fuerteventura-privat.de\/en\/wp-json\/wp\/v2\/media\/23393"}],"wp:attachment":[{"href":"https:\/\/www.fuerteventura-privat.de\/en\/wp-json\/wp\/v2\/media?parent=25040"}],"wp:term":[{"taxonomy":"kategorie-unterkunft-fuerte","embeddable":true,"href":"https:\/\/www.fuerteventura-privat.de\/en\/wp-json\/wp\/v2\/kategorie-unterkunft-fuerte?post=25040"}],"curies":[{"name":"wp","href":"https:\/\/api.w.org\/{rel}","templated":true}]}}