{"id":25020,"date":"2023-06-19T13:47:23","date_gmt":"2023-06-19T11:47:23","guid":{"rendered":"https:\/\/www.fuerteventura-privat.de\/fuerte-vermietungen\/penthouse-atico-candi-2\/"},"modified":"2023-06-19T13:47:23","modified_gmt":"2023-06-19T11:47:23","slug":"penthouse-atico-candi-2","status":"publish","type":"fuerte-vermietungen","link":"https:\/\/www.fuerteventura-privat.de\/en\/fuerte-vermietungen\/penthouse-atico-candi-2\/","title":{"rendered":"Penthouse Atico Candi"},"content":{"rendered":"<h2>Kleine Penthouse-Ferienwohnung am Meer in Gran Tarajal.<\/h2>\n<p>Diese kleine Ferienwohnung liegt im obersten Stockwerk eines Hauses direkt an der sch\u00f6nen Promenade von Gran Tarajal. Mit einem Aufzug geht es bequem hoch und runter. Alles was Sie f\u00fcr einen Urlaub in einer Ferienwohnung ben\u00f6tigen liegt in der direkten Umgebung: das Meer, der Sandstrand, die Promenade, Superm\u00e4rkte, B\u00e4ckereien, Restaurants, Bars, Zeitschriftengesch\u00e4fte so wie auch Boutiquen, Apotheken, Optiker, Banken etc&#8230;denn Gran Tarajal ist eine h\u00fcbsche Kleinstadt auf Fuerteventura. Von hier aus sind Sie in nur 40 Minuten im S\u00fcden oder in der Insel-Hauptstadt Porto Rosario. Direkt um die Ecke liegt das kleine Fischerdorf Las Playitas, das auch \u00fcber einen kleinen, h\u00fcbschen Sandstrand und eine kleine Promenade verf\u00fcgt. Auch hier befinden sich direkt am Strand einige Restaurants, die fangfrische Fischspezialit\u00e4ten anbieten. Und etwas weiter noch entfernt liegt der Faro de Entallada, den viele f\u00fcr den sch\u00f6nsten Leuchtturm Fuerteventuras halten.<\/p>\n<p><strong>Auch f\u00fcr Langzeiturlauber ist diese Ferienwohnung in Gran Tarajal ideal.\u00a0<\/strong><\/p>\n<p>Das kleine Penthouse ist gem\u00fctlich eingerichtet. Es verf\u00fcgt \u00fcber ein Schlafzimmer mit angrenzendem Duschbad, einen kleinen Flur, der Sie in den offenen Wohn- und Esszimmer-Bereich f\u00fchrt. Auch hier\u00a0 gibt es noch einmal eine kleine separate Toilette mit\u00a0 Waschbecken. Vom Wohn- und Esszimmerbereich sehen bereits das sch\u00f6ne Meer und die Sonnen-Terrasse. Kleines Highlight &#8211; es gibt eine elektrisch verstellbare Sonnen-Markise. Hier k\u00f6nnen Sie nach Herzenslust Fr\u00fchst\u00fccken, Mittags schnell mal vom Strand zur\u00fcckkommen und Abends die herrliche Sonnenuntergangs-Stimmung genie\u00dfen. Ganz abgesehen von dem tollen Blick, \u00fcber die breite Bucht sowie den Sandstrand von Gran Tarajal, der ebenfalls ein kleiner Genuss ist.<\/p>\n<p>Und wem das zu langweilig ist, der geht einfach raus vor die T\u00fcr und genie\u00dft den Abend in einem der guten Restaurants vor Ort oder in einem Caf\u00e9 oder erkundet seinen zuk\u00fcnftige Lieblingsplatz auf der Promenade mit Meerblick. Grillen k\u00f6nnen Sie hier oben auch und wie praktisch ist es doch, dass es nur ein paar Stra\u00dfen weiter die passenden Einkaufsm\u00f6glichkeiten daf\u00fcr gibt.<\/p>\n<style id=\"bwg-style-0\">      #bwg_container1_0 #bwg_container2_0 .bwg_masonry_thumb_0 {        text-align: center;        display: inline-block;        vertical-align: middle;      \t          width: 100% !important;;      \t        margin: 0;        opacity: 1.00;      }\t\t\t\t\t\t      #bwg_container1_0 #bwg_container2_0 .bwg-container-0.bwg-masonry-thumbnails .bwg-item,      #bwg_container1_0 #bwg_container2_0 .bwg-container-temp0.bwg-masonry-thumbnails .bwg-item {        padding: calc(4px \/ 2);\t\t\t\t      }      #bwg_container1_0 #bwg_container2_0 .bwg-container-0.bwg-masonry-thumbnails .bwg-item0 {      \t        background-color:rgba(0,0,0, 0.30);        border: 0px none #CCCCCC;\t\t\t\topacity: 1.00;        border-radius: 0;      }      #bwg_container1_0 #bwg_container2_0 .bwg-container-0.bwg-masonry-thumbnails .bwg-item1 img {        max-height: none;\t\t\t\t        \tmax-width: calc(250px + (4px + 0px));\t\t\t\t      }\t\t\t\t\t\t\t@media only screen and (min-width: 480px) {\t\t\t\t\t#bwg_container1_0 #bwg_container2_0 .bwg-container-0.bwg-masonry-thumbnails .bwg-item1 img {\t\t\t\t\t\t-webkit-transition: -webkit-transform .3s; transition: transform .3s;\t\t\t\t\t}\t\t\t\t\t#bwg_container1_0 #bwg_container2_0 .bwg-container-0.bwg-masonry-thumbnails .bwg-item1 img:hover {\t\t\t\t\t\t-ms-transform: scale(1.08);\t\t\t\t\t\t-webkit-transform: scale(1.08);\t\t\t\t\t\ttransform: scale(1.08);\t\t\t\t\t}\t\t\t\t\t\t\t\t\t}\t\t\t\t\t\t\t\t\t#bwg_container1_0 #bwg_container2_0 .bwg-container-0.bwg-masonry-thumbnails .bwg-title2,\t\t\t#bwg_container1_0 #bwg_container2_0 .bwg-container-temp0.bwg-masonry-thumbnails .bwg-title2,\t\t\t#bwg_container1_0 #bwg_container2_0 .bwg-container-0.bwg-masonry-thumbnails .bwg-play-icon2,\t\t\t#bwg_container1_0 #bwg_container2_0 .bwg-container-0.bwg-masonry-thumbnails .bwg-ecommerce2 {\t\t\t\tmax-height: 100%;\t\t\t\tpadding: 2px;\t\t\t\tfont-family: Ubuntu;\t\t\t\tfont-weight: bold;\t\t\t\tfont-size: 16px;\t\t\t\tcolor: #323A45;\t\t\t}\t\t\t#bwg_container1_0 #bwg_container2_0 .bwg-container-0.bwg-masonry-thumbnails .bwg-ecommerce2 {\t\t\t\tcolor: #323A45;\t\t\t}\t  \t#bwg_container1_0 #bwg_container2_0 .bwg_masonry_thumbnails_0 {\t\t\t\tposition: relative;\t\t\t\tbackground-color: rgba(255, 255, 255, 0.00);\t\t\t\tfont-size: 0;\t\t\t\t\t\t\t\t\twidth: 1254px;\t\t\t\t\tmax-width: 100%;\t\t\t\t\t\t\t\t\tmax-width: 100%;\t\t\t\t\t\t\t\t\t\t\t\t\tmargin: 0 auto;\t\t\t\t\t\t\t}\t\t\t\t\t\t\t@media only screen and (max-width: 1290px) {\t\t\t\t\t#bwg_container1_0 #bwg_container2_0 .bwg_masonry_thumbnails_0 {\t\t\t\t\t\twidth: inherit;\t\t\t\t\t}\t\t\t\t}\t\t\t\t\t\t#bwg_container1_0 #bwg_container2_0 .bwg_masonry_thumb_description_0 {        color: #323A45;        line-height: 1.4;        font-size: 16px;        font-family: Ubuntu;        text-align: justify;      }      #bwg_container1_0.bwg_thumbnails_masonry .wd_error p {        color: #323A45;      }      #bwg_container1_0 #bwg_container2_0 .bwg_gal_title_0 {        background-color: rgba(0, 0, 0, 0);        color: #323A45;        display: block;        font-family: Ubuntu;        font-size: 16px;        font-weight: bold;        padding: 2px;        text-shadow: ;        text-align: center;      }      <\/style>    <div id=\"bwg_container1_0\"         class=\"bwg_container bwg_thumbnail bwg_thumbnails_masonry \"         data-right-click-protection=\"1\"         data-bwg=\"0\"         data-scroll=\"0\"         data-gallery-type=\"thumbnails_masonry\"         data-gallery-view-type=\"thumbnails_masonry\"         data-current-url=\"\/en\/wp-json\/wp\/v2\/fuerte-vermietungen\/25020\"         data-lightbox-url=\"https:\/\/www.fuerteventura-privat.de\/wp-admin\/admin-ajax.php?action=GalleryBox&#038;current_view=0&#038;gallery_id=14&#038;tag=0&#038;theme_id=1&#038;shortcode_id=28&#038;sort_by=order&#038;order_by=asc&#038;current_url=%2Fen%2Fwp-json%2Fwp%2Fv2%2Ffuerte-vermietungen%2F25020\"         data-gallery-id=\"14\"         data-popup-width=\"800\"         data-popup-height=\"500\"         data-is-album=\"gallery\"         data-buttons-position=\"bottom\">      <div id=\"bwg_container2_0\">             <div id=\"ajax_loading_0\" class=\"bwg_loading_div_1\">      <div class=\"bwg_loading_div_2\">        <div class=\"bwg_loading_div_3\">          <div id=\"loading_div_0\" class=\"bwg_spider_ajax_loading\">          <\/div>        <\/div>      <\/div>    <\/div>            <form id=\"gal_front_form_0\"              class=\"bwg-hidden\"              method=\"post\"              action=\"#\"              data-current=\"0\"              data-shortcode-id=\"28\"              data-gallery-type=\"thumbnails_masonry\"              data-gallery-id=\"14\"              data-tag=\"0\"              data-album-id=\"0\"              data-theme-id=\"1\"              data-ajax-url=\"https:\/\/www.fuerteventura-privat.de\/wp-admin\/admin-ajax.php?action=bwg_frontend_data\">          <div id=\"bwg_container3_0\" class=\"bwg-background bwg-background-0\">                <div id=\"bwg_thumbnails_masonry_0\"         data-bwg=\"0\"         data-masonry-type=\"vertical\"         data-resizable-thumbnails=\"1\"         data-max-count=\"5\"         data-thumbnail-width=\"250\"         data-thumbnail-height=\"250\"         data-thumbnail-padding=\"4\"         data-thumbnail-border=\"0\"         data-gallery-id=\"14\"         data-lightbox-url=\"https:\/\/www.fuerteventura-privat.de\/wp-admin\/admin-ajax.php?action=GalleryBox&#038;current_view=0&#038;gallery_id=14&#038;tag=0&#038;theme_id=1&#038;shortcode_id=28&#038;sort_by=order&#038;order_by=asc&#038;current_url=%2Fen%2Fwp-json%2Fwp%2Fv2%2Ffuerte-vermietungen%2F25020\"         class=\"bwg-container-0 bwg_masonry_thumbnails_0 bwg-masonry-thumbnails bwg-masonry-vertical bwg-container bwg-border-box\">              <div class=\"bwg-item\">          <a class=\"bwg-a  bwg_lightbox\"  data-image-id=\"481\" href=\"https:\/\/www.fuerteventura-privat.de\/wp-content\/uploads\/photo-gallery\/imported_from_media_libray\/IMG_0142.jpg?bwg=1686933655\" data-elementor-open-lightbox=\"no\">            <div class=\"bwg-item0\">              <div class=\"bwg-item1 \">      \t\t\t\t\t<img decoding=\"async\" class=\"skip-lazy bwg-masonry-thumb bwg_masonry_thumb_0 \"                       data-id=\"481\"                       data-src=\"https:\/\/www.fuerteventura-privat.de\/wp-content\/uploads\/photo-gallery\/imported_from_media_libray\/thumb\/IMG_0142.jpg?bwg=1686933655\"                       data-width=\"500.00\"                       data-height=\"334.00\"\t\t\t\t\t\t\t\t\t\t   src=\"https:\/\/www.fuerteventura-privat.de\/wp-content\/uploads\/photo-gallery\/imported_from_media_libray\/thumb\/IMG_0142.jpg?bwg=1686933655\"\t\t\t\t\t\t\t\t\t\t   alt=\"IMG_0142\"\t\t\t\t\t\t\t\t\t\t   title=\"IMG_0142\" \/>                <div class=\"\">                  \t\t\t\t                                            <\/div>              <\/div>            <\/div>                      <\/a>                  <\/div>              <div class=\"bwg-item\">          <a class=\"bwg-a  bwg_lightbox\"  data-image-id=\"482\" href=\"https:\/\/www.fuerteventura-privat.de\/wp-content\/uploads\/photo-gallery\/imported_from_media_libray\/IMG_0141.jpg?bwg=1686933655\" data-elementor-open-lightbox=\"no\">            <div class=\"bwg-item0\">              <div class=\"bwg-item1 \">      \t\t\t\t\t<img decoding=\"async\" class=\"skip-lazy bwg-masonry-thumb bwg_masonry_thumb_0 \"                       data-id=\"482\"                       data-src=\"https:\/\/www.fuerteventura-privat.de\/wp-content\/uploads\/photo-gallery\/imported_from_media_libray\/thumb\/IMG_0141.jpg?bwg=1686933655\"                       data-width=\"500.00\"                       data-height=\"334.00\"\t\t\t\t\t\t\t\t\t\t   src=\"https:\/\/www.fuerteventura-privat.de\/wp-content\/uploads\/photo-gallery\/imported_from_media_libray\/thumb\/IMG_0141.jpg?bwg=1686933655\"\t\t\t\t\t\t\t\t\t\t   alt=\"IMG_0141\"\t\t\t\t\t\t\t\t\t\t   title=\"IMG_0141\" \/>                <div class=\"\">                  \t\t\t\t                                            <\/div>              <\/div>            <\/div>                      <\/a>                  <\/div>              <div class=\"bwg-item\">          <a class=\"bwg-a  bwg_lightbox\"  data-image-id=\"475\" href=\"https:\/\/www.fuerteventura-privat.de\/wp-content\/uploads\/photo-gallery\/imported_from_media_libray\/IMG_0155.jpg?bwg=1686933655\" data-elementor-open-lightbox=\"no\">            <div class=\"bwg-item0\">              <div class=\"bwg-item1 \">      \t\t\t\t\t<img decoding=\"async\" class=\"skip-lazy bwg-masonry-thumb bwg_masonry_thumb_0 \"                       data-id=\"475\"                       data-src=\"https:\/\/www.fuerteventura-privat.de\/wp-content\/uploads\/photo-gallery\/imported_from_media_libray\/thumb\/IMG_0155.jpg?bwg=1686933655\"                       data-width=\"500.00\"                       data-height=\"334.00\"\t\t\t\t\t\t\t\t\t\t   src=\"https:\/\/www.fuerteventura-privat.de\/wp-content\/uploads\/photo-gallery\/imported_from_media_libray\/thumb\/IMG_0155.jpg?bwg=1686933655\"\t\t\t\t\t\t\t\t\t\t   alt=\"IMG_0155\"\t\t\t\t\t\t\t\t\t\t   title=\"IMG_0155\" \/>                <div class=\"\">                  \t\t\t\t                                            <\/div>              <\/div>            <\/div>                      <\/a>                  <\/div>              <div class=\"bwg-item\">          <a class=\"bwg-a  bwg_lightbox\"  data-image-id=\"480\" href=\"https:\/\/www.fuerteventura-privat.de\/wp-content\/uploads\/photo-gallery\/imported_from_media_libray\/IMG_0143.jpg?bwg=1686933655\" data-elementor-open-lightbox=\"no\">            <div class=\"bwg-item0\">              <div class=\"bwg-item1 \">      \t\t\t\t\t<img decoding=\"async\" class=\"skip-lazy bwg-masonry-thumb bwg_masonry_thumb_0 \"                       data-id=\"480\"                       data-src=\"https:\/\/www.fuerteventura-privat.de\/wp-content\/uploads\/photo-gallery\/imported_from_media_libray\/thumb\/IMG_0143.jpg?bwg=1686933655\"                       data-width=\"500.00\"                       data-height=\"334.00\"\t\t\t\t\t\t\t\t\t\t   src=\"https:\/\/www.fuerteventura-privat.de\/wp-content\/uploads\/photo-gallery\/imported_from_media_libray\/thumb\/IMG_0143.jpg?bwg=1686933655\"\t\t\t\t\t\t\t\t\t\t   alt=\"IMG_0143\"\t\t\t\t\t\t\t\t\t\t   title=\"IMG_0143\" \/>                <div class=\"\">                  \t\t\t\t                                            <\/div>              <\/div>            <\/div>                      <\/a>                  <\/div>              <div class=\"bwg-item\">          <a class=\"bwg-a  bwg_lightbox\"  data-image-id=\"483\" href=\"https:\/\/www.fuerteventura-privat.de\/wp-content\/uploads\/photo-gallery\/imported_from_media_libray\/IMG_0140.jpg?bwg=1686933655\" data-elementor-open-lightbox=\"no\">            <div class=\"bwg-item0\">              <div class=\"bwg-item1 \">      \t\t\t\t\t<img decoding=\"async\" class=\"skip-lazy bwg-masonry-thumb bwg_masonry_thumb_0 \"                       data-id=\"483\"                       data-src=\"https:\/\/www.fuerteventura-privat.de\/wp-content\/uploads\/photo-gallery\/imported_from_media_libray\/thumb\/IMG_0140.jpg?bwg=1686933655\"                       data-width=\"500.00\"                       data-height=\"334.00\"\t\t\t\t\t\t\t\t\t\t   src=\"https:\/\/www.fuerteventura-privat.de\/wp-content\/uploads\/photo-gallery\/imported_from_media_libray\/thumb\/IMG_0140.jpg?bwg=1686933655\"\t\t\t\t\t\t\t\t\t\t   alt=\"IMG_0140\"\t\t\t\t\t\t\t\t\t\t   title=\"IMG_0140\" \/>                <div class=\"\">                  \t\t\t\t                                            <\/div>              <\/div>            <\/div>                      <\/a>                  <\/div>              <div class=\"bwg-item\">          <a class=\"bwg-a  bwg_lightbox\"  data-image-id=\"478\" href=\"https:\/\/www.fuerteventura-privat.de\/wp-content\/uploads\/photo-gallery\/imported_from_media_libray\/IMG_0146.jpg?bwg=1686933655\" data-elementor-open-lightbox=\"no\">            <div class=\"bwg-item0\">              <div class=\"bwg-item1 \">      \t\t\t\t\t<img decoding=\"async\" class=\"skip-lazy bwg-masonry-thumb bwg_masonry_thumb_0 \"                       data-id=\"478\"                       data-src=\"https:\/\/www.fuerteventura-privat.de\/wp-content\/uploads\/photo-gallery\/imported_from_media_libray\/thumb\/IMG_0146.jpg?bwg=1686933655\"                       data-width=\"500.00\"                       data-height=\"334.00\"\t\t\t\t\t\t\t\t\t\t   src=\"https:\/\/www.fuerteventura-privat.de\/wp-content\/uploads\/photo-gallery\/imported_from_media_libray\/thumb\/IMG_0146.jpg?bwg=1686933655\"\t\t\t\t\t\t\t\t\t\t   alt=\"IMG_0146\"\t\t\t\t\t\t\t\t\t\t   title=\"IMG_0146\" \/>                <div class=\"\">                  \t\t\t\t                                            <\/div>              <\/div>            <\/div>                      <\/a>                  <\/div>              <div class=\"bwg-item\">          <a class=\"bwg-a  bwg_lightbox\"  data-image-id=\"474\" href=\"https:\/\/www.fuerteventura-privat.de\/wp-content\/uploads\/photo-gallery\/imported_from_media_libray\/IMG_0162.jpg?bwg=1686933655\" data-elementor-open-lightbox=\"no\">            <div class=\"bwg-item0\">              <div class=\"bwg-item1 \">      \t\t\t\t\t<img decoding=\"async\" class=\"skip-lazy bwg-masonry-thumb bwg_masonry_thumb_0 \"                       data-id=\"474\"                       data-src=\"https:\/\/www.fuerteventura-privat.de\/wp-content\/uploads\/photo-gallery\/imported_from_media_libray\/thumb\/IMG_0162.jpg?bwg=1686933655\"                       data-width=\"333.00\"                       data-height=\"500.00\"\t\t\t\t\t\t\t\t\t\t   src=\"https:\/\/www.fuerteventura-privat.de\/wp-content\/uploads\/photo-gallery\/imported_from_media_libray\/thumb\/IMG_0162.jpg?bwg=1686933655\"\t\t\t\t\t\t\t\t\t\t   alt=\"IMG_0162\"\t\t\t\t\t\t\t\t\t\t   title=\"IMG_0162\" \/>                <div class=\"\">                  \t\t\t\t                                            <\/div>              <\/div>            <\/div>                      <\/a>                  <\/div>              <div class=\"bwg-item\">          <a class=\"bwg-a  bwg_lightbox\"  data-image-id=\"476\" href=\"https:\/\/www.fuerteventura-privat.de\/wp-content\/uploads\/photo-gallery\/imported_from_media_libray\/IMG_0150.jpg?bwg=1686933655\" data-elementor-open-lightbox=\"no\">            <div class=\"bwg-item0\">              <div class=\"bwg-item1 \">      \t\t\t\t\t<img decoding=\"async\" class=\"skip-lazy bwg-masonry-thumb bwg_masonry_thumb_0 \"                       data-id=\"476\"                       data-src=\"https:\/\/www.fuerteventura-privat.de\/wp-content\/uploads\/photo-gallery\/imported_from_media_libray\/thumb\/IMG_0150.jpg?bwg=1686933655\"                       data-width=\"500.00\"                       data-height=\"333.00\"\t\t\t\t\t\t\t\t\t\t   src=\"https:\/\/www.fuerteventura-privat.de\/wp-content\/uploads\/photo-gallery\/imported_from_media_libray\/thumb\/IMG_0150.jpg?bwg=1686933655\"\t\t\t\t\t\t\t\t\t\t   alt=\"IMG_0150\"\t\t\t\t\t\t\t\t\t\t   title=\"IMG_0150\" \/>                <div class=\"\">                  \t\t\t\t                                            <\/div>              <\/div>            <\/div>                      <\/a>                  <\/div>              <div class=\"bwg-item\">          <a class=\"bwg-a  bwg_lightbox\"  data-image-id=\"479\" href=\"https:\/\/www.fuerteventura-privat.de\/wp-content\/uploads\/photo-gallery\/imported_from_media_libray\/IMG_0145.jpg?bwg=1686933655\" data-elementor-open-lightbox=\"no\">            <div class=\"bwg-item0\">              <div class=\"bwg-item1 \">      \t\t\t\t\t<img decoding=\"async\" class=\"skip-lazy bwg-masonry-thumb bwg_masonry_thumb_0 \"                       data-id=\"479\"                       data-src=\"https:\/\/www.fuerteventura-privat.de\/wp-content\/uploads\/photo-gallery\/imported_from_media_libray\/thumb\/IMG_0145.jpg?bwg=1686933655\"                       data-width=\"500.00\"                       data-height=\"334.00\"\t\t\t\t\t\t\t\t\t\t   src=\"https:\/\/www.fuerteventura-privat.de\/wp-content\/uploads\/photo-gallery\/imported_from_media_libray\/thumb\/IMG_0145.jpg?bwg=1686933655\"\t\t\t\t\t\t\t\t\t\t   alt=\"IMG_0145\"\t\t\t\t\t\t\t\t\t\t   title=\"IMG_0145\" \/>                <div class=\"\">                  \t\t\t\t                                            <\/div>              <\/div>            <\/div>                      <\/a>                  <\/div>              <div class=\"bwg-item\">          <a class=\"bwg-a  bwg_lightbox\"  data-image-id=\"484\" href=\"https:\/\/www.fuerteventura-privat.de\/wp-content\/uploads\/photo-gallery\/imported_from_media_libray\/IMG_0138.jpg?bwg=1686933655\" data-elementor-open-lightbox=\"no\">            <div class=\"bwg-item0\">              <div class=\"bwg-item1 \">      \t\t\t\t\t<img decoding=\"async\" class=\"skip-lazy bwg-masonry-thumb bwg_masonry_thumb_0 \"                       data-id=\"484\"                       data-src=\"https:\/\/www.fuerteventura-privat.de\/wp-content\/uploads\/photo-gallery\/imported_from_media_libray\/thumb\/IMG_0138.jpg?bwg=1686933655\"                       data-width=\"500.00\"                       data-height=\"334.00\"\t\t\t\t\t\t\t\t\t\t   src=\"https:\/\/www.fuerteventura-privat.de\/wp-content\/uploads\/photo-gallery\/imported_from_media_libray\/thumb\/IMG_0138.jpg?bwg=1686933655\"\t\t\t\t\t\t\t\t\t\t   alt=\"IMG_0138\"\t\t\t\t\t\t\t\t\t\t   title=\"IMG_0138\" \/>                <div class=\"\">                  \t\t\t\t                                            <\/div>              <\/div>            <\/div>                      <\/a>                  <\/div>              <div class=\"bwg-item\">          <a class=\"bwg-a  bwg_lightbox\"  data-image-id=\"489\" href=\"https:\/\/www.fuerteventura-privat.de\/wp-content\/uploads\/photo-gallery\/imported_from_media_libray\/IMG_0121.jpg?bwg=1686933655\" data-elementor-open-lightbox=\"no\">            <div class=\"bwg-item0\">              <div class=\"bwg-item1 \">      \t\t\t\t\t<img decoding=\"async\" class=\"skip-lazy bwg-masonry-thumb bwg_masonry_thumb_0 \"                       data-id=\"489\"                       data-src=\"https:\/\/www.fuerteventura-privat.de\/wp-content\/uploads\/photo-gallery\/imported_from_media_libray\/thumb\/IMG_0121.jpg?bwg=1686933655\"                       data-width=\"500.00\"                       data-height=\"334.00\"\t\t\t\t\t\t\t\t\t\t   src=\"https:\/\/www.fuerteventura-privat.de\/wp-content\/uploads\/photo-gallery\/imported_from_media_libray\/thumb\/IMG_0121.jpg?bwg=1686933655\"\t\t\t\t\t\t\t\t\t\t   alt=\"IMG_0121\"\t\t\t\t\t\t\t\t\t\t   title=\"IMG_0121\" \/>                <div class=\"\">                  \t\t\t\t                                            <\/div>              <\/div>            <\/div>                      <\/a>                  <\/div>              <div class=\"bwg-item\">          <a class=\"bwg-a  bwg_lightbox\"  data-image-id=\"470\" href=\"https:\/\/www.fuerteventura-privat.de\/wp-content\/uploads\/photo-gallery\/imported_from_media_libray\/IMG_0174-1.jpg?bwg=1686933655\" data-elementor-open-lightbox=\"no\">            <div class=\"bwg-item0\">              <div class=\"bwg-item1 \">      \t\t\t\t\t<img decoding=\"async\" class=\"skip-lazy bwg-masonry-thumb bwg_masonry_thumb_0 \"                       data-id=\"470\"                       data-src=\"https:\/\/www.fuerteventura-privat.de\/wp-content\/uploads\/photo-gallery\/imported_from_media_libray\/thumb\/IMG_0174-1.jpg?bwg=1686933655\"                       data-width=\"500.00\"                       data-height=\"334.00\"\t\t\t\t\t\t\t\t\t\t   src=\"https:\/\/www.fuerteventura-privat.de\/wp-content\/uploads\/photo-gallery\/imported_from_media_libray\/thumb\/IMG_0174-1.jpg?bwg=1686933655\"\t\t\t\t\t\t\t\t\t\t   alt=\"IMG_0174 (1)\"\t\t\t\t\t\t\t\t\t\t   title=\"IMG_0174 (1)\" \/>                <div class=\"\">                  \t\t\t\t                                            <\/div>              <\/div>            <\/div>                      <\/a>                  <\/div>              <div class=\"bwg-item\">          <a class=\"bwg-a  bwg_lightbox\"  data-image-id=\"472\" href=\"https:\/\/www.fuerteventura-privat.de\/wp-content\/uploads\/photo-gallery\/imported_from_media_libray\/IMG_0167.jpg?bwg=1686933655\" data-elementor-open-lightbox=\"no\">            <div class=\"bwg-item0\">              <div class=\"bwg-item1 \">      \t\t\t\t\t<img decoding=\"async\" class=\"skip-lazy bwg-masonry-thumb bwg_masonry_thumb_0 \"                       data-id=\"472\"                       data-src=\"https:\/\/www.fuerteventura-privat.de\/wp-content\/uploads\/photo-gallery\/imported_from_media_libray\/thumb\/IMG_0167.jpg?bwg=1686933655\"                       data-width=\"500.00\"                       data-height=\"334.00\"\t\t\t\t\t\t\t\t\t\t   src=\"https:\/\/www.fuerteventura-privat.de\/wp-content\/uploads\/photo-gallery\/imported_from_media_libray\/thumb\/IMG_0167.jpg?bwg=1686933655\"\t\t\t\t\t\t\t\t\t\t   alt=\"IMG_0167\"\t\t\t\t\t\t\t\t\t\t   title=\"IMG_0167\" \/>                <div class=\"\">                  \t\t\t\t                                            <\/div>              <\/div>            <\/div>                      <\/a>                  <\/div>              <div class=\"bwg-item\">          <a class=\"bwg-a  bwg_lightbox\"  data-image-id=\"473\" href=\"https:\/\/www.fuerteventura-privat.de\/wp-content\/uploads\/photo-gallery\/imported_from_media_libray\/IMG_0164.jpg?bwg=1686933655\" data-elementor-open-lightbox=\"no\">            <div class=\"bwg-item0\">              <div class=\"bwg-item1 \">      \t\t\t\t\t<img decoding=\"async\" class=\"skip-lazy bwg-masonry-thumb bwg_masonry_thumb_0 \"                       data-id=\"473\"                       data-src=\"https:\/\/www.fuerteventura-privat.de\/wp-content\/uploads\/photo-gallery\/imported_from_media_libray\/thumb\/IMG_0164.jpg?bwg=1686933655\"                       data-width=\"500.00\"                       data-height=\"334.00\"\t\t\t\t\t\t\t\t\t\t   src=\"https:\/\/www.fuerteventura-privat.de\/wp-content\/uploads\/photo-gallery\/imported_from_media_libray\/thumb\/IMG_0164.jpg?bwg=1686933655\"\t\t\t\t\t\t\t\t\t\t   alt=\"IMG_0164\"\t\t\t\t\t\t\t\t\t\t   title=\"IMG_0164\" \/>                <div class=\"\">                  \t\t\t\t                                            <\/div>              <\/div>            <\/div>                      <\/a>                  <\/div>              <div class=\"bwg-item\">          <a class=\"bwg-a  bwg_lightbox\"  data-image-id=\"485\" href=\"https:\/\/www.fuerteventura-privat.de\/wp-content\/uploads\/photo-gallery\/imported_from_media_libray\/IMG_0135.jpg?bwg=1686933655\" data-elementor-open-lightbox=\"no\">            <div class=\"bwg-item0\">              <div class=\"bwg-item1 \">      \t\t\t\t\t<img decoding=\"async\" class=\"skip-lazy bwg-masonry-thumb bwg_masonry_thumb_0 \"                       data-id=\"485\"                       data-src=\"https:\/\/www.fuerteventura-privat.de\/wp-content\/uploads\/photo-gallery\/imported_from_media_libray\/thumb\/IMG_0135.jpg?bwg=1686933655\"                       data-width=\"500.00\"                       data-height=\"333.00\"\t\t\t\t\t\t\t\t\t\t   src=\"https:\/\/www.fuerteventura-privat.de\/wp-content\/uploads\/photo-gallery\/imported_from_media_libray\/thumb\/IMG_0135.jpg?bwg=1686933655\"\t\t\t\t\t\t\t\t\t\t   alt=\"IMG_0135\"\t\t\t\t\t\t\t\t\t\t   title=\"IMG_0135\" \/>                <div class=\"\">                  \t\t\t\t                                            <\/div>              <\/div>            <\/div>                      <\/a>                  <\/div>              <div class=\"bwg-item\">          <a class=\"bwg-a  bwg_lightbox\"  data-image-id=\"477\" href=\"https:\/\/www.fuerteventura-privat.de\/wp-content\/uploads\/photo-gallery\/imported_from_media_libray\/IMG_0148.jpg?bwg=1686933655\" data-elementor-open-lightbox=\"no\">            <div class=\"bwg-item0\">              <div class=\"bwg-item1 \">      \t\t\t\t\t<img decoding=\"async\" class=\"skip-lazy bwg-masonry-thumb bwg_masonry_thumb_0 \"                       data-id=\"477\"                       data-src=\"https:\/\/www.fuerteventura-privat.de\/wp-content\/uploads\/photo-gallery\/imported_from_media_libray\/thumb\/IMG_0148.jpg?bwg=1686933655\"                       data-width=\"333.00\"                       data-height=\"500.00\"\t\t\t\t\t\t\t\t\t\t   src=\"https:\/\/www.fuerteventura-privat.de\/wp-content\/uploads\/photo-gallery\/imported_from_media_libray\/thumb\/IMG_0148.jpg?bwg=1686933655\"\t\t\t\t\t\t\t\t\t\t   alt=\"IMG_0148\"\t\t\t\t\t\t\t\t\t\t   title=\"IMG_0148\" \/>                <div class=\"\">                  \t\t\t\t                                            <\/div>              <\/div>            <\/div>                      <\/a>                  <\/div>              <div class=\"bwg-item\">          <a class=\"bwg-a  bwg_lightbox\"  data-image-id=\"486\" href=\"https:\/\/www.fuerteventura-privat.de\/wp-content\/uploads\/photo-gallery\/imported_from_media_libray\/IMG_0129.jpg?bwg=1686933655\" data-elementor-open-lightbox=\"no\">            <div class=\"bwg-item0\">              <div class=\"bwg-item1 \">      \t\t\t\t\t<img decoding=\"async\" class=\"skip-lazy bwg-masonry-thumb bwg_masonry_thumb_0 \"                       data-id=\"486\"                       data-src=\"https:\/\/www.fuerteventura-privat.de\/wp-content\/uploads\/photo-gallery\/imported_from_media_libray\/thumb\/IMG_0129.jpg?bwg=1686933655\"                       data-width=\"500.00\"                       data-height=\"334.00\"\t\t\t\t\t\t\t\t\t\t   src=\"https:\/\/www.fuerteventura-privat.de\/wp-content\/uploads\/photo-gallery\/imported_from_media_libray\/thumb\/IMG_0129.jpg?bwg=1686933655\"\t\t\t\t\t\t\t\t\t\t   alt=\"IMG_0129\"\t\t\t\t\t\t\t\t\t\t   title=\"IMG_0129\" \/>                <div class=\"\">                  \t\t\t\t                                            <\/div>              <\/div>            <\/div>                      <\/a>                  <\/div>              <div class=\"bwg-item\">          <a class=\"bwg-a  bwg_lightbox\"  data-image-id=\"488\" href=\"https:\/\/www.fuerteventura-privat.de\/wp-content\/uploads\/photo-gallery\/imported_from_media_libray\/IMG_0123.jpg?bwg=1686933655\" data-elementor-open-lightbox=\"no\">            <div class=\"bwg-item0\">              <div class=\"bwg-item1 \">      \t\t\t\t\t<img decoding=\"async\" class=\"skip-lazy bwg-masonry-thumb bwg_masonry_thumb_0 \"                       data-id=\"488\"                       data-src=\"https:\/\/www.fuerteventura-privat.de\/wp-content\/uploads\/photo-gallery\/imported_from_media_libray\/thumb\/IMG_0123.jpg?bwg=1686933655\"                       data-width=\"500.00\"                       data-height=\"334.00\"\t\t\t\t\t\t\t\t\t\t   src=\"https:\/\/www.fuerteventura-privat.de\/wp-content\/uploads\/photo-gallery\/imported_from_media_libray\/thumb\/IMG_0123.jpg?bwg=1686933655\"\t\t\t\t\t\t\t\t\t\t   alt=\"IMG_0123\"\t\t\t\t\t\t\t\t\t\t   title=\"IMG_0123\" \/>                <div class=\"\">                  \t\t\t\t                                            <\/div>              <\/div>            <\/div>                      <\/a>                  <\/div>              <div class=\"bwg-item\">          <a class=\"bwg-a  bwg_lightbox\"  data-image-id=\"487\" href=\"https:\/\/www.fuerteventura-privat.de\/wp-content\/uploads\/photo-gallery\/imported_from_media_libray\/IMG_0124.jpg?bwg=1686933655\" data-elementor-open-lightbox=\"no\">            <div class=\"bwg-item0\">              <div class=\"bwg-item1 \">      \t\t\t\t\t<img decoding=\"async\" class=\"skip-lazy bwg-masonry-thumb bwg_masonry_thumb_0 \"                       data-id=\"487\"                       data-src=\"https:\/\/www.fuerteventura-privat.de\/wp-content\/uploads\/photo-gallery\/imported_from_media_libray\/thumb\/IMG_0124.jpg?bwg=1686933655\"                       data-width=\"500.00\"                       data-height=\"334.00\"\t\t\t\t\t\t\t\t\t\t   src=\"https:\/\/www.fuerteventura-privat.de\/wp-content\/uploads\/photo-gallery\/imported_from_media_libray\/thumb\/IMG_0124.jpg?bwg=1686933655\"\t\t\t\t\t\t\t\t\t\t   alt=\"IMG_0124\"\t\t\t\t\t\t\t\t\t\t   title=\"IMG_0124\" \/>                <div class=\"\">                  \t\t\t\t                                            <\/div>              <\/div>            <\/div>                      <\/a>                  <\/div>              <div class=\"bwg-item\">          <a class=\"bwg-a  bwg_lightbox\"  data-image-id=\"471\" href=\"https:\/\/www.fuerteventura-privat.de\/wp-content\/uploads\/photo-gallery\/imported_from_media_libray\/IMG_0169.jpg?bwg=1686933655\" data-elementor-open-lightbox=\"no\">            <div class=\"bwg-item0\">              <div class=\"bwg-item1 \">      \t\t\t\t\t<img decoding=\"async\" class=\"skip-lazy bwg-masonry-thumb bwg_masonry_thumb_0 \"                       data-id=\"471\"                       data-src=\"https:\/\/www.fuerteventura-privat.de\/wp-content\/uploads\/photo-gallery\/imported_from_media_libray\/thumb\/IMG_0169.jpg?bwg=1686933655\"                       data-width=\"333.00\"                       data-height=\"500.00\"\t\t\t\t\t\t\t\t\t\t   src=\"https:\/\/www.fuerteventura-privat.de\/wp-content\/uploads\/photo-gallery\/imported_from_media_libray\/thumb\/IMG_0169.jpg?bwg=1686933655\"\t\t\t\t\t\t\t\t\t\t   alt=\"IMG_0169\"\t\t\t\t\t\t\t\t\t\t   title=\"IMG_0169\" \/>                <div class=\"\">                  \t\t\t\t                                            <\/div>              <\/div>            <\/div>                      <\/a>                  <\/div>              <div class=\"bwg-item\">          <a class=\"bwg-a  bwg_lightbox\"  data-image-id=\"490\" href=\"https:\/\/www.fuerteventura-privat.de\/wp-content\/uploads\/photo-gallery\/imported_from_media_libray\/IMG_0120.jpg?bwg=1686933655\" data-elementor-open-lightbox=\"no\">            <div class=\"bwg-item0\">              <div class=\"bwg-item1 \">      \t\t\t\t\t<img decoding=\"async\" class=\"skip-lazy bwg-masonry-thumb bwg_masonry_thumb_0 \"                       data-id=\"490\"                       data-src=\"https:\/\/www.fuerteventura-privat.de\/wp-content\/uploads\/photo-gallery\/imported_from_media_libray\/thumb\/IMG_0120.jpg?bwg=1686933655\"                       data-width=\"500.00\"                       data-height=\"334.00\"\t\t\t\t\t\t\t\t\t\t   src=\"https:\/\/www.fuerteventura-privat.de\/wp-content\/uploads\/photo-gallery\/imported_from_media_libray\/thumb\/IMG_0120.jpg?bwg=1686933655\"\t\t\t\t\t\t\t\t\t\t   alt=\"IMG_0120\"\t\t\t\t\t\t\t\t\t\t   title=\"IMG_0120\" \/>                <div class=\"\">                  \t\t\t\t                                            <\/div>              <\/div>            <\/div>                      <\/a>                  <\/div>              <div class=\"bwg-item\">          <a class=\"bwg-a  bwg_lightbox\"  data-image-id=\"492\" href=\"https:\/\/www.fuerteventura-privat.de\/wp-content\/uploads\/photo-gallery\/imported_from_media_libray\/IMG_0111.jpg?bwg=1686933655\" data-elementor-open-lightbox=\"no\">            <div class=\"bwg-item0\">              <div class=\"bwg-item1 \">      \t\t\t\t\t<img decoding=\"async\" class=\"skip-lazy bwg-masonry-thumb bwg_masonry_thumb_0 \"                       data-id=\"492\"                       data-src=\"https:\/\/www.fuerteventura-privat.de\/wp-content\/uploads\/photo-gallery\/imported_from_media_libray\/thumb\/IMG_0111.jpg?bwg=1686933655\"                       data-width=\"500.00\"                       data-height=\"334.00\"\t\t\t\t\t\t\t\t\t\t   src=\"https:\/\/www.fuerteventura-privat.de\/wp-content\/uploads\/photo-gallery\/imported_from_media_libray\/thumb\/IMG_0111.jpg?bwg=1686933655\"\t\t\t\t\t\t\t\t\t\t   alt=\"IMG_0111\"\t\t\t\t\t\t\t\t\t\t   title=\"IMG_0111\" \/>                <div class=\"\">                  \t\t\t\t                                            <\/div>              <\/div>            <\/div>                      <\/a>                  <\/div>              <div class=\"bwg-item\">          <a class=\"bwg-a  bwg_lightbox\"  data-image-id=\"491\" href=\"https:\/\/www.fuerteventura-privat.de\/wp-content\/uploads\/photo-gallery\/imported_from_media_libray\/IMG_0119.jpg?bwg=1686933655\" data-elementor-open-lightbox=\"no\">            <div class=\"bwg-item0\">              <div class=\"bwg-item1 \">      \t\t\t\t\t<img decoding=\"async\" class=\"skip-lazy bwg-masonry-thumb bwg_masonry_thumb_0 \"                       data-id=\"491\"                       data-src=\"https:\/\/www.fuerteventura-privat.de\/wp-content\/uploads\/photo-gallery\/imported_from_media_libray\/thumb\/IMG_0119.jpg?bwg=1686933655\"                       data-width=\"333.00\"                       data-height=\"500.00\"\t\t\t\t\t\t\t\t\t\t   src=\"https:\/\/www.fuerteventura-privat.de\/wp-content\/uploads\/photo-gallery\/imported_from_media_libray\/thumb\/IMG_0119.jpg?bwg=1686933655\"\t\t\t\t\t\t\t\t\t\t   alt=\"IMG_0119\"\t\t\t\t\t\t\t\t\t\t   title=\"IMG_0119\" \/>                <div class=\"\">                  \t\t\t\t                                            <\/div>              <\/div>            <\/div>                      <\/a>                  <\/div>          <\/div>    <style>      \/*pagination styles*\/      #bwg_container1_0 #bwg_container2_0 .tablenav-pages_0 {\t\t\t\ttext-align: center;\t\t\t\tfont-size: 12px;\t\t\t\tfont-family: Ubuntu;\t\t\t\tfont-weight: bold;\t\t\t\tcolor: #666666;\t\t\t\tmargin: 6px 0 4px;\t\t\t\tdisplay: block;      }      @media only screen and (max-width : 320px) {      #bwg_container1_0 #bwg_container2_0 .displaying-num_0 {     \t display: none;      }      }      #bwg_container1_0 #bwg_container2_0 .displaying-num_0 {\t\t\t\tfont-size: 12px;\t\t\t\tfont-family: Ubuntu;\t\t\t\tfont-weight: bold;\t\t\t\tcolor: #666666;\t\t\t\tmargin-right: 10px;\t\t\t\tvertical-align: middle;      }      #bwg_container1_0 #bwg_container2_0 .paging-input_0 {\t\t\t\tfont-size: 12px;\t\t\t\tfont-family: Ubuntu;\t\t\t\tfont-weight: bold;\t\t\t\tcolor: #666666;\t\t\t\tvertical-align: middle;      }      #bwg_container1_0 #bwg_container2_0 .tablenav-pages_0 a.disabled,      #bwg_container1_0 #bwg_container2_0 .tablenav-pages_0 a.disabled:hover,      #bwg_container1_0 #bwg_container2_0 .tablenav-pages_0 a.disabled:focus,\t\t\t#bwg_container1_0 #bwg_container2_0 .tablenav-pages_0 input.bwg_current_page {\t\t\t\tcursor: default;\t\t\t\tcolor: rgba(102, 102, 102, 0.5);      }      #bwg_container1_0 #bwg_container2_0 .tablenav-pages_0 a,      #bwg_container1_0 #bwg_container2_0 .tablenav-pages_0 input.bwg_current_page {\t\t\t\tcursor: pointer;\t\t\t\ttext-align: center;\t\t\t\tfont-size: 12px;\t\t\t\tfont-family: Ubuntu;\t\t\t\tfont-weight: bold;\t\t\t\tcolor: #666666;\t\t\t\ttext-decoration: none;\t\t\t\tpadding: 3px 6px;\t\t\t\tmargin: 0;\t\t\t\tborder-radius: 0;\t\t\t\tborder-style: solid;\t\t\t\tborder-width: 1px;\t\t\t\tborder-color: #E3E3E3;\t\t\t\t\t\t\t\tbackground-color: rgba(255, 255, 255, 1.00);\t\t\t\tbox-shadow: 0;\t\t\t\ttransition: all 0.3s ease 0s;-webkit-transition: all 0.3s ease 0s;      }      <\/style>      <span class=\"bwg_nav_cont_0\">              <div class=\"tablenav-pages_0\">                  <\/div>                <input type=\"hidden\" id=\"page_number_0\" name=\"page_number_0\" value=\"1\" \/>      <script type=\"text\/javascript\">        if( jQuery('.bwg_nav_cont_0').length > 1 ) {          jQuery('.bwg_nav_cont_0').first().remove()        }        function spider_page_0(cur, x, y, load_more) {          if (typeof load_more == \"undefined\") {            var load_more = false;          }          if (jQuery(cur).hasClass('disabled')) {            return false;          }          var items_county_0 = 1;          switch (y) {            case 1:              if (x >= items_county_0) {                document.getElementById('page_number_0').value = items_county_0;              }              else {                document.getElementById('page_number_0').value = x + 1;              }              break;            case 2:              document.getElementById('page_number_0').value = items_county_0;              break;            case -1:              if (x == 1) {                document.getElementById('page_number_0').value = 1;              }              else {                document.getElementById('page_number_0').value = x - 1;              }              break;            case -2:              document.getElementById('page_number_0').value = 1;              break;\t\t\t\t\t\tcase 0:              document.getElementById('page_number_0').value = x;              break;            default:              document.getElementById('page_number_0').value = 1;          }          bwg_ajax('gal_front_form_0', '0', 'bwg_thumbnails_masonry_0', '0', '', 'gallery', 0, '', '', load_more, '', 1);        }                    jQuery('.first-page-0').on('click', function () {              spider_page_0(this, 1, -2, 'numeric');              return false;            });            jQuery('.prev-page-0').on('click', function () {              spider_page_0(this, 1, -1, 'numeric');              return false;            });            jQuery('.next-page-0').on('click', function () {              spider_page_0(this, 1, 1, 'numeric');              return false;            });            jQuery('.last-page-0').on('click', function () {              spider_page_0(this, 1, 2, 'numeric');              return false;            });        \t\t\t\t\/* Change page on input enter. *\/        function bwg_change_page_0( e, that ) {          if (  e.key == 'Enter' ) {            var to_page = parseInt(jQuery(that).val());            var pages_count = jQuery(that).parents(\".pagination-links\").data(\"pages-count\");            var current_url_param = jQuery(that).attr('data-url-info');            if (to_page > pages_count) {              to_page = 1;            }\t \t\t\t\t\t\t\t\t\t\t\t\tspider_page_0(this, to_page, 0, 'numeric');\t\t\t\t\t\t\treturn false;\t\t\t\t\t\t          }          return true;        }        jQuery('.bwg_load_btn_0').on('click', function () {            spider_page_0(this, 1, 1, true);            return false;        });      <\/script>      <\/span>                <\/div>        <\/form>        <style>          #bwg_container1_0 #bwg_container2_0 #spider_popup_overlay_0 {          background-color: #EEEEEE;          opacity: 0.60;          }          <\/style>        <div id=\"bwg_spider_popup_loading_0\" class=\"bwg_spider_popup_loading\"><\/div>        <div id=\"spider_popup_overlay_0\" class=\"spider_popup_overlay\" onclick=\"spider_destroypopup(1000)\"><\/div>        <input type=\"hidden\" id=\"bwg_random_seed_0\" value=\"2126144910\">                <\/div>    <\/div>    <script>      if (document.readyState === 'complete') {        if( typeof bwg_main_ready == 'function' ) {          if ( jQuery(\"#bwg_container1_0\").height() ) {            bwg_main_ready(jQuery(\"#bwg_container1_0\"));          }        }      } else {        document.addEventListener('DOMContentLoaded', function() {          if( typeof bwg_main_ready == 'function' ) {            if ( jQuery(\"#bwg_container1_0\").height() ) {             bwg_main_ready(jQuery(\"#bwg_container1_0\"));            }          }        });      }    <\/script>    \n","protected":false},"featured_media":23368,"template":"","meta":{"_acf_changed":false,"site-sidebar-layout":"default","site-content-layout":"default","ast-site-content-layout":"default","site-content-style":"default","site-sidebar-style":"default","ast-global-header-display":"","ast-banner-title-visibility":"","ast-main-header-display":"","ast-hfb-above-header-display":"","ast-hfb-below-header-display":"","ast-hfb-mobile-header-display":"","site-post-title":"","ast-breadcrumbs-content":"","ast-featured-img":"","footer-sml-layout":"","ast-disable-related-posts":"","theme-transparent-header-meta":"default","adv-header-id-meta":"","stick-header-meta":"default","header-above-stick-meta":"","header-main-stick-meta":"","header-below-stick-meta":"","astra-migrate-meta-layouts":"set","ast-page-background-enabled":"default","ast-page-background-meta":{"desktop":{"background-color":"var(--ast-global-color-4)","background-image":"","background-repeat":"repeat","background-position":"center center","background-size":"auto","background-attachment":"scroll","background-type":"","background-media":"","overlay-type":"","overlay-color":"","overlay-opacity":"","overlay-gradient":""},"tablet":{"background-color":"","background-image":"","background-repeat":"repeat","background-position":"center center","background-size":"auto","background-attachment":"scroll","background-type":"","background-media":"","overlay-type":"","overlay-color":"","overlay-opacity":"","overlay-gradient":""},"mobile":{"background-color":"","background-image":"","background-repeat":"repeat","background-position":"center center","background-size":"auto","background-attachment":"scroll","background-type":"","background-media":"","overlay-type":"","overlay-color":"","overlay-opacity":"","overlay-gradient":""}},"ast-content-background-meta":{"desktop":{"background-color":"var(--ast-global-color-5)","background-image":"","background-repeat":"repeat","background-position":"center center","background-size":"auto","background-attachment":"scroll","background-type":"","background-media":"","overlay-type":"","overlay-color":"","overlay-opacity":"","overlay-gradient":""},"tablet":{"background-color":"var(--ast-global-color-5)","background-image":"","background-repeat":"repeat","background-position":"center center","background-size":"auto","background-attachment":"scroll","background-type":"","background-media":"","overlay-type":"","overlay-color":"","overlay-opacity":"","overlay-gradient":""},"mobile":{"background-color":"var(--ast-global-color-5)","background-image":"","background-repeat":"repeat","background-position":"center center","background-size":"auto","background-attachment":"scroll","background-type":"","background-media":"","overlay-type":"","overlay-color":"","overlay-opacity":"","overlay-gradient":""}}},"kategorie-unterkunft-fuerte":[310],"class_list":["post-25020","fuerte-vermietungen","type-fuerte-vermietungen","status-publish","has-post-thumbnail","hentry","kategorie-unterkunft-fuerte-apartments"],"acf":[],"yoast_head":"<!-- This site is optimized with the Yoast SEO plugin v27.5 - https:\/\/yoast.com\/product\/yoast-seo-wordpress\/ -->\n<title>Penthouse in Gran Tarajal direkt am Strand mit tollem Meerblick<\/title>\n<meta name=\"description\" content=\"Gem\u00fctliche, kleine Penthouse Wohnung mit Meerblick f\u00fcr den Urlaub direkt am Meer. Direkt im sch\u00f6nen Gran Tarajal.\" \/>\n<meta name=\"robots\" content=\"index, follow, max-snippet:-1, max-image-preview:large, max-video-preview:-1\" \/>\n<link rel=\"canonical\" href=\"https:\/\/www.fuerteventura-privat.de\/en\/fuerte-vermietungen\/penthouse-atico-candi-2\/\" \/>\n<meta property=\"og:locale\" content=\"en_US\" \/>\n<meta property=\"og:type\" content=\"article\" \/>\n<meta property=\"og:title\" content=\"Penthouse in Gran Tarajal direkt am Strand mit tollem Meerblick\" \/>\n<meta property=\"og:description\" content=\"Gem\u00fctliche, kleine Penthouse Wohnung mit Meerblick f\u00fcr den Urlaub direkt am Meer. Direkt im sch\u00f6nen Gran Tarajal.\" \/>\n<meta property=\"og:url\" content=\"https:\/\/www.fuerteventura-privat.de\/en\/fuerte-vermietungen\/penthouse-atico-candi-2\/\" \/>\n<meta property=\"og:site_name\" content=\"Ferienhaus, Finca oder Appartement mit Vor-Ort-Service - Fuerteventura Privat\" \/>\n<meta property=\"og:image\" content=\"https:\/\/www.fuerteventura-privat.de\/wp-content\/uploads\/2025\/06\/IMG_0140-1.jpg\" \/>\n\t<meta property=\"og:image:width\" content=\"1000\" \/>\n\t<meta property=\"og:image:height\" content=\"667\" \/>\n\t<meta property=\"og:image:type\" content=\"image\/jpeg\" \/>\n<meta name=\"twitter:card\" content=\"summary_large_image\" \/>\n<meta name=\"twitter:label1\" content=\"Est. reading time\" \/>\n\t<meta name=\"twitter:data1\" content=\"2 minutes\" \/>\n<script type=\"application\/ld+json\" class=\"yoast-schema-graph\">{\"@context\":\"https:\\\/\\\/schema.org\",\"@graph\":[{\"@type\":\"WebPage\",\"@id\":\"https:\\\/\\\/www.fuerteventura-privat.de\\\/en\\\/fuerte-vermietungen\\\/penthouse-atico-candi-2\\\/\",\"url\":\"https:\\\/\\\/www.fuerteventura-privat.de\\\/en\\\/fuerte-vermietungen\\\/penthouse-atico-candi-2\\\/\",\"name\":\"Penthouse in Gran Tarajal direkt am Strand mit tollem Meerblick\",\"isPartOf\":{\"@id\":\"https:\\\/\\\/www.fuerteventura-privat.de\\\/en\\\/#website\"},\"primaryImageOfPage\":{\"@id\":\"https:\\\/\\\/www.fuerteventura-privat.de\\\/en\\\/fuerte-vermietungen\\\/penthouse-atico-candi-2\\\/#primaryimage\"},\"image\":{\"@id\":\"https:\\\/\\\/www.fuerteventura-privat.de\\\/en\\\/fuerte-vermietungen\\\/penthouse-atico-candi-2\\\/#primaryimage\"},\"thumbnailUrl\":\"https:\\\/\\\/www.fuerteventura-privat.de\\\/wp-content\\\/uploads\\\/2025\\\/06\\\/IMG_0140-1.jpg\",\"datePublished\":\"2023-06-19T11:47:23+00:00\",\"description\":\"Gem\u00fctliche, kleine Penthouse Wohnung mit Meerblick f\u00fcr den Urlaub direkt am Meer. Direkt im sch\u00f6nen Gran Tarajal.\",\"breadcrumb\":{\"@id\":\"https:\\\/\\\/www.fuerteventura-privat.de\\\/en\\\/fuerte-vermietungen\\\/penthouse-atico-candi-2\\\/#breadcrumb\"},\"inLanguage\":\"en-US\",\"potentialAction\":[{\"@type\":\"ReadAction\",\"target\":[\"https:\\\/\\\/www.fuerteventura-privat.de\\\/en\\\/fuerte-vermietungen\\\/penthouse-atico-candi-2\\\/\"]}]},{\"@type\":\"ImageObject\",\"inLanguage\":\"en-US\",\"@id\":\"https:\\\/\\\/www.fuerteventura-privat.de\\\/en\\\/fuerte-vermietungen\\\/penthouse-atico-candi-2\\\/#primaryimage\",\"url\":\"https:\\\/\\\/www.fuerteventura-privat.de\\\/wp-content\\\/uploads\\\/2025\\\/06\\\/IMG_0140-1.jpg\",\"contentUrl\":\"https:\\\/\\\/www.fuerteventura-privat.de\\\/wp-content\\\/uploads\\\/2025\\\/06\\\/IMG_0140-1.jpg\",\"width\":1000,\"height\":667},{\"@type\":\"BreadcrumbList\",\"@id\":\"https:\\\/\\\/www.fuerteventura-privat.de\\\/en\\\/fuerte-vermietungen\\\/penthouse-atico-candi-2\\\/#breadcrumb\",\"itemListElement\":[{\"@type\":\"ListItem\",\"position\":1,\"name\":\"Home\",\"item\":\"https:\\\/\\\/www.fuerteventura-privat.de\\\/en\\\/\"},{\"@type\":\"ListItem\",\"position\":2,\"name\":\"Penthouse Atico Candi\"}]},{\"@type\":\"WebSite\",\"@id\":\"https:\\\/\\\/www.fuerteventura-privat.de\\\/en\\\/#website\",\"url\":\"https:\\\/\\\/www.fuerteventura-privat.de\\\/en\\\/\",\"name\":\"Ferienhaus, Finca oder Appartement mit Vor-Ort-Service - Fuerteventura Privat\",\"description\":\"\",\"publisher\":{\"@id\":\"https:\\\/\\\/www.fuerteventura-privat.de\\\/en\\\/#organization\"},\"potentialAction\":[{\"@type\":\"SearchAction\",\"target\":{\"@type\":\"EntryPoint\",\"urlTemplate\":\"https:\\\/\\\/www.fuerteventura-privat.de\\\/en\\\/?s={search_term_string}\"},\"query-input\":{\"@type\":\"PropertyValueSpecification\",\"valueRequired\":true,\"valueName\":\"search_term_string\"}}],\"inLanguage\":\"en-US\"},{\"@type\":\"Organization\",\"@id\":\"https:\\\/\\\/www.fuerteventura-privat.de\\\/en\\\/#organization\",\"name\":\"Ferienhaus, Finca oder Appartement mit Vor-Ort-Service - Fuerteventura Privat\",\"url\":\"https:\\\/\\\/www.fuerteventura-privat.de\\\/en\\\/\",\"logo\":{\"@type\":\"ImageObject\",\"inLanguage\":\"en-US\",\"@id\":\"https:\\\/\\\/www.fuerteventura-privat.de\\\/en\\\/#\\\/schema\\\/logo\\\/image\\\/\",\"url\":\"https:\\\/\\\/www.fuerteventura-privat.de\\\/wp-content\\\/uploads\\\/2019\\\/12\\\/logo-fuerte.png\",\"contentUrl\":\"https:\\\/\\\/www.fuerteventura-privat.de\\\/wp-content\\\/uploads\\\/2019\\\/12\\\/logo-fuerte.png\",\"width\":300,\"height\":111,\"caption\":\"Ferienhaus, Finca oder Appartement mit Vor-Ort-Service  - Fuerteventura Privat\"},\"image\":{\"@id\":\"https:\\\/\\\/www.fuerteventura-privat.de\\\/en\\\/#\\\/schema\\\/logo\\\/image\\\/\"}}]}<\/script>\n<!-- \/ Yoast SEO plugin. -->","yoast_head_json":{"title":"Penthouse in Gran Tarajal direkt am Strand mit tollem Meerblick","description":"Gem\u00fctliche, kleine Penthouse Wohnung mit Meerblick f\u00fcr den Urlaub direkt am Meer. Direkt im sch\u00f6nen Gran Tarajal.","robots":{"index":"index","follow":"follow","max-snippet":"max-snippet:-1","max-image-preview":"max-image-preview:large","max-video-preview":"max-video-preview:-1"},"canonical":"https:\/\/www.fuerteventura-privat.de\/en\/fuerte-vermietungen\/penthouse-atico-candi-2\/","og_locale":"en_US","og_type":"article","og_title":"Penthouse in Gran Tarajal direkt am Strand mit tollem Meerblick","og_description":"Gem\u00fctliche, kleine Penthouse Wohnung mit Meerblick f\u00fcr den Urlaub direkt am Meer. Direkt im sch\u00f6nen Gran Tarajal.","og_url":"https:\/\/www.fuerteventura-privat.de\/en\/fuerte-vermietungen\/penthouse-atico-candi-2\/","og_site_name":"Ferienhaus, Finca oder Appartement mit Vor-Ort-Service - Fuerteventura Privat","og_image":[{"width":1000,"height":667,"url":"https:\/\/www.fuerteventura-privat.de\/wp-content\/uploads\/2025\/06\/IMG_0140-1.jpg","type":"image\/jpeg"}],"twitter_card":"summary_large_image","twitter_misc":{"Est. reading time":"2 minutes"},"schema":{"@context":"https:\/\/schema.org","@graph":[{"@type":"WebPage","@id":"https:\/\/www.fuerteventura-privat.de\/en\/fuerte-vermietungen\/penthouse-atico-candi-2\/","url":"https:\/\/www.fuerteventura-privat.de\/en\/fuerte-vermietungen\/penthouse-atico-candi-2\/","name":"Penthouse in Gran Tarajal direkt am Strand mit tollem Meerblick","isPartOf":{"@id":"https:\/\/www.fuerteventura-privat.de\/en\/#website"},"primaryImageOfPage":{"@id":"https:\/\/www.fuerteventura-privat.de\/en\/fuerte-vermietungen\/penthouse-atico-candi-2\/#primaryimage"},"image":{"@id":"https:\/\/www.fuerteventura-privat.de\/en\/fuerte-vermietungen\/penthouse-atico-candi-2\/#primaryimage"},"thumbnailUrl":"https:\/\/www.fuerteventura-privat.de\/wp-content\/uploads\/2025\/06\/IMG_0140-1.jpg","datePublished":"2023-06-19T11:47:23+00:00","description":"Gem\u00fctliche, kleine Penthouse Wohnung mit Meerblick f\u00fcr den Urlaub direkt am Meer. Direkt im sch\u00f6nen Gran Tarajal.","breadcrumb":{"@id":"https:\/\/www.fuerteventura-privat.de\/en\/fuerte-vermietungen\/penthouse-atico-candi-2\/#breadcrumb"},"inLanguage":"en-US","potentialAction":[{"@type":"ReadAction","target":["https:\/\/www.fuerteventura-privat.de\/en\/fuerte-vermietungen\/penthouse-atico-candi-2\/"]}]},{"@type":"ImageObject","inLanguage":"en-US","@id":"https:\/\/www.fuerteventura-privat.de\/en\/fuerte-vermietungen\/penthouse-atico-candi-2\/#primaryimage","url":"https:\/\/www.fuerteventura-privat.de\/wp-content\/uploads\/2025\/06\/IMG_0140-1.jpg","contentUrl":"https:\/\/www.fuerteventura-privat.de\/wp-content\/uploads\/2025\/06\/IMG_0140-1.jpg","width":1000,"height":667},{"@type":"BreadcrumbList","@id":"https:\/\/www.fuerteventura-privat.de\/en\/fuerte-vermietungen\/penthouse-atico-candi-2\/#breadcrumb","itemListElement":[{"@type":"ListItem","position":1,"name":"Home","item":"https:\/\/www.fuerteventura-privat.de\/en\/"},{"@type":"ListItem","position":2,"name":"Penthouse Atico Candi"}]},{"@type":"WebSite","@id":"https:\/\/www.fuerteventura-privat.de\/en\/#website","url":"https:\/\/www.fuerteventura-privat.de\/en\/","name":"Ferienhaus, Finca oder Appartement mit Vor-Ort-Service - Fuerteventura Privat","description":"","publisher":{"@id":"https:\/\/www.fuerteventura-privat.de\/en\/#organization"},"potentialAction":[{"@type":"SearchAction","target":{"@type":"EntryPoint","urlTemplate":"https:\/\/www.fuerteventura-privat.de\/en\/?s={search_term_string}"},"query-input":{"@type":"PropertyValueSpecification","valueRequired":true,"valueName":"search_term_string"}}],"inLanguage":"en-US"},{"@type":"Organization","@id":"https:\/\/www.fuerteventura-privat.de\/en\/#organization","name":"Ferienhaus, Finca oder Appartement mit Vor-Ort-Service - Fuerteventura Privat","url":"https:\/\/www.fuerteventura-privat.de\/en\/","logo":{"@type":"ImageObject","inLanguage":"en-US","@id":"https:\/\/www.fuerteventura-privat.de\/en\/#\/schema\/logo\/image\/","url":"https:\/\/www.fuerteventura-privat.de\/wp-content\/uploads\/2019\/12\/logo-fuerte.png","contentUrl":"https:\/\/www.fuerteventura-privat.de\/wp-content\/uploads\/2019\/12\/logo-fuerte.png","width":300,"height":111,"caption":"Ferienhaus, Finca oder Appartement mit Vor-Ort-Service  - Fuerteventura Privat"},"image":{"@id":"https:\/\/www.fuerteventura-privat.de\/en\/#\/schema\/logo\/image\/"}}]}},"_links":{"self":[{"href":"https:\/\/www.fuerteventura-privat.de\/en\/wp-json\/wp\/v2\/fuerte-vermietungen\/25020","targetHints":{"allow":["GET"]}}],"collection":[{"href":"https:\/\/www.fuerteventura-privat.de\/en\/wp-json\/wp\/v2\/fuerte-vermietungen"}],"about":[{"href":"https:\/\/www.fuerteventura-privat.de\/en\/wp-json\/wp\/v2\/types\/fuerte-vermietungen"}],"wp:featuredmedia":[{"embeddable":true,"href":"https:\/\/www.fuerteventura-privat.de\/en\/wp-json\/wp\/v2\/media\/23368"}],"wp:attachment":[{"href":"https:\/\/www.fuerteventura-privat.de\/en\/wp-json\/wp\/v2\/media?parent=25020"}],"wp:term":[{"taxonomy":"kategorie-unterkunft-fuerte","embeddable":true,"href":"https:\/\/www.fuerteventura-privat.de\/en\/wp-json\/wp\/v2\/kategorie-unterkunft-fuerte?post=25020"}],"curies":[{"name":"wp","href":"https:\/\/api.w.org\/{rel}","templated":true}]}}